{"id":39510,"date":"2022-01-06T17:46:24","date_gmt":"2022-01-06T20:46:24","guid":{"rendered":"https:\/\/anprotec.org.br\/site\/?page_id=39510"},"modified":"2022-01-06T17:46:24","modified_gmt":"2022-01-06T20:46:24","slug":"programa-de-apoio-a-aceleracao-de-negocios","status":"publish","type":"page","link":"https:\/\/anprotec.org.br\/site\/programa-de-apoio-a-aceleracao-de-negocios\/","title":{"rendered":"Programa de Apoio \u00e0 Acelera\u00e7\u00e3o de Neg\u00f3cios"},"content":{"rendered":"<h4><b><img decoding=\"async\" loading=\"lazy\" class=\"size-full wp-image-39509 alignleft\" src=\"https:\/\/anprotec.org.br\/site\/wp-content\/uploads\/2022\/01\/capa-cropped.jpeg\" alt=\"\" width=\"370\" height=\"235\" srcset=\"https:\/\/anprotec.org.br\/site\/wp-content\/uploads\/2022\/01\/capa-cropped.jpeg 370w, https:\/\/anprotec.org.br\/site\/wp-content\/uploads\/2022\/01\/capa-cropped-300x191.jpeg 300w, https:\/\/anprotec.org.br\/site\/wp-content\/uploads\/2022\/01\/capa-cropped-230x146.jpeg 230w, https:\/\/anprotec.org.br\/site\/wp-content\/uploads\/2022\/01\/capa-cropped-50x32.jpeg 50w, https:\/\/anprotec.org.br\/site\/wp-content\/uploads\/2022\/01\/capa-cropped-118x75.jpeg 118w\" sizes=\"(max-width: 370px) 100vw, 370px\" \/>O Programa<\/b><\/h4>\n<p><span style=\"font-weight: 400\">O Programa de Apoio \u00e0 Acelera\u00e7\u00e3o de Neg\u00f3cios tem a finalidade de conectar os pequenos neg\u00f3cios inovadores apoiados pelos diversos programas da Anprotec e do SEBRAE com as aceleradoras e investidores com o objetivo de escalar novos modelos de neg\u00f3cios, descobrir e explorar mercados a partir da inova\u00e7\u00e3o aberta e acessar capital de risco para viabilizar o crescimento dos empreendimentos.<\/span><\/p>\n<h4><b>Como funciona?<\/b><\/h4>\n<p><span style=\"font-weight: 400\">O Programa faz parte do Plano de A\u00e7\u00e3o 2021-2023 de implementa\u00e7\u00e3o do Conv\u00eanio de Coopera\u00e7\u00e3o T\u00e9cnica e Financeira SEBRAE &amp; ANPROTEC &#8211; Projeto de Fortalecimento de pequenos neg\u00f3cios inovadores conectados com os ambientes promotores da inova\u00e7\u00e3o.\u00a0<\/span><\/p>\n<p><span style=\"font-weight: 400\">Acontece por meio de chamadas a sele\u00e7\u00e3o das Aceleradoras que far\u00e3o parte do projeto, cuja finalidade \u00e9 conectar os pequenos neg\u00f3cios inovadores com essas aceleradoras de neg\u00f3cios e atrav\u00e9s de intera\u00e7\u00f5es potencializar as rela\u00e7\u00f5es com investidores e oportunidades de mercado.\u00a0<\/span><\/p>\n<p><span style=\"font-weight: 400\">O principal objetivo \u00e9 escalar novos modelos de neg\u00f3cios, descobrir e explorar novos mercados a partir da inova\u00e7\u00e3o aberta e acessar capital de risco para viabilizar o crescimento dos empreendimentos. O programa \u00e9 exclusivo para aceleradoras associadas \u00e0 Anprotec.<\/span><\/p>\n<h4><b>Benef\u00edcios<\/b><\/h4>\n<p><span style=\"font-weight: 400\">Entre as diversas oportunidades em fazer parte de Programa de Apoio \u00e0 Acelera\u00e7\u00e3o de Neg\u00f3cios, destacamos as oportunidades de conex\u00e3o com o mercado estabelecidas atrav\u00e9s de desafios tecnol\u00f3gicos j\u00e1 confirmados nas parcerias estabelecidas entre a Anprotec com o Grupo Algar\/Brain e o Grupo Jabil, al\u00e9m dos projetos de neg\u00f3cios atendidos pelo Programa Ideiaz \u2013 Powered by InovAtiva e dos demais projetos de neg\u00f3cios provenientes de iniciativas do SEBRAE e Anprotec.<\/span><\/p>\n<h4><b>Resultados:\u00a0<\/b><\/h4>\n<p><span style=\"font-weight: 400\">Durante a dura\u00e7\u00e3o do Programa, j\u00e1 s\u00e3o cerca de 150 startups egressas do IDEAZ em encadeamento, 1000 startups planejadas, 8 aceleradoras em processo de credenciamento e 2 grandes empresas \u00e2ncora confirmadas. Entre as aceleradoras selecionadas est\u00e3o, <\/span><a href=\"http:\/\/www.senaicimatec.com.br\/\"><span style=\"font-weight: 400\">ACELERA CIMATEC<\/span><\/a><span style=\"font-weight: 400\">, Salvador &#8211; BA, <\/span><a href=\"https:\/\/www.baita.ac\/\"><span style=\"font-weight: 400\">BAITA ACELERADORA<\/span><\/a><span style=\"font-weight: 400\">, Campinas &#8211; SP, <\/span><a href=\"https:\/\/www.ufv.br\/\"><span style=\"font-weight: 400\">TECNOPARK ACELERA UFV<\/span><\/a><span style=\"font-weight: 400\">, Vi\u00e7osa &#8211; MG, <\/span><a href=\"https:\/\/gruporedemais.com\/\"><span style=\"font-weight: 400\">REDEMAIS ACELERADORA<\/span><\/a><span style=\"font-weight: 400\">, Salvador &#8211; BA, <\/span><a href=\"http:\/\/growplus.com.br\/\"><span style=\"font-weight: 400\">GROW+ ACELERADORA<\/span><\/a><span style=\"font-weight: 400\">, Porto Alegre \u2013 RS, entre outras.<\/span><\/p>\n<p><span style=\"font-weight: 400\">Para mais informa\u00e7\u00f5es sobre o Programa, acesse:\u00a0 <a href=\"https:\/\/www.worldlabs.org\/opportunity\/anprotec-programa-de-aceleracao-de-negocios\/feed\">https:\/\/www.worldlabs.org\/opportunity\/anprotec-programa-de-aceleracao-de-negocios\/feed<\/a><\/span><\/p>\n","protected":false},"excerpt":{"rendered":"<p>O Programa O Programa de Apoio \u00e0 Acelera\u00e7\u00e3o de Neg\u00f3cios<span class=\"excerpt-hellip\"> [\u2026]<\/span><\/p>\n","protected":false},"author":8,"featured_media":0,"parent":0,"menu_order":0,"comment_status":"closed","ping_status":"closed","template":"","meta":{"footnotes":"","_links_to":"","_links_to_target":""},"_links":{"self":[{"href":"https:\/\/anprotec.org.br\/site\/wp-json\/wp\/v2\/pages\/39510"}],"collection":[{"href":"https:\/\/anprotec.org.br\/site\/wp-json\/wp\/v2\/pages"}],"about":[{"href":"https:\/\/anprotec.org.br\/site\/wp-json\/wp\/v2\/types\/page"}],"author":[{"embeddable":true,"href":"https:\/\/anprotec.org.br\/site\/wp-json\/wp\/v2\/users\/8"}],"replies":[{"embeddable":true,"href":"https:\/\/anprotec.org.br\/site\/wp-json\/wp\/v2\/comments?post=39510"}],"version-history":[{"count":1,"href":"https:\/\/anprotec.org.br\/site\/wp-json\/wp\/v2\/pages\/39510\/revisions"}],"predecessor-version":[{"id":39511,"href":"https:\/\/anprotec.org.br\/site\/wp-json\/wp\/v2\/pages\/39510\/revisions\/39511"}],"wp:attachment":[{"href":"https:\/\/anprotec.org.br\/site\/wp-json\/wp\/v2\/media?parent=39510"}],"curies":[{"name":"wp","href":"https:\/\/api.w.org\/{rel}","templated":true}]}}