{"id":25477,"date":"2018-06-12T13:26:35","date_gmt":"2018-06-12T16:26:35","guid":{"rendered":"http:\/\/anprotec.org.br\/site\/?page_id=25477"},"modified":"2018-06-12T13:26:35","modified_gmt":"2018-06-12T16:26:35","slug":"redes","status":"publish","type":"page","link":"https:\/\/anprotec.org.br\/site\/redes\/","title":{"rendered":"Redes"},"content":{"rendered":"<p style=\"text-align: justify\">Redes s\u00e3o estruturas abertas capazes de expandir de forma ilimitada, integrando novos n\u00f3s, desde que consigam comunicar-se dentro da rede, ou seja, desde que compartilhem os mesmos c\u00f3digos de comunica\u00e7\u00e3o, como valores ou objetivos de desempenho. Uma estrutura social com base em redes \u00e9 um sistema aberto, altamente din\u00e2mico e suscet\u00edvel de inova\u00e7\u00e3o sem amea\u00e7as ao seu equil\u00edbrio (CASTELLS, 2000, p.498).<\/p>\n<p style=\"text-align: justify\">Organizar-se em redes pressup\u00f5e compartilhar objetivos comuns. Prev\u00ea trocas, constru\u00e7\u00e3o coletiva, realiza\u00e7\u00f5es conjuntas e fortalecimento.<\/p>\n<p style=\"text-align: justify\">Neste sentido prop\u00f5e-se, neste eixo tem\u00e1tico, a\u00e7\u00f5es colaborativas a partir dos interesses comuns das redes estaduais de ambientes de inova\u00e7\u00e3o para fortalecer todo o sistema.<\/p>\n<p style=\"text-align: justify\">Para o desenvolvimento do trabalho neste eixo, consideraremos algumas premissas b\u00e1sicas no que tange a estrutura\u00e7\u00e3o em redes:<\/p>\n<ul style=\"text-align: justify\">\n<li>N\u00e3o h\u00e1 redes se seus membros n\u00e3o compartilharem os mesmos objetivos e valores;<\/li>\n<li>O fluxo de informa\u00e7\u00f5es dever\u00e1 ser livre entre os membros da rede;<\/li>\n<li>Todos somos correspons\u00e1veis pelo funcionamento da rede;<\/li>\n<li>A participa\u00e7\u00e3o na rede se dar\u00e1 de forma democr\u00e1tica, pautada pela transpar\u00eancia nas rela\u00e7\u00f5es.<\/li>\n<\/ul>\n<p style=\"text-align: justify\">A ess\u00eancia do trabalho em redes reside no relacionamento pessoa-pessoa (LIPNACK &amp; STAMPS, 1992, p. 10), portanto, o envolvimento e a participa\u00e7\u00e3o de todos ser\u00e3o fundamentais para o sucesso deste trabalho.<\/p>\n<p style=\"text-align: justify\">Espera-se que, ao final de 2019, as redes estaduais estejam organizadas e estruturadas para serem reconhecidas como um agente importante no ecossistema local de inova\u00e7\u00e3o.<\/p>\n<p style=\"text-align: justify\"><strong><img decoding=\"async\" loading=\"lazy\" class=\"alignleft size-thumbnail wp-image-25478\" src=\"https:\/\/anprotec.org.br\/site\/wp-content\/uploads\/2018\/06\/Ana-Cristina-Alvarenga-Lage_ok-133x160.jpg\" alt=\"\" width=\"133\" height=\"160\" srcset=\"https:\/\/anprotec.org.br\/site\/wp-content\/uploads\/2018\/06\/Ana-Cristina-Alvarenga-Lage_ok.jpg 133w, https:\/\/anprotec.org.br\/site\/wp-content\/uploads\/2018\/06\/Ana-Cristina-Alvarenga-Lage_ok-121x146.jpg 121w, https:\/\/anprotec.org.br\/site\/wp-content\/uploads\/2018\/06\/Ana-Cristina-Alvarenga-Lage_ok-42x50.jpg 42w, https:\/\/anprotec.org.br\/site\/wp-content\/uploads\/2018\/06\/Ana-Cristina-Alvarenga-Lage_ok-62x75.jpg 62w\" sizes=\"(max-width: 133px) 100vw, 133px\" \/>L\u00edder Tem\u00e1tico: Ana Cristina Alvarenga Lage<\/strong><\/p>\n<p style=\"text-align: justify\"><a name=\"_Toc442232721\"><\/a><a name=\"_Toc447015583\"><\/a>Presidente da Rede Mineira de Inova\u00e7\u00e3o (RMI).\u00a0 Master of Business Administration MBA em Gest\u00e3o de Habitats de Inova\u00e7\u00e3o pela FIA\/USP, mestranda em Propriedade Intelectual e Transfer\u00eancia de Tecnologia para a Inova\u00e7\u00e3o na UFRJ, p\u00f3s graduada em Desing Instrucional para EaD Virtual pela Universidade Federal de Itajub\u00e1 e em Administra\u00e7\u00e3o P\u00fablica pela Faculdades Integradas de Pedro Leopoldo; e graduada em Ci\u00eancias Cont\u00e1beis pela Funda\u00e7\u00e3o Comunit\u00e1ria de Ensino Superior de Itabira (FUNCESI). Atua h\u00e1 mais de 15 anos com projetos de desenvolvimento local, empreendedorismo e inova\u00e7\u00e3o. Coordenou o projeto da Rede Mineira de Extens\u00e3o Tecnol\u00f3gica, que atendeu aproximadamente 260 empresas com demandas de desenvolvimento tecnol\u00f3gico e inova\u00e7\u00e3o. Participou, ainda, de v\u00e1rios projetos de fomento \u00e0 cultura do empreendedorismo e da inova\u00e7\u00e3o. Atuou como avaliadora de programas de startups (INOVATIVA, FIEMG Lab e SEED) e do Programa da Qualidade na Gest\u00e3o (MPE Brasil). \u00c9 Consultora Credenciada no Sistema Sebrae para as \u00e1reas de Empreendedorismo e Inova\u00e7\u00e3o.<\/p>\n","protected":false},"excerpt":{"rendered":"<p>Redes s\u00e3o estruturas abertas capazes de expandir de forma ilimitada,<span class=\"excerpt-hellip\"> [\u2026]<\/span><\/p>\n","protected":false},"author":10,"featured_media":0,"parent":0,"menu_order":0,"comment_status":"closed","ping_status":"closed","template":"","meta":{"footnotes":"","_links_to":"","_links_to_target":""},"_links":{"self":[{"href":"https:\/\/anprotec.org.br\/site\/wp-json\/wp\/v2\/pages\/25477"}],"collection":[{"href":"https:\/\/anprotec.org.br\/site\/wp-json\/wp\/v2\/pages"}],"about":[{"href":"https:\/\/anprotec.org.br\/site\/wp-json\/wp\/v2\/types\/page"}],"author":[{"embeddable":true,"href":"https:\/\/anprotec.org.br\/site\/wp-json\/wp\/v2\/users\/10"}],"replies":[{"embeddable":true,"href":"https:\/\/anprotec.org.br\/site\/wp-json\/wp\/v2\/comments?post=25477"}],"version-history":[{"count":1,"href":"https:\/\/anprotec.org.br\/site\/wp-json\/wp\/v2\/pages\/25477\/revisions"}],"predecessor-version":[{"id":25479,"href":"https:\/\/anprotec.org.br\/site\/wp-json\/wp\/v2\/pages\/25477\/revisions\/25479"}],"wp:attachment":[{"href":"https:\/\/anprotec.org.br\/site\/wp-json\/wp\/v2\/media?parent=25477"}],"curies":[{"name":"wp","href":"https:\/\/api.w.org\/{rel}","templated":true}]}}