{"id":23056,"date":"2018-03-21T11:07:42","date_gmt":"2018-03-21T14:07:42","guid":{"rendered":"http:\/\/anprotec.org.br\/site\/?page_id=23056"},"modified":"2023-12-06T15:05:31","modified_gmt":"2023-12-06T18:05:31","slug":"missoes","status":"publish","type":"page","link":"https:\/\/anprotec.org.br\/site\/projetos\/missoes\/","title":{"rendered":"Miss\u00f5es"},"content":{"rendered":"<div class=\"wpb-content-wrapper\"><p>[vc_row][vc_column][vc_column_text css=&#8221;.vc_custom_1586965897221{margin-top: 30px !important;}&#8221;]<\/p>\n<h2 style=\"text-align: center\"><strong>MISS\u00d5ES ANPROTEC<\/strong><\/h2>\n<p>&nbsp;<\/p>\n<h2 style=\"text-align: left\"><strong>O que \u00e9 o programa?<\/strong><\/h2>\n<p>Realizadas ao menos uma vez ao ano, as miss\u00f5es da Anprotec t\u00eam o objetivo de promover o contato direto das delega\u00e7\u00f5es \u2013 formadas por profissionais que atuam em diferentes frentes do empreendedorismo inovador \u2013 com os principais ecossistemas de inova\u00e7\u00e3o e empreendedorismo do pa\u00eds e do mundo. Tratam-se de \u00f3timas oportunidades de neg\u00f3cios e aprendizado com as melhores pr\u00e1ticas, al\u00e9m de muito networking e benchmarking.[\/vc_column_text][vc_column_text]<\/p>\n<h2><\/h2>\n<h2><\/h2>\n<h2><strong>Objetivos espec\u00edficos<\/strong><\/h2>\n<p>Proporcionar \u00e0s delega\u00e7\u00f5es:<\/p>\n<ul>\n<li>Contatos de alto n\u00edvel, troca de ideias, experi\u00eancias e boas pr\u00e1ticas;<\/li>\n<li>Conhecimento do modelo de governan\u00e7a e os programas de apoio que possam ser aplicados para o fortalecimento de ecossistema locais e regionais;<\/li>\n<li>Participa\u00e7\u00e3o de reuni\u00f5es, semin\u00e1rios e encontros;<\/li>\n<li>Possibilidades de parcerias de coopera\u00e7\u00e3o entre centros de inova\u00e7\u00e3o e neg\u00f3cios, parques cient\u00edficos e tecnol\u00f3gicos, aceleradoras e incubadoras, corpora\u00e7\u00f5es de tecnologia e empresas de investimento.<\/li>\n<\/ul>\n<p>[\/vc_column_text][\/vc_column][\/vc_row][vc_row][vc_column width=&#8221;1\/6&#8243;][\/vc_column][vc_column width=&#8221;1\/6&#8243;][\/vc_column][\/vc_row][vc_row full_width=&#8221;stretch_row&#8221; css=&#8221;.vc_custom_1559051856407{margin-top: 40px !important;background-color: #efefef !important;}&#8221;][vc_column width=&#8221;1\/2&#8243; css=&#8221;.vc_custom_1559055721738{margin-top: 20px !important;margin-bottom: 20px !important;}&#8221;][vc_column_text]<\/p>\n<h3><strong>HIST\u00d3RICO DAS MISS\u00d5ES<\/strong><\/h3>\n<p><strong>2004:<\/strong>\u00a0EUA e It\u00e1lia<\/p>\n<p><strong>2005:<\/strong>\u00a0EUA<\/p>\n<p><strong>2007:<\/strong>\u00a0Espanha e Portugal<\/p>\n<p><strong>2008:<\/strong>\u00a0Espanha e EUA<\/p>\n<p><strong>2009:<\/strong>\u00a0EUA<\/p>\n<p><strong>2010:<\/strong>\u00a0Israel<\/p>\n<p><strong>2011:<\/strong>\u00a0Escandin\u00e1via<\/p>\n<p><strong>2012:<\/strong>\u00a0Alemanha e Est\u00f4nia<\/p>\n<p><strong>2013:<\/strong>\u00a0B\u00e9lgica, Holanda, Inglaterra e Irlanda<\/p>\n<p><strong>2014:<\/strong>\u00a0China e Finl\u00e2ndia<\/p>\n<p><strong>2015:<\/strong>\u00a0Coreia do Sul e China<\/p>\n<p><strong>2016:<\/strong>\u00a0Holanda, Su\u00e9cia e R\u00fassia<\/p>\n<p><strong>2017:<\/strong>\u00a0Espanha e Turquia<\/p>\n<p><strong>2018:<\/strong>\u00a0China<\/p>\n<p><strong>2019<\/strong>: Rio Grande do Sul | Brasil<\/p>\n<p><strong>2019<\/strong>: Fran\u00e7a<\/p>\n<p><strong>2022:<\/strong> Estados Unidos<\/p>\n<p><strong>2022:\u00a0<\/strong> Inglaterra e Espanha<\/p>\n<p><strong>2023:<\/strong> Su\u00ed\u00e7a e Luxemburgo[\/vc_column_text][\/vc_column][vc_column width=&#8221;1\/2&#8243; css=&#8221;.vc_custom_1559055730946{margin-top: 20px !important;margin-bottom: 20px !important;}&#8221;][vc_column_text]<\/p>\n<h3 style=\"text-align: center;\"><strong>SAIBA MAIS SOBRE AS \u00daLTIMAS EDI\u00c7\u00d5ES<\/strong><\/h3>\n<p>[\/vc_column_text][vc_empty_space][vc_single_image image=&#8221;46575&#8243; img_size=&#8221;170&#215;108&#8243; alignment=&#8221;center&#8221; onclick=&#8221;custom_link&#8221; img_link_target=&#8221;_blank&#8221; link=&#8221;https:\/\/anprotec.org.br\/site\/2023\/09\/participantes-da-missao-anprotec-concluem-agenda-na-suica-e-partem-para-conferencia-iasp-em-luxemburgo\/&#8221;][vc_empty_space][vc_single_image image=&#8221;46574&#8243; img_size=&#8221;170&#215;108&#8243; alignment=&#8221;center&#8221; onclick=&#8221;custom_link&#8221; img_link_target=&#8221;_blank&#8221; link=&#8221;https:\/\/anprotec.org.br\/site\/2022\/09\/missao-internacional-anprotec-finaliza-etapa-em-londres-e-segue-para-sevilha\/&#8221;][vc_empty_space][vc_single_image image=&#8221;46573&#8243; img_size=&#8221;170&#215;108&#8243; alignment=&#8221;center&#8221; onclick=&#8221;custom_link&#8221; img_link_target=&#8221;_blank&#8221; link=&#8221;https:\/\/anprotec.org.br\/site\/2022\/06\/delegacao-brasileira-da-missao-anprotec-completa-agenda-de-atividades-em-boston\/&#8221;][vc_empty_space][vc_single_image image=&#8221;31329&#8243; img_size=&#8221;170&#215;108&#8243; alignment=&#8221;center&#8221; onclick=&#8221;custom_link&#8221; img_link_target=&#8221;_blank&#8221; link=&#8221;https:\/\/anprotec.org.br\/site\/nossas-acoes\/missoes-franca-2019\/&#8221;][vc_empty_space][vc_single_image image=&#8221;28182&#8243; img_size=&#8221;170&#215;108&#8243; alignment=&#8221;center&#8221; onclick=&#8221;custom_link&#8221; img_link_target=&#8221;_blank&#8221; link=&#8221;https:\/\/anprotec.org.br\/site\/wp-content\/uploads\/2019\/03\/Programacao-Preliminar-Missao-RS_DIGITAL-3.pdf&#8221;][vc_empty_space][vc_single_image image=&#8221;27991&#8243; img_size=&#8221;170x100px&#8221; alignment=&#8221;center&#8221; onclick=&#8221;custom_link&#8221; img_link_target=&#8221;_blank&#8221; link=&#8221;https:\/\/anprotec.org.br\/site\/nossas-acoes\/missoes-china-2018\/&#8221;][\/vc_column][\/vc_row][vc_row disable_element=&#8221;yes&#8221; css=&#8221;.vc_custom_1559063567432{margin-top: 80px !important;}&#8221; el_class=&#8221;noticias-lista&#8221;][vc_column][vc_column_text]<\/p>\n<h1 style=\"text-align: center\">Not\u00edcias<\/h1>\n<p>[\/vc_column_text]<div class=\"column_filters\"><div class=\"blog_wrapper isotope_wrapper clearfix\"><div class=\"posts_group lm_wrapper col-3 grid\"><\/div><\/div>\n<\/div>\n[\/vc_column][\/vc_row][vc_row disable_element=&#8221;yes&#8221;][vc_column width=&#8221;1\/6&#8243;][vc_single_image image=&#8221;23725&#8243; alignment=&#8221;center&#8221; style=&#8221;vc_box_circle_2&#8243;][\/vc_column][vc_column width=&#8221;1\/3&#8243;][vc_column_text]O programa j\u00e1 levou mais de 200 participantes para conhecer o sistema de inova\u00e7\u00e3o de mais de 15 pa\u00edses, entre eles grandes pot\u00eancias como Estados Unidos, China, Cor\u00e9ia do Sul, Finl\u00e2ndia, Inglaterra, B\u00e9lgica, Irlanda, Holanda, Su\u00e9cia, R\u00fassia, Espanha e Turquia.[\/vc_column_text][\/vc_column][vc_column width=&#8221;1\/6&#8243;][vc_single_image image=&#8221;23729&#8243; alignment=&#8221;center&#8221; style=&#8221;vc_box_circle_2&#8243;][\/vc_column][vc_column width=&#8221;1\/3&#8243;][vc_column_text]Um dos grandes prop\u00f3sitos da iniciativa \u00e9 conectar ecossistemas de inova\u00e7\u00e3o e realizar benchmarking, a fim de trocar experi\u00eancias e boas pr\u00e1ticas que possam ser aplicadas para fortalecer o ecossistema brasileiro de empreendedorismo e inova\u00e7\u00e3o.[\/vc_column_text][\/vc_column][\/vc_row][vc_row disable_element=&#8221;yes&#8221;][vc_column width=&#8221;1\/6&#8243;][vc_single_image image=&#8221;23727&#8243; alignment=&#8221;center&#8221; style=&#8221;vc_box_circle_2&#8243;][\/vc_column][vc_column width=&#8221;1\/3&#8243;][vc_column_text]O programa \u00e9 realizado pela Anprotec, em parceria com o Minist\u00e9rio das Rela\u00e7\u00f5es Exteriores (MRE), o SEBRAE, o Conselho Nacional de Secret\u00e1rios Estaduais para Assuntos em Ci\u00eancia, Tecnologia e Inova\u00e7\u00e3o (Consecti), a Associa\u00e7\u00e3o Brasileira de Private Equity &amp; Venture Capital (Abvcap) e o Minist\u00e9rio da Ci\u00eancia, Tecnologia, Inova\u00e7\u00f5es e Comunica\u00e7\u00f5es (MCTIC).[\/vc_column_text][\/vc_column][vc_column width=&#8221;1\/6&#8243;][vc_single_image image=&#8221;23700&#8243; alignment=&#8221;center&#8221; style=&#8221;vc_box_circle_2&#8243;][\/vc_column][vc_column width=&#8221;1\/3&#8243;][vc_column_text]Em agosto desse ano acontece a Miss\u00e3o China! Com visita aos ecossistemas de inova\u00e7\u00e3o de Pequim, Xangai, Hangzhou, Shenzhen e Hong Kong, a Miss\u00e3o \u00e9 destinada aos dirigentes de parques tecnol\u00f3gicos, aceleradoras de neg\u00f3cios, coworking e incubadoras de empresas e ambientes de neg\u00f3cios de impacto; a dirigentes de ag\u00eancias de fomento do governo federal e minist\u00e9rios, investidores anjos, Private Equity e Venture Capital e funding manager; secret\u00e1rios estaduais e municipais de C,T&amp;I, presidentes e diretores de Funda\u00e7\u00f5es de Amparo \u00e0 Pesquisa ou institui\u00e7\u00f5es equivalentes, empreendedores e advogados vinculados a parques tecnol\u00f3gicos e outros ambientes de inova\u00e7\u00e3o.<\/p>\n<p>Para mais informa\u00e7\u00f5es, escreva para:\u00a0<a title=\"mailto:aksara@anprotec.org.br\" href=\"mailto:aksara@anprotec.org.br\" target=\"_blank\" rel=\"noopener noreferrer\">aksara@anprotec.org.br<\/a>[\/vc_column_text][\/vc_column][\/vc_row][vc_row full_width=&#8221;stretch_row_content_no_spaces&#8221; disable_element=&#8221;yes&#8221; css=&#8221;.vc_custom_1523305519128{margin-top: 40px !important;margin-right: 0px !important;margin-bottom: 0px !important;margin-left: 0px !important;border-right-width: 0px !important;border-bottom-width: 0px !important;border-left-width: 0px !important;padding-top: 5px !important;padding-right: 5px !important;padding-bottom: 5px !important;padding-left: 5px !important;background: #757577 url(https:\/\/anprotec.org.br\/site\/wp-content\/uploads\/2018\/02\/bg-titulo-home.png?id=22620) !important;}&#8221; el_class=&#8221;titulos&#8221;][vc_column][vc_column_text]<\/p>\n<h2 class=\"font-white\" style=\"text-align: center\">Nossas A\u00e7\u00f5es<\/h2>\n<p>[\/vc_column_text][\/vc_column][\/vc_row][vc_row full_width=&#8221;stretch_row_content_no_spaces&#8221; disable_element=&#8221;yes&#8221; css=&#8221;.vc_custom_1523305531736{margin-top: 0px !important;margin-right: 0px !important;margin-bottom: 0px !important;margin-left: 0px !important;border-top-width: 0px !important;border-right-width: 0px !important;border-bottom-width: 0px !important;border-left-width: 0px !important;padding-top: 0px !important;padding-right: 0px !important;padding-bottom: 0px !important;padding-left: 0px !important;}&#8221;][vc_column]<div class=\"portfolio_slider arrows arrows_hover\" data-size=\"380\" data-scroll=\"5\"><ul class=\"portfolio_slider_ul\"><li><div class=\"image_frame scale-with-grid\"><div class=\"image_wrapper\"><a href=\"https:\/\/anprotec.org.br\/site\/female-sci-tech-capacity-building-center-brazil\/\"><div class=\"mask\"><\/div><img width=\"360\" height=\"230\" src=\"https:\/\/anprotec.org.br\/site\/wp-content\/uploads\/2023\/12\/female-scitech-home.png\" class=\"scale-with-grid wp-post-image\" alt=\"\" decoding=\"async\" srcset=\"https:\/\/anprotec.org.br\/site\/wp-content\/uploads\/2023\/12\/female-scitech-home.png 360w, https:\/\/anprotec.org.br\/site\/wp-content\/uploads\/2023\/12\/female-scitech-home-300x192.png 300w, https:\/\/anprotec.org.br\/site\/wp-content\/uploads\/2023\/12\/female-scitech-home-229x146.png 229w, https:\/\/anprotec.org.br\/site\/wp-content\/uploads\/2023\/12\/female-scitech-home-50x32.png 50w, https:\/\/anprotec.org.br\/site\/wp-content\/uploads\/2023\/12\/female-scitech-home-117x75.png 117w\" sizes=\"(max-width: 360px) 100vw, 360px\" \/><\/a><div class=\"image_links double\"><a href=\"https:\/\/anprotec.org.br\/site\/wp-content\/uploads\/2023\/12\/female-scitech-home.png\" class=\"zoom\" rel=\"prettyphoto\"><i class=\"icon-search\"><\/i><\/a><a href=\"https:\/\/anprotec.org.br\/site\/female-sci-tech-capacity-building-center-brazil\/\" class=\"link\"><i class=\"icon-link\"><\/i><\/a><\/div><div class=\"acoes_slider\"><h3>Female Sci-Tech Capacity Building Center Brazil<\/h3><\/div><\/div><\/div><\/li><li><div class=\"image_frame scale-with-grid\"><div class=\"image_wrapper\"><a href=\"https:\/\/www.inovalink.org\/#dados\"><div class=\"mask\"><\/div><img width=\"640\" height=\"400\" src=\"https:\/\/anprotec.org.br\/site\/wp-content\/uploads\/2023\/12\/Inovalink-1.png\" class=\"scale-with-grid wp-post-image\" alt=\"\" decoding=\"async\" srcset=\"https:\/\/anprotec.org.br\/site\/wp-content\/uploads\/2023\/12\/Inovalink-1.png 640w, https:\/\/anprotec.org.br\/site\/wp-content\/uploads\/2023\/12\/Inovalink-1-300x188.png 300w, https:\/\/anprotec.org.br\/site\/wp-content\/uploads\/2023\/12\/Inovalink-1-234x146.png 234w, https:\/\/anprotec.org.br\/site\/wp-content\/uploads\/2023\/12\/Inovalink-1-50x31.png 50w, https:\/\/anprotec.org.br\/site\/wp-content\/uploads\/2023\/12\/Inovalink-1-120x75.png 120w\" sizes=\"(max-width: 640px) 100vw, 640px\" \/><\/a><div class=\"image_links double\"><a href=\"https:\/\/anprotec.org.br\/site\/wp-content\/uploads\/2023\/12\/Inovalink-1.png\" class=\"zoom\" rel=\"prettyphoto\"><i class=\"icon-search\"><\/i><\/a><a href=\"https:\/\/www.inovalink.org\/#dados\" class=\"link\"><i class=\"icon-link\"><\/i><\/a><\/div><div class=\"acoes_slider\"><h3>InovaLink<\/h3><\/div><\/div><\/div><\/li><li><div class=\"image_frame scale-with-grid\"><div class=\"image_wrapper\"><a href=\"https:\/\/anprotec.org.br\/site\/sebraetec-negocios-inovadores\/\"><div class=\"mask\"><\/div><img width=\"960\" height=\"720\" src=\"https:\/\/anprotec.org.br\/site\/wp-content\/uploads\/2023\/11\/2022-11-18_Negocios-Inovadores_logo-positiva-960x720.png\" class=\"scale-with-grid wp-post-image\" alt=\"\" decoding=\"async\" \/><\/a><div class=\"image_links double\"><a href=\"https:\/\/anprotec.org.br\/site\/wp-content\/uploads\/2023\/11\/2022-11-18_Negocios-Inovadores_logo-positiva-1024x576.png\" class=\"zoom\" rel=\"prettyphoto\"><i class=\"icon-search\"><\/i><\/a><a href=\"https:\/\/anprotec.org.br\/site\/sebraetec-negocios-inovadores\/\" class=\"link\"><i class=\"icon-link\"><\/i><\/a><\/div><div class=\"acoes_slider\"><h3>Sebraetec Neg\u00f3cios Inovadores<\/h3><\/div><\/div><\/div><\/li><li><div class=\"image_frame scale-with-grid\"><div class=\"image_wrapper\"><a href=\"https:\/\/anprotec.org.br\/site\/projetos\/incubacao-cruzada\/\"><div class=\"mask\"><\/div><img width=\"360\" height=\"200\" src=\"https:\/\/anprotec.org.br\/site\/wp-content\/uploads\/2022\/03\/slide.jpg\" class=\"scale-with-grid wp-post-image\" alt=\"\" decoding=\"async\" srcset=\"https:\/\/anprotec.org.br\/site\/wp-content\/uploads\/2022\/03\/slide.jpg 360w, https:\/\/anprotec.org.br\/site\/wp-content\/uploads\/2022\/03\/slide-300x167.jpg 300w, https:\/\/anprotec.org.br\/site\/wp-content\/uploads\/2022\/03\/slide-260x144.jpg 260w, https:\/\/anprotec.org.br\/site\/wp-content\/uploads\/2022\/03\/slide-50x28.jpg 50w, https:\/\/anprotec.org.br\/site\/wp-content\/uploads\/2022\/03\/slide-135x75.jpg 135w\" sizes=\"(max-width: 360px) 100vw, 360px\" \/><\/a><div class=\"image_links double\"><a href=\"https:\/\/anprotec.org.br\/site\/wp-content\/uploads\/2022\/03\/slide.jpg\" class=\"zoom\" rel=\"prettyphoto\"><i class=\"icon-search\"><\/i><\/a><a href=\"https:\/\/anprotec.org.br\/site\/projetos\/incubacao-cruzada\/\" class=\"link\"><i class=\"icon-link\"><\/i><\/a><\/div><div class=\"acoes_slider\"><h3>Programa de Incuba\u00e7\u00e3o Cruzada<\/h3><\/div><\/div><\/div><\/li><li><div class=\"image_frame scale-with-grid\"><div class=\"image_wrapper\"><a href=\"https:\/\/anprotec.org.br\/site\/anprotec-prospecta\/\"><div class=\"mask\"><\/div><img width=\"370\" height=\"235\" src=\"https:\/\/anprotec.org.br\/site\/wp-content\/uploads\/2022\/02\/Prospecta1.png\" class=\"scale-with-grid wp-post-image\" alt=\"\" decoding=\"async\" srcset=\"https:\/\/anprotec.org.br\/site\/wp-content\/uploads\/2022\/02\/Prospecta1.png 370w, https:\/\/anprotec.org.br\/site\/wp-content\/uploads\/2022\/02\/Prospecta1-300x191.png 300w, https:\/\/anprotec.org.br\/site\/wp-content\/uploads\/2022\/02\/Prospecta1-230x146.png 230w, https:\/\/anprotec.org.br\/site\/wp-content\/uploads\/2022\/02\/Prospecta1-50x32.png 50w, https:\/\/anprotec.org.br\/site\/wp-content\/uploads\/2022\/02\/Prospecta1-118x75.png 118w\" sizes=\"(max-width: 370px) 100vw, 370px\" \/><\/a><div class=\"image_links double\"><a href=\"https:\/\/anprotec.org.br\/site\/wp-content\/uploads\/2022\/02\/Prospecta1.png\" class=\"zoom\" rel=\"prettyphoto\"><i class=\"icon-search\"><\/i><\/a><a href=\"https:\/\/anprotec.org.br\/site\/anprotec-prospecta\/\" class=\"link\"><i class=\"icon-link\"><\/i><\/a><\/div><div class=\"acoes_slider\"><h3>Anprotec Prospecta<\/h3><\/div><\/div><\/div><\/li><li><div class=\"image_frame scale-with-grid\"><div class=\"image_wrapper\"><a href=\"https:\/\/anprotec.org.br\/site\/programa-de-apoio-a-aceleracao-de-negocios\/\"><div class=\"mask\"><\/div><img width=\"370\" height=\"235\" src=\"https:\/\/anprotec.org.br\/site\/wp-content\/uploads\/2022\/01\/capa-cropped.jpeg\" class=\"scale-with-grid wp-post-image\" alt=\"\" decoding=\"async\" srcset=\"https:\/\/anprotec.org.br\/site\/wp-content\/uploads\/2022\/01\/capa-cropped.jpeg 370w, https:\/\/anprotec.org.br\/site\/wp-content\/uploads\/2022\/01\/capa-cropped-300x191.jpeg 300w, https:\/\/anprotec.org.br\/site\/wp-content\/uploads\/2022\/01\/capa-cropped-230x146.jpeg 230w, https:\/\/anprotec.org.br\/site\/wp-content\/uploads\/2022\/01\/capa-cropped-50x32.jpeg 50w, https:\/\/anprotec.org.br\/site\/wp-content\/uploads\/2022\/01\/capa-cropped-118x75.jpeg 118w\" sizes=\"(max-width: 370px) 100vw, 370px\" \/><\/a><div class=\"image_links double\"><a href=\"https:\/\/anprotec.org.br\/site\/wp-content\/uploads\/2022\/01\/capa-cropped.jpeg\" class=\"zoom\" rel=\"prettyphoto\"><i class=\"icon-search\"><\/i><\/a><a href=\"https:\/\/anprotec.org.br\/site\/programa-de-apoio-a-aceleracao-de-negocios\/\" class=\"link\"><i class=\"icon-link\"><\/i><\/a><\/div><div class=\"acoes_slider\"><h3>Programa de Apoio \u00e0 Acelera\u00e7\u00e3o de Neg\u00f3cios<\/h3><\/div><\/div><\/div><\/li><\/ul><\/div>\n[\/vc_column][\/vc_row][vc_row disable_element=&#8221;yes&#8221; css=&#8221;.vc_custom_1523305504311{margin-top: 80px !important;margin-bottom: 0px !important;}&#8221; el_class=&#8221;titulos&#8221;][vc_column][vc_column_text]<\/p>\n<h1 style=\"text-align: center\">Nossos Parceiros<\/h1>\n<p>[\/vc_column_text][\/vc_column][\/vc_row][vc_row disable_element=&#8221;yes&#8221;][vc_column]<div class=\"clients_slider\"><div class=\"clients_slider_header\"><\/div><ul class=\"clients clients_slider_ul\"><li><div class=\"client_wrapper\"><a target=\"_blank\" href=\"http:\/\/ice.org.br\/\" title=\"ICE\"><img width=\"150\" height=\"75\" src=\"https:\/\/anprotec.org.br\/site\/wp-content\/uploads\/2018\/04\/Logotipo-ICE_150x75.jpg\" class=\"scale-with-grid wp-post-image\" alt=\"ICE\" decoding=\"async\" srcset=\"https:\/\/anprotec.org.br\/site\/wp-content\/uploads\/2018\/04\/Logotipo-ICE_150x75.jpg 150w, https:\/\/anprotec.org.br\/site\/wp-content\/uploads\/2018\/04\/Logotipo-ICE_150x75-50x25.jpg 50w\" sizes=\"(max-width: 150px) 100vw, 150px\" \/><\/a><\/div><\/li><li><div class=\"client_wrapper\"><a target=\"_blank\" href=\"http:\/\/www.mutua.com.br\/\" title=\"M\u00fatua\"><img width=\"150\" height=\"75\" src=\"https:\/\/anprotec.org.br\/site\/wp-content\/uploads\/2018\/04\/Logotipo-Mutua_150x75.jpg\" class=\"scale-with-grid wp-post-image\" alt=\"\" decoding=\"async\" srcset=\"https:\/\/anprotec.org.br\/site\/wp-content\/uploads\/2018\/04\/Logotipo-Mutua_150x75.jpg 150w, https:\/\/anprotec.org.br\/site\/wp-content\/uploads\/2018\/04\/Logotipo-Mutua_150x75-50x25.jpg 50w\" sizes=\"(max-width: 150px) 100vw, 150px\" \/><\/a><\/div><\/li><li><div class=\"client_wrapper\"><a target=\"_blank\" href=\"https:\/\/www.embrapii.org.br\/\" title=\"Embrapii\"><img width=\"150\" height=\"75\" src=\"https:\/\/anprotec.org.br\/site\/wp-content\/uploads\/2018\/04\/Logotipo-Embrapii_150x75.jpg\" class=\"scale-with-grid wp-post-image\" alt=\"\" decoding=\"async\" srcset=\"https:\/\/anprotec.org.br\/site\/wp-content\/uploads\/2018\/04\/Logotipo-Embrapii_150x75.jpg 150w, https:\/\/anprotec.org.br\/site\/wp-content\/uploads\/2018\/04\/Logotipo-Embrapii_150x75-50x25.jpg 50w\" sizes=\"(max-width: 150px) 100vw, 150px\" \/><\/a><\/div><\/li><li><div class=\"client_wrapper\"><img width=\"150\" height=\"75\" src=\"https:\/\/anprotec.org.br\/site\/wp-content\/uploads\/2018\/04\/Logotipo-High-Tech-Enterprises_150x75.jpg\" class=\"scale-with-grid wp-post-image\" alt=\"\" decoding=\"async\" srcset=\"https:\/\/anprotec.org.br\/site\/wp-content\/uploads\/2018\/04\/Logotipo-High-Tech-Enterprises_150x75.jpg 150w, https:\/\/anprotec.org.br\/site\/wp-content\/uploads\/2018\/04\/Logotipo-High-Tech-Enterprises_150x75-50x25.jpg 50w\" sizes=\"(max-width: 150px) 100vw, 150px\" \/><\/div><\/li><li><div class=\"client_wrapper\"><a target=\"_blank\" href=\"https:\/\/www.sisp.se\/\" title=\"APTE\"><img width=\"150\" height=\"75\" src=\"https:\/\/anprotec.org.br\/site\/wp-content\/uploads\/2018\/04\/Logotipo-APTE_150x75.jpg\" class=\"scale-with-grid wp-post-image\" alt=\"\" decoding=\"async\" srcset=\"https:\/\/anprotec.org.br\/site\/wp-content\/uploads\/2018\/04\/Logotipo-APTE_150x75.jpg 150w, https:\/\/anprotec.org.br\/site\/wp-content\/uploads\/2018\/04\/Logotipo-APTE_150x75-50x25.jpg 50w\" sizes=\"(max-width: 150px) 100vw, 150px\" \/><\/a><\/div><\/li><li><div class=\"client_wrapper\"><a target=\"_blank\" href=\"https:\/\/www.sisp.se\/\" title=\"Swedish incubators and Science Parks\"><img width=\"150\" height=\"75\" src=\"https:\/\/anprotec.org.br\/site\/wp-content\/uploads\/2018\/04\/Logotipo-Swedish-incubators-and-Science-Parks_150x75.jpg\" class=\"scale-with-grid wp-post-image\" alt=\"\" decoding=\"async\" srcset=\"https:\/\/anprotec.org.br\/site\/wp-content\/uploads\/2018\/04\/Logotipo-Swedish-incubators-and-Science-Parks_150x75.jpg 150w, https:\/\/anprotec.org.br\/site\/wp-content\/uploads\/2018\/04\/Logotipo-Swedish-incubators-and-Science-Parks_150x75-50x25.jpg 50w\" sizes=\"(max-width: 150px) 100vw, 150px\" \/><\/a><\/div><\/li><li><div class=\"client_wrapper\"><a target=\"_blank\" href=\"http:\/\/www.itamaraty.gov.br\/pt-BR\/ficha-pais\/5176-republica-francesa\" title=\"Rep\u00fablica Francesa\"><img width=\"150\" height=\"75\" src=\"https:\/\/anprotec.org.br\/site\/wp-content\/uploads\/2018\/04\/Logotipo-Republica-Francesa_150x75.jpg\" class=\"scale-with-grid wp-post-image\" alt=\"\" decoding=\"async\" srcset=\"https:\/\/anprotec.org.br\/site\/wp-content\/uploads\/2018\/04\/Logotipo-Republica-Francesa_150x75.jpg 150w, https:\/\/anprotec.org.br\/site\/wp-content\/uploads\/2018\/04\/Logotipo-Republica-Francesa_150x75-50x25.jpg 50w\" sizes=\"(max-width: 150px) 100vw, 150px\" \/><\/a><\/div><\/li><li><div class=\"client_wrapper\"><a target=\"_blank\" href=\"http:\/\/www.cnpq.br\/\" title=\"CNPq\"><img width=\"150\" height=\"75\" src=\"https:\/\/anprotec.org.br\/site\/wp-content\/uploads\/2018\/02\/Logotipo-cnpq_150x75.jpg\" class=\"scale-with-grid wp-post-image\" alt=\"\" decoding=\"async\" srcset=\"https:\/\/anprotec.org.br\/site\/wp-content\/uploads\/2018\/02\/Logotipo-cnpq_150x75.jpg 150w, https:\/\/anprotec.org.br\/site\/wp-content\/uploads\/2018\/02\/Logotipo-cnpq_150x75-50x25.jpg 50w\" sizes=\"(max-width: 150px) 100vw, 150px\" \/><\/a><\/div><\/li><li><div class=\"client_wrapper\"><a target=\"_blank\" href=\"http:\/\/www.apexbrasil.com.br\/home\/index\" title=\"Apex Brasil\"><img width=\"150\" height=\"75\" src=\"https:\/\/anprotec.org.br\/site\/wp-content\/uploads\/2018\/02\/logo-apex-brasil-150x75.png\" class=\"scale-with-grid wp-post-image\" alt=\"\" decoding=\"async\" srcset=\"https:\/\/anprotec.org.br\/site\/wp-content\/uploads\/2018\/02\/logo-apex-brasil-150x75.png 150w, https:\/\/anprotec.org.br\/site\/wp-content\/uploads\/2018\/02\/logo-apex-brasil-50x25.png 50w, https:\/\/anprotec.org.br\/site\/wp-content\/uploads\/2018\/02\/logo-apex-brasil.png 152w\" sizes=\"(max-width: 150px) 100vw, 150px\" \/><\/a><\/div><\/li><li><div class=\"client_wrapper\"><a target=\"_blank\" href=\"http:\/\/www.sebrae.com.br\" title=\"Sebrae\"><img width=\"150\" height=\"75\" src=\"https:\/\/anprotec.org.br\/site\/wp-content\/uploads\/2018\/02\/logo-sebrae-150x75.png\" class=\"scale-with-grid wp-post-image\" alt=\"\" decoding=\"async\" srcset=\"https:\/\/anprotec.org.br\/site\/wp-content\/uploads\/2018\/02\/logo-sebrae-150x75.png 150w, https:\/\/anprotec.org.br\/site\/wp-content\/uploads\/2018\/02\/logo-sebrae-50x25.png 50w, https:\/\/anprotec.org.br\/site\/wp-content\/uploads\/2018\/02\/logo-sebrae.png 152w\" sizes=\"(max-width: 150px) 100vw, 150px\" \/><\/a><\/div><\/li><li><div class=\"client_wrapper\"><a target=\"_blank\" href=\"http:\/\/www.mctic.gov.br\/portal\" title=\"MCTIC\"><img width=\"150\" height=\"75\" src=\"https:\/\/anprotec.org.br\/site\/wp-content\/uploads\/2018\/02\/Logotipo-MCTIC_150x75.jpg\" class=\"scale-with-grid wp-post-image\" alt=\"\" decoding=\"async\" srcset=\"https:\/\/anprotec.org.br\/site\/wp-content\/uploads\/2018\/02\/Logotipo-MCTIC_150x75.jpg 150w, https:\/\/anprotec.org.br\/site\/wp-content\/uploads\/2018\/02\/Logotipo-MCTIC_150x75-50x25.jpg 50w\" sizes=\"(max-width: 150px) 100vw, 150px\" \/><\/a><\/div><\/li><li><div class=\"client_wrapper\"><img width=\"79\" height=\"75\" src=\"https:\/\/anprotec.org.br\/site\/wp-content\/uploads\/2018\/03\/EBN-2-79x75.png\" class=\"scale-with-grid wp-post-image\" alt=\"\" decoding=\"async\" srcset=\"https:\/\/anprotec.org.br\/site\/wp-content\/uploads\/2018\/03\/EBN-2-79x75.png 79w, https:\/\/anprotec.org.br\/site\/wp-content\/uploads\/2018\/03\/EBN-2-50x48.png 50w, https:\/\/anprotec.org.br\/site\/wp-content\/uploads\/2018\/03\/EBN-2.png 100w\" sizes=\"(max-width: 79px) 100vw, 79px\" \/><\/div><\/li><li><div class=\"client_wrapper\"><img width=\"94\" height=\"75\" src=\"https:\/\/anprotec.org.br\/site\/wp-content\/uploads\/2018\/03\/InBIA-1-1-94x75.png\" class=\"scale-with-grid wp-post-image\" alt=\"\" decoding=\"async\" srcset=\"https:\/\/anprotec.org.br\/site\/wp-content\/uploads\/2018\/03\/InBIA-1-1-94x75.png 94w, https:\/\/anprotec.org.br\/site\/wp-content\/uploads\/2018\/03\/InBIA-1-1-50x40.png 50w, https:\/\/anprotec.org.br\/site\/wp-content\/uploads\/2018\/03\/InBIA-1-1.png 142w\" sizes=\"(max-width: 94px) 100vw, 94px\" \/><\/div><\/li><li><div class=\"client_wrapper\"><a target=\"_blank\" href=\"http:\/\/www.udop.com.br\/\" title=\"UDOP\"><img width=\"150\" height=\"75\" src=\"https:\/\/anprotec.org.br\/site\/wp-content\/uploads\/2018\/08\/Logotipo-UDOP_150x75.jpg\" class=\"scale-with-grid wp-post-image\" alt=\"\" decoding=\"async\" srcset=\"https:\/\/anprotec.org.br\/site\/wp-content\/uploads\/2018\/08\/Logotipo-UDOP_150x75.jpg 150w, https:\/\/anprotec.org.br\/site\/wp-content\/uploads\/2018\/08\/Logotipo-UDOP_150x75-50x25.jpg 50w\" sizes=\"(max-width: 150px) 100vw, 150px\" \/><\/a><\/div><\/li><li><div class=\"client_wrapper\"><a target=\"_blank\" href=\"http:\/\/www.bioticsa.com.br\/\" title=\"BIOTIC S.A.\"><img width=\"150\" height=\"75\" src=\"https:\/\/anprotec.org.br\/site\/wp-content\/uploads\/2018\/09\/logo-bio-tic-sa.png\" class=\"scale-with-grid wp-post-image\" alt=\"\" decoding=\"async\" srcset=\"https:\/\/anprotec.org.br\/site\/wp-content\/uploads\/2018\/09\/logo-bio-tic-sa.png 150w, https:\/\/anprotec.org.br\/site\/wp-content\/uploads\/2018\/09\/logo-bio-tic-sa-50x25.png 50w\" sizes=\"(max-width: 150px) 100vw, 150px\" \/><\/a><\/div><\/li><li><div class=\"client_wrapper\"><a target=\"_blank\" href=\"http:\/\/www.bioticsa.com.br\/\" title=\"BioTIC\"><img width=\"150\" height=\"75\" src=\"https:\/\/anprotec.org.br\/site\/wp-content\/uploads\/2018\/09\/logo-bio-tic.png\" class=\"scale-with-grid wp-post-image\" alt=\"\" decoding=\"async\" srcset=\"https:\/\/anprotec.org.br\/site\/wp-content\/uploads\/2018\/09\/logo-bio-tic.png 150w, https:\/\/anprotec.org.br\/site\/wp-content\/uploads\/2018\/09\/logo-bio-tic-50x25.png 50w\" sizes=\"(max-width: 150px) 100vw, 150px\" \/><\/a><\/div><\/li><li><div class=\"client_wrapper\"><a target=\"_blank\" href=\"http:\/\/anpei.org.br\/\" title=\"Anpei\"><img width=\"150\" height=\"75\" src=\"https:\/\/anprotec.org.br\/site\/wp-content\/uploads\/2018\/04\/Logotipo-Anpei_150x75.jpg\" class=\"scale-with-grid wp-post-image\" alt=\"\" decoding=\"async\" srcset=\"https:\/\/anprotec.org.br\/site\/wp-content\/uploads\/2018\/04\/Logotipo-Anpei_150x75.jpg 150w, https:\/\/anprotec.org.br\/site\/wp-content\/uploads\/2018\/04\/Logotipo-Anpei_150x75-50x25.jpg 50w\" sizes=\"(max-width: 150px) 100vw, 150px\" \/><\/a><\/div><\/li><li><div class=\"client_wrapper\"><a target=\"_blank\" href=\"http:\/\/www.anjosdobrasil.net\/\" title=\"Anjos do Brasil\"><img width=\"150\" height=\"75\" src=\"https:\/\/anprotec.org.br\/site\/wp-content\/uploads\/2018\/04\/Logotipo-anjos-do-brasil_150x75.jpg\" class=\"scale-with-grid wp-post-image\" alt=\"\" decoding=\"async\" srcset=\"https:\/\/anprotec.org.br\/site\/wp-content\/uploads\/2018\/04\/Logotipo-anjos-do-brasil_150x75.jpg 150w, https:\/\/anprotec.org.br\/site\/wp-content\/uploads\/2018\/04\/Logotipo-anjos-do-brasil_150x75-50x25.jpg 50w\" sizes=\"(max-width: 150px) 100vw, 150px\" \/><\/a><\/div><\/li><li><div class=\"client_wrapper\"><a target=\"_blank\" href=\"http:\/\/www.protec.org.br\/\" title=\"PROTEC (Sociedade Brasileira Pro Inova\u00e7\u00e3o Tecnol\u00f3gica)\"><img width=\"150\" height=\"75\" src=\"https:\/\/anprotec.org.br\/site\/wp-content\/uploads\/2018\/04\/Logotipo-Protec_150x75.jpg\" class=\"scale-with-grid wp-post-image\" alt=\"\" decoding=\"async\" srcset=\"https:\/\/anprotec.org.br\/site\/wp-content\/uploads\/2018\/04\/Logotipo-Protec_150x75.jpg 150w, https:\/\/anprotec.org.br\/site\/wp-content\/uploads\/2018\/04\/Logotipo-Protec_150x75-50x25.jpg 50w\" sizes=\"(max-width: 150px) 100vw, 150px\" \/><\/a><\/div><\/li><li><div class=\"client_wrapper\"><a target=\"_blank\" href=\"https:\/\/abstartups.com.br\/\" title=\"ABStartups (Associa\u00e7\u00e3o Brasileira de Startups)\"><img width=\"150\" height=\"75\" src=\"https:\/\/anprotec.org.br\/site\/wp-content\/uploads\/2018\/04\/Logotipo-ABStartups_150x75.jpg\" class=\"scale-with-grid wp-post-image\" alt=\"\" decoding=\"async\" srcset=\"https:\/\/anprotec.org.br\/site\/wp-content\/uploads\/2018\/04\/Logotipo-ABStartups_150x75.jpg 150w, https:\/\/anprotec.org.br\/site\/wp-content\/uploads\/2018\/04\/Logotipo-ABStartups_150x75-50x25.jpg 50w\" sizes=\"(max-width: 150px) 100vw, 150px\" \/><\/a><\/div><\/li><li><div class=\"client_wrapper\"><a target=\"_blank\" href=\"http:\/\/www.abvcap.com.br\/\" title=\"ABVCAP (Associa\u00e7\u00e3o Brasileira de Private Equity e Venture Capital)\"><img width=\"150\" height=\"75\" src=\"https:\/\/anprotec.org.br\/site\/wp-content\/uploads\/2018\/04\/Logotipo-ABVCAP_150x75.jpg\" class=\"scale-with-grid wp-post-image\" alt=\"\" decoding=\"async\" srcset=\"https:\/\/anprotec.org.br\/site\/wp-content\/uploads\/2018\/04\/Logotipo-ABVCAP_150x75.jpg 150w, https:\/\/anprotec.org.br\/site\/wp-content\/uploads\/2018\/04\/Logotipo-ABVCAP_150x75-50x25.jpg 50w\" sizes=\"(max-width: 150px) 100vw, 150px\" \/><\/a><\/div><\/li><li><div class=\"client_wrapper\"><a target=\"_blank\" href=\"http:\/\/portal.abipti.org.br\/\" title=\"ABIPTI (Associa\u00e7\u00e3o Brasileira das Institui\u00e7\u00f5es de Pesquisa Tecnol\u00f3gica e Inova\u00e7\u00e3o)\"><img width=\"150\" height=\"75\" src=\"https:\/\/anprotec.org.br\/site\/wp-content\/uploads\/2018\/04\/Logotipo-ABIPTI_150x75.jpg\" class=\"scale-with-grid wp-post-image\" alt=\"\" decoding=\"async\" srcset=\"https:\/\/anprotec.org.br\/site\/wp-content\/uploads\/2018\/04\/Logotipo-ABIPTI_150x75.jpg 150w, https:\/\/anprotec.org.br\/site\/wp-content\/uploads\/2018\/04\/Logotipo-ABIPTI_150x75-50x25.jpg 50w\" sizes=\"(max-width: 150px) 100vw, 150px\" \/><\/a><\/div><\/li><li><div class=\"client_wrapper\"><a target=\"_blank\" href=\"http:\/\/fortec.org.br\/\" title=\"Fortec (F\u00f3rum Nacional de Gestores de Inova\u00e7\u00e3o e Transfer\u00eancia de Tecnologia)\"><img width=\"150\" height=\"75\" src=\"https:\/\/anprotec.org.br\/site\/wp-content\/uploads\/2018\/04\/Logotipo-fortec_150x75.jpg\" class=\"scale-with-grid wp-post-image\" alt=\"\" decoding=\"async\" srcset=\"https:\/\/anprotec.org.br\/site\/wp-content\/uploads\/2018\/04\/Logotipo-fortec_150x75.jpg 150w, https:\/\/anprotec.org.br\/site\/wp-content\/uploads\/2018\/04\/Logotipo-fortec_150x75-50x25.jpg 50w\" sizes=\"(max-width: 150px) 100vw, 150px\" \/><\/a><\/div><\/li><li><div class=\"client_wrapper\"><a target=\"_blank\" href=\"http:\/\/www.mdic.gov.br\/\" title=\"MDIC\"><img width=\"150\" height=\"75\" src=\"https:\/\/anprotec.org.br\/site\/wp-content\/uploads\/2018\/04\/Logotipo-MDIC_150x75.jpg\" class=\"scale-with-grid wp-post-image\" alt=\"\" decoding=\"async\" srcset=\"https:\/\/anprotec.org.br\/site\/wp-content\/uploads\/2018\/04\/Logotipo-MDIC_150x75.jpg 150w, https:\/\/anprotec.org.br\/site\/wp-content\/uploads\/2018\/04\/Logotipo-MDIC_150x75-50x25.jpg 50w\" sizes=\"(max-width: 150px) 100vw, 150px\" \/><\/a><\/div><\/li><li><div class=\"client_wrapper\"><a target=\"_blank\" href=\"http:\/\/www.consecti.org.br\/\" title=\"CONSECTI\"><img width=\"150\" height=\"75\" src=\"https:\/\/anprotec.org.br\/site\/wp-content\/uploads\/2018\/04\/Logotipo-CONSECTI_150x75.jpg\" class=\"scale-with-grid wp-post-image\" alt=\"\" decoding=\"async\" srcset=\"https:\/\/anprotec.org.br\/site\/wp-content\/uploads\/2018\/04\/Logotipo-CONSECTI_150x75.jpg 150w, https:\/\/anprotec.org.br\/site\/wp-content\/uploads\/2018\/04\/Logotipo-CONSECTI_150x75-50x25.jpg 50w\" sizes=\"(max-width: 150px) 100vw, 150px\" \/><\/a><\/div><\/li><\/ul><\/div>\n[\/vc_column][\/vc_row]<\/p>\n<\/div>","protected":false},"excerpt":{"rendered":"<p>[vc_row][vc_column][vc_column_text css=&#8221;.vc_custom_1586965897221{margin-top: 30px !important;}&#8221;] MISS\u00d5ES ANPROTEC &nbsp; O que \u00e9<span class=\"excerpt-hellip\"> [\u2026]<\/span><\/p>\n","protected":false},"author":8,"featured_media":31391,"parent":23401,"menu_order":0,"comment_status":"closed","ping_status":"open","template":"","meta":{"footnotes":"","_links_to":"","_links_to_target":""},"_links":{"self":[{"href":"https:\/\/anprotec.org.br\/site\/wp-json\/wp\/v2\/pages\/23056"}],"collection":[{"href":"https:\/\/anprotec.org.br\/site\/wp-json\/wp\/v2\/pages"}],"about":[{"href":"https:\/\/anprotec.org.br\/site\/wp-json\/wp\/v2\/types\/page"}],"author":[{"embeddable":true,"href":"https:\/\/anprotec.org.br\/site\/wp-json\/wp\/v2\/users\/8"}],"replies":[{"embeddable":true,"href":"https:\/\/anprotec.org.br\/site\/wp-json\/wp\/v2\/comments?post=23056"}],"version-history":[{"count":3,"href":"https:\/\/anprotec.org.br\/site\/wp-json\/wp\/v2\/pages\/23056\/revisions"}],"predecessor-version":[{"id":46580,"href":"https:\/\/anprotec.org.br\/site\/wp-json\/wp\/v2\/pages\/23056\/revisions\/46580"}],"up":[{"embeddable":true,"href":"https:\/\/anprotec.org.br\/site\/wp-json\/wp\/v2\/pages\/23401"}],"wp:featuredmedia":[{"embeddable":true,"href":"https:\/\/anprotec.org.br\/site\/wp-json\/wp\/v2\/media\/31391"}],"wp:attachment":[{"href":"https:\/\/anprotec.org.br\/site\/wp-json\/wp\/v2\/media?parent=23056"}],"curies":[{"name":"wp","href":"https:\/\/api.w.org\/{rel}","templated":true}]}}