{"id":1208,"date":"2012-12-20T11:14:53","date_gmt":"2012-12-20T14:14:53","guid":{"rendered":"http:\/\/anprotec.org.br\/site\/?page_id=1208"},"modified":"2018-04-11T10:20:49","modified_gmt":"2018-04-11T13:20:49","slug":"os-vencedores-do-premio-finep-2012","status":"publish","type":"page","link":"https:\/\/anprotec.org.br\/site\/os-vencedores-do-premio-finep-2012\/","title":{"rendered":"Os vencedores do Pr\u00eamio Finep  2012"},"content":{"rendered":"<p><strong>Jovem Inovador:\u00a0<\/strong>Miguel das Merc\u00eas dos Santos (regi\u00e3o Norte)<\/p>\n<p style=\"text-align: justify\"><strong>Micro\/Pequena Empresa<\/strong>: Amazon Dreams (regi\u00e3o Norte)<\/p>\n<p style=\"text-align: justify\">Participante do Programa de Incuba\u00e7\u00e3o de Empresas de Base Tecnol\u00f3gica (PIEBT) da Universidade Federal do Par\u00e1, a Amazon Dreams fornece antioxidantes e \u00f3leos naturais, a partir de esp\u00e9cies nativas do bioma amaz\u00f4nico. A empresa tem capacidade de extrair, separar e purificar os antioxidantes de esp\u00e9cies florestais da Amaz\u00f4nia com um grau de pureza de at\u00e9 90%, de forma sustent\u00e1vel, com certifica\u00e7\u00e3o org\u00e2nica e seguran\u00e7a alimentar.<\/p>\n<p style=\"text-align: justify\"><strong>M\u00e9dia Empresa<\/strong>: IACIT Solu\u00e7\u00f5es Tecnol\u00f3gicas\u00a0 (regi\u00e3o Sudeste)<\/p>\n<p style=\"text-align: justify\">A IACIT, empresa com capital 100% nacional, h\u00e1 26 anos no mercado, fornece solu\u00e7\u00f5es de vanguarda em tecnologias aplicadas ao Trafego A\u00e9reo, Mar\u00edtimo e Terrestre, Meteorologia e Redes Integradas, sendo destaque em nichos que exigem qualifica\u00e7\u00e3o profissional e atualiza\u00e7\u00e3o t\u00e9cnica. Atua no setor Aeron\u00e1utico e de Defesa como fabricante de equipamentos de aux\u00edlio e controle para a Navega\u00e7\u00e3o A\u00e9rea, Radares Meteorol\u00f3gicos e provedora de solu\u00e7\u00f5es e servi\u00e7os de engenharia nestes segmentos.<\/p>\n<p style=\"text-align: justify\">\u00a0<strong>Grande Empresa (categoria especial, que premia tr\u00eas vencedores. Vencedores s\u00f3 concorreram na etapa nacional)<\/strong><\/p>\n<p style=\"text-align: justify\">1) Embraer<\/p>\n<p style=\"text-align: justify\">Empresa l\u00edder na fabrica\u00e7\u00e3o de jatos comerciais de at\u00e9 120 assentos e uma das maiores exportadoras brasileiras. Com sede em S\u00e3o Jos\u00e9 dos Campos (SP), mant\u00e9m escrit\u00f3rios, instala\u00e7\u00f5es industriais e oficinas de servi\u00e7os ao cliente no Brasil, China, Estados Unidos, Fran\u00e7a, Portugal e Singapura. Fundada em 1969, a Embraer projeta, desenvolve, fabrica e vende aeronaves e sistemas para os segmentos de avia\u00e7\u00e3o comercial, avia\u00e7\u00e3o executiva e defesa e seguran\u00e7a. A Empresa tamb\u00e9m fornece suporte e servi\u00e7os de p\u00f3s-vendas a clientes em todo o mundo.<\/p>\n<p style=\"text-align: justify\">2) Natura<\/p>\n<p style=\"text-align: justify\">Presente em sete pa\u00edses da Am\u00e9rica Latina e na Fran\u00e7a, a Natura \u00e9 a ind\u00fastria l\u00edder no mercado de cosm\u00e9ticos, fragr\u00e2ncias e higiene pessoal e no setor de venda direta, no Brasil. \u00c9 uma companhia de capital aberto, com a\u00e7\u00f5es listadas no Novo Mercado, o mais alto n\u00edvel de governan\u00e7a corporativa da Bovespa. Seu lema \u00e9 promover o bem estar bem atrav\u00e9s de uma atua\u00e7\u00e3o pautada por direcionadores como sustentabilidade, relacionamento e inova\u00e7\u00e3o.<\/p>\n<p style=\"text-align: justify\">\u00a03) WEG<\/p>\n<p style=\"text-align: justify\">A WEG Equipamentos El\u00e9tricos S.A. atua principalmente no setor de bens de capital e \u00e9 uma das maiores fabricantes mundiais de equipamentos eletro-eletr\u00f4nicos, produzindo motores el\u00e9tricos, conversores de frequ\u00eancia, geradores el\u00e9tricos, transformadores, componentes eletr\u00f4nicos e eletromec\u00e2nicos para prote\u00e7\u00e3o, comando e controle de m\u00e1quinas e instala\u00e7\u00f5es el\u00e9tricas.<\/p>\n<p style=\"text-align: justify\"><strong><br \/>\nInstitui\u00e7\u00e3o de Ci\u00eancia e Tecnologia:\u00a0<\/strong>INATEL Competence Center (regi\u00e3o Sudeste)<\/p>\n<p style=\"text-align: justify\">O Instituto Nacional de Telecomunica\u00e7\u00f5es \u2013 Inatel \u00e9 uma das principais fontes de forma\u00e7\u00e3o de profissionais na \u00e1rea de TIC (Tecnologias de Informa\u00e7\u00e3o e Comunica\u00e7\u00e3o) da regi\u00e3o e do Brasil. O Inatel mant\u00e9m um centro para facilitar a intera\u00e7\u00e3o com as empresas chamado Inatel Competence Center &#8211; ICC. Hoje com mais de 200 colaboradores focados exclusivamente em PD&amp;I, o ICC garante que as pesquisas realizadas no Inatel cheguem ao mercado de TIC, atendendo a demandas nacionais e internacionais.<\/p>\n<p style=\"text-align: justify\"><strong>Tecnologia Social:\u00a0<\/strong>Instituto de Desenvolvimento Sustent\u00e1vel de Mamirau\u00e1 (regi\u00e3o Norte)<\/p>\n<p style=\"text-align: justify\">O sistema de abastecimento de \u00e1gua desenvolvido pelo instituto mamirau\u00e1, em \u00e1reas de v\u00e1rzea, tem como principal caracter\u00edstica o uso de energia renov\u00e1vel para capta\u00e7\u00e3o e distribui\u00e7\u00e3o de \u00e1gua do rio para popula\u00e7\u00f5es ribeirinhas, com finalidade de promover o abastecimento dom\u00e9stico.<\/p>\n<p style=\"text-align: justify\"><strong>Inventor Inovador:\u00a0<\/strong>Marco Aur\u00e9lio Corr\u00eaa Machado (regi\u00e3o Sudeste)<\/p>\n<p style=\"text-align: justify\">As Unidades de Digest\u00e3o de Amostras alcan\u00e7am toda a demanda de digest\u00e3o deum laborat\u00f3rio, aceitando qualquer tipo de amostra e reagentes poss\u00edveis. O dispositivo \u00e9 montado sob encaixe, n\u00e3o possui roscas e dispensa o uso de ferramentas para seu manuseio. Elas s\u00e3o usadas com amostras cuja fonte de calor sejam as micro-ondas. Constru\u00edda totalmente em pl\u00e1sticos de engenharia, resiste a press\u00f5es de 120 atm e temperaturas de at\u00e9 220\u00baC. Nessas condi\u00e7\u00f5es, praticamente n\u00e3o h\u00e1 amostras que n\u00e3o possam ser digeridas.<\/p>\n<p style=\"text-align: justify\"><strong>Inova\u00e7\u00e3o Sustent\u00e1vel:\u00a0<\/strong>BRASKEM (regi\u00e3o Nordeste)<\/p>\n<p style=\"text-align: justify\">Com atua\u00e7\u00e3o no setor qu\u00edmico e petroqu\u00edmico, a Braskem se destaca no cen\u00e1rio global como a maior produtora de resinas termopl\u00e1sticas das Am\u00e9ricas. Sua produ\u00e7\u00e3o \u00e9 focada em polietileno polipropileno e policlereto de vinila , al\u00e9m de insumos. O polietileno de fonte renov\u00e1vel \u00e9 resultado do investimento em inova\u00e7\u00e3o e do compromisso da empresa com o meio ambiente. O pl\u00e1stico verde inaugura uma nova fase na cadeia produtiva do produto, trazendo inova\u00e7\u00e3o e novas solu\u00e7\u00f5es sutent\u00e1veis. O polietileno verde combina alto desempenho e processabilidade e o uso de mat\u00e9rias-primas renov\u00e1veis ajuda a reduzir o aquecimento global.<\/p>\n<p style=\"text-align: justify\"><strong>Tecnologia Assistiva:\u00a0<\/strong>PENTOP do Brasil (regi\u00e3o Norte)<\/p>\n<p style=\"text-align: justify\">A Caneta Falante Pentop, desenvolvida no laborat\u00f3rio da Pentop no Centro de Incuba\u00e7\u00e3o e Desenvolvimento Empresarial (CIDE), em Manaus, \u00e9 um dispositivo com formato de caneta, que possui um sensor na ponta e um computador interno, capaz de decodificar o material impresso e reproduzir sons previamente gravados. As etiquetas permitem \u00e0 pessoa com defici\u00eancia gravar sua pr\u00f3pria voz ou de outras pessoas para a identifica\u00e7\u00e3o de objetos, leitura de livros, e demais funcionalidades.<\/p>\n<p style=\"text-align: justify\"><strong>Inovar Fundos (com tr\u00eas subcategorias premiadas)<\/strong><\/p>\n<p style=\"text-align: justify\">&gt; Opera\u00e7\u00e3o:\u00a0FIPAC \u2013 Fundo de Participa\u00e7\u00f5es e Consolida\u00e7\u00e3o FMIEE (\u201cDGF-FIPAC&#8221;).<\/p>\n<p style=\"text-align: justify\">&gt; Governan\u00e7a:\u00a0CRP VI Venture Fundo M\u00fatuo de Investimento em Empresas Emergentes<\/p>\n<p style=\"text-align: justify\">&gt; Equipe:\u00a0CRP VII FUNDO DE INVESTIMENTO EM PARTICIPA\u00c7\u00d5ES<\/p>\n<p style=\"text-align: justify\"><em>Com informa\u00e7\u00f5es da Finep<\/em><\/p>\n<p><strong>\u00a0<\/strong><\/p>\n","protected":false},"excerpt":{"rendered":"<p>Jovem Inovador:\u00a0Miguel das Merc\u00eas dos Santos (regi\u00e3o Norte) Micro\/Pequena Empresa:<span class=\"excerpt-hellip\"> [\u2026]<\/span><\/p>\n","protected":false},"author":8,"featured_media":0,"parent":0,"menu_order":0,"comment_status":"open","ping_status":"open","template":"","meta":{"footnotes":"","_links_to":"","_links_to_target":""},"_links":{"self":[{"href":"https:\/\/anprotec.org.br\/site\/wp-json\/wp\/v2\/pages\/1208"}],"collection":[{"href":"https:\/\/anprotec.org.br\/site\/wp-json\/wp\/v2\/pages"}],"about":[{"href":"https:\/\/anprotec.org.br\/site\/wp-json\/wp\/v2\/types\/page"}],"author":[{"embeddable":true,"href":"https:\/\/anprotec.org.br\/site\/wp-json\/wp\/v2\/users\/8"}],"replies":[{"embeddable":true,"href":"https:\/\/anprotec.org.br\/site\/wp-json\/wp\/v2\/comments?post=1208"}],"version-history":[{"count":3,"href":"https:\/\/anprotec.org.br\/site\/wp-json\/wp\/v2\/pages\/1208\/revisions"}],"predecessor-version":[{"id":24379,"href":"https:\/\/anprotec.org.br\/site\/wp-json\/wp\/v2\/pages\/1208\/revisions\/24379"}],"wp:attachment":[{"href":"https:\/\/anprotec.org.br\/site\/wp-json\/wp\/v2\/media?parent=1208"}],"curies":[{"name":"wp","href":"https:\/\/api.w.org\/{rel}","templated":true}]}}