{"id":996,"date":"2026-04-14T01:51:24","date_gmt":"2026-04-14T01:51:24","guid":{"rendered":"https:\/\/anprotec.org.br\/conferencia2026\/?post_type=palestrantes&#038;p=996"},"modified":"2026-04-14T01:52:20","modified_gmt":"2026-04-14T01:52:20","slug":"ana-carolina-calcado","status":"publish","type":"palestrantes","link":"https:\/\/anprotec.org.br\/conferencia2026\/palestrantes\/ana-carolina-calcado\/","title":{"rendered":"Ana Carolina Cal\u00e7ado"},"content":{"rendered":"\n<p>Ana Cal\u00e7ado \u00e9 CEO e presidente da Wylinka, organiza\u00e7\u00e3o sem fins lucrativos que transforma o conhecimento cient\u00edfico em solu\u00e7\u00f5es e neg\u00f3cios que fomentam o desenvolvimento econ\u00f4mico, social e sustent\u00e1vel do Brasil. P\u00f3s graduada em Gest\u00e3o de Neg\u00f3cios pela Funda\u00e7\u00e3o Dom Cabral, com estudos de p\u00f3s gradua\u00e7\u00e3o em Inova\u00e7\u00e3o pelo Massachusetts Institute of Technology (MIT \u2013 professional education), mestre em Ci\u00eancias de Alimentos pela Universidade Federal de Minas Gerais (UFMG) e graduada em Bioqu\u00edmica pela Universidade Federal de Vi\u00e7osa (UFV), Ana tamb\u00e9m \u00e9 doutoranda pela USP em Administra\u00e7\u00e3o e pesquisadora em Inova\u00e7\u00e3o e Gest\u00e3o Tecnol\u00f3gica.<\/p>\n\n\n\n<p><\/p>\n","protected":false},"featured_media":997,"template":"","area-palestrante":[13],"class_list":["post-996","palestrantes","type-palestrantes","status-publish","has-post-thumbnail","hentry","area-palestrante-workshop"],"_links":{"self":[{"href":"https:\/\/anprotec.org.br\/conferencia2026\/wp-json\/wp\/v2\/palestrantes\/996","targetHints":{"allow":["GET"]}}],"collection":[{"href":"https:\/\/anprotec.org.br\/conferencia2026\/wp-json\/wp\/v2\/palestrantes"}],"about":[{"href":"https:\/\/anprotec.org.br\/conferencia2026\/wp-json\/wp\/v2\/types\/palestrantes"}],"wp:featuredmedia":[{"embeddable":true,"href":"https:\/\/anprotec.org.br\/conferencia2026\/wp-json\/wp\/v2\/media\/997"}],"wp:attachment":[{"href":"https:\/\/anprotec.org.br\/conferencia2026\/wp-json\/wp\/v2\/media?parent=996"}],"wp:term":[{"taxonomy":"area-palestrante","embeddable":true,"href":"https:\/\/anprotec.org.br\/conferencia2026\/wp-json\/wp\/v2\/area-palestrante?post=996"}],"curies":[{"name":"wp","href":"https:\/\/api.w.org\/{rel}","templated":true}]}}