{"id":974,"date":"2026-04-14T01:11:35","date_gmt":"2026-04-14T01:11:35","guid":{"rendered":"https:\/\/anprotec.org.br\/conferencia2026\/?post_type=palestrantes&#038;p=974"},"modified":"2026-04-14T01:11:35","modified_gmt":"2026-04-14T01:11:35","slug":"guilherme-coutinho-calheiros","status":"publish","type":"palestrantes","link":"https:\/\/anprotec.org.br\/conferencia2026\/palestrantes\/guilherme-coutinho-calheiros\/","title":{"rendered":"Guilherme Coutinho Calheiros"},"content":{"rendered":"\n<p>Guila Calheiros \u00e9 especialista em planejamento e gest\u00e3o de ambientes de inova\u00e7\u00e3o e no sistema nacional de ci\u00eancia e tecnologia, com mais de 20 anos de experi\u00eancia na condu\u00e7\u00e3o de projetos e cerca de 15 anos de atua\u00e7\u00e3o como professor em cursos de gradua\u00e7\u00e3o e p\u00f3s-gradua\u00e7\u00e3o. Atualmente, \u00e9 Diretor de Planejamento e Gest\u00e3o da Embrapii, uma organiza\u00e7\u00e3o social vinculada ao Minist\u00e9rio da Ci\u00eancia, Tecnologia e Inova\u00e7\u00e3o (MCTI).<\/p>\n\n\n\n<p>Como Secret\u00e1rio de Desenvolvimento Tecnol\u00f3gico e Inova\u00e7\u00e3o no MCTI, Guila liderou pol\u00edticas nacionais de transfer\u00eancia de tecnologia, incentivo \u00e0 P&amp;D nas empresas e fortalecimento do empreendedorismo e inova\u00e7\u00e3o. Durante oito anos, atuou como Diretor de Inova\u00e7\u00e3o e Competitividade do Porto Digital, per\u00edodo no qual o parque foi reconhecido como o principal ambiente de inova\u00e7\u00e3o do pa\u00eds em tr\u00eas ocasi\u00f5es.<\/p>\n\n\n\n<p>Guila foi Superintendente Executivo da Anprotec, durante o per\u00edodo em que a institui\u00e7\u00e3o foi agraciada com a Medalha Nacional do M\u00e9rito Cient\u00edfico Ele tamb\u00e9m exerceu diversos cargos estrat\u00e9gicos, como secret\u00e1rio de Desenvolvimento Econ\u00f4mico, Ci\u00eancia, Tecnologia e Inova\u00e7\u00e3o do Recife, Gerente de Rela\u00e7\u00f5es Institucionais no CESAR, co-l\u00edder da ENIMPACTO e vice-presidente do F\u00f3rum Inova Cidades.<\/p>\n\n\n\n<p>Foi membro de conselhos como FINEP, CEITEC, SOFTEX Nacional, ABDI e RNP, Guila tem mestrado em Engenharia de Produ\u00e7\u00e3o pela UFPE, gradua\u00e7\u00e3o em Administra\u00e7\u00e3o pela UPE e certifica\u00e7\u00e3o PMP\u00ae. Em 2016, foi selecionado pelo governo franc\u00eas para o Programa de Personalidades Promissoras (PIPA).<\/p>\n","protected":false},"featured_media":975,"template":"","area-palestrante":[12],"class_list":["post-974","palestrantes","type-palestrantes","status-publish","has-post-thumbnail","hentry","area-palestrante-painel-tematico"],"_links":{"self":[{"href":"https:\/\/anprotec.org.br\/conferencia2026\/wp-json\/wp\/v2\/palestrantes\/974","targetHints":{"allow":["GET"]}}],"collection":[{"href":"https:\/\/anprotec.org.br\/conferencia2026\/wp-json\/wp\/v2\/palestrantes"}],"about":[{"href":"https:\/\/anprotec.org.br\/conferencia2026\/wp-json\/wp\/v2\/types\/palestrantes"}],"wp:featuredmedia":[{"embeddable":true,"href":"https:\/\/anprotec.org.br\/conferencia2026\/wp-json\/wp\/v2\/media\/975"}],"wp:attachment":[{"href":"https:\/\/anprotec.org.br\/conferencia2026\/wp-json\/wp\/v2\/media?parent=974"}],"wp:term":[{"taxonomy":"area-palestrante","embeddable":true,"href":"https:\/\/anprotec.org.br\/conferencia2026\/wp-json\/wp\/v2\/area-palestrante?post=974"}],"curies":[{"name":"wp","href":"https:\/\/api.w.org\/{rel}","templated":true}]}}