{"id":666,"date":"2026-04-07T17:28:05","date_gmt":"2026-04-07T17:28:05","guid":{"rendered":"https:\/\/anprotec.org.br\/conferencia2026\/?page_id=666"},"modified":"2026-04-28T01:57:37","modified_gmt":"2026-04-28T01:57:37","slug":"palestrantes","status":"publish","type":"page","link":"https:\/\/anprotec.org.br\/conferencia2026\/palestrantes\/","title":{"rendered":"Palestrantes"},"content":{"rendered":"\t\t<div data-elementor-type=\"wp-page\" data-elementor-id=\"666\" class=\"elementor elementor-666\" data-elementor-post-type=\"page\">\n\t\t\t\t<div class=\"elementor-element elementor-element-8f6ca71 e-flex e-con-boxed e-con e-parent\" data-id=\"8f6ca71\" data-element_type=\"container\" data-e-type=\"container\" data-settings=\"{&quot;jet_parallax_layout_list&quot;:[]}\">\n\t\t\t\t\t<div class=\"e-con-inner\">\n\t\t\t\t<div class=\"elementor-element elementor-element-3b729e9 e-n-tabs-none elementor-widget elementor-widget-n-tabs\" data-id=\"3b729e9\" data-element_type=\"widget\" data-e-type=\"widget\" data-settings=\"{&quot;tabs_justify_horizontal_mobile&quot;:&quot;stretch&quot;,&quot;horizontal_scroll&quot;:&quot;disable&quot;}\" data-widget_type=\"nested-tabs.default\">\n\t\t\t\t\t\t\t<div class=\"e-n-tabs\" data-widget-number=\"62335465\" aria-label=\"Abas. Abra itens com &quot;Enter&quot; ou &quot;Espa\u00e7o&quot;, feche com &quot;Escape&quot; e navegue usando as teclas de &quot;Seta&quot;.\">\n\t\t\t<div class=\"e-n-tabs-heading\" role=\"tablist\">\n\t\t\t\t\t<button id=\"e-n-tab-title-623354651\" data-tab-title-id=\"e-n-tab-title-623354651\" class=\"e-n-tab-title\" aria-selected=\"true\" data-tab-index=\"1\" role=\"tab\" tabindex=\"0\" aria-controls=\"e-n-tab-content-623354651\" style=\"--n-tabs-title-order: 1;\">\n\t\t\t\t\t\t<span class=\"e-n-tab-title-text\">\n\t\t\t\tTodos\t\t\t<\/span>\n\t\t<\/button>\n\t\t\t\t<button id=\"e-n-tab-title-623354652\" data-tab-title-id=\"e-n-tab-title-623354652\" class=\"e-n-tab-title\" aria-selected=\"false\" data-tab-index=\"2\" role=\"tab\" tabindex=\"-1\" aria-controls=\"e-n-tab-content-623354652\" style=\"--n-tabs-title-order: 2;\">\n\t\t\t\t\t\t<span class=\"e-n-tab-title-text\">\n\t\t\t\tPlen\u00e1rias\t\t\t<\/span>\n\t\t<\/button>\n\t\t\t\t<button id=\"e-n-tab-title-623354653\" data-tab-title-id=\"e-n-tab-title-623354653\" class=\"e-n-tab-title\" aria-selected=\"false\" data-tab-index=\"3\" role=\"tab\" tabindex=\"-1\" aria-controls=\"e-n-tab-content-623354653\" style=\"--n-tabs-title-order: 3;\">\n\t\t\t\t\t\t<span class=\"e-n-tab-title-text\">\n\t\t\t\tPain\u00e9is Tem\u00e1ticos\t\t\t<\/span>\n\t\t<\/button>\n\t\t\t\t<button id=\"e-n-tab-title-623354654\" data-tab-title-id=\"e-n-tab-title-623354654\" class=\"e-n-tab-title\" aria-selected=\"false\" data-tab-index=\"4\" role=\"tab\" tabindex=\"-1\" aria-controls=\"e-n-tab-content-623354654\" style=\"--n-tabs-title-order: 4;\">\n\t\t\t\t\t\t<span class=\"e-n-tab-title-text\">\n\t\t\t\tWorkshops\t\t\t<\/span>\n\t\t<\/button>\n\t\t\t\t<button id=\"e-n-tab-title-623354655\" data-tab-title-id=\"e-n-tab-title-623354655\" class=\"e-n-tab-title\" aria-selected=\"false\" data-tab-index=\"5\" role=\"tab\" tabindex=\"-1\" aria-controls=\"e-n-tab-content-623354655\" style=\"--n-tabs-title-order: 5;\">\n\t\t\t\t\t\t<span class=\"e-n-tab-title-text\">\n\t\t\t\tRodas de Conversa\t\t\t<\/span>\n\t\t<\/button>\n\t\t\t\t<button id=\"e-n-tab-title-623354656\" data-tab-title-id=\"e-n-tab-title-623354656\" class=\"e-n-tab-title\" aria-selected=\"false\" data-tab-index=\"6\" role=\"tab\" tabindex=\"-1\" aria-controls=\"e-n-tab-content-623354656\" style=\"--n-tabs-title-order: 6;\">\n\t\t\t\t\t\t<span class=\"e-n-tab-title-text\">\n\t\t\t\tChamada de Trabalhos\t\t\t<\/span>\n\t\t<\/button>\n\t\t\t\t<button id=\"e-n-tab-title-623354657\" data-tab-title-id=\"e-n-tab-title-623354657\" class=\"e-n-tab-title\" aria-selected=\"false\" data-tab-index=\"7\" role=\"tab\" tabindex=\"-1\" aria-controls=\"e-n-tab-content-623354657\" style=\"--n-tabs-title-order: 7;\">\n\t\t\t\t\t\t<span class=\"e-n-tab-title-text\">\n\t\t\t\tInternacionais\t\t\t<\/span>\n\t\t<\/button>\n\t\t\t\t\t<\/div>\n\t\t\t<div class=\"e-n-tabs-content\">\n\t\t\t\t<div id=\"e-n-tab-content-623354651\" role=\"tabpanel\" aria-labelledby=\"e-n-tab-title-623354651\" data-tab-index=\"1\" style=\"--n-tabs-title-order: 1;\" class=\"e-active elementor-element elementor-element-0007edd e-con-full e-flex e-con e-child\" data-id=\"0007edd\" data-element_type=\"container\" data-e-type=\"container\" data-settings=\"{&quot;jet_parallax_layout_list&quot;:[]}\">\n\t\t<div class=\"elementor-element elementor-element-62dbbf5 e-con-full e-flex e-con e-child\" data-id=\"62dbbf5\" data-element_type=\"container\" data-e-type=\"container\" data-settings=\"{&quot;jet_parallax_layout_list&quot;:[]}\">\n\t\t\t\t<div class=\"elementor-element elementor-element-e2e061c elementor-widget elementor-widget-icon-box\" data-id=\"e2e061c\" data-element_type=\"widget\" data-e-type=\"widget\" data-widget_type=\"icon-box.default\">\n\t\t\t\t\t\t\t<div class=\"elementor-icon-box-wrapper\">\n\n\t\t\t\n\t\t\t\t\t\t<div class=\"elementor-icon-box-content\">\n\n\t\t\t\t\t\t\t\t\t<h3 class=\"elementor-icon-box-title\">\n\t\t\t\t\t\t<span  >\n\t\t\t\t\t\t\tTodos os Palestrantes\t\t\t\t\t\t<\/span>\n\t\t\t\t\t<\/h3>\n\t\t\t\t\n\t\t\t\t\n\t\t\t<\/div>\n\t\t\t\n\t\t<\/div>\n\t\t\t\t\t\t<\/div>\n\t\t\t\t<div class=\"elementor-element elementor-element-172a7a6 elementor-widget elementor-widget-jet-listing-grid\" data-id=\"172a7a6\" data-element_type=\"widget\" data-e-type=\"widget\" data-settings=\"{&quot;columns&quot;:3,&quot;columns_mobile&quot;:&quot;1&quot;}\" data-widget_type=\"jet-listing-grid.default\">\n\t\t\t\t\t<div class=\"jet-listing-grid jet-listing\"><div class=\"jet-listing-grid__items grid-col-desk-3 grid-col-tablet-3 grid-col-mobile-1 jet-listing-grid--628\" data-queried-id=\"666|WP_Post\" data-nav=\"{&quot;enabled&quot;:true,&quot;type&quot;:&quot;scroll&quot;,&quot;more_el&quot;:null,&quot;query&quot;:{&quot;post_status&quot;:[&quot;publish&quot;],&quot;post_type&quot;:&quot;palestrantes&quot;,&quot;posts_per_page&quot;:&quot;6&quot;,&quot;paged&quot;:&quot;1&quot;,&quot;ignore_sticky_posts&quot;:&quot;1&quot;,&quot;order&quot;:&quot;ASC&quot;,&quot;orderby&quot;:&quot;title&quot;,&quot;signature&quot;:&quot;b761ef84c0bcf3aa81eb56f1855028e2e9b42a6193d2768a5df2f0557843eeea&quot;},&quot;widget_settings&quot;:{&quot;lisitng_id&quot;:628,&quot;posts_num&quot;:6,&quot;columns&quot;:3,&quot;columns_tablet&quot;:3,&quot;columns_mobile&quot;:1,&quot;column_min_width&quot;:240,&quot;column_min_width_tablet&quot;:240,&quot;column_min_width_mobile&quot;:240,&quot;inline_columns_css&quot;:false,&quot;is_archive_template&quot;:&quot;&quot;,&quot;post_status&quot;:[&quot;publish&quot;],&quot;use_random_posts_num&quot;:&quot;&quot;,&quot;max_posts_num&quot;:9,&quot;not_found_message&quot;:&quot;No data was found&quot;,&quot;is_masonry&quot;:false,&quot;equal_columns_height&quot;:&quot;&quot;,&quot;use_load_more&quot;:&quot;yes&quot;,&quot;load_more_id&quot;:&quot;&quot;,&quot;load_more_type&quot;:&quot;scroll&quot;,&quot;load_more_offset&quot;:{&quot;unit&quot;:&quot;px&quot;,&quot;size&quot;:0,&quot;sizes&quot;:[]},&quot;use_custom_post_types&quot;:&quot;&quot;,&quot;custom_post_types&quot;:[],&quot;hide_widget_if&quot;:&quot;&quot;,&quot;carousel_enabled&quot;:&quot;&quot;,&quot;slides_to_scroll&quot;:&quot;1&quot;,&quot;arrows&quot;:&quot;true&quot;,&quot;arrow_icon&quot;:&quot;fa fa-angle-left&quot;,&quot;dots&quot;:&quot;&quot;,&quot;autoplay&quot;:&quot;true&quot;,&quot;pause_on_hover&quot;:&quot;true&quot;,&quot;autoplay_speed&quot;:5000,&quot;infinite&quot;:&quot;true&quot;,&quot;center_mode&quot;:&quot;&quot;,&quot;effect&quot;:&quot;slide&quot;,&quot;speed&quot;:500,&quot;inject_alternative_items&quot;:&quot;&quot;,&quot;injection_items&quot;:[],&quot;scroll_slider_enabled&quot;:&quot;&quot;,&quot;scroll_slider_on&quot;:[&quot;desktop&quot;,&quot;tablet&quot;,&quot;mobile&quot;],&quot;custom_query&quot;:false,&quot;custom_query_id&quot;:&quot;4&quot;,&quot;_element_id&quot;:&quot;&quot;,&quot;collapse_first_last_gap&quot;:false,&quot;list_tag_selection&quot;:&quot;&quot;,&quot;list_items_wrapper_tag&quot;:&quot;div&quot;,&quot;list_item_tag&quot;:&quot;div&quot;,&quot;empty_items_wrapper_tag&quot;:&quot;div&quot;}}\" data-page=\"1\" data-pages=\"6\" data-listing-source=\"posts\" data-listing-id=\"628\" data-query-id=\"\"><div class=\"jet-listing-grid__item jet-listing-dynamic-post-867\" data-post-id=\"867\"  ><div class=\"jet-engine-listing-overlay-wrap\" data-url=\"https:\/\/anprotec.org.br\/conferencia2026\/palestrantes\/adriana-ferreira-de-faria\/\">\t\t<div data-elementor-type=\"jet-listing-items\" data-elementor-id=\"628\" class=\"elementor elementor-628\" data-elementor-post-type=\"jet-engine\">\n\t\t\t\t<div class=\"elementor-element elementor-element-570e262 e-con-full e-transform e-flex e-con e-parent\" data-id=\"570e262\" data-element_type=\"container\" data-e-type=\"container\" data-settings=\"{&quot;jet_parallax_layout_list&quot;:[],&quot;_transform_scale_effect_hover&quot;:{&quot;unit&quot;:&quot;px&quot;,&quot;size&quot;:1.02,&quot;sizes&quot;:[]},&quot;_transform_scale_effect_hover_tablet&quot;:{&quot;unit&quot;:&quot;px&quot;,&quot;size&quot;:&quot;&quot;,&quot;sizes&quot;:[]},&quot;_transform_scale_effect_hover_mobile&quot;:{&quot;unit&quot;:&quot;px&quot;,&quot;size&quot;:&quot;&quot;,&quot;sizes&quot;:[]}}\">\n\t\t<div class=\"elementor-element elementor-element-113c997 e-con-full e-flex e-con e-child\" data-id=\"113c997\" data-element_type=\"container\" data-e-type=\"container\" data-settings=\"{&quot;background_background&quot;:&quot;classic&quot;,&quot;jet_parallax_layout_list&quot;:[]}\">\n\t\t\t\t<div class=\"elementor-element elementor-element-1da2d17 elementor-widget elementor-widget-image\" data-id=\"1da2d17\" data-element_type=\"widget\" data-e-type=\"widget\" data-widget_type=\"image.default\">\n\t\t\t\t\t\t\t\t\t\t\t\t\t\t\t<img fetchpriority=\"high\" decoding=\"async\" width=\"640\" height=\"400\" src=\"https:\/\/anprotec.org.br\/conferencia2026\/wp-content\/uploads\/2026\/04\/adrianaferreiradefaria.png\" class=\"attachment-full size-full wp-image-869\" alt=\"\" srcset=\"https:\/\/anprotec.org.br\/conferencia2026\/wp-content\/uploads\/2026\/04\/adrianaferreiradefaria.png 640w, https:\/\/anprotec.org.br\/conferencia2026\/wp-content\/uploads\/2026\/04\/adrianaferreiradefaria-300x188.png 300w\" sizes=\"(max-width: 640px) 100vw, 640px\" \/>\t\t\t\t\t\t\t\t\t\t\t\t\t\t\t<\/div>\n\t\t\t\t<\/div>\n\t\t<div class=\"elementor-element elementor-element-65dd94e e-con-full e-flex e-con e-child\" data-id=\"65dd94e\" data-element_type=\"container\" data-e-type=\"container\" data-settings=\"{&quot;background_background&quot;:&quot;classic&quot;,&quot;jet_parallax_layout_list&quot;:[]}\">\n\t\t\t\t<div class=\"elementor-element elementor-element-6060fd9 elementor-widget elementor-widget-heading\" data-id=\"6060fd9\" data-element_type=\"widget\" data-e-type=\"widget\" data-widget_type=\"heading.default\">\n\t\t\t\t\t<h2 class=\"elementor-heading-title elementor-size-default\">Adriana Ferreira de Faria<\/h2>\t\t\t\t<\/div>\n\t\t\t\t<div class=\"elementor-element elementor-element-03e8ae0 elementor-widget elementor-widget-heading\" data-id=\"03e8ae0\" data-element_type=\"widget\" data-e-type=\"widget\" data-widget_type=\"heading.default\">\n\t\t\t\t\t<h2 class=\"elementor-heading-title elementor-size-default\">Presidente da Anprotec<\/h2>\t\t\t\t<\/div>\n\t\t<div class=\"elementor-element elementor-element-50e31b3 e-con-full e-flex e-con e-child\" data-id=\"50e31b3\" data-element_type=\"container\" data-e-type=\"container\" data-settings=\"{&quot;background_background&quot;:&quot;classic&quot;,&quot;jet_parallax_layout_list&quot;:[]}\">\n\t\t\t\t<div class=\"elementor-element elementor-element-732f50b elementor-widget elementor-widget-heading\" data-id=\"732f50b\" data-element_type=\"widget\" data-e-type=\"widget\" data-widget_type=\"heading.default\">\n\t\t\t\t\t<h2 class=\"elementor-heading-title elementor-size-default\"> 01 de julho \u00e0s 10:30h | Plen\u00e1ria 4: Transforma\u00e7\u00f5es Digitais, Intelig\u00eancia Artificial e Novos Modelos Produtivos.<\/h2>\t\t\t\t<\/div>\n\t\t\t\t<\/div>\n\t\t\t\t<\/div>\n\t\t\t\t<\/div>\n\t\t\t\t<\/div>\n\t\t<a href=\"https:\/\/anprotec.org.br\/conferencia2026\/palestrantes\/adriana-ferreira-de-faria\/\" class=\"jet-engine-listing-overlay-link\"><\/a><\/div><\/div><div class=\"jet-listing-grid__item jet-listing-dynamic-post-996\" data-post-id=\"996\"  ><div class=\"jet-engine-listing-overlay-wrap\" data-url=\"https:\/\/anprotec.org.br\/conferencia2026\/palestrantes\/ana-carolina-calcado\/\">\t\t<div data-elementor-type=\"jet-listing-items\" data-elementor-id=\"628\" class=\"elementor elementor-628\" data-elementor-post-type=\"jet-engine\">\n\t\t\t\t<div class=\"elementor-element elementor-element-570e262 e-con-full e-transform e-flex e-con e-parent\" data-id=\"570e262\" data-element_type=\"container\" data-e-type=\"container\" data-settings=\"{&quot;jet_parallax_layout_list&quot;:[],&quot;_transform_scale_effect_hover&quot;:{&quot;unit&quot;:&quot;px&quot;,&quot;size&quot;:1.02,&quot;sizes&quot;:[]},&quot;_transform_scale_effect_hover_tablet&quot;:{&quot;unit&quot;:&quot;px&quot;,&quot;size&quot;:&quot;&quot;,&quot;sizes&quot;:[]},&quot;_transform_scale_effect_hover_mobile&quot;:{&quot;unit&quot;:&quot;px&quot;,&quot;size&quot;:&quot;&quot;,&quot;sizes&quot;:[]}}\">\n\t\t<div class=\"elementor-element elementor-element-113c997 e-con-full e-flex e-con e-child\" data-id=\"113c997\" data-element_type=\"container\" data-e-type=\"container\" data-settings=\"{&quot;background_background&quot;:&quot;classic&quot;,&quot;jet_parallax_layout_list&quot;:[]}\">\n\t\t\t\t<div class=\"elementor-element elementor-element-1da2d17 elementor-widget elementor-widget-image\" data-id=\"1da2d17\" data-element_type=\"widget\" data-e-type=\"widget\" data-widget_type=\"image.default\">\n\t\t\t\t\t\t\t\t\t\t\t\t\t\t\t<img decoding=\"async\" width=\"842\" height=\"1264\" src=\"https:\/\/anprotec.org.br\/conferencia2026\/wp-content\/uploads\/2026\/04\/foto-Ana2026-Otavio-Barbosa.png\" class=\"attachment-full size-full wp-image-997\" alt=\"\" srcset=\"https:\/\/anprotec.org.br\/conferencia2026\/wp-content\/uploads\/2026\/04\/foto-Ana2026-Otavio-Barbosa.png 842w, https:\/\/anprotec.org.br\/conferencia2026\/wp-content\/uploads\/2026\/04\/foto-Ana2026-Otavio-Barbosa-200x300.png 200w, https:\/\/anprotec.org.br\/conferencia2026\/wp-content\/uploads\/2026\/04\/foto-Ana2026-Otavio-Barbosa-682x1024.png 682w, https:\/\/anprotec.org.br\/conferencia2026\/wp-content\/uploads\/2026\/04\/foto-Ana2026-Otavio-Barbosa-768x1153.png 768w\" sizes=\"(max-width: 842px) 100vw, 842px\" \/>\t\t\t\t\t\t\t\t\t\t\t\t\t\t\t<\/div>\n\t\t\t\t<\/div>\n\t\t<div class=\"elementor-element elementor-element-65dd94e e-con-full e-flex e-con e-child\" data-id=\"65dd94e\" data-element_type=\"container\" data-e-type=\"container\" data-settings=\"{&quot;background_background&quot;:&quot;classic&quot;,&quot;jet_parallax_layout_list&quot;:[]}\">\n\t\t\t\t<div class=\"elementor-element elementor-element-6060fd9 elementor-widget elementor-widget-heading\" data-id=\"6060fd9\" data-element_type=\"widget\" data-e-type=\"widget\" data-widget_type=\"heading.default\">\n\t\t\t\t\t<h2 class=\"elementor-heading-title elementor-size-default\">Ana Carolina Cal\u00e7ado<\/h2>\t\t\t\t<\/div>\n\t\t\t\t<div class=\"elementor-element elementor-element-03e8ae0 elementor-widget elementor-widget-heading\" data-id=\"03e8ae0\" data-element_type=\"widget\" data-e-type=\"widget\" data-widget_type=\"heading.default\">\n\t\t\t\t\t<h2 class=\"elementor-heading-title elementor-size-default\">CEO e presidente da Wylinka<\/h2>\t\t\t\t<\/div>\n\t\t<div class=\"elementor-element elementor-element-50e31b3 e-con-full e-flex e-con e-child\" data-id=\"50e31b3\" data-element_type=\"container\" data-e-type=\"container\" data-settings=\"{&quot;background_background&quot;:&quot;classic&quot;,&quot;jet_parallax_layout_list&quot;:[]}\">\n\t\t\t\t<div class=\"elementor-element elementor-element-732f50b elementor-widget elementor-widget-heading\" data-id=\"732f50b\" data-element_type=\"widget\" data-e-type=\"widget\" data-widget_type=\"heading.default\">\n\t\t\t\t\t<h2 class=\"elementor-heading-title elementor-size-default\">30\/06 \u00e0s 14h | Workshop 1 \u2013 Empreendedorismo Deep Tech: Da P\u00f3s-Gradua\u00e7\u00e3o ao Mercado<\/h2>\t\t\t\t<\/div>\n\t\t\t\t<\/div>\n\t\t\t\t<\/div>\n\t\t\t\t<\/div>\n\t\t\t\t<\/div>\n\t\t<a href=\"https:\/\/anprotec.org.br\/conferencia2026\/palestrantes\/ana-carolina-calcado\/\" class=\"jet-engine-listing-overlay-link\"><\/a><\/div><\/div><div class=\"jet-listing-grid__item jet-listing-dynamic-post-642\" data-post-id=\"642\"  ><div class=\"jet-engine-listing-overlay-wrap\" data-url=\"https:\/\/anprotec.org.br\/conferencia2026\/palestrantes\/andre-luiz-nunes-zogahib\/\">\t\t<div data-elementor-type=\"jet-listing-items\" data-elementor-id=\"628\" class=\"elementor elementor-628\" data-elementor-post-type=\"jet-engine\">\n\t\t\t\t<div class=\"elementor-element elementor-element-570e262 e-con-full e-transform e-flex e-con e-parent\" data-id=\"570e262\" data-element_type=\"container\" data-e-type=\"container\" data-settings=\"{&quot;jet_parallax_layout_list&quot;:[],&quot;_transform_scale_effect_hover&quot;:{&quot;unit&quot;:&quot;px&quot;,&quot;size&quot;:1.02,&quot;sizes&quot;:[]},&quot;_transform_scale_effect_hover_tablet&quot;:{&quot;unit&quot;:&quot;px&quot;,&quot;size&quot;:&quot;&quot;,&quot;sizes&quot;:[]},&quot;_transform_scale_effect_hover_mobile&quot;:{&quot;unit&quot;:&quot;px&quot;,&quot;size&quot;:&quot;&quot;,&quot;sizes&quot;:[]}}\">\n\t\t<div class=\"elementor-element elementor-element-113c997 e-con-full e-flex e-con e-child\" data-id=\"113c997\" data-element_type=\"container\" data-e-type=\"container\" data-settings=\"{&quot;background_background&quot;:&quot;classic&quot;,&quot;jet_parallax_layout_list&quot;:[]}\">\n\t\t\t\t<div class=\"elementor-element elementor-element-1da2d17 elementor-widget elementor-widget-image\" data-id=\"1da2d17\" data-element_type=\"widget\" data-e-type=\"widget\" data-widget_type=\"image.default\">\n\t\t\t\t\t\t\t\t\t\t\t\t\t\t\t<img decoding=\"async\" width=\"544\" height=\"545\" src=\"https:\/\/anprotec.org.br\/conferencia2026\/wp-content\/uploads\/2026\/04\/IMG_6012.jpg\" class=\"attachment-full size-full wp-image-650\" alt=\"\" srcset=\"https:\/\/anprotec.org.br\/conferencia2026\/wp-content\/uploads\/2026\/04\/IMG_6012.jpg 544w, https:\/\/anprotec.org.br\/conferencia2026\/wp-content\/uploads\/2026\/04\/IMG_6012-300x300.jpg 300w, https:\/\/anprotec.org.br\/conferencia2026\/wp-content\/uploads\/2026\/04\/IMG_6012-150x150.jpg 150w\" sizes=\"(max-width: 544px) 100vw, 544px\" \/>\t\t\t\t\t\t\t\t\t\t\t\t\t\t\t<\/div>\n\t\t\t\t<\/div>\n\t\t<div class=\"elementor-element elementor-element-65dd94e e-con-full e-flex e-con e-child\" data-id=\"65dd94e\" data-element_type=\"container\" data-e-type=\"container\" data-settings=\"{&quot;background_background&quot;:&quot;classic&quot;,&quot;jet_parallax_layout_list&quot;:[]}\">\n\t\t\t\t<div class=\"elementor-element elementor-element-6060fd9 elementor-widget elementor-widget-heading\" data-id=\"6060fd9\" data-element_type=\"widget\" data-e-type=\"widget\" data-widget_type=\"heading.default\">\n\t\t\t\t\t<h2 class=\"elementor-heading-title elementor-size-default\">Andr\u00e9 Luiz Nunes Zogahib<\/h2>\t\t\t\t<\/div>\n\t\t\t\t<div class=\"elementor-element elementor-element-03e8ae0 elementor-widget elementor-widget-heading\" data-id=\"03e8ae0\" data-element_type=\"widget\" data-e-type=\"widget\" data-widget_type=\"heading.default\">\n\t\t\t\t\t<h2 class=\"elementor-heading-title elementor-size-default\">Reitor \u2013 Universidade do Estado do Amazonas (UEA)<\/h2>\t\t\t\t<\/div>\n\t\t<div class=\"elementor-element elementor-element-50e31b3 e-con-full e-flex e-con e-child\" data-id=\"50e31b3\" data-element_type=\"container\" data-e-type=\"container\" data-settings=\"{&quot;background_background&quot;:&quot;classic&quot;,&quot;jet_parallax_layout_list&quot;:[]}\">\n\t\t\t\t<div class=\"elementor-element elementor-element-732f50b elementor-widget elementor-widget-heading\" data-id=\"732f50b\" data-element_type=\"widget\" data-e-type=\"widget\" data-widget_type=\"heading.default\">\n\t\t\t\t\t<h2 class=\"elementor-heading-title elementor-size-default\">30\/06 | 8h30 \u00e0s 10h \u2013 Painel Tem\u00e1tico 3 \u2013 Talentos, educa\u00e7\u00e3o empreendedora e forma\u00e7\u00e3o para inova\u00e7\u00e3o<\/h2>\t\t\t\t<\/div>\n\t\t\t\t<\/div>\n\t\t\t\t<\/div>\n\t\t\t\t<\/div>\n\t\t\t\t<\/div>\n\t\t<a href=\"https:\/\/anprotec.org.br\/conferencia2026\/palestrantes\/andre-luiz-nunes-zogahib\/\" class=\"jet-engine-listing-overlay-link\"><\/a><\/div><\/div><div class=\"jet-listing-grid__item jet-listing-dynamic-post-881\" data-post-id=\"881\"  ><div class=\"jet-engine-listing-overlay-wrap\" data-url=\"https:\/\/anprotec.org.br\/conferencia2026\/palestrantes\/artur-roberto-de-oliveira-gibbon\/\">\t\t<div data-elementor-type=\"jet-listing-items\" data-elementor-id=\"628\" class=\"elementor elementor-628\" data-elementor-post-type=\"jet-engine\">\n\t\t\t\t<div class=\"elementor-element elementor-element-570e262 e-con-full e-transform e-flex e-con e-parent\" data-id=\"570e262\" data-element_type=\"container\" data-e-type=\"container\" data-settings=\"{&quot;jet_parallax_layout_list&quot;:[],&quot;_transform_scale_effect_hover&quot;:{&quot;unit&quot;:&quot;px&quot;,&quot;size&quot;:1.02,&quot;sizes&quot;:[]},&quot;_transform_scale_effect_hover_tablet&quot;:{&quot;unit&quot;:&quot;px&quot;,&quot;size&quot;:&quot;&quot;,&quot;sizes&quot;:[]},&quot;_transform_scale_effect_hover_mobile&quot;:{&quot;unit&quot;:&quot;px&quot;,&quot;size&quot;:&quot;&quot;,&quot;sizes&quot;:[]}}\">\n\t\t<div class=\"elementor-element elementor-element-113c997 e-con-full e-flex e-con e-child\" data-id=\"113c997\" data-element_type=\"container\" data-e-type=\"container\" data-settings=\"{&quot;background_background&quot;:&quot;classic&quot;,&quot;jet_parallax_layout_list&quot;:[]}\">\n\t\t\t\t<div class=\"elementor-element elementor-element-1da2d17 elementor-widget elementor-widget-image\" data-id=\"1da2d17\" data-element_type=\"widget\" data-e-type=\"widget\" data-widget_type=\"image.default\">\n\t\t\t\t\t\t\t\t\t\t\t\t\t\t\t<img loading=\"lazy\" decoding=\"async\" width=\"600\" height=\"600\" src=\"https:\/\/anprotec.org.br\/conferencia2026\/wp-content\/uploads\/2026\/04\/Artur-Gibbon-coordenador-do-Pacto-pela-Inovacao-e-presidente-do-APL-Maritimo-RS-foto.jpg\" class=\"attachment-full size-full wp-image-882\" alt=\"\" srcset=\"https:\/\/anprotec.org.br\/conferencia2026\/wp-content\/uploads\/2026\/04\/Artur-Gibbon-coordenador-do-Pacto-pela-Inovacao-e-presidente-do-APL-Maritimo-RS-foto.jpg 600w, https:\/\/anprotec.org.br\/conferencia2026\/wp-content\/uploads\/2026\/04\/Artur-Gibbon-coordenador-do-Pacto-pela-Inovacao-e-presidente-do-APL-Maritimo-RS-foto-300x300.jpg 300w, https:\/\/anprotec.org.br\/conferencia2026\/wp-content\/uploads\/2026\/04\/Artur-Gibbon-coordenador-do-Pacto-pela-Inovacao-e-presidente-do-APL-Maritimo-RS-foto-150x150.jpg 150w\" sizes=\"(max-width: 600px) 100vw, 600px\" \/>\t\t\t\t\t\t\t\t\t\t\t\t\t\t\t<\/div>\n\t\t\t\t<\/div>\n\t\t<div class=\"elementor-element elementor-element-65dd94e e-con-full e-flex e-con e-child\" data-id=\"65dd94e\" data-element_type=\"container\" data-e-type=\"container\" data-settings=\"{&quot;background_background&quot;:&quot;classic&quot;,&quot;jet_parallax_layout_list&quot;:[]}\">\n\t\t\t\t<div class=\"elementor-element elementor-element-6060fd9 elementor-widget elementor-widget-heading\" data-id=\"6060fd9\" data-element_type=\"widget\" data-e-type=\"widget\" data-widget_type=\"heading.default\">\n\t\t\t\t\t<h2 class=\"elementor-heading-title elementor-size-default\">Artur Roberto de Oliveira Gibbon<\/h2>\t\t\t\t<\/div>\n\t\t\t\t<div class=\"elementor-element elementor-element-03e8ae0 elementor-widget elementor-widget-heading\" data-id=\"03e8ae0\" data-element_type=\"widget\" data-e-type=\"widget\" data-widget_type=\"heading.default\">\n\t\t\t\t\t<h2 class=\"elementor-heading-title elementor-size-default\">Diretor de Ambientes de Inova\u00e7\u00e3o - Anprotec <\/h2>\t\t\t\t<\/div>\n\t\t<div class=\"elementor-element elementor-element-50e31b3 e-con-full e-flex e-con e-child\" data-id=\"50e31b3\" data-element_type=\"container\" data-e-type=\"container\" data-settings=\"{&quot;background_background&quot;:&quot;classic&quot;,&quot;jet_parallax_layout_list&quot;:[]}\">\n\t\t\t\t<div class=\"elementor-element elementor-element-732f50b elementor-widget elementor-widget-heading\" data-id=\"732f50b\" data-element_type=\"widget\" data-e-type=\"widget\" data-widget_type=\"heading.default\">\n\t\t\t\t\t<h2 class=\"elementor-heading-title elementor-size-default\">01\/07 \u00e0s 14h | Painel Tem\u00e1tico 5: Consolidando ecossistemas para o desenvolvimento regional <\/h2>\t\t\t\t<\/div>\n\t\t\t\t<\/div>\n\t\t\t\t<\/div>\n\t\t\t\t<\/div>\n\t\t\t\t<\/div>\n\t\t<a href=\"https:\/\/anprotec.org.br\/conferencia2026\/palestrantes\/artur-roberto-de-oliveira-gibbon\/\" class=\"jet-engine-listing-overlay-link\"><\/a><\/div><\/div><div class=\"jet-listing-grid__item jet-listing-dynamic-post-961\" data-post-id=\"961\"  ><div class=\"jet-engine-listing-overlay-wrap\" data-url=\"https:\/\/anprotec.org.br\/conferencia2026\/palestrantes\/bruno-portela\/\">\t\t<div data-elementor-type=\"jet-listing-items\" data-elementor-id=\"628\" class=\"elementor elementor-628\" data-elementor-post-type=\"jet-engine\">\n\t\t\t\t<div class=\"elementor-element elementor-element-570e262 e-con-full e-transform e-flex e-con e-parent\" data-id=\"570e262\" data-element_type=\"container\" data-e-type=\"container\" data-settings=\"{&quot;jet_parallax_layout_list&quot;:[],&quot;_transform_scale_effect_hover&quot;:{&quot;unit&quot;:&quot;px&quot;,&quot;size&quot;:1.02,&quot;sizes&quot;:[]},&quot;_transform_scale_effect_hover_tablet&quot;:{&quot;unit&quot;:&quot;px&quot;,&quot;size&quot;:&quot;&quot;,&quot;sizes&quot;:[]},&quot;_transform_scale_effect_hover_mobile&quot;:{&quot;unit&quot;:&quot;px&quot;,&quot;size&quot;:&quot;&quot;,&quot;sizes&quot;:[]}}\">\n\t\t<div class=\"elementor-element elementor-element-113c997 e-con-full e-flex e-con e-child\" data-id=\"113c997\" data-element_type=\"container\" data-e-type=\"container\" data-settings=\"{&quot;background_background&quot;:&quot;classic&quot;,&quot;jet_parallax_layout_list&quot;:[]}\">\n\t\t\t\t<div class=\"elementor-element elementor-element-1da2d17 elementor-widget elementor-widget-image\" data-id=\"1da2d17\" data-element_type=\"widget\" data-e-type=\"widget\" data-widget_type=\"image.default\">\n\t\t\t\t\t\t\t\t\t\t\t\t\t\t\t<img loading=\"lazy\" decoding=\"async\" width=\"533\" height=\"800\" src=\"https:\/\/anprotec.org.br\/conferencia2026\/wp-content\/uploads\/2026\/04\/Foto-Bruno-Portela.jpg\" class=\"attachment-full size-full wp-image-962\" alt=\"\" srcset=\"https:\/\/anprotec.org.br\/conferencia2026\/wp-content\/uploads\/2026\/04\/Foto-Bruno-Portela.jpg 533w, https:\/\/anprotec.org.br\/conferencia2026\/wp-content\/uploads\/2026\/04\/Foto-Bruno-Portela-200x300.jpg 200w\" sizes=\"(max-width: 533px) 100vw, 533px\" \/>\t\t\t\t\t\t\t\t\t\t\t\t\t\t\t<\/div>\n\t\t\t\t<\/div>\n\t\t<div class=\"elementor-element elementor-element-65dd94e e-con-full e-flex e-con e-child\" data-id=\"65dd94e\" data-element_type=\"container\" data-e-type=\"container\" data-settings=\"{&quot;background_background&quot;:&quot;classic&quot;,&quot;jet_parallax_layout_list&quot;:[]}\">\n\t\t\t\t<div class=\"elementor-element elementor-element-6060fd9 elementor-widget elementor-widget-heading\" data-id=\"6060fd9\" data-element_type=\"widget\" data-e-type=\"widget\" data-widget_type=\"heading.default\">\n\t\t\t\t\t<h2 class=\"elementor-heading-title elementor-size-default\">Bruno Portela<\/h2>\t\t\t\t<\/div>\n\t\t\t\t<div class=\"elementor-element elementor-element-03e8ae0 elementor-widget elementor-widget-heading\" data-id=\"03e8ae0\" data-element_type=\"widget\" data-e-type=\"widget\" data-widget_type=\"heading.default\">\n\t\t\t\t\t<h2 class=\"elementor-heading-title elementor-size-default\">Procurador Federal da Advocacia-Geral da Uni\u00e3o (AGU)<\/h2>\t\t\t\t<\/div>\n\t\t<div class=\"elementor-element elementor-element-50e31b3 e-con-full e-flex e-con e-child\" data-id=\"50e31b3\" data-element_type=\"container\" data-e-type=\"container\" data-settings=\"{&quot;background_background&quot;:&quot;classic&quot;,&quot;jet_parallax_layout_list&quot;:[]}\">\n\t\t\t\t<div class=\"elementor-element elementor-element-732f50b elementor-widget elementor-widget-heading\" data-id=\"732f50b\" data-element_type=\"widget\" data-e-type=\"widget\" data-widget_type=\"heading.default\">\n\t\t\t\t\t<h2 class=\"elementor-heading-title elementor-size-default\">29\/06 \u00e1s 16h30  | Plen\u00e1ria 2 \u2013 Conectando ambientes de inova\u00e7\u00e3o e seus dispositivos ao mercado e \u00e0s pol\u00edticas p\u00fablicas<\/h2>\t\t\t\t<\/div>\n\t\t\t\t<\/div>\n\t\t\t\t<\/div>\n\t\t\t\t<\/div>\n\t\t\t\t<\/div>\n\t\t<a href=\"https:\/\/anprotec.org.br\/conferencia2026\/palestrantes\/bruno-portela\/\" class=\"jet-engine-listing-overlay-link\"><\/a><\/div><\/div><div class=\"jet-listing-grid__item jet-listing-dynamic-post-989\" data-post-id=\"989\"  ><div class=\"jet-engine-listing-overlay-wrap\" data-url=\"https:\/\/anprotec.org.br\/conferencia2026\/palestrantes\/carbio-almeida\/\">\t\t<div data-elementor-type=\"jet-listing-items\" data-elementor-id=\"628\" class=\"elementor elementor-628\" data-elementor-post-type=\"jet-engine\">\n\t\t\t\t<div class=\"elementor-element elementor-element-570e262 e-con-full e-transform e-flex e-con e-parent\" data-id=\"570e262\" data-element_type=\"container\" data-e-type=\"container\" data-settings=\"{&quot;jet_parallax_layout_list&quot;:[],&quot;_transform_scale_effect_hover&quot;:{&quot;unit&quot;:&quot;px&quot;,&quot;size&quot;:1.02,&quot;sizes&quot;:[]},&quot;_transform_scale_effect_hover_tablet&quot;:{&quot;unit&quot;:&quot;px&quot;,&quot;size&quot;:&quot;&quot;,&quot;sizes&quot;:[]},&quot;_transform_scale_effect_hover_mobile&quot;:{&quot;unit&quot;:&quot;px&quot;,&quot;size&quot;:&quot;&quot;,&quot;sizes&quot;:[]}}\">\n\t\t<div class=\"elementor-element elementor-element-113c997 e-con-full e-flex e-con e-child\" data-id=\"113c997\" data-element_type=\"container\" data-e-type=\"container\" data-settings=\"{&quot;background_background&quot;:&quot;classic&quot;,&quot;jet_parallax_layout_list&quot;:[]}\">\n\t\t\t\t<div class=\"elementor-element elementor-element-1da2d17 elementor-widget elementor-widget-image\" data-id=\"1da2d17\" data-element_type=\"widget\" data-e-type=\"widget\" data-widget_type=\"image.default\">\n\t\t\t\t\t\t\t\t\t\t\t\t\t\t\t<img loading=\"lazy\" decoding=\"async\" width=\"1707\" height=\"2560\" src=\"https:\/\/anprotec.org.br\/conferencia2026\/wp-content\/uploads\/2026\/04\/Carbio-Profissional-reduzido-Carbio-Almeida-Waqued-scaled.jpg\" class=\"attachment-full size-full wp-image-990\" alt=\"\" srcset=\"https:\/\/anprotec.org.br\/conferencia2026\/wp-content\/uploads\/2026\/04\/Carbio-Profissional-reduzido-Carbio-Almeida-Waqued-scaled.jpg 1707w, https:\/\/anprotec.org.br\/conferencia2026\/wp-content\/uploads\/2026\/04\/Carbio-Profissional-reduzido-Carbio-Almeida-Waqued-200x300.jpg 200w, https:\/\/anprotec.org.br\/conferencia2026\/wp-content\/uploads\/2026\/04\/Carbio-Profissional-reduzido-Carbio-Almeida-Waqued-683x1024.jpg 683w, https:\/\/anprotec.org.br\/conferencia2026\/wp-content\/uploads\/2026\/04\/Carbio-Profissional-reduzido-Carbio-Almeida-Waqued-768x1152.jpg 768w, https:\/\/anprotec.org.br\/conferencia2026\/wp-content\/uploads\/2026\/04\/Carbio-Profissional-reduzido-Carbio-Almeida-Waqued-1024x1536.jpg 1024w, https:\/\/anprotec.org.br\/conferencia2026\/wp-content\/uploads\/2026\/04\/Carbio-Profissional-reduzido-Carbio-Almeida-Waqued-1365x2048.jpg 1365w\" sizes=\"(max-width: 1707px) 100vw, 1707px\" \/>\t\t\t\t\t\t\t\t\t\t\t\t\t\t\t<\/div>\n\t\t\t\t<\/div>\n\t\t<div class=\"elementor-element elementor-element-65dd94e e-con-full e-flex e-con e-child\" data-id=\"65dd94e\" data-element_type=\"container\" data-e-type=\"container\" data-settings=\"{&quot;background_background&quot;:&quot;classic&quot;,&quot;jet_parallax_layout_list&quot;:[]}\">\n\t\t\t\t<div class=\"elementor-element elementor-element-6060fd9 elementor-widget elementor-widget-heading\" data-id=\"6060fd9\" data-element_type=\"widget\" data-e-type=\"widget\" data-widget_type=\"heading.default\">\n\t\t\t\t\t<h2 class=\"elementor-heading-title elementor-size-default\">Carbio Almeida<\/h2>\t\t\t\t<\/div>\n\t\t\t\t<div class=\"elementor-element elementor-element-03e8ae0 elementor-widget elementor-widget-heading\" data-id=\"03e8ae0\" data-element_type=\"widget\" data-e-type=\"widget\" data-widget_type=\"heading.default\">\n\t\t\t\t\t<h2 class=\"elementor-heading-title elementor-size-default\">Presidente da Rede Goiana de Inova\u00e7\u00e3o, Estrategista e Palestrante<\/h2>\t\t\t\t<\/div>\n\t\t<div class=\"elementor-element elementor-element-50e31b3 e-con-full e-flex e-con e-child\" data-id=\"50e31b3\" data-element_type=\"container\" data-e-type=\"container\" data-settings=\"{&quot;background_background&quot;:&quot;classic&quot;,&quot;jet_parallax_layout_list&quot;:[]}\">\n\t\t\t\t<div class=\"elementor-element elementor-element-732f50b elementor-widget elementor-widget-heading\" data-id=\"732f50b\" data-element_type=\"widget\" data-e-type=\"widget\" data-widget_type=\"heading.default\">\n\t\t\t\t\t<h2 class=\"elementor-heading-title elementor-size-default\">29\/06  \u00e0s 10h30 | Painel Speaker Anprotec 02 \u2013 Relatos de Boas Pr\u00e1ticas<\/h2>\t\t\t\t<\/div>\n\t\t\t\t<\/div>\n\t\t\t\t<\/div>\n\t\t\t\t<\/div>\n\t\t\t\t<\/div>\n\t\t<a href=\"https:\/\/anprotec.org.br\/conferencia2026\/palestrantes\/carbio-almeida\/\" class=\"jet-engine-listing-overlay-link\"><\/a><\/div><\/div><\/div><\/div>\t\t\t\t<\/div>\n\t\t\t\t<\/div>\n\t\t\t\t<\/div>\n\t\t<div id=\"e-n-tab-content-623354652\" role=\"tabpanel\" aria-labelledby=\"e-n-tab-title-623354652\" data-tab-index=\"2\" style=\"--n-tabs-title-order: 2;\" class=\" elementor-element elementor-element-a16a8a4 e-con-full e-flex e-con e-child\" data-id=\"a16a8a4\" data-element_type=\"container\" data-e-type=\"container\" data-settings=\"{&quot;jet_parallax_layout_list&quot;:[]}\">\n\t\t\t\t<div class=\"elementor-element elementor-element-b95b2ba elementor-widget elementor-widget-icon-box\" data-id=\"b95b2ba\" data-element_type=\"widget\" data-e-type=\"widget\" data-widget_type=\"icon-box.default\">\n\t\t\t\t\t\t\t<div class=\"elementor-icon-box-wrapper\">\n\n\t\t\t\n\t\t\t\t\t\t<div class=\"elementor-icon-box-content\">\n\n\t\t\t\t\t\t\t\t\t<h3 class=\"elementor-icon-box-title\">\n\t\t\t\t\t\t<span  >\n\t\t\t\t\t\t\tPlen\u00e1rias\u200b\t\t\t\t\t\t<\/span>\n\t\t\t\t\t<\/h3>\n\t\t\t\t\n\t\t\t\t\t\t\t\t\t<p class=\"elementor-icon-box-description\">\n\t\t\t\t\t\tSess\u00f5es principais no Audit\u00f3rio\t\t\t\t\t<\/p>\n\t\t\t\t\n\t\t\t<\/div>\n\t\t\t\n\t\t<\/div>\n\t\t\t\t\t\t<\/div>\n\t\t\t\t<div class=\"elementor-element elementor-element-3f044f7 elementor-widget elementor-widget-jet-listing-grid\" data-id=\"3f044f7\" data-element_type=\"widget\" data-e-type=\"widget\" data-settings=\"{&quot;columns&quot;:3,&quot;columns_mobile&quot;:&quot;1&quot;}\" data-widget_type=\"jet-listing-grid.default\">\n\t\t\t\t\t<div class=\"jet-listing-grid jet-listing\"><div class=\"jet-listing-grid__items grid-col-desk-3 grid-col-tablet-3 grid-col-mobile-1 jet-listing-grid--628\" data-queried-id=\"666|WP_Post\" data-nav=\"{&quot;enabled&quot;:false,&quot;type&quot;:null,&quot;more_el&quot;:null,&quot;query&quot;:[],&quot;widget_settings&quot;:{&quot;lisitng_id&quot;:628,&quot;posts_num&quot;:99,&quot;columns&quot;:3,&quot;columns_tablet&quot;:3,&quot;columns_mobile&quot;:1,&quot;column_min_width&quot;:240,&quot;column_min_width_tablet&quot;:240,&quot;column_min_width_mobile&quot;:240,&quot;inline_columns_css&quot;:false,&quot;is_archive_template&quot;:&quot;&quot;,&quot;post_status&quot;:[&quot;publish&quot;],&quot;use_random_posts_num&quot;:&quot;&quot;,&quot;max_posts_num&quot;:9,&quot;not_found_message&quot;:&quot;No data was found&quot;,&quot;is_masonry&quot;:false,&quot;equal_columns_height&quot;:&quot;&quot;,&quot;use_load_more&quot;:&quot;&quot;,&quot;load_more_id&quot;:&quot;&quot;,&quot;load_more_type&quot;:&quot;click&quot;,&quot;load_more_offset&quot;:{&quot;unit&quot;:&quot;px&quot;,&quot;size&quot;:0,&quot;sizes&quot;:[]},&quot;use_custom_post_types&quot;:&quot;&quot;,&quot;custom_post_types&quot;:[],&quot;hide_widget_if&quot;:&quot;&quot;,&quot;carousel_enabled&quot;:&quot;&quot;,&quot;slides_to_scroll&quot;:&quot;1&quot;,&quot;arrows&quot;:&quot;true&quot;,&quot;arrow_icon&quot;:&quot;fa fa-angle-left&quot;,&quot;dots&quot;:&quot;&quot;,&quot;autoplay&quot;:&quot;true&quot;,&quot;pause_on_hover&quot;:&quot;true&quot;,&quot;autoplay_speed&quot;:5000,&quot;infinite&quot;:&quot;true&quot;,&quot;center_mode&quot;:&quot;&quot;,&quot;effect&quot;:&quot;slide&quot;,&quot;speed&quot;:500,&quot;inject_alternative_items&quot;:&quot;&quot;,&quot;injection_items&quot;:[],&quot;scroll_slider_enabled&quot;:&quot;&quot;,&quot;scroll_slider_on&quot;:[&quot;desktop&quot;,&quot;tablet&quot;,&quot;mobile&quot;],&quot;custom_query&quot;:false,&quot;custom_query_id&quot;:&quot;4&quot;,&quot;_element_id&quot;:&quot;&quot;,&quot;collapse_first_last_gap&quot;:false,&quot;list_tag_selection&quot;:&quot;&quot;,&quot;list_items_wrapper_tag&quot;:&quot;div&quot;,&quot;list_item_tag&quot;:&quot;div&quot;,&quot;empty_items_wrapper_tag&quot;:&quot;div&quot;}}\" data-page=\"1\" data-pages=\"1\" data-listing-source=\"posts\" data-listing-id=\"628\" data-query-id=\"\"><div class=\"jet-listing-grid__item jet-listing-dynamic-post-964\" data-post-id=\"964\"  ><div class=\"jet-engine-listing-overlay-wrap\" data-url=\"https:\/\/anprotec.org.br\/conferencia2026\/palestrantes\/janelle-castrellon\/\">\t\t<div data-elementor-type=\"jet-listing-items\" data-elementor-id=\"628\" class=\"elementor elementor-628\" data-elementor-post-type=\"jet-engine\">\n\t\t\t\t<div class=\"elementor-element elementor-element-570e262 e-con-full e-transform e-flex e-con e-parent\" data-id=\"570e262\" data-element_type=\"container\" data-e-type=\"container\" data-settings=\"{&quot;jet_parallax_layout_list&quot;:[],&quot;_transform_scale_effect_hover&quot;:{&quot;unit&quot;:&quot;px&quot;,&quot;size&quot;:1.02,&quot;sizes&quot;:[]},&quot;_transform_scale_effect_hover_tablet&quot;:{&quot;unit&quot;:&quot;px&quot;,&quot;size&quot;:&quot;&quot;,&quot;sizes&quot;:[]},&quot;_transform_scale_effect_hover_mobile&quot;:{&quot;unit&quot;:&quot;px&quot;,&quot;size&quot;:&quot;&quot;,&quot;sizes&quot;:[]}}\">\n\t\t<div class=\"elementor-element elementor-element-113c997 e-con-full e-flex e-con e-child\" data-id=\"113c997\" data-element_type=\"container\" data-e-type=\"container\" data-settings=\"{&quot;background_background&quot;:&quot;classic&quot;,&quot;jet_parallax_layout_list&quot;:[]}\">\n\t\t\t\t<div class=\"elementor-element elementor-element-6c9b55b elementor-absolute jedv-enabled--yes elementor-widget elementor-widget-jet-button\" data-id=\"6c9b55b\" data-element_type=\"widget\" data-e-type=\"widget\" data-settings=\"{&quot;_position&quot;:&quot;absolute&quot;}\" data-widget_type=\"jet-button.default\">\n\t\t\t\t<div class=\"elementor-widget-container\">\n\t\t\t\t\t<div class=\"elementor-jet-button jet-elements\"><div class=\"jet-button__container\">\n\t<a class=\"jet-button__instance jet-button__instance--icon-left hover-effect-0\" href=\"#\">\n\t\t<div class=\"jet-button__plane jet-button__plane-normal\"><\/div>\n\t\t<div class=\"jet-button__plane jet-button__plane-hover\"><\/div>\n\t\t<div class=\"jet-button__state jet-button__state-normal\">\n\t\t\t<span class=\"jet-button__label\">INTERNACIONAL<\/span>\t\t<\/div>\n\t\t<div class=\"jet-button__state jet-button__state-hover\">\n\t\t\t<span class=\"jet-button__label\">INTERNACIONAL<\/span>\t\t<\/div>\n\t<\/a>\n<\/div>\n<\/div>\t\t\t\t<\/div>\n\t\t\t\t<\/div>\n\t\t\t\t<div class=\"elementor-element elementor-element-1da2d17 elementor-widget elementor-widget-image\" data-id=\"1da2d17\" data-element_type=\"widget\" data-e-type=\"widget\" data-widget_type=\"image.default\">\n\t\t\t\t\t\t\t\t\t\t\t\t\t\t\t<img loading=\"lazy\" decoding=\"async\" width=\"2325\" height=\"2560\" src=\"https:\/\/anprotec.org.br\/conferencia2026\/wp-content\/uploads\/2026\/04\/THP4984-scaled.jpg\" class=\"attachment-full size-full wp-image-965\" alt=\"\" srcset=\"https:\/\/anprotec.org.br\/conferencia2026\/wp-content\/uploads\/2026\/04\/THP4984-scaled.jpg 2325w, https:\/\/anprotec.org.br\/conferencia2026\/wp-content\/uploads\/2026\/04\/THP4984-272x300.jpg 272w, https:\/\/anprotec.org.br\/conferencia2026\/wp-content\/uploads\/2026\/04\/THP4984-930x1024.jpg 930w, https:\/\/anprotec.org.br\/conferencia2026\/wp-content\/uploads\/2026\/04\/THP4984-768x846.jpg 768w, https:\/\/anprotec.org.br\/conferencia2026\/wp-content\/uploads\/2026\/04\/THP4984-1395x1536.jpg 1395w, https:\/\/anprotec.org.br\/conferencia2026\/wp-content\/uploads\/2026\/04\/THP4984-1860x2048.jpg 1860w\" sizes=\"(max-width: 2325px) 100vw, 2325px\" \/>\t\t\t\t\t\t\t\t\t\t\t\t\t\t\t<\/div>\n\t\t\t\t<\/div>\n\t\t<div class=\"elementor-element elementor-element-65dd94e e-con-full e-flex e-con e-child\" data-id=\"65dd94e\" data-element_type=\"container\" data-e-type=\"container\" data-settings=\"{&quot;background_background&quot;:&quot;classic&quot;,&quot;jet_parallax_layout_list&quot;:[]}\">\n\t\t\t\t<div class=\"elementor-element elementor-element-6060fd9 elementor-widget elementor-widget-heading\" data-id=\"6060fd9\" data-element_type=\"widget\" data-e-type=\"widget\" data-widget_type=\"heading.default\">\n\t\t\t\t\t<h2 class=\"elementor-heading-title elementor-size-default\">Janelle Castrell\u00f3n<\/h2>\t\t\t\t<\/div>\n\t\t\t\t<div class=\"elementor-element elementor-element-03e8ae0 elementor-widget elementor-widget-heading\" data-id=\"03e8ae0\" data-element_type=\"widget\" data-e-type=\"widget\" data-widget_type=\"heading.default\">\n\t\t\t\t\t<h2 class=\"elementor-heading-title elementor-size-default\">Gerente de Neg\u00f3cios da Ciudad del Saber<\/h2>\t\t\t\t<\/div>\n\t\t<div class=\"elementor-element elementor-element-50e31b3 e-con-full e-flex e-con e-child\" data-id=\"50e31b3\" data-element_type=\"container\" data-e-type=\"container\" data-settings=\"{&quot;background_background&quot;:&quot;classic&quot;,&quot;jet_parallax_layout_list&quot;:[]}\">\n\t\t\t\t<div class=\"elementor-element elementor-element-732f50b elementor-widget elementor-widget-heading\" data-id=\"732f50b\" data-element_type=\"widget\" data-e-type=\"widget\" data-widget_type=\"heading.default\">\n\t\t\t\t\t<h2 class=\"elementor-heading-title elementor-size-default\">29\/06 \u00e0s 14h | Plen\u00e1ria 1: Ecossistemas de inova\u00e7\u00e3o como motores da economia do futuro <\/h2>\t\t\t\t<\/div>\n\t\t\t\t<\/div>\n\t\t\t\t<\/div>\n\t\t\t\t<\/div>\n\t\t\t\t<\/div>\n\t\t<a href=\"https:\/\/anprotec.org.br\/conferencia2026\/palestrantes\/janelle-castrellon\/\" class=\"jet-engine-listing-overlay-link\"><\/a><\/div><\/div><div class=\"jet-listing-grid__item jet-listing-dynamic-post-961\" data-post-id=\"961\"  ><div class=\"jet-engine-listing-overlay-wrap\" data-url=\"https:\/\/anprotec.org.br\/conferencia2026\/palestrantes\/bruno-portela\/\">\t\t<div data-elementor-type=\"jet-listing-items\" data-elementor-id=\"628\" class=\"elementor elementor-628\" data-elementor-post-type=\"jet-engine\">\n\t\t\t\t<div class=\"elementor-element elementor-element-570e262 e-con-full e-transform e-flex e-con e-parent\" data-id=\"570e262\" data-element_type=\"container\" data-e-type=\"container\" data-settings=\"{&quot;jet_parallax_layout_list&quot;:[],&quot;_transform_scale_effect_hover&quot;:{&quot;unit&quot;:&quot;px&quot;,&quot;size&quot;:1.02,&quot;sizes&quot;:[]},&quot;_transform_scale_effect_hover_tablet&quot;:{&quot;unit&quot;:&quot;px&quot;,&quot;size&quot;:&quot;&quot;,&quot;sizes&quot;:[]},&quot;_transform_scale_effect_hover_mobile&quot;:{&quot;unit&quot;:&quot;px&quot;,&quot;size&quot;:&quot;&quot;,&quot;sizes&quot;:[]}}\">\n\t\t<div class=\"elementor-element elementor-element-113c997 e-con-full e-flex e-con e-child\" data-id=\"113c997\" data-element_type=\"container\" data-e-type=\"container\" data-settings=\"{&quot;background_background&quot;:&quot;classic&quot;,&quot;jet_parallax_layout_list&quot;:[]}\">\n\t\t\t\t<div class=\"elementor-element elementor-element-1da2d17 elementor-widget elementor-widget-image\" data-id=\"1da2d17\" data-element_type=\"widget\" data-e-type=\"widget\" data-widget_type=\"image.default\">\n\t\t\t\t\t\t\t\t\t\t\t\t\t\t\t<img loading=\"lazy\" decoding=\"async\" width=\"533\" height=\"800\" src=\"https:\/\/anprotec.org.br\/conferencia2026\/wp-content\/uploads\/2026\/04\/Foto-Bruno-Portela.jpg\" class=\"attachment-full size-full wp-image-962\" alt=\"\" srcset=\"https:\/\/anprotec.org.br\/conferencia2026\/wp-content\/uploads\/2026\/04\/Foto-Bruno-Portela.jpg 533w, https:\/\/anprotec.org.br\/conferencia2026\/wp-content\/uploads\/2026\/04\/Foto-Bruno-Portela-200x300.jpg 200w\" sizes=\"(max-width: 533px) 100vw, 533px\" \/>\t\t\t\t\t\t\t\t\t\t\t\t\t\t\t<\/div>\n\t\t\t\t<\/div>\n\t\t<div class=\"elementor-element elementor-element-65dd94e e-con-full e-flex e-con e-child\" data-id=\"65dd94e\" data-element_type=\"container\" data-e-type=\"container\" data-settings=\"{&quot;background_background&quot;:&quot;classic&quot;,&quot;jet_parallax_layout_list&quot;:[]}\">\n\t\t\t\t<div class=\"elementor-element elementor-element-6060fd9 elementor-widget elementor-widget-heading\" data-id=\"6060fd9\" data-element_type=\"widget\" data-e-type=\"widget\" data-widget_type=\"heading.default\">\n\t\t\t\t\t<h2 class=\"elementor-heading-title elementor-size-default\">Bruno Portela<\/h2>\t\t\t\t<\/div>\n\t\t\t\t<div class=\"elementor-element elementor-element-03e8ae0 elementor-widget elementor-widget-heading\" data-id=\"03e8ae0\" data-element_type=\"widget\" data-e-type=\"widget\" data-widget_type=\"heading.default\">\n\t\t\t\t\t<h2 class=\"elementor-heading-title elementor-size-default\">Procurador Federal da Advocacia-Geral da Uni\u00e3o (AGU)<\/h2>\t\t\t\t<\/div>\n\t\t<div class=\"elementor-element elementor-element-50e31b3 e-con-full e-flex e-con e-child\" data-id=\"50e31b3\" data-element_type=\"container\" data-e-type=\"container\" data-settings=\"{&quot;background_background&quot;:&quot;classic&quot;,&quot;jet_parallax_layout_list&quot;:[]}\">\n\t\t\t\t<div class=\"elementor-element elementor-element-732f50b elementor-widget elementor-widget-heading\" data-id=\"732f50b\" data-element_type=\"widget\" data-e-type=\"widget\" data-widget_type=\"heading.default\">\n\t\t\t\t\t<h2 class=\"elementor-heading-title elementor-size-default\">29\/06 \u00e1s 16h30  | Plen\u00e1ria 2 \u2013 Conectando ambientes de inova\u00e7\u00e3o e seus dispositivos ao mercado e \u00e0s pol\u00edticas p\u00fablicas<\/h2>\t\t\t\t<\/div>\n\t\t\t\t<\/div>\n\t\t\t\t<\/div>\n\t\t\t\t<\/div>\n\t\t\t\t<\/div>\n\t\t<a href=\"https:\/\/anprotec.org.br\/conferencia2026\/palestrantes\/bruno-portela\/\" class=\"jet-engine-listing-overlay-link\"><\/a><\/div><\/div><div class=\"jet-listing-grid__item jet-listing-dynamic-post-872\" data-post-id=\"872\"  ><div class=\"jet-engine-listing-overlay-wrap\" data-url=\"https:\/\/anprotec.org.br\/conferencia2026\/palestrantes\/francisco-saboya\/\">\t\t<div data-elementor-type=\"jet-listing-items\" data-elementor-id=\"628\" class=\"elementor elementor-628\" data-elementor-post-type=\"jet-engine\">\n\t\t\t\t<div class=\"elementor-element elementor-element-570e262 e-con-full e-transform e-flex e-con e-parent\" data-id=\"570e262\" data-element_type=\"container\" data-e-type=\"container\" data-settings=\"{&quot;jet_parallax_layout_list&quot;:[],&quot;_transform_scale_effect_hover&quot;:{&quot;unit&quot;:&quot;px&quot;,&quot;size&quot;:1.02,&quot;sizes&quot;:[]},&quot;_transform_scale_effect_hover_tablet&quot;:{&quot;unit&quot;:&quot;px&quot;,&quot;size&quot;:&quot;&quot;,&quot;sizes&quot;:[]},&quot;_transform_scale_effect_hover_mobile&quot;:{&quot;unit&quot;:&quot;px&quot;,&quot;size&quot;:&quot;&quot;,&quot;sizes&quot;:[]}}\">\n\t\t<div class=\"elementor-element elementor-element-113c997 e-con-full e-flex e-con e-child\" data-id=\"113c997\" data-element_type=\"container\" data-e-type=\"container\" data-settings=\"{&quot;background_background&quot;:&quot;classic&quot;,&quot;jet_parallax_layout_list&quot;:[]}\">\n\t\t\t\t<div class=\"elementor-element elementor-element-1da2d17 elementor-widget elementor-widget-image\" data-id=\"1da2d17\" data-element_type=\"widget\" data-e-type=\"widget\" data-widget_type=\"image.default\">\n\t\t\t\t\t\t\t\t\t\t\t\t\t\t\t<img loading=\"lazy\" decoding=\"async\" width=\"227\" height=\"232\" src=\"https:\/\/anprotec.org.br\/conferencia2026\/wp-content\/uploads\/2026\/04\/Francisco-Saboya-2.jpg.jpg\" class=\"attachment-full size-full wp-image-873\" alt=\"\" \/>\t\t\t\t\t\t\t\t\t\t\t\t\t\t\t<\/div>\n\t\t\t\t<\/div>\n\t\t<div class=\"elementor-element elementor-element-65dd94e e-con-full e-flex e-con e-child\" data-id=\"65dd94e\" data-element_type=\"container\" data-e-type=\"container\" data-settings=\"{&quot;background_background&quot;:&quot;classic&quot;,&quot;jet_parallax_layout_list&quot;:[]}\">\n\t\t\t\t<div class=\"elementor-element elementor-element-6060fd9 elementor-widget elementor-widget-heading\" data-id=\"6060fd9\" data-element_type=\"widget\" data-e-type=\"widget\" data-widget_type=\"heading.default\">\n\t\t\t\t\t<h2 class=\"elementor-heading-title elementor-size-default\">Francisco Saboya<\/h2>\t\t\t\t<\/div>\n\t\t\t\t<div class=\"elementor-element elementor-element-03e8ae0 elementor-widget elementor-widget-heading\" data-id=\"03e8ae0\" data-element_type=\"widget\" data-e-type=\"widget\" data-widget_type=\"heading.default\">\n\t\t\t\t\t<h2 class=\"elementor-heading-title elementor-size-default\">Conselheiro Consultivo da Anprotec<\/h2>\t\t\t\t<\/div>\n\t\t<div class=\"elementor-element elementor-element-50e31b3 e-con-full e-flex e-con e-child\" data-id=\"50e31b3\" data-element_type=\"container\" data-e-type=\"container\" data-settings=\"{&quot;background_background&quot;:&quot;classic&quot;,&quot;jet_parallax_layout_list&quot;:[]}\">\n\t\t\t\t<div class=\"elementor-element elementor-element-732f50b elementor-widget elementor-widget-heading\" data-id=\"732f50b\" data-element_type=\"widget\" data-e-type=\"widget\" data-widget_type=\"heading.default\">\n\t\t\t\t\t<h2 class=\"elementor-heading-title elementor-size-default\">29\/05 \u00e0s 16h30 | Plen\u00e1ria 2 - Conectando ambientes de inova\u00e7\u00e3o e seus dispositivos ao mercado e \u00e0s pol\u00edticas p\u00fablicas. <\/h2>\t\t\t\t<\/div>\n\t\t\t\t<\/div>\n\t\t\t\t<\/div>\n\t\t\t\t<\/div>\n\t\t\t\t<\/div>\n\t\t<a href=\"https:\/\/anprotec.org.br\/conferencia2026\/palestrantes\/francisco-saboya\/\" class=\"jet-engine-listing-overlay-link\"><\/a><\/div><\/div><div class=\"jet-listing-grid__item jet-listing-dynamic-post-867\" data-post-id=\"867\"  ><div class=\"jet-engine-listing-overlay-wrap\" data-url=\"https:\/\/anprotec.org.br\/conferencia2026\/palestrantes\/adriana-ferreira-de-faria\/\">\t\t<div data-elementor-type=\"jet-listing-items\" data-elementor-id=\"628\" class=\"elementor elementor-628\" data-elementor-post-type=\"jet-engine\">\n\t\t\t\t<div class=\"elementor-element elementor-element-570e262 e-con-full e-transform e-flex e-con e-parent\" data-id=\"570e262\" data-element_type=\"container\" data-e-type=\"container\" data-settings=\"{&quot;jet_parallax_layout_list&quot;:[],&quot;_transform_scale_effect_hover&quot;:{&quot;unit&quot;:&quot;px&quot;,&quot;size&quot;:1.02,&quot;sizes&quot;:[]},&quot;_transform_scale_effect_hover_tablet&quot;:{&quot;unit&quot;:&quot;px&quot;,&quot;size&quot;:&quot;&quot;,&quot;sizes&quot;:[]},&quot;_transform_scale_effect_hover_mobile&quot;:{&quot;unit&quot;:&quot;px&quot;,&quot;size&quot;:&quot;&quot;,&quot;sizes&quot;:[]}}\">\n\t\t<div class=\"elementor-element elementor-element-113c997 e-con-full e-flex e-con e-child\" data-id=\"113c997\" data-element_type=\"container\" data-e-type=\"container\" data-settings=\"{&quot;background_background&quot;:&quot;classic&quot;,&quot;jet_parallax_layout_list&quot;:[]}\">\n\t\t\t\t<div class=\"elementor-element elementor-element-1da2d17 elementor-widget elementor-widget-image\" data-id=\"1da2d17\" data-element_type=\"widget\" data-e-type=\"widget\" data-widget_type=\"image.default\">\n\t\t\t\t\t\t\t\t\t\t\t\t\t\t\t<img fetchpriority=\"high\" decoding=\"async\" width=\"640\" height=\"400\" src=\"https:\/\/anprotec.org.br\/conferencia2026\/wp-content\/uploads\/2026\/04\/adrianaferreiradefaria.png\" class=\"attachment-full size-full wp-image-869\" alt=\"\" srcset=\"https:\/\/anprotec.org.br\/conferencia2026\/wp-content\/uploads\/2026\/04\/adrianaferreiradefaria.png 640w, https:\/\/anprotec.org.br\/conferencia2026\/wp-content\/uploads\/2026\/04\/adrianaferreiradefaria-300x188.png 300w\" sizes=\"(max-width: 640px) 100vw, 640px\" \/>\t\t\t\t\t\t\t\t\t\t\t\t\t\t\t<\/div>\n\t\t\t\t<\/div>\n\t\t<div class=\"elementor-element elementor-element-65dd94e e-con-full e-flex e-con e-child\" data-id=\"65dd94e\" data-element_type=\"container\" data-e-type=\"container\" data-settings=\"{&quot;background_background&quot;:&quot;classic&quot;,&quot;jet_parallax_layout_list&quot;:[]}\">\n\t\t\t\t<div class=\"elementor-element elementor-element-6060fd9 elementor-widget elementor-widget-heading\" data-id=\"6060fd9\" data-element_type=\"widget\" data-e-type=\"widget\" data-widget_type=\"heading.default\">\n\t\t\t\t\t<h2 class=\"elementor-heading-title elementor-size-default\">Adriana Ferreira de Faria<\/h2>\t\t\t\t<\/div>\n\t\t\t\t<div class=\"elementor-element elementor-element-03e8ae0 elementor-widget elementor-widget-heading\" data-id=\"03e8ae0\" data-element_type=\"widget\" data-e-type=\"widget\" data-widget_type=\"heading.default\">\n\t\t\t\t\t<h2 class=\"elementor-heading-title elementor-size-default\">Presidente da Anprotec<\/h2>\t\t\t\t<\/div>\n\t\t<div class=\"elementor-element elementor-element-50e31b3 e-con-full e-flex e-con e-child\" data-id=\"50e31b3\" data-element_type=\"container\" data-e-type=\"container\" data-settings=\"{&quot;background_background&quot;:&quot;classic&quot;,&quot;jet_parallax_layout_list&quot;:[]}\">\n\t\t\t\t<div class=\"elementor-element elementor-element-732f50b elementor-widget elementor-widget-heading\" data-id=\"732f50b\" data-element_type=\"widget\" data-e-type=\"widget\" data-widget_type=\"heading.default\">\n\t\t\t\t\t<h2 class=\"elementor-heading-title elementor-size-default\"> 01 de julho \u00e0s 10:30h | Plen\u00e1ria 4: Transforma\u00e7\u00f5es Digitais, Intelig\u00eancia Artificial e Novos Modelos Produtivos.<\/h2>\t\t\t\t<\/div>\n\t\t\t\t<\/div>\n\t\t\t\t<\/div>\n\t\t\t\t<\/div>\n\t\t\t\t<\/div>\n\t\t<a href=\"https:\/\/anprotec.org.br\/conferencia2026\/palestrantes\/adriana-ferreira-de-faria\/\" class=\"jet-engine-listing-overlay-link\"><\/a><\/div><\/div><div class=\"jet-listing-grid__item jet-listing-dynamic-post-624\" data-post-id=\"624\"  ><div class=\"jet-engine-listing-overlay-wrap\" data-url=\"https:\/\/anprotec.org.br\/conferencia2026\/palestrantes\/sonia-palomo\/\">\t\t<div data-elementor-type=\"jet-listing-items\" data-elementor-id=\"628\" class=\"elementor elementor-628\" data-elementor-post-type=\"jet-engine\">\n\t\t\t\t<div class=\"elementor-element elementor-element-570e262 e-con-full e-transform e-flex e-con e-parent\" data-id=\"570e262\" data-element_type=\"container\" data-e-type=\"container\" data-settings=\"{&quot;jet_parallax_layout_list&quot;:[],&quot;_transform_scale_effect_hover&quot;:{&quot;unit&quot;:&quot;px&quot;,&quot;size&quot;:1.02,&quot;sizes&quot;:[]},&quot;_transform_scale_effect_hover_tablet&quot;:{&quot;unit&quot;:&quot;px&quot;,&quot;size&quot;:&quot;&quot;,&quot;sizes&quot;:[]},&quot;_transform_scale_effect_hover_mobile&quot;:{&quot;unit&quot;:&quot;px&quot;,&quot;size&quot;:&quot;&quot;,&quot;sizes&quot;:[]}}\">\n\t\t<div class=\"elementor-element elementor-element-113c997 e-con-full e-flex e-con e-child\" data-id=\"113c997\" data-element_type=\"container\" data-e-type=\"container\" data-settings=\"{&quot;background_background&quot;:&quot;classic&quot;,&quot;jet_parallax_layout_list&quot;:[]}\">\n\t\t\t\t<div class=\"elementor-element elementor-element-6c9b55b elementor-absolute jedv-enabled--yes elementor-widget elementor-widget-jet-button\" data-id=\"6c9b55b\" data-element_type=\"widget\" data-e-type=\"widget\" data-settings=\"{&quot;_position&quot;:&quot;absolute&quot;}\" data-widget_type=\"jet-button.default\">\n\t\t\t\t<div class=\"elementor-widget-container\">\n\t\t\t\t\t<div class=\"elementor-jet-button jet-elements\"><div class=\"jet-button__container\">\n\t<a class=\"jet-button__instance jet-button__instance--icon-left hover-effect-0\" href=\"#\">\n\t\t<div class=\"jet-button__plane jet-button__plane-normal\"><\/div>\n\t\t<div class=\"jet-button__plane jet-button__plane-hover\"><\/div>\n\t\t<div class=\"jet-button__state jet-button__state-normal\">\n\t\t\t<span class=\"jet-button__label\">INTERNACIONAL<\/span>\t\t<\/div>\n\t\t<div class=\"jet-button__state jet-button__state-hover\">\n\t\t\t<span class=\"jet-button__label\">INTERNACIONAL<\/span>\t\t<\/div>\n\t<\/a>\n<\/div>\n<\/div>\t\t\t\t<\/div>\n\t\t\t\t<\/div>\n\t\t\t\t<div class=\"elementor-element elementor-element-1da2d17 elementor-widget elementor-widget-image\" data-id=\"1da2d17\" data-element_type=\"widget\" data-e-type=\"widget\" data-widget_type=\"image.default\">\n\t\t\t\t\t\t\t\t\t\t\t\t\t\t\t<img loading=\"lazy\" decoding=\"async\" width=\"1194\" height=\"880\" src=\"https:\/\/anprotec.org.br\/conferencia2026\/wp-content\/uploads\/2026\/04\/Gemini_Generated_Image_t84lspt84lspt84l.png\" class=\"attachment-full size-full wp-image-625\" alt=\"\" srcset=\"https:\/\/anprotec.org.br\/conferencia2026\/wp-content\/uploads\/2026\/04\/Gemini_Generated_Image_t84lspt84lspt84l.png 1194w, https:\/\/anprotec.org.br\/conferencia2026\/wp-content\/uploads\/2026\/04\/Gemini_Generated_Image_t84lspt84lspt84l-300x221.png 300w, https:\/\/anprotec.org.br\/conferencia2026\/wp-content\/uploads\/2026\/04\/Gemini_Generated_Image_t84lspt84lspt84l-1024x755.png 1024w, https:\/\/anprotec.org.br\/conferencia2026\/wp-content\/uploads\/2026\/04\/Gemini_Generated_Image_t84lspt84lspt84l-768x566.png 768w\" sizes=\"(max-width: 1194px) 100vw, 1194px\" \/>\t\t\t\t\t\t\t\t\t\t\t\t\t\t\t<\/div>\n\t\t\t\t<\/div>\n\t\t<div class=\"elementor-element elementor-element-65dd94e e-con-full e-flex e-con e-child\" data-id=\"65dd94e\" data-element_type=\"container\" data-e-type=\"container\" data-settings=\"{&quot;background_background&quot;:&quot;classic&quot;,&quot;jet_parallax_layout_list&quot;:[]}\">\n\t\t\t\t<div class=\"elementor-element elementor-element-6060fd9 elementor-widget elementor-widget-heading\" data-id=\"6060fd9\" data-element_type=\"widget\" data-e-type=\"widget\" data-widget_type=\"heading.default\">\n\t\t\t\t\t<h2 class=\"elementor-heading-title elementor-size-default\">Sonia Palomo<\/h2>\t\t\t\t<\/div>\n\t\t\t\t<div class=\"elementor-element elementor-element-03e8ae0 elementor-widget elementor-widget-heading\" data-id=\"03e8ae0\" data-element_type=\"widget\" data-e-type=\"widget\" data-widget_type=\"heading.default\">\n\t\t\t\t\t<h2 class=\"elementor-heading-title elementor-size-default\">Diretora de Transfer\u00eancia Tecnol\u00f3gica e Rela\u00e7\u00f5es Internacionais \u2013 M\u00e1laga TechPark \/ IASP<\/h2>\t\t\t\t<\/div>\n\t\t<div class=\"elementor-element elementor-element-50e31b3 e-con-full e-flex e-con e-child\" data-id=\"50e31b3\" data-element_type=\"container\" data-e-type=\"container\" data-settings=\"{&quot;background_background&quot;:&quot;classic&quot;,&quot;jet_parallax_layout_list&quot;:[]}\">\n\t\t\t\t<div class=\"elementor-element elementor-element-732f50b elementor-widget elementor-widget-heading\" data-id=\"732f50b\" data-element_type=\"widget\" data-e-type=\"widget\" data-widget_type=\"heading.default\">\n\t\t\t\t\t<h2 class=\"elementor-heading-title elementor-size-default\">29\/06 | 14h \u00e0s 16h \u2013 Plen\u00e1ria 1 \u2013 Ecossistemas de inova\u00e7\u00e3o como motores da economia do futuro<\/h2>\t\t\t\t<\/div>\n\t\t\t\t<\/div>\n\t\t\t\t<\/div>\n\t\t\t\t<\/div>\n\t\t\t\t<\/div>\n\t\t<a href=\"https:\/\/anprotec.org.br\/conferencia2026\/palestrantes\/sonia-palomo\/\" class=\"jet-engine-listing-overlay-link\"><\/a><\/div><\/div><div class=\"jet-listing-grid__item jet-listing-dynamic-post-622\" data-post-id=\"622\"  ><div class=\"jet-engine-listing-overlay-wrap\" data-url=\"https:\/\/anprotec.org.br\/conferencia2026\/palestrantes\/jorge-luis-nicolas-audy\/\">\t\t<div data-elementor-type=\"jet-listing-items\" data-elementor-id=\"628\" class=\"elementor elementor-628\" data-elementor-post-type=\"jet-engine\">\n\t\t\t\t<div class=\"elementor-element elementor-element-570e262 e-con-full e-transform e-flex e-con e-parent\" data-id=\"570e262\" data-element_type=\"container\" data-e-type=\"container\" data-settings=\"{&quot;jet_parallax_layout_list&quot;:[],&quot;_transform_scale_effect_hover&quot;:{&quot;unit&quot;:&quot;px&quot;,&quot;size&quot;:1.02,&quot;sizes&quot;:[]},&quot;_transform_scale_effect_hover_tablet&quot;:{&quot;unit&quot;:&quot;px&quot;,&quot;size&quot;:&quot;&quot;,&quot;sizes&quot;:[]},&quot;_transform_scale_effect_hover_mobile&quot;:{&quot;unit&quot;:&quot;px&quot;,&quot;size&quot;:&quot;&quot;,&quot;sizes&quot;:[]}}\">\n\t\t<div class=\"elementor-element elementor-element-113c997 e-con-full e-flex e-con e-child\" data-id=\"113c997\" data-element_type=\"container\" data-e-type=\"container\" data-settings=\"{&quot;background_background&quot;:&quot;classic&quot;,&quot;jet_parallax_layout_list&quot;:[]}\">\n\t\t\t\t<div class=\"elementor-element elementor-element-1da2d17 elementor-widget elementor-widget-image\" data-id=\"1da2d17\" data-element_type=\"widget\" data-e-type=\"widget\" data-widget_type=\"image.default\">\n\t\t\t\t\t\t\t\t\t\t\t\t\t\t\t<img loading=\"lazy\" decoding=\"async\" width=\"739\" height=\"732\" src=\"https:\/\/anprotec.org.br\/conferencia2026\/wp-content\/uploads\/2026\/04\/Foto-Jorge-Audy-eventos.png\" class=\"attachment-full size-full wp-image-623\" alt=\"\" srcset=\"https:\/\/anprotec.org.br\/conferencia2026\/wp-content\/uploads\/2026\/04\/Foto-Jorge-Audy-eventos.png 739w, https:\/\/anprotec.org.br\/conferencia2026\/wp-content\/uploads\/2026\/04\/Foto-Jorge-Audy-eventos-300x297.png 300w, https:\/\/anprotec.org.br\/conferencia2026\/wp-content\/uploads\/2026\/04\/Foto-Jorge-Audy-eventos-150x150.png 150w\" sizes=\"(max-width: 739px) 100vw, 739px\" \/>\t\t\t\t\t\t\t\t\t\t\t\t\t\t\t<\/div>\n\t\t\t\t<\/div>\n\t\t<div class=\"elementor-element elementor-element-65dd94e e-con-full e-flex e-con e-child\" data-id=\"65dd94e\" data-element_type=\"container\" data-e-type=\"container\" data-settings=\"{&quot;background_background&quot;:&quot;classic&quot;,&quot;jet_parallax_layout_list&quot;:[]}\">\n\t\t\t\t<div class=\"elementor-element elementor-element-6060fd9 elementor-widget elementor-widget-heading\" data-id=\"6060fd9\" data-element_type=\"widget\" data-e-type=\"widget\" data-widget_type=\"heading.default\">\n\t\t\t\t\t<h2 class=\"elementor-heading-title elementor-size-default\">Jorge Luis Nicolas Audy<\/h2>\t\t\t\t<\/div>\n\t\t\t\t<div class=\"elementor-element elementor-element-03e8ae0 elementor-widget elementor-widget-heading\" data-id=\"03e8ae0\" data-element_type=\"widget\" data-e-type=\"widget\" data-widget_type=\"heading.default\">\n\t\t\t\t\t<h2 class=\"elementor-heading-title elementor-size-default\">Superintendente de Inova\u00e7\u00e3o e Desenvolvimento \u2013 PUCRS\/TECNOPUC<\/h2>\t\t\t\t<\/div>\n\t\t<div class=\"elementor-element elementor-element-50e31b3 e-con-full e-flex e-con e-child\" data-id=\"50e31b3\" data-element_type=\"container\" data-e-type=\"container\" data-settings=\"{&quot;background_background&quot;:&quot;classic&quot;,&quot;jet_parallax_layout_list&quot;:[]}\">\n\t\t\t\t<div class=\"elementor-element elementor-element-732f50b elementor-widget elementor-widget-heading\" data-id=\"732f50b\" data-element_type=\"widget\" data-e-type=\"widget\" data-widget_type=\"heading.default\">\n\t\t\t\t\t<h2 class=\"elementor-heading-title elementor-size-default\">29\/06 | 14h \u00e0s 16h \u2013 Plen\u00e1ria 1 \u2013 Ecossistemas de inova\u00e7\u00e3o como motores da economia do futuro<\/h2>\t\t\t\t<\/div>\n\t\t\t\t<\/div>\n\t\t\t\t<\/div>\n\t\t\t\t<\/div>\n\t\t\t\t<\/div>\n\t\t<a href=\"https:\/\/anprotec.org.br\/conferencia2026\/palestrantes\/jorge-luis-nicolas-audy\/\" class=\"jet-engine-listing-overlay-link\"><\/a><\/div><\/div><div class=\"jet-listing-grid__item jet-listing-dynamic-post-620\" data-post-id=\"620\"  ><div class=\"jet-engine-listing-overlay-wrap\" data-url=\"https:\/\/anprotec.org.br\/conferencia2026\/palestrantes\/hideraldo-almeida\/\">\t\t<div data-elementor-type=\"jet-listing-items\" data-elementor-id=\"628\" class=\"elementor elementor-628\" data-elementor-post-type=\"jet-engine\">\n\t\t\t\t<div class=\"elementor-element elementor-element-570e262 e-con-full e-transform e-flex e-con e-parent\" data-id=\"570e262\" data-element_type=\"container\" data-e-type=\"container\" data-settings=\"{&quot;jet_parallax_layout_list&quot;:[],&quot;_transform_scale_effect_hover&quot;:{&quot;unit&quot;:&quot;px&quot;,&quot;size&quot;:1.02,&quot;sizes&quot;:[]},&quot;_transform_scale_effect_hover_tablet&quot;:{&quot;unit&quot;:&quot;px&quot;,&quot;size&quot;:&quot;&quot;,&quot;sizes&quot;:[]},&quot;_transform_scale_effect_hover_mobile&quot;:{&quot;unit&quot;:&quot;px&quot;,&quot;size&quot;:&quot;&quot;,&quot;sizes&quot;:[]}}\">\n\t\t<div class=\"elementor-element elementor-element-113c997 e-con-full e-flex e-con e-child\" data-id=\"113c997\" data-element_type=\"container\" data-e-type=\"container\" data-settings=\"{&quot;background_background&quot;:&quot;classic&quot;,&quot;jet_parallax_layout_list&quot;:[]}\">\n\t\t\t\t<div class=\"elementor-element elementor-element-1da2d17 elementor-widget elementor-widget-image\" data-id=\"1da2d17\" data-element_type=\"widget\" data-e-type=\"widget\" data-widget_type=\"image.default\">\n\t\t\t\t\t\t\t\t\t\t\t\t\t\t\t<img loading=\"lazy\" decoding=\"async\" width=\"1066\" height=\"1600\" src=\"https:\/\/anprotec.org.br\/conferencia2026\/wp-content\/uploads\/2026\/04\/Hideraldo-Almeida.jpeg\" class=\"attachment-full size-full wp-image-1015\" alt=\"\" srcset=\"https:\/\/anprotec.org.br\/conferencia2026\/wp-content\/uploads\/2026\/04\/Hideraldo-Almeida.jpeg 1066w, https:\/\/anprotec.org.br\/conferencia2026\/wp-content\/uploads\/2026\/04\/Hideraldo-Almeida-200x300.jpeg 200w, https:\/\/anprotec.org.br\/conferencia2026\/wp-content\/uploads\/2026\/04\/Hideraldo-Almeida-682x1024.jpeg 682w, https:\/\/anprotec.org.br\/conferencia2026\/wp-content\/uploads\/2026\/04\/Hideraldo-Almeida-768x1153.jpeg 768w, https:\/\/anprotec.org.br\/conferencia2026\/wp-content\/uploads\/2026\/04\/Hideraldo-Almeida-1023x1536.jpeg 1023w\" sizes=\"(max-width: 1066px) 100vw, 1066px\" \/>\t\t\t\t\t\t\t\t\t\t\t\t\t\t\t<\/div>\n\t\t\t\t<\/div>\n\t\t<div class=\"elementor-element elementor-element-65dd94e e-con-full e-flex e-con e-child\" data-id=\"65dd94e\" data-element_type=\"container\" data-e-type=\"container\" data-settings=\"{&quot;background_background&quot;:&quot;classic&quot;,&quot;jet_parallax_layout_list&quot;:[]}\">\n\t\t\t\t<div class=\"elementor-element elementor-element-6060fd9 elementor-widget elementor-widget-heading\" data-id=\"6060fd9\" data-element_type=\"widget\" data-e-type=\"widget\" data-widget_type=\"heading.default\">\n\t\t\t\t\t<h2 class=\"elementor-heading-title elementor-size-default\">Hideraldo Almeida<\/h2>\t\t\t\t<\/div>\n\t\t\t\t<div class=\"elementor-element elementor-element-03e8ae0 elementor-widget elementor-widget-heading\" data-id=\"03e8ae0\" data-element_type=\"widget\" data-e-type=\"widget\" data-widget_type=\"heading.default\">\n\t\t\t\t\t<h2 class=\"elementor-heading-title elementor-size-default\">Coordenador-Geral de Instrumentos de Apoio \u00e0 Inova\u00e7\u00e3o \u2013 MCTI\/SETEC<\/h2>\t\t\t\t<\/div>\n\t\t<div class=\"elementor-element elementor-element-50e31b3 e-con-full e-flex e-con e-child\" data-id=\"50e31b3\" data-element_type=\"container\" data-e-type=\"container\" data-settings=\"{&quot;background_background&quot;:&quot;classic&quot;,&quot;jet_parallax_layout_list&quot;:[]}\">\n\t\t\t\t<div class=\"elementor-element elementor-element-732f50b elementor-widget elementor-widget-heading\" data-id=\"732f50b\" data-element_type=\"widget\" data-e-type=\"widget\" data-widget_type=\"heading.default\">\n\t\t\t\t\t<h2 class=\"elementor-heading-title elementor-size-default\">01\/07 | 10h30 \u00e0s 12h \u2013 Plen\u00e1ria 4 \u2013 Inova\u00e7\u00e3o, tecnologia e a economia do futuro<\/h2>\t\t\t\t<\/div>\n\t\t\t\t<\/div>\n\t\t\t\t<\/div>\n\t\t\t\t<\/div>\n\t\t\t\t<\/div>\n\t\t<a href=\"https:\/\/anprotec.org.br\/conferencia2026\/palestrantes\/hideraldo-almeida\/\" class=\"jet-engine-listing-overlay-link\"><\/a><\/div><\/div><\/div><\/div>\t\t\t\t<\/div>\n\t\t\t\t<\/div>\n\t\t<div id=\"e-n-tab-content-623354653\" role=\"tabpanel\" aria-labelledby=\"e-n-tab-title-623354653\" data-tab-index=\"3\" style=\"--n-tabs-title-order: 3;\" class=\" elementor-element elementor-element-2e570c6 e-con-full e-flex e-con e-child\" data-id=\"2e570c6\" data-element_type=\"container\" data-e-type=\"container\" data-settings=\"{&quot;jet_parallax_layout_list&quot;:[]}\">\n\t\t\t\t<div class=\"elementor-element elementor-element-eba3b71 elementor-widget elementor-widget-icon-box\" data-id=\"eba3b71\" data-element_type=\"widget\" data-e-type=\"widget\" data-widget_type=\"icon-box.default\">\n\t\t\t\t\t\t\t<div class=\"elementor-icon-box-wrapper\">\n\n\t\t\t\n\t\t\t\t\t\t<div class=\"elementor-icon-box-content\">\n\n\t\t\t\t\t\t\t\t\t<h3 class=\"elementor-icon-box-title\">\n\t\t\t\t\t\t<span  >\n\t\t\t\t\t\t\tPain\u00e9is Tem\u00e1ticos\t\t\t\t\t\t<\/span>\n\t\t\t\t\t<\/h3>\n\t\t\t\t\n\t\t\t\t\t\t\t\t\t<p class=\"elementor-icon-box-description\">\n\t\t\t\t\t\tDebates aprofundados sobre temas estrat\u00e9gicos\n\t\t\t\t\t<\/p>\n\t\t\t\t\n\t\t\t<\/div>\n\t\t\t\n\t\t<\/div>\n\t\t\t\t\t\t<\/div>\n\t\t\t\t<div class=\"elementor-element elementor-element-4e42017 elementor-widget elementor-widget-jet-listing-grid\" data-id=\"4e42017\" data-element_type=\"widget\" data-e-type=\"widget\" data-settings=\"{&quot;columns&quot;:3,&quot;columns_mobile&quot;:&quot;1&quot;}\" data-widget_type=\"jet-listing-grid.default\">\n\t\t\t\t\t<div class=\"jet-listing-grid jet-listing\"><div class=\"jet-listing-grid__items grid-col-desk-3 grid-col-tablet-3 grid-col-mobile-1 jet-listing-grid--628\" data-queried-id=\"666|WP_Post\" data-nav=\"{&quot;enabled&quot;:false,&quot;type&quot;:null,&quot;more_el&quot;:null,&quot;query&quot;:[],&quot;widget_settings&quot;:{&quot;lisitng_id&quot;:628,&quot;posts_num&quot;:99,&quot;columns&quot;:3,&quot;columns_tablet&quot;:3,&quot;columns_mobile&quot;:1,&quot;column_min_width&quot;:240,&quot;column_min_width_tablet&quot;:240,&quot;column_min_width_mobile&quot;:240,&quot;inline_columns_css&quot;:false,&quot;is_archive_template&quot;:&quot;&quot;,&quot;post_status&quot;:[&quot;publish&quot;],&quot;use_random_posts_num&quot;:&quot;&quot;,&quot;max_posts_num&quot;:9,&quot;not_found_message&quot;:&quot;No data was found&quot;,&quot;is_masonry&quot;:false,&quot;equal_columns_height&quot;:&quot;&quot;,&quot;use_load_more&quot;:&quot;&quot;,&quot;load_more_id&quot;:&quot;&quot;,&quot;load_more_type&quot;:&quot;click&quot;,&quot;load_more_offset&quot;:{&quot;unit&quot;:&quot;px&quot;,&quot;size&quot;:0,&quot;sizes&quot;:[]},&quot;use_custom_post_types&quot;:&quot;&quot;,&quot;custom_post_types&quot;:[],&quot;hide_widget_if&quot;:&quot;&quot;,&quot;carousel_enabled&quot;:&quot;&quot;,&quot;slides_to_scroll&quot;:&quot;1&quot;,&quot;arrows&quot;:&quot;true&quot;,&quot;arrow_icon&quot;:&quot;fa fa-angle-left&quot;,&quot;dots&quot;:&quot;&quot;,&quot;autoplay&quot;:&quot;true&quot;,&quot;pause_on_hover&quot;:&quot;true&quot;,&quot;autoplay_speed&quot;:5000,&quot;infinite&quot;:&quot;true&quot;,&quot;center_mode&quot;:&quot;&quot;,&quot;effect&quot;:&quot;slide&quot;,&quot;speed&quot;:500,&quot;inject_alternative_items&quot;:&quot;&quot;,&quot;injection_items&quot;:[],&quot;scroll_slider_enabled&quot;:&quot;&quot;,&quot;scroll_slider_on&quot;:[&quot;desktop&quot;,&quot;tablet&quot;,&quot;mobile&quot;],&quot;custom_query&quot;:false,&quot;custom_query_id&quot;:&quot;4&quot;,&quot;_element_id&quot;:&quot;&quot;,&quot;collapse_first_last_gap&quot;:false,&quot;list_tag_selection&quot;:&quot;&quot;,&quot;list_items_wrapper_tag&quot;:&quot;div&quot;,&quot;list_item_tag&quot;:&quot;div&quot;,&quot;empty_items_wrapper_tag&quot;:&quot;div&quot;}}\" data-page=\"1\" data-pages=\"1\" data-listing-source=\"posts\" data-listing-id=\"628\" data-query-id=\"\"><div class=\"jet-listing-grid__item jet-listing-dynamic-post-974\" data-post-id=\"974\"  ><div class=\"jet-engine-listing-overlay-wrap\" data-url=\"https:\/\/anprotec.org.br\/conferencia2026\/palestrantes\/guilherme-coutinho-calheiros\/\">\t\t<div data-elementor-type=\"jet-listing-items\" data-elementor-id=\"628\" class=\"elementor elementor-628\" data-elementor-post-type=\"jet-engine\">\n\t\t\t\t<div class=\"elementor-element elementor-element-570e262 e-con-full e-transform e-flex e-con e-parent\" data-id=\"570e262\" data-element_type=\"container\" data-e-type=\"container\" data-settings=\"{&quot;jet_parallax_layout_list&quot;:[],&quot;_transform_scale_effect_hover&quot;:{&quot;unit&quot;:&quot;px&quot;,&quot;size&quot;:1.02,&quot;sizes&quot;:[]},&quot;_transform_scale_effect_hover_tablet&quot;:{&quot;unit&quot;:&quot;px&quot;,&quot;size&quot;:&quot;&quot;,&quot;sizes&quot;:[]},&quot;_transform_scale_effect_hover_mobile&quot;:{&quot;unit&quot;:&quot;px&quot;,&quot;size&quot;:&quot;&quot;,&quot;sizes&quot;:[]}}\">\n\t\t<div class=\"elementor-element elementor-element-113c997 e-con-full e-flex e-con e-child\" data-id=\"113c997\" data-element_type=\"container\" data-e-type=\"container\" data-settings=\"{&quot;background_background&quot;:&quot;classic&quot;,&quot;jet_parallax_layout_list&quot;:[]}\">\n\t\t\t\t<div class=\"elementor-element elementor-element-1da2d17 elementor-widget elementor-widget-image\" data-id=\"1da2d17\" data-element_type=\"widget\" data-e-type=\"widget\" data-widget_type=\"image.default\">\n\t\t\t\t\t\t\t\t\t\t\t\t\t\t\t<img loading=\"lazy\" decoding=\"async\" width=\"800\" height=\"1200\" src=\"https:\/\/anprotec.org.br\/conferencia2026\/wp-content\/uploads\/2026\/04\/Foto-Guila-Calheiros.jpg\" class=\"attachment-full size-full wp-image-975\" alt=\"\" srcset=\"https:\/\/anprotec.org.br\/conferencia2026\/wp-content\/uploads\/2026\/04\/Foto-Guila-Calheiros.jpg 800w, https:\/\/anprotec.org.br\/conferencia2026\/wp-content\/uploads\/2026\/04\/Foto-Guila-Calheiros-200x300.jpg 200w, https:\/\/anprotec.org.br\/conferencia2026\/wp-content\/uploads\/2026\/04\/Foto-Guila-Calheiros-683x1024.jpg 683w, https:\/\/anprotec.org.br\/conferencia2026\/wp-content\/uploads\/2026\/04\/Foto-Guila-Calheiros-768x1152.jpg 768w\" sizes=\"(max-width: 800px) 100vw, 800px\" \/>\t\t\t\t\t\t\t\t\t\t\t\t\t\t\t<\/div>\n\t\t\t\t<\/div>\n\t\t<div class=\"elementor-element elementor-element-65dd94e e-con-full e-flex e-con e-child\" data-id=\"65dd94e\" data-element_type=\"container\" data-e-type=\"container\" data-settings=\"{&quot;background_background&quot;:&quot;classic&quot;,&quot;jet_parallax_layout_list&quot;:[]}\">\n\t\t\t\t<div class=\"elementor-element elementor-element-6060fd9 elementor-widget elementor-widget-heading\" data-id=\"6060fd9\" data-element_type=\"widget\" data-e-type=\"widget\" data-widget_type=\"heading.default\">\n\t\t\t\t\t<h2 class=\"elementor-heading-title elementor-size-default\">Guilherme Coutinho Calheiros<\/h2>\t\t\t\t<\/div>\n\t\t\t\t<div class=\"elementor-element elementor-element-03e8ae0 elementor-widget elementor-widget-heading\" data-id=\"03e8ae0\" data-element_type=\"widget\" data-e-type=\"widget\" data-widget_type=\"heading.default\">\n\t\t\t\t\t<h2 class=\"elementor-heading-title elementor-size-default\">Diretor de Planejamento e Gest\u00e3o da EMBRAPII<\/h2>\t\t\t\t<\/div>\n\t\t<div class=\"elementor-element elementor-element-50e31b3 e-con-full e-flex e-con e-child\" data-id=\"50e31b3\" data-element_type=\"container\" data-e-type=\"container\" data-settings=\"{&quot;background_background&quot;:&quot;classic&quot;,&quot;jet_parallax_layout_list&quot;:[]}\">\n\t\t\t\t<div class=\"elementor-element elementor-element-732f50b elementor-widget elementor-widget-heading\" data-id=\"732f50b\" data-element_type=\"widget\" data-e-type=\"widget\" data-widget_type=\"heading.default\">\n\t\t\t\t\t<h2 class=\"elementor-heading-title elementor-size-default\">30\/06 \u00e0s 14h | Painel Tem\u00e1tico 1 \u2013 Financiamento, investimentos e novos modelos de apoio \u00e0 inova\u00e7\u00e3o<\/h2>\t\t\t\t<\/div>\n\t\t\t\t<\/div>\n\t\t\t\t<\/div>\n\t\t\t\t<\/div>\n\t\t\t\t<\/div>\n\t\t<a href=\"https:\/\/anprotec.org.br\/conferencia2026\/palestrantes\/guilherme-coutinho-calheiros\/\" class=\"jet-engine-listing-overlay-link\"><\/a><\/div><\/div><div class=\"jet-listing-grid__item jet-listing-dynamic-post-881\" data-post-id=\"881\"  ><div class=\"jet-engine-listing-overlay-wrap\" data-url=\"https:\/\/anprotec.org.br\/conferencia2026\/palestrantes\/artur-roberto-de-oliveira-gibbon\/\">\t\t<div data-elementor-type=\"jet-listing-items\" data-elementor-id=\"628\" class=\"elementor elementor-628\" data-elementor-post-type=\"jet-engine\">\n\t\t\t\t<div class=\"elementor-element elementor-element-570e262 e-con-full e-transform e-flex e-con e-parent\" data-id=\"570e262\" data-element_type=\"container\" data-e-type=\"container\" data-settings=\"{&quot;jet_parallax_layout_list&quot;:[],&quot;_transform_scale_effect_hover&quot;:{&quot;unit&quot;:&quot;px&quot;,&quot;size&quot;:1.02,&quot;sizes&quot;:[]},&quot;_transform_scale_effect_hover_tablet&quot;:{&quot;unit&quot;:&quot;px&quot;,&quot;size&quot;:&quot;&quot;,&quot;sizes&quot;:[]},&quot;_transform_scale_effect_hover_mobile&quot;:{&quot;unit&quot;:&quot;px&quot;,&quot;size&quot;:&quot;&quot;,&quot;sizes&quot;:[]}}\">\n\t\t<div class=\"elementor-element elementor-element-113c997 e-con-full e-flex e-con e-child\" data-id=\"113c997\" data-element_type=\"container\" data-e-type=\"container\" data-settings=\"{&quot;background_background&quot;:&quot;classic&quot;,&quot;jet_parallax_layout_list&quot;:[]}\">\n\t\t\t\t<div class=\"elementor-element elementor-element-1da2d17 elementor-widget elementor-widget-image\" data-id=\"1da2d17\" data-element_type=\"widget\" data-e-type=\"widget\" data-widget_type=\"image.default\">\n\t\t\t\t\t\t\t\t\t\t\t\t\t\t\t<img loading=\"lazy\" decoding=\"async\" width=\"600\" height=\"600\" src=\"https:\/\/anprotec.org.br\/conferencia2026\/wp-content\/uploads\/2026\/04\/Artur-Gibbon-coordenador-do-Pacto-pela-Inovacao-e-presidente-do-APL-Maritimo-RS-foto.jpg\" class=\"attachment-full size-full wp-image-882\" alt=\"\" srcset=\"https:\/\/anprotec.org.br\/conferencia2026\/wp-content\/uploads\/2026\/04\/Artur-Gibbon-coordenador-do-Pacto-pela-Inovacao-e-presidente-do-APL-Maritimo-RS-foto.jpg 600w, https:\/\/anprotec.org.br\/conferencia2026\/wp-content\/uploads\/2026\/04\/Artur-Gibbon-coordenador-do-Pacto-pela-Inovacao-e-presidente-do-APL-Maritimo-RS-foto-300x300.jpg 300w, https:\/\/anprotec.org.br\/conferencia2026\/wp-content\/uploads\/2026\/04\/Artur-Gibbon-coordenador-do-Pacto-pela-Inovacao-e-presidente-do-APL-Maritimo-RS-foto-150x150.jpg 150w\" sizes=\"(max-width: 600px) 100vw, 600px\" \/>\t\t\t\t\t\t\t\t\t\t\t\t\t\t\t<\/div>\n\t\t\t\t<\/div>\n\t\t<div class=\"elementor-element elementor-element-65dd94e e-con-full e-flex e-con e-child\" data-id=\"65dd94e\" data-element_type=\"container\" data-e-type=\"container\" data-settings=\"{&quot;background_background&quot;:&quot;classic&quot;,&quot;jet_parallax_layout_list&quot;:[]}\">\n\t\t\t\t<div class=\"elementor-element elementor-element-6060fd9 elementor-widget elementor-widget-heading\" data-id=\"6060fd9\" data-element_type=\"widget\" data-e-type=\"widget\" data-widget_type=\"heading.default\">\n\t\t\t\t\t<h2 class=\"elementor-heading-title elementor-size-default\">Artur Roberto de Oliveira Gibbon<\/h2>\t\t\t\t<\/div>\n\t\t\t\t<div class=\"elementor-element elementor-element-03e8ae0 elementor-widget elementor-widget-heading\" data-id=\"03e8ae0\" data-element_type=\"widget\" data-e-type=\"widget\" data-widget_type=\"heading.default\">\n\t\t\t\t\t<h2 class=\"elementor-heading-title elementor-size-default\">Diretor de Ambientes de Inova\u00e7\u00e3o - Anprotec <\/h2>\t\t\t\t<\/div>\n\t\t<div class=\"elementor-element elementor-element-50e31b3 e-con-full e-flex e-con e-child\" data-id=\"50e31b3\" data-element_type=\"container\" data-e-type=\"container\" data-settings=\"{&quot;background_background&quot;:&quot;classic&quot;,&quot;jet_parallax_layout_list&quot;:[]}\">\n\t\t\t\t<div class=\"elementor-element elementor-element-732f50b elementor-widget elementor-widget-heading\" data-id=\"732f50b\" data-element_type=\"widget\" data-e-type=\"widget\" data-widget_type=\"heading.default\">\n\t\t\t\t\t<h2 class=\"elementor-heading-title elementor-size-default\">01\/07 \u00e0s 14h | Painel Tem\u00e1tico 5: Consolidando ecossistemas para o desenvolvimento regional <\/h2>\t\t\t\t<\/div>\n\t\t\t\t<\/div>\n\t\t\t\t<\/div>\n\t\t\t\t<\/div>\n\t\t\t\t<\/div>\n\t\t<a href=\"https:\/\/anprotec.org.br\/conferencia2026\/palestrantes\/artur-roberto-de-oliveira-gibbon\/\" class=\"jet-engine-listing-overlay-link\"><\/a><\/div><\/div><div class=\"jet-listing-grid__item jet-listing-dynamic-post-879\" data-post-id=\"879\"  ><div class=\"jet-engine-listing-overlay-wrap\" data-url=\"https:\/\/anprotec.org.br\/conferencia2026\/palestrantes\/luis-gustavo-peles\/\">\t\t<div data-elementor-type=\"jet-listing-items\" data-elementor-id=\"628\" class=\"elementor elementor-628\" data-elementor-post-type=\"jet-engine\">\n\t\t\t\t<div class=\"elementor-element elementor-element-570e262 e-con-full e-transform e-flex e-con e-parent\" data-id=\"570e262\" data-element_type=\"container\" data-e-type=\"container\" data-settings=\"{&quot;jet_parallax_layout_list&quot;:[],&quot;_transform_scale_effect_hover&quot;:{&quot;unit&quot;:&quot;px&quot;,&quot;size&quot;:1.02,&quot;sizes&quot;:[]},&quot;_transform_scale_effect_hover_tablet&quot;:{&quot;unit&quot;:&quot;px&quot;,&quot;size&quot;:&quot;&quot;,&quot;sizes&quot;:[]},&quot;_transform_scale_effect_hover_mobile&quot;:{&quot;unit&quot;:&quot;px&quot;,&quot;size&quot;:&quot;&quot;,&quot;sizes&quot;:[]}}\">\n\t\t<div class=\"elementor-element elementor-element-113c997 e-con-full e-flex e-con e-child\" data-id=\"113c997\" data-element_type=\"container\" data-e-type=\"container\" data-settings=\"{&quot;background_background&quot;:&quot;classic&quot;,&quot;jet_parallax_layout_list&quot;:[]}\">\n\t\t\t\t<div class=\"elementor-element elementor-element-1da2d17 elementor-widget elementor-widget-image\" data-id=\"1da2d17\" data-element_type=\"widget\" data-e-type=\"widget\" data-widget_type=\"image.default\">\n\t\t\t\t\t\t\t\t\t\t\t\t\t\t\t<img loading=\"lazy\" decoding=\"async\" width=\"800\" height=\"800\" src=\"https:\/\/anprotec.org.br\/conferencia2026\/wp-content\/uploads\/2026\/04\/Copia-de-1757987007377.jpg\" class=\"attachment-full size-full wp-image-880\" alt=\"\" srcset=\"https:\/\/anprotec.org.br\/conferencia2026\/wp-content\/uploads\/2026\/04\/Copia-de-1757987007377.jpg 800w, https:\/\/anprotec.org.br\/conferencia2026\/wp-content\/uploads\/2026\/04\/Copia-de-1757987007377-300x300.jpg 300w, https:\/\/anprotec.org.br\/conferencia2026\/wp-content\/uploads\/2026\/04\/Copia-de-1757987007377-150x150.jpg 150w, https:\/\/anprotec.org.br\/conferencia2026\/wp-content\/uploads\/2026\/04\/Copia-de-1757987007377-768x768.jpg 768w\" sizes=\"(max-width: 800px) 100vw, 800px\" \/>\t\t\t\t\t\t\t\t\t\t\t\t\t\t\t<\/div>\n\t\t\t\t<\/div>\n\t\t<div class=\"elementor-element elementor-element-65dd94e e-con-full e-flex e-con e-child\" data-id=\"65dd94e\" data-element_type=\"container\" data-e-type=\"container\" data-settings=\"{&quot;background_background&quot;:&quot;classic&quot;,&quot;jet_parallax_layout_list&quot;:[]}\">\n\t\t\t\t<div class=\"elementor-element elementor-element-6060fd9 elementor-widget elementor-widget-heading\" data-id=\"6060fd9\" data-element_type=\"widget\" data-e-type=\"widget\" data-widget_type=\"heading.default\">\n\t\t\t\t\t<h2 class=\"elementor-heading-title elementor-size-default\">Luis Gustavo Peles<\/h2>\t\t\t\t<\/div>\n\t\t\t\t<div class=\"elementor-element elementor-element-03e8ae0 elementor-widget elementor-widget-heading\" data-id=\"03e8ae0\" data-element_type=\"widget\" data-e-type=\"widget\" data-widget_type=\"heading.default\">\n\t\t\t\t\t<h2 class=\"elementor-heading-title elementor-size-default\">Gestor de Projetos e Opera\u00e7\u00f5es na Anprotec<\/h2>\t\t\t\t<\/div>\n\t\t<div class=\"elementor-element elementor-element-50e31b3 e-con-full e-flex e-con e-child\" data-id=\"50e31b3\" data-element_type=\"container\" data-e-type=\"container\" data-settings=\"{&quot;background_background&quot;:&quot;classic&quot;,&quot;jet_parallax_layout_list&quot;:[]}\">\n\t\t\t\t<div class=\"elementor-element elementor-element-732f50b elementor-widget elementor-widget-heading\" data-id=\"732f50b\" data-element_type=\"widget\" data-e-type=\"widget\" data-widget_type=\"heading.default\">\n\t\t\t\t\t<h2 class=\"elementor-heading-title elementor-size-default\">01\/07 \u00e0s 08h30 | Painel Tem\u00e1tico 4 - CERNE como Estrat\u00e9gia: Qualidade, Maturidade e Acesso a Recursos nos Ambientes de Inova\u00e7\u00e3o <\/h2>\t\t\t\t<\/div>\n\t\t\t\t<\/div>\n\t\t\t\t<\/div>\n\t\t\t\t<\/div>\n\t\t\t\t<\/div>\n\t\t<a href=\"https:\/\/anprotec.org.br\/conferencia2026\/palestrantes\/luis-gustavo-peles\/\" class=\"jet-engine-listing-overlay-link\"><\/a><\/div><\/div><div class=\"jet-listing-grid__item jet-listing-dynamic-post-877\" data-post-id=\"877\"  ><div class=\"jet-engine-listing-overlay-wrap\" data-url=\"https:\/\/anprotec.org.br\/conferencia2026\/palestrantes\/tony-chierighini\/\">\t\t<div data-elementor-type=\"jet-listing-items\" data-elementor-id=\"628\" class=\"elementor elementor-628\" data-elementor-post-type=\"jet-engine\">\n\t\t\t\t<div class=\"elementor-element elementor-element-570e262 e-con-full e-transform e-flex e-con e-parent\" data-id=\"570e262\" data-element_type=\"container\" data-e-type=\"container\" data-settings=\"{&quot;jet_parallax_layout_list&quot;:[],&quot;_transform_scale_effect_hover&quot;:{&quot;unit&quot;:&quot;px&quot;,&quot;size&quot;:1.02,&quot;sizes&quot;:[]},&quot;_transform_scale_effect_hover_tablet&quot;:{&quot;unit&quot;:&quot;px&quot;,&quot;size&quot;:&quot;&quot;,&quot;sizes&quot;:[]},&quot;_transform_scale_effect_hover_mobile&quot;:{&quot;unit&quot;:&quot;px&quot;,&quot;size&quot;:&quot;&quot;,&quot;sizes&quot;:[]}}\">\n\t\t<div class=\"elementor-element elementor-element-113c997 e-con-full e-flex e-con e-child\" data-id=\"113c997\" data-element_type=\"container\" data-e-type=\"container\" data-settings=\"{&quot;background_background&quot;:&quot;classic&quot;,&quot;jet_parallax_layout_list&quot;:[]}\">\n\t\t\t\t<div class=\"elementor-element elementor-element-1da2d17 elementor-widget elementor-widget-image\" data-id=\"1da2d17\" data-element_type=\"widget\" data-e-type=\"widget\" data-widget_type=\"image.default\">\n\t\t\t\t\t\t\t\t\t\t\t\t\t\t\t<img loading=\"lazy\" decoding=\"async\" width=\"220\" height=\"241\" src=\"https:\/\/anprotec.org.br\/conferencia2026\/wp-content\/uploads\/2026\/04\/Tony-Chierighini-2.jpg.jpg\" class=\"attachment-full size-full wp-image-878\" alt=\"\" \/>\t\t\t\t\t\t\t\t\t\t\t\t\t\t\t<\/div>\n\t\t\t\t<\/div>\n\t\t<div class=\"elementor-element elementor-element-65dd94e e-con-full e-flex e-con e-child\" data-id=\"65dd94e\" data-element_type=\"container\" data-e-type=\"container\" data-settings=\"{&quot;background_background&quot;:&quot;classic&quot;,&quot;jet_parallax_layout_list&quot;:[]}\">\n\t\t\t\t<div class=\"elementor-element elementor-element-6060fd9 elementor-widget elementor-widget-heading\" data-id=\"6060fd9\" data-element_type=\"widget\" data-e-type=\"widget\" data-widget_type=\"heading.default\">\n\t\t\t\t\t<h2 class=\"elementor-heading-title elementor-size-default\">Tony Chierighini<\/h2>\t\t\t\t<\/div>\n\t\t\t\t<div class=\"elementor-element elementor-element-03e8ae0 elementor-widget elementor-widget-heading\" data-id=\"03e8ae0\" data-element_type=\"widget\" data-e-type=\"widget\" data-widget_type=\"heading.default\">\n\t\t\t\t\t<h2 class=\"elementor-heading-title elementor-size-default\">Vice-presidente da Anprotec.<\/h2>\t\t\t\t<\/div>\n\t\t<div class=\"elementor-element elementor-element-50e31b3 e-con-full e-flex e-con e-child\" data-id=\"50e31b3\" data-element_type=\"container\" data-e-type=\"container\" data-settings=\"{&quot;background_background&quot;:&quot;classic&quot;,&quot;jet_parallax_layout_list&quot;:[]}\">\n\t\t\t\t<div class=\"elementor-element elementor-element-732f50b elementor-widget elementor-widget-heading\" data-id=\"732f50b\" data-element_type=\"widget\" data-e-type=\"widget\" data-widget_type=\"heading.default\">\n\t\t\t\t\t<h2 class=\"elementor-heading-title elementor-size-default\">01\/07 \u00e0s 08h30 |  Painel Tem\u00e1tico 4 - CERNE como Estrat\u00e9gia: Qualidade, Maturidade e Acesso a Recursos nos Ambientes de Inova\u00e7\u00e3o <\/h2>\t\t\t\t<\/div>\n\t\t\t\t<\/div>\n\t\t\t\t<\/div>\n\t\t\t\t<\/div>\n\t\t\t\t<\/div>\n\t\t<a href=\"https:\/\/anprotec.org.br\/conferencia2026\/palestrantes\/tony-chierighini\/\" class=\"jet-engine-listing-overlay-link\"><\/a><\/div><\/div><div class=\"jet-listing-grid__item jet-listing-dynamic-post-661\" data-post-id=\"661\"  ><div class=\"jet-engine-listing-overlay-wrap\" data-url=\"https:\/\/anprotec.org.br\/conferencia2026\/palestrantes\/rodrigo-romao\/\">\t\t<div data-elementor-type=\"jet-listing-items\" data-elementor-id=\"628\" class=\"elementor elementor-628\" data-elementor-post-type=\"jet-engine\">\n\t\t\t\t<div class=\"elementor-element elementor-element-570e262 e-con-full e-transform e-flex e-con e-parent\" data-id=\"570e262\" data-element_type=\"container\" data-e-type=\"container\" data-settings=\"{&quot;jet_parallax_layout_list&quot;:[],&quot;_transform_scale_effect_hover&quot;:{&quot;unit&quot;:&quot;px&quot;,&quot;size&quot;:1.02,&quot;sizes&quot;:[]},&quot;_transform_scale_effect_hover_tablet&quot;:{&quot;unit&quot;:&quot;px&quot;,&quot;size&quot;:&quot;&quot;,&quot;sizes&quot;:[]},&quot;_transform_scale_effect_hover_mobile&quot;:{&quot;unit&quot;:&quot;px&quot;,&quot;size&quot;:&quot;&quot;,&quot;sizes&quot;:[]}}\">\n\t\t<div class=\"elementor-element elementor-element-113c997 e-con-full e-flex e-con e-child\" data-id=\"113c997\" data-element_type=\"container\" data-e-type=\"container\" data-settings=\"{&quot;background_background&quot;:&quot;classic&quot;,&quot;jet_parallax_layout_list&quot;:[]}\">\n\t\t\t\t<div class=\"elementor-element elementor-element-1da2d17 elementor-widget elementor-widget-image\" data-id=\"1da2d17\" data-element_type=\"widget\" data-e-type=\"widget\" data-widget_type=\"image.default\">\n\t\t\t\t\t\t\t\t\t\t\t\t\t\t\t<img loading=\"lazy\" decoding=\"async\" width=\"1707\" height=\"2560\" src=\"https:\/\/anprotec.org.br\/conferencia2026\/wp-content\/uploads\/2026\/04\/Rodrigo-Institucional-3-scaled.jpg\" class=\"attachment-full size-full wp-image-656\" alt=\"\" srcset=\"https:\/\/anprotec.org.br\/conferencia2026\/wp-content\/uploads\/2026\/04\/Rodrigo-Institucional-3-scaled.jpg 1707w, https:\/\/anprotec.org.br\/conferencia2026\/wp-content\/uploads\/2026\/04\/Rodrigo-Institucional-3-200x300.jpg 200w, https:\/\/anprotec.org.br\/conferencia2026\/wp-content\/uploads\/2026\/04\/Rodrigo-Institucional-3-683x1024.jpg 683w, https:\/\/anprotec.org.br\/conferencia2026\/wp-content\/uploads\/2026\/04\/Rodrigo-Institucional-3-768x1152.jpg 768w, https:\/\/anprotec.org.br\/conferencia2026\/wp-content\/uploads\/2026\/04\/Rodrigo-Institucional-3-1024x1536.jpg 1024w, https:\/\/anprotec.org.br\/conferencia2026\/wp-content\/uploads\/2026\/04\/Rodrigo-Institucional-3-1366x2048.jpg 1366w\" sizes=\"(max-width: 1707px) 100vw, 1707px\" \/>\t\t\t\t\t\t\t\t\t\t\t\t\t\t\t<\/div>\n\t\t\t\t<\/div>\n\t\t<div class=\"elementor-element elementor-element-65dd94e e-con-full e-flex e-con e-child\" data-id=\"65dd94e\" data-element_type=\"container\" data-e-type=\"container\" data-settings=\"{&quot;background_background&quot;:&quot;classic&quot;,&quot;jet_parallax_layout_list&quot;:[]}\">\n\t\t\t\t<div class=\"elementor-element elementor-element-6060fd9 elementor-widget elementor-widget-heading\" data-id=\"6060fd9\" data-element_type=\"widget\" data-e-type=\"widget\" data-widget_type=\"heading.default\">\n\t\t\t\t\t<h2 class=\"elementor-heading-title elementor-size-default\">Rodrigo Rom\u00e3o<\/h2>\t\t\t\t<\/div>\n\t\t\t\t<div class=\"elementor-element elementor-element-03e8ae0 elementor-widget elementor-widget-heading\" data-id=\"03e8ae0\" data-element_type=\"widget\" data-e-type=\"widget\" data-widget_type=\"heading.default\">\n\t\t\t\t\t<h2 class=\"elementor-heading-title elementor-size-default\">Diretor \u2013 Metr\u00f3pole Parque \/ Smart Metr\u00f3polis iHub FIWARE \u2013 UFRN<\/h2>\t\t\t\t<\/div>\n\t\t<div class=\"elementor-element elementor-element-50e31b3 e-con-full e-flex e-con e-child\" data-id=\"50e31b3\" data-element_type=\"container\" data-e-type=\"container\" data-settings=\"{&quot;background_background&quot;:&quot;classic&quot;,&quot;jet_parallax_layout_list&quot;:[]}\">\n\t\t\t\t<div class=\"elementor-element elementor-element-732f50b elementor-widget elementor-widget-heading\" data-id=\"732f50b\" data-element_type=\"widget\" data-e-type=\"widget\" data-widget_type=\"heading.default\">\n\t\t\t\t\t<h2 class=\"elementor-heading-title elementor-size-default\">01\/07 | 14h \u00e0s 16h \u2013 Painel Tem\u00e1tico 5 \u2013 Consolidando ecossistemas para o desenvolvimento regional<\/h2>\t\t\t\t<\/div>\n\t\t\t\t<\/div>\n\t\t\t\t<\/div>\n\t\t\t\t<\/div>\n\t\t\t\t<\/div>\n\t\t<a href=\"https:\/\/anprotec.org.br\/conferencia2026\/palestrantes\/rodrigo-romao\/\" class=\"jet-engine-listing-overlay-link\"><\/a><\/div><\/div><div class=\"jet-listing-grid__item jet-listing-dynamic-post-660\" data-post-id=\"660\"  ><div class=\"jet-engine-listing-overlay-wrap\" data-url=\"https:\/\/anprotec.org.br\/conferencia2026\/palestrantes\/mauricio-guedes\/\">\t\t<div data-elementor-type=\"jet-listing-items\" data-elementor-id=\"628\" class=\"elementor elementor-628\" data-elementor-post-type=\"jet-engine\">\n\t\t\t\t<div class=\"elementor-element elementor-element-570e262 e-con-full e-transform e-flex e-con e-parent\" data-id=\"570e262\" data-element_type=\"container\" data-e-type=\"container\" data-settings=\"{&quot;jet_parallax_layout_list&quot;:[],&quot;_transform_scale_effect_hover&quot;:{&quot;unit&quot;:&quot;px&quot;,&quot;size&quot;:1.02,&quot;sizes&quot;:[]},&quot;_transform_scale_effect_hover_tablet&quot;:{&quot;unit&quot;:&quot;px&quot;,&quot;size&quot;:&quot;&quot;,&quot;sizes&quot;:[]},&quot;_transform_scale_effect_hover_mobile&quot;:{&quot;unit&quot;:&quot;px&quot;,&quot;size&quot;:&quot;&quot;,&quot;sizes&quot;:[]}}\">\n\t\t<div class=\"elementor-element elementor-element-113c997 e-con-full e-flex e-con e-child\" data-id=\"113c997\" data-element_type=\"container\" data-e-type=\"container\" data-settings=\"{&quot;background_background&quot;:&quot;classic&quot;,&quot;jet_parallax_layout_list&quot;:[]}\">\n\t\t\t\t<div class=\"elementor-element elementor-element-1da2d17 elementor-widget elementor-widget-image\" data-id=\"1da2d17\" data-element_type=\"widget\" data-e-type=\"widget\" data-widget_type=\"image.default\">\n\t\t\t\t\t\t\t\t\t\t\t\t\t\t\t<img loading=\"lazy\" decoding=\"async\" width=\"2077\" height=\"2560\" src=\"https:\/\/anprotec.org.br\/conferencia2026\/wp-content\/uploads\/2026\/04\/foto-MG-scaled.jpeg\" class=\"attachment-full size-full wp-image-646\" alt=\"\" srcset=\"https:\/\/anprotec.org.br\/conferencia2026\/wp-content\/uploads\/2026\/04\/foto-MG-scaled.jpeg 2077w, https:\/\/anprotec.org.br\/conferencia2026\/wp-content\/uploads\/2026\/04\/foto-MG-243x300.jpeg 243w, https:\/\/anprotec.org.br\/conferencia2026\/wp-content\/uploads\/2026\/04\/foto-MG-831x1024.jpeg 831w, https:\/\/anprotec.org.br\/conferencia2026\/wp-content\/uploads\/2026\/04\/foto-MG-768x946.jpeg 768w, https:\/\/anprotec.org.br\/conferencia2026\/wp-content\/uploads\/2026\/04\/foto-MG-1246x1536.jpeg 1246w, https:\/\/anprotec.org.br\/conferencia2026\/wp-content\/uploads\/2026\/04\/foto-MG-1662x2048.jpeg 1662w\" sizes=\"(max-width: 2077px) 100vw, 2077px\" \/>\t\t\t\t\t\t\t\t\t\t\t\t\t\t\t<\/div>\n\t\t\t\t<\/div>\n\t\t<div class=\"elementor-element elementor-element-65dd94e e-con-full e-flex e-con e-child\" data-id=\"65dd94e\" data-element_type=\"container\" data-e-type=\"container\" data-settings=\"{&quot;background_background&quot;:&quot;classic&quot;,&quot;jet_parallax_layout_list&quot;:[]}\">\n\t\t\t\t<div class=\"elementor-element elementor-element-6060fd9 elementor-widget elementor-widget-heading\" data-id=\"6060fd9\" data-element_type=\"widget\" data-e-type=\"widget\" data-widget_type=\"heading.default\">\n\t\t\t\t\t<h2 class=\"elementor-heading-title elementor-size-default\">Mauricio Guedes<\/h2>\t\t\t\t<\/div>\n\t\t\t\t<div class=\"elementor-element elementor-element-03e8ae0 elementor-widget elementor-widget-heading\" data-id=\"03e8ae0\" data-element_type=\"widget\" data-e-type=\"widget\" data-widget_type=\"heading.default\">\n\t\t\t\t\t<h2 class=\"elementor-heading-title elementor-size-default\">Superintendente de Inova\u00e7\u00e3o e Sustentabilidade \u2013 Secretaria de Desenvolvimento Econ\u00f4mico do RJ<\/h2>\t\t\t\t<\/div>\n\t\t<div class=\"elementor-element elementor-element-50e31b3 e-con-full e-flex e-con e-child\" data-id=\"50e31b3\" data-element_type=\"container\" data-e-type=\"container\" data-settings=\"{&quot;background_background&quot;:&quot;classic&quot;,&quot;jet_parallax_layout_list&quot;:[]}\">\n\t\t\t\t<div class=\"elementor-element elementor-element-732f50b elementor-widget elementor-widget-heading\" data-id=\"732f50b\" data-element_type=\"widget\" data-e-type=\"widget\" data-widget_type=\"heading.default\">\n\t\t\t\t\t<h2 class=\"elementor-heading-title elementor-size-default\">30\/06 | 14h \u00e0s 16h \u2013 Painel Tem\u00e1tico 1 \u2013 Financiamento, investimentos e novos modelos de apoio \u00e0 inova\u00e7\u00e3o<\/h2>\t\t\t\t<\/div>\n\t\t\t\t<\/div>\n\t\t\t\t<\/div>\n\t\t\t\t<\/div>\n\t\t\t\t<\/div>\n\t\t<a href=\"https:\/\/anprotec.org.br\/conferencia2026\/palestrantes\/mauricio-guedes\/\" class=\"jet-engine-listing-overlay-link\"><\/a><\/div><\/div><div class=\"jet-listing-grid__item jet-listing-dynamic-post-659\" data-post-id=\"659\"  ><div class=\"jet-engine-listing-overlay-wrap\" data-url=\"https:\/\/anprotec.org.br\/conferencia2026\/palestrantes\/karine-guilbault\/\">\t\t<div data-elementor-type=\"jet-listing-items\" data-elementor-id=\"628\" class=\"elementor elementor-628\" data-elementor-post-type=\"jet-engine\">\n\t\t\t\t<div class=\"elementor-element elementor-element-570e262 e-con-full e-transform e-flex e-con e-parent\" data-id=\"570e262\" data-element_type=\"container\" data-e-type=\"container\" data-settings=\"{&quot;jet_parallax_layout_list&quot;:[],&quot;_transform_scale_effect_hover&quot;:{&quot;unit&quot;:&quot;px&quot;,&quot;size&quot;:1.02,&quot;sizes&quot;:[]},&quot;_transform_scale_effect_hover_tablet&quot;:{&quot;unit&quot;:&quot;px&quot;,&quot;size&quot;:&quot;&quot;,&quot;sizes&quot;:[]},&quot;_transform_scale_effect_hover_mobile&quot;:{&quot;unit&quot;:&quot;px&quot;,&quot;size&quot;:&quot;&quot;,&quot;sizes&quot;:[]}}\">\n\t\t<div class=\"elementor-element elementor-element-113c997 e-con-full e-flex e-con e-child\" data-id=\"113c997\" data-element_type=\"container\" data-e-type=\"container\" data-settings=\"{&quot;background_background&quot;:&quot;classic&quot;,&quot;jet_parallax_layout_list&quot;:[]}\">\n\t\t\t\t<div class=\"elementor-element elementor-element-6c9b55b elementor-absolute jedv-enabled--yes elementor-widget elementor-widget-jet-button\" data-id=\"6c9b55b\" data-element_type=\"widget\" data-e-type=\"widget\" data-settings=\"{&quot;_position&quot;:&quot;absolute&quot;}\" data-widget_type=\"jet-button.default\">\n\t\t\t\t<div class=\"elementor-widget-container\">\n\t\t\t\t\t<div class=\"elementor-jet-button jet-elements\"><div class=\"jet-button__container\">\n\t<a class=\"jet-button__instance jet-button__instance--icon-left hover-effect-0\" href=\"#\">\n\t\t<div class=\"jet-button__plane jet-button__plane-normal\"><\/div>\n\t\t<div class=\"jet-button__plane jet-button__plane-hover\"><\/div>\n\t\t<div class=\"jet-button__state jet-button__state-normal\">\n\t\t\t<span class=\"jet-button__label\">INTERNACIONAL<\/span>\t\t<\/div>\n\t\t<div class=\"jet-button__state jet-button__state-hover\">\n\t\t\t<span class=\"jet-button__label\">INTERNACIONAL<\/span>\t\t<\/div>\n\t<\/a>\n<\/div>\n<\/div>\t\t\t\t<\/div>\n\t\t\t\t<\/div>\n\t\t\t\t<div class=\"elementor-element elementor-element-1da2d17 elementor-widget elementor-widget-image\" data-id=\"1da2d17\" data-element_type=\"widget\" data-e-type=\"widget\" data-widget_type=\"image.default\">\n\t\t\t\t\t\t\t\t\t\t\t\t\t\t\t<img loading=\"lazy\" decoding=\"async\" width=\"5504\" height=\"8256\" src=\"https:\/\/anprotec.org.br\/conferencia2026\/wp-content\/uploads\/2026\/04\/PRP_8341.jpg\" class=\"attachment-full size-full wp-image-655\" alt=\"\" srcset=\"https:\/\/anprotec.org.br\/conferencia2026\/wp-content\/uploads\/2026\/04\/PRP_8341.jpg 5504w, https:\/\/anprotec.org.br\/conferencia2026\/wp-content\/uploads\/2026\/04\/PRP_8341-200x300.jpg 200w, https:\/\/anprotec.org.br\/conferencia2026\/wp-content\/uploads\/2026\/04\/PRP_8341-683x1024.jpg 683w, https:\/\/anprotec.org.br\/conferencia2026\/wp-content\/uploads\/2026\/04\/PRP_8341-768x1152.jpg 768w, https:\/\/anprotec.org.br\/conferencia2026\/wp-content\/uploads\/2026\/04\/PRP_8341-1024x1536.jpg 1024w\" sizes=\"(max-width: 5504px) 100vw, 5504px\" \/>\t\t\t\t\t\t\t\t\t\t\t\t\t\t\t<\/div>\n\t\t\t\t<\/div>\n\t\t<div class=\"elementor-element elementor-element-65dd94e e-con-full e-flex e-con e-child\" data-id=\"65dd94e\" data-element_type=\"container\" data-e-type=\"container\" data-settings=\"{&quot;background_background&quot;:&quot;classic&quot;,&quot;jet_parallax_layout_list&quot;:[]}\">\n\t\t\t\t<div class=\"elementor-element elementor-element-6060fd9 elementor-widget elementor-widget-heading\" data-id=\"6060fd9\" data-element_type=\"widget\" data-e-type=\"widget\" data-widget_type=\"heading.default\">\n\t\t\t\t\t<h2 class=\"elementor-heading-title elementor-size-default\">Karine Guilbault<\/h2>\t\t\t\t<\/div>\n\t\t\t\t<div class=\"elementor-element elementor-element-03e8ae0 elementor-widget elementor-widget-heading\" data-id=\"03e8ae0\" data-element_type=\"widget\" data-e-type=\"widget\" data-widget_type=\"heading.default\">\n\t\t\t\t\t<h2 class=\"elementor-heading-title elementor-size-default\">Diretora Geral \u2013 Saint-Hyacinthe Technopole, Canad\u00e1<\/h2>\t\t\t\t<\/div>\n\t\t<div class=\"elementor-element elementor-element-50e31b3 e-con-full e-flex e-con e-child\" data-id=\"50e31b3\" data-element_type=\"container\" data-e-type=\"container\" data-settings=\"{&quot;background_background&quot;:&quot;classic&quot;,&quot;jet_parallax_layout_list&quot;:[]}\">\n\t\t\t\t<div class=\"elementor-element elementor-element-732f50b elementor-widget elementor-widget-heading\" data-id=\"732f50b\" data-element_type=\"widget\" data-e-type=\"widget\" data-widget_type=\"heading.default\">\n\t\t\t\t\t<h2 class=\"elementor-heading-title elementor-size-default\">01\/07 | 14h \u00e0s 16h \u2013 Painel Tem\u00e1tico 5 \u2013 Consolidando ecossistemas para o desenvolvimento regional<\/h2>\t\t\t\t<\/div>\n\t\t\t\t<\/div>\n\t\t\t\t<\/div>\n\t\t\t\t<\/div>\n\t\t\t\t<\/div>\n\t\t<a href=\"https:\/\/anprotec.org.br\/conferencia2026\/palestrantes\/karine-guilbault\/\" class=\"jet-engine-listing-overlay-link\"><\/a><\/div><\/div><div class=\"jet-listing-grid__item jet-listing-dynamic-post-658\" data-post-id=\"658\"  ><div class=\"jet-engine-listing-overlay-wrap\" data-url=\"https:\/\/anprotec.org.br\/conferencia2026\/palestrantes\/fredson-andrade-da-encarnacao\/\">\t\t<div data-elementor-type=\"jet-listing-items\" data-elementor-id=\"628\" class=\"elementor elementor-628\" data-elementor-post-type=\"jet-engine\">\n\t\t\t\t<div class=\"elementor-element elementor-element-570e262 e-con-full e-transform e-flex e-con e-parent\" data-id=\"570e262\" data-element_type=\"container\" data-e-type=\"container\" data-settings=\"{&quot;jet_parallax_layout_list&quot;:[],&quot;_transform_scale_effect_hover&quot;:{&quot;unit&quot;:&quot;px&quot;,&quot;size&quot;:1.02,&quot;sizes&quot;:[]},&quot;_transform_scale_effect_hover_tablet&quot;:{&quot;unit&quot;:&quot;px&quot;,&quot;size&quot;:&quot;&quot;,&quot;sizes&quot;:[]},&quot;_transform_scale_effect_hover_mobile&quot;:{&quot;unit&quot;:&quot;px&quot;,&quot;size&quot;:&quot;&quot;,&quot;sizes&quot;:[]}}\">\n\t\t<div class=\"elementor-element elementor-element-113c997 e-con-full e-flex e-con e-child\" data-id=\"113c997\" data-element_type=\"container\" data-e-type=\"container\" data-settings=\"{&quot;background_background&quot;:&quot;classic&quot;,&quot;jet_parallax_layout_list&quot;:[]}\">\n\t\t\t\t<div class=\"elementor-element elementor-element-1da2d17 elementor-widget elementor-widget-image\" data-id=\"1da2d17\" data-element_type=\"widget\" data-e-type=\"widget\" data-widget_type=\"image.default\">\n\t\t\t\t\t\t\t\t\t\t\t\t\t\t\t<img loading=\"lazy\" decoding=\"async\" width=\"1653\" height=\"2560\" src=\"https:\/\/anprotec.org.br\/conferencia2026\/wp-content\/uploads\/2026\/04\/Fredson-scaled.jpeg\" class=\"attachment-full size-full wp-image-649\" alt=\"\" srcset=\"https:\/\/anprotec.org.br\/conferencia2026\/wp-content\/uploads\/2026\/04\/Fredson-scaled.jpeg 1653w, https:\/\/anprotec.org.br\/conferencia2026\/wp-content\/uploads\/2026\/04\/Fredson-194x300.jpeg 194w, https:\/\/anprotec.org.br\/conferencia2026\/wp-content\/uploads\/2026\/04\/Fredson-661x1024.jpeg 661w, https:\/\/anprotec.org.br\/conferencia2026\/wp-content\/uploads\/2026\/04\/Fredson-768x1190.jpeg 768w, https:\/\/anprotec.org.br\/conferencia2026\/wp-content\/uploads\/2026\/04\/Fredson-992x1536.jpeg 992w, https:\/\/anprotec.org.br\/conferencia2026\/wp-content\/uploads\/2026\/04\/Fredson-1322x2048.jpeg 1322w\" sizes=\"(max-width: 1653px) 100vw, 1653px\" \/>\t\t\t\t\t\t\t\t\t\t\t\t\t\t\t<\/div>\n\t\t\t\t<\/div>\n\t\t<div class=\"elementor-element elementor-element-65dd94e e-con-full e-flex e-con e-child\" data-id=\"65dd94e\" data-element_type=\"container\" data-e-type=\"container\" data-settings=\"{&quot;background_background&quot;:&quot;classic&quot;,&quot;jet_parallax_layout_list&quot;:[]}\">\n\t\t\t\t<div class=\"elementor-element elementor-element-6060fd9 elementor-widget elementor-widget-heading\" data-id=\"6060fd9\" data-element_type=\"widget\" data-e-type=\"widget\" data-widget_type=\"heading.default\">\n\t\t\t\t\t<h2 class=\"elementor-heading-title elementor-size-default\">Fredson Andrade da Encarna\u00e7\u00e3o<\/h2>\t\t\t\t<\/div>\n\t\t\t\t<div class=\"elementor-element elementor-element-03e8ae0 elementor-widget elementor-widget-heading\" data-id=\"03e8ae0\" data-element_type=\"widget\" data-e-type=\"widget\" data-widget_type=\"heading.default\">\n\t\t\t\t\t<h2 class=\"elementor-heading-title elementor-size-default\">Diretor de Inova\u00e7\u00e3o \u2013 Instituto FabriQ de PD&amp;I \/ S\u00f3cio FabriQ Ventures<\/h2>\t\t\t\t<\/div>\n\t\t<div class=\"elementor-element elementor-element-50e31b3 e-con-full e-flex e-con e-child\" data-id=\"50e31b3\" data-element_type=\"container\" data-e-type=\"container\" data-settings=\"{&quot;background_background&quot;:&quot;classic&quot;,&quot;jet_parallax_layout_list&quot;:[]}\">\n\t\t\t\t<div class=\"elementor-element elementor-element-732f50b elementor-widget elementor-widget-heading\" data-id=\"732f50b\" data-element_type=\"widget\" data-e-type=\"widget\" data-widget_type=\"heading.default\">\n\t\t\t\t\t<h2 class=\"elementor-heading-title elementor-size-default\">30\/06 | 14h \u00e0s 16h \u2013 Painel Tem\u00e1tico 1 \u2013 Financiamento, investimentos e novos modelos de apoio \u00e0 inova\u00e7\u00e3o<\/h2>\t\t\t\t<\/div>\n\t\t\t\t<\/div>\n\t\t\t\t<\/div>\n\t\t\t\t<\/div>\n\t\t\t\t<\/div>\n\t\t<a href=\"https:\/\/anprotec.org.br\/conferencia2026\/palestrantes\/fredson-andrade-da-encarnacao\/\" class=\"jet-engine-listing-overlay-link\"><\/a><\/div><\/div><div class=\"jet-listing-grid__item jet-listing-dynamic-post-657\" data-post-id=\"657\"  ><div class=\"jet-engine-listing-overlay-wrap\" data-url=\"https:\/\/anprotec.org.br\/conferencia2026\/palestrantes\/demetrius-silva\/\">\t\t<div data-elementor-type=\"jet-listing-items\" data-elementor-id=\"628\" class=\"elementor elementor-628\" data-elementor-post-type=\"jet-engine\">\n\t\t\t\t<div class=\"elementor-element elementor-element-570e262 e-con-full e-transform e-flex e-con e-parent\" data-id=\"570e262\" data-element_type=\"container\" data-e-type=\"container\" data-settings=\"{&quot;jet_parallax_layout_list&quot;:[],&quot;_transform_scale_effect_hover&quot;:{&quot;unit&quot;:&quot;px&quot;,&quot;size&quot;:1.02,&quot;sizes&quot;:[]},&quot;_transform_scale_effect_hover_tablet&quot;:{&quot;unit&quot;:&quot;px&quot;,&quot;size&quot;:&quot;&quot;,&quot;sizes&quot;:[]},&quot;_transform_scale_effect_hover_mobile&quot;:{&quot;unit&quot;:&quot;px&quot;,&quot;size&quot;:&quot;&quot;,&quot;sizes&quot;:[]}}\">\n\t\t<div class=\"elementor-element elementor-element-113c997 e-con-full e-flex e-con e-child\" data-id=\"113c997\" data-element_type=\"container\" data-e-type=\"container\" data-settings=\"{&quot;background_background&quot;:&quot;classic&quot;,&quot;jet_parallax_layout_list&quot;:[]}\">\n\t\t\t\t<div class=\"elementor-element elementor-element-1da2d17 elementor-widget elementor-widget-image\" data-id=\"1da2d17\" data-element_type=\"widget\" data-e-type=\"widget\" data-widget_type=\"image.default\">\n\t\t\t\t\t\t\t\t\t\t\t\t\t\t\t<img loading=\"lazy\" decoding=\"async\" width=\"682\" height=\"1024\" src=\"https:\/\/anprotec.org.br\/conferencia2026\/wp-content\/uploads\/2026\/04\/Administracao-Superior-2019-2023_001-682x1024.jpg-2.jpeg\" class=\"attachment-full size-full wp-image-643\" alt=\"\" srcset=\"https:\/\/anprotec.org.br\/conferencia2026\/wp-content\/uploads\/2026\/04\/Administracao-Superior-2019-2023_001-682x1024.jpg-2.jpeg 682w, https:\/\/anprotec.org.br\/conferencia2026\/wp-content\/uploads\/2026\/04\/Administracao-Superior-2019-2023_001-682x1024.jpg-2-200x300.jpeg 200w\" sizes=\"(max-width: 682px) 100vw, 682px\" \/>\t\t\t\t\t\t\t\t\t\t\t\t\t\t\t<\/div>\n\t\t\t\t<\/div>\n\t\t<div class=\"elementor-element elementor-element-65dd94e e-con-full e-flex e-con e-child\" data-id=\"65dd94e\" data-element_type=\"container\" data-e-type=\"container\" data-settings=\"{&quot;background_background&quot;:&quot;classic&quot;,&quot;jet_parallax_layout_list&quot;:[]}\">\n\t\t\t\t<div class=\"elementor-element elementor-element-6060fd9 elementor-widget elementor-widget-heading\" data-id=\"6060fd9\" data-element_type=\"widget\" data-e-type=\"widget\" data-widget_type=\"heading.default\">\n\t\t\t\t\t<h2 class=\"elementor-heading-title elementor-size-default\">Demetrius Silva<\/h2>\t\t\t\t<\/div>\n\t\t\t\t<div class=\"elementor-element elementor-element-03e8ae0 elementor-widget elementor-widget-heading\" data-id=\"03e8ae0\" data-element_type=\"widget\" data-e-type=\"widget\" data-widget_type=\"heading.default\">\n\t\t\t\t\t<h2 class=\"elementor-heading-title elementor-size-default\">Reitor \u2013 Universidade Federal de Vi\u00e7osa (UFV)<\/h2>\t\t\t\t<\/div>\n\t\t<div class=\"elementor-element elementor-element-50e31b3 e-con-full e-flex e-con e-child\" data-id=\"50e31b3\" data-element_type=\"container\" data-e-type=\"container\" data-settings=\"{&quot;background_background&quot;:&quot;classic&quot;,&quot;jet_parallax_layout_list&quot;:[]}\">\n\t\t\t\t<div class=\"elementor-element elementor-element-732f50b elementor-widget elementor-widget-heading\" data-id=\"732f50b\" data-element_type=\"widget\" data-e-type=\"widget\" data-widget_type=\"heading.default\">\n\t\t\t\t\t<h2 class=\"elementor-heading-title elementor-size-default\">30\/06 | 8h30 \u00e0s 10h \u2013 Painel Tem\u00e1tico 3 \u2013 Talentos, educa\u00e7\u00e3o empreendedora e forma\u00e7\u00e3o para inova\u00e7\u00e3o<\/h2>\t\t\t\t<\/div>\n\t\t\t\t<\/div>\n\t\t\t\t<\/div>\n\t\t\t\t<\/div>\n\t\t\t\t<\/div>\n\t\t<a href=\"https:\/\/anprotec.org.br\/conferencia2026\/palestrantes\/demetrius-silva\/\" class=\"jet-engine-listing-overlay-link\"><\/a><\/div><\/div><div class=\"jet-listing-grid__item jet-listing-dynamic-post-642\" data-post-id=\"642\"  ><div class=\"jet-engine-listing-overlay-wrap\" data-url=\"https:\/\/anprotec.org.br\/conferencia2026\/palestrantes\/andre-luiz-nunes-zogahib\/\">\t\t<div data-elementor-type=\"jet-listing-items\" data-elementor-id=\"628\" class=\"elementor elementor-628\" data-elementor-post-type=\"jet-engine\">\n\t\t\t\t<div class=\"elementor-element elementor-element-570e262 e-con-full e-transform e-flex e-con e-parent\" data-id=\"570e262\" data-element_type=\"container\" data-e-type=\"container\" data-settings=\"{&quot;jet_parallax_layout_list&quot;:[],&quot;_transform_scale_effect_hover&quot;:{&quot;unit&quot;:&quot;px&quot;,&quot;size&quot;:1.02,&quot;sizes&quot;:[]},&quot;_transform_scale_effect_hover_tablet&quot;:{&quot;unit&quot;:&quot;px&quot;,&quot;size&quot;:&quot;&quot;,&quot;sizes&quot;:[]},&quot;_transform_scale_effect_hover_mobile&quot;:{&quot;unit&quot;:&quot;px&quot;,&quot;size&quot;:&quot;&quot;,&quot;sizes&quot;:[]}}\">\n\t\t<div class=\"elementor-element elementor-element-113c997 e-con-full e-flex e-con e-child\" data-id=\"113c997\" data-element_type=\"container\" data-e-type=\"container\" data-settings=\"{&quot;background_background&quot;:&quot;classic&quot;,&quot;jet_parallax_layout_list&quot;:[]}\">\n\t\t\t\t<div class=\"elementor-element elementor-element-1da2d17 elementor-widget elementor-widget-image\" data-id=\"1da2d17\" data-element_type=\"widget\" data-e-type=\"widget\" data-widget_type=\"image.default\">\n\t\t\t\t\t\t\t\t\t\t\t\t\t\t\t<img decoding=\"async\" width=\"544\" height=\"545\" src=\"https:\/\/anprotec.org.br\/conferencia2026\/wp-content\/uploads\/2026\/04\/IMG_6012.jpg\" class=\"attachment-full size-full wp-image-650\" alt=\"\" srcset=\"https:\/\/anprotec.org.br\/conferencia2026\/wp-content\/uploads\/2026\/04\/IMG_6012.jpg 544w, https:\/\/anprotec.org.br\/conferencia2026\/wp-content\/uploads\/2026\/04\/IMG_6012-300x300.jpg 300w, https:\/\/anprotec.org.br\/conferencia2026\/wp-content\/uploads\/2026\/04\/IMG_6012-150x150.jpg 150w\" sizes=\"(max-width: 544px) 100vw, 544px\" \/>\t\t\t\t\t\t\t\t\t\t\t\t\t\t\t<\/div>\n\t\t\t\t<\/div>\n\t\t<div class=\"elementor-element elementor-element-65dd94e e-con-full e-flex e-con e-child\" data-id=\"65dd94e\" data-element_type=\"container\" data-e-type=\"container\" data-settings=\"{&quot;background_background&quot;:&quot;classic&quot;,&quot;jet_parallax_layout_list&quot;:[]}\">\n\t\t\t\t<div class=\"elementor-element elementor-element-6060fd9 elementor-widget elementor-widget-heading\" data-id=\"6060fd9\" data-element_type=\"widget\" data-e-type=\"widget\" data-widget_type=\"heading.default\">\n\t\t\t\t\t<h2 class=\"elementor-heading-title elementor-size-default\">Andr\u00e9 Luiz Nunes Zogahib<\/h2>\t\t\t\t<\/div>\n\t\t\t\t<div class=\"elementor-element elementor-element-03e8ae0 elementor-widget elementor-widget-heading\" data-id=\"03e8ae0\" data-element_type=\"widget\" data-e-type=\"widget\" data-widget_type=\"heading.default\">\n\t\t\t\t\t<h2 class=\"elementor-heading-title elementor-size-default\">Reitor \u2013 Universidade do Estado do Amazonas (UEA)<\/h2>\t\t\t\t<\/div>\n\t\t<div class=\"elementor-element elementor-element-50e31b3 e-con-full e-flex e-con e-child\" data-id=\"50e31b3\" data-element_type=\"container\" data-e-type=\"container\" data-settings=\"{&quot;background_background&quot;:&quot;classic&quot;,&quot;jet_parallax_layout_list&quot;:[]}\">\n\t\t\t\t<div class=\"elementor-element elementor-element-732f50b elementor-widget elementor-widget-heading\" data-id=\"732f50b\" data-element_type=\"widget\" data-e-type=\"widget\" data-widget_type=\"heading.default\">\n\t\t\t\t\t<h2 class=\"elementor-heading-title elementor-size-default\">30\/06 | 8h30 \u00e0s 10h \u2013 Painel Tem\u00e1tico 3 \u2013 Talentos, educa\u00e7\u00e3o empreendedora e forma\u00e7\u00e3o para inova\u00e7\u00e3o<\/h2>\t\t\t\t<\/div>\n\t\t\t\t<\/div>\n\t\t\t\t<\/div>\n\t\t\t\t<\/div>\n\t\t\t\t<\/div>\n\t\t<a href=\"https:\/\/anprotec.org.br\/conferencia2026\/palestrantes\/andre-luiz-nunes-zogahib\/\" class=\"jet-engine-listing-overlay-link\"><\/a><\/div><\/div><div class=\"jet-listing-grid__item jet-listing-dynamic-post-639\" data-post-id=\"639\"  ><div class=\"jet-engine-listing-overlay-wrap\" data-url=\"https:\/\/anprotec.org.br\/conferencia2026\/palestrantes\/clovis-benoni-meurer\/\">\t\t<div data-elementor-type=\"jet-listing-items\" data-elementor-id=\"628\" class=\"elementor elementor-628\" data-elementor-post-type=\"jet-engine\">\n\t\t\t\t<div class=\"elementor-element elementor-element-570e262 e-con-full e-transform e-flex e-con e-parent\" data-id=\"570e262\" data-element_type=\"container\" data-e-type=\"container\" data-settings=\"{&quot;jet_parallax_layout_list&quot;:[],&quot;_transform_scale_effect_hover&quot;:{&quot;unit&quot;:&quot;px&quot;,&quot;size&quot;:1.02,&quot;sizes&quot;:[]},&quot;_transform_scale_effect_hover_tablet&quot;:{&quot;unit&quot;:&quot;px&quot;,&quot;size&quot;:&quot;&quot;,&quot;sizes&quot;:[]},&quot;_transform_scale_effect_hover_mobile&quot;:{&quot;unit&quot;:&quot;px&quot;,&quot;size&quot;:&quot;&quot;,&quot;sizes&quot;:[]}}\">\n\t\t<div class=\"elementor-element elementor-element-113c997 e-con-full e-flex e-con e-child\" data-id=\"113c997\" data-element_type=\"container\" data-e-type=\"container\" data-settings=\"{&quot;background_background&quot;:&quot;classic&quot;,&quot;jet_parallax_layout_list&quot;:[]}\">\n\t\t\t\t<div class=\"elementor-element elementor-element-1da2d17 elementor-widget elementor-widget-image\" data-id=\"1da2d17\" data-element_type=\"widget\" data-e-type=\"widget\" data-widget_type=\"image.default\">\n\t\t\t\t\t\t\t\t\t\t\t\t\t\t\t<img loading=\"lazy\" decoding=\"async\" width=\"2127\" height=\"2560\" src=\"https:\/\/anprotec.org.br\/conferencia2026\/wp-content\/uploads\/2026\/04\/MG_2353_2-002-scaled.jpg\" class=\"attachment-full size-full wp-image-640\" alt=\"\" srcset=\"https:\/\/anprotec.org.br\/conferencia2026\/wp-content\/uploads\/2026\/04\/MG_2353_2-002-scaled.jpg 2127w, https:\/\/anprotec.org.br\/conferencia2026\/wp-content\/uploads\/2026\/04\/MG_2353_2-002-249x300.jpg 249w, https:\/\/anprotec.org.br\/conferencia2026\/wp-content\/uploads\/2026\/04\/MG_2353_2-002-851x1024.jpg 851w, https:\/\/anprotec.org.br\/conferencia2026\/wp-content\/uploads\/2026\/04\/MG_2353_2-002-768x924.jpg 768w, https:\/\/anprotec.org.br\/conferencia2026\/wp-content\/uploads\/2026\/04\/MG_2353_2-002-1276x1536.jpg 1276w, https:\/\/anprotec.org.br\/conferencia2026\/wp-content\/uploads\/2026\/04\/MG_2353_2-002-1702x2048.jpg 1702w\" sizes=\"(max-width: 2127px) 100vw, 2127px\" \/>\t\t\t\t\t\t\t\t\t\t\t\t\t\t\t<\/div>\n\t\t\t\t<\/div>\n\t\t<div class=\"elementor-element elementor-element-65dd94e e-con-full e-flex e-con e-child\" data-id=\"65dd94e\" data-element_type=\"container\" data-e-type=\"container\" data-settings=\"{&quot;background_background&quot;:&quot;classic&quot;,&quot;jet_parallax_layout_list&quot;:[]}\">\n\t\t\t\t<div class=\"elementor-element elementor-element-6060fd9 elementor-widget elementor-widget-heading\" data-id=\"6060fd9\" data-element_type=\"widget\" data-e-type=\"widget\" data-widget_type=\"heading.default\">\n\t\t\t\t\t<h2 class=\"elementor-heading-title elementor-size-default\">Clovis Benoni Meurer<\/h2>\t\t\t\t<\/div>\n\t\t\t\t<div class=\"elementor-element elementor-element-03e8ae0 elementor-widget elementor-widget-heading\" data-id=\"03e8ae0\" data-element_type=\"widget\" data-e-type=\"widget\" data-widget_type=\"heading.default\">\n\t\t\t\t\t<h2 class=\"elementor-heading-title elementor-size-default\">Investidor, Economista e Administrador \u2013 Especialista em Private Equity\/Venture Capital<\/h2>\t\t\t\t<\/div>\n\t\t<div class=\"elementor-element elementor-element-50e31b3 e-con-full e-flex e-con e-child\" data-id=\"50e31b3\" data-element_type=\"container\" data-e-type=\"container\" data-settings=\"{&quot;background_background&quot;:&quot;classic&quot;,&quot;jet_parallax_layout_list&quot;:[]}\">\n\t\t\t\t<div class=\"elementor-element elementor-element-732f50b elementor-widget elementor-widget-heading\" data-id=\"732f50b\" data-element_type=\"widget\" data-e-type=\"widget\" data-widget_type=\"heading.default\">\n\t\t\t\t\t<h2 class=\"elementor-heading-title elementor-size-default\">30\/06 | 14h \u00e0s 16h \u2013 Painel Tem\u00e1tico 1 \u2013 Financiamento, investimentos e novos modelos de apoio \u00e0 inova\u00e7\u00e3o<\/h2>\t\t\t\t<\/div>\n\t\t\t\t<\/div>\n\t\t\t\t<\/div>\n\t\t\t\t<\/div>\n\t\t\t\t<\/div>\n\t\t<a href=\"https:\/\/anprotec.org.br\/conferencia2026\/palestrantes\/clovis-benoni-meurer\/\" class=\"jet-engine-listing-overlay-link\"><\/a><\/div><\/div><\/div><\/div>\t\t\t\t<\/div>\n\t\t\t\t<\/div>\n\t\t<div id=\"e-n-tab-content-623354654\" role=\"tabpanel\" aria-labelledby=\"e-n-tab-title-623354654\" data-tab-index=\"4\" style=\"--n-tabs-title-order: 4;\" class=\" elementor-element elementor-element-89bb4ef e-con-full e-flex e-con e-child\" data-id=\"89bb4ef\" data-element_type=\"container\" data-e-type=\"container\" data-settings=\"{&quot;jet_parallax_layout_list&quot;:[]}\">\n\t\t\t\t<div class=\"elementor-element elementor-element-b1f3dc8 elementor-widget elementor-widget-icon-box\" data-id=\"b1f3dc8\" data-element_type=\"widget\" data-e-type=\"widget\" data-widget_type=\"icon-box.default\">\n\t\t\t\t\t\t\t<div class=\"elementor-icon-box-wrapper\">\n\n\t\t\t\n\t\t\t\t\t\t<div class=\"elementor-icon-box-content\">\n\n\t\t\t\t\t\t\t\t\t<h3 class=\"elementor-icon-box-title\">\n\t\t\t\t\t\t<span  >\n\t\t\t\t\t\t\tWorkshops\t\t\t\t\t\t<\/span>\n\t\t\t\t\t<\/h3>\n\t\t\t\t\n\t\t\t\t\t\t\t\t\t<p class=\"elementor-icon-box-description\">\n\t\t\t\t\t\tSess\u00f5es pr\u00e1ticas e interativas\n\t\t\t\t\t<\/p>\n\t\t\t\t\n\t\t\t<\/div>\n\t\t\t\n\t\t<\/div>\n\t\t\t\t\t\t<\/div>\n\t\t\t\t<div class=\"elementor-element elementor-element-4e1ef61 elementor-widget elementor-widget-jet-listing-grid\" data-id=\"4e1ef61\" data-element_type=\"widget\" data-e-type=\"widget\" data-settings=\"{&quot;columns&quot;:3,&quot;columns_mobile&quot;:&quot;1&quot;}\" data-widget_type=\"jet-listing-grid.default\">\n\t\t\t\t\t<div class=\"jet-listing-grid jet-listing\"><div class=\"jet-listing-grid__items grid-col-desk-3 grid-col-tablet-3 grid-col-mobile-1 jet-listing-grid--628\" data-queried-id=\"666|WP_Post\" data-nav=\"{&quot;enabled&quot;:false,&quot;type&quot;:null,&quot;more_el&quot;:null,&quot;query&quot;:[],&quot;widget_settings&quot;:{&quot;lisitng_id&quot;:628,&quot;posts_num&quot;:99,&quot;columns&quot;:3,&quot;columns_tablet&quot;:3,&quot;columns_mobile&quot;:1,&quot;column_min_width&quot;:240,&quot;column_min_width_tablet&quot;:240,&quot;column_min_width_mobile&quot;:240,&quot;inline_columns_css&quot;:false,&quot;is_archive_template&quot;:&quot;&quot;,&quot;post_status&quot;:[&quot;publish&quot;],&quot;use_random_posts_num&quot;:&quot;&quot;,&quot;max_posts_num&quot;:9,&quot;not_found_message&quot;:&quot;No data was found&quot;,&quot;is_masonry&quot;:false,&quot;equal_columns_height&quot;:&quot;&quot;,&quot;use_load_more&quot;:&quot;&quot;,&quot;load_more_id&quot;:&quot;&quot;,&quot;load_more_type&quot;:&quot;click&quot;,&quot;load_more_offset&quot;:{&quot;unit&quot;:&quot;px&quot;,&quot;size&quot;:0,&quot;sizes&quot;:[]},&quot;use_custom_post_types&quot;:&quot;&quot;,&quot;custom_post_types&quot;:[],&quot;hide_widget_if&quot;:&quot;&quot;,&quot;carousel_enabled&quot;:&quot;&quot;,&quot;slides_to_scroll&quot;:&quot;1&quot;,&quot;arrows&quot;:&quot;true&quot;,&quot;arrow_icon&quot;:&quot;fa fa-angle-left&quot;,&quot;dots&quot;:&quot;&quot;,&quot;autoplay&quot;:&quot;true&quot;,&quot;pause_on_hover&quot;:&quot;true&quot;,&quot;autoplay_speed&quot;:5000,&quot;infinite&quot;:&quot;true&quot;,&quot;center_mode&quot;:&quot;&quot;,&quot;effect&quot;:&quot;slide&quot;,&quot;speed&quot;:500,&quot;inject_alternative_items&quot;:&quot;&quot;,&quot;injection_items&quot;:[],&quot;scroll_slider_enabled&quot;:&quot;&quot;,&quot;scroll_slider_on&quot;:[&quot;desktop&quot;,&quot;tablet&quot;,&quot;mobile&quot;],&quot;custom_query&quot;:false,&quot;custom_query_id&quot;:&quot;4&quot;,&quot;_element_id&quot;:&quot;&quot;,&quot;collapse_first_last_gap&quot;:false,&quot;list_tag_selection&quot;:&quot;&quot;,&quot;list_items_wrapper_tag&quot;:&quot;div&quot;,&quot;list_item_tag&quot;:&quot;div&quot;,&quot;empty_items_wrapper_tag&quot;:&quot;div&quot;}}\" data-page=\"1\" data-pages=\"1\" data-listing-source=\"posts\" data-listing-id=\"628\" data-query-id=\"\"><div class=\"jet-listing-grid__item jet-listing-dynamic-post-996\" data-post-id=\"996\"  ><div class=\"jet-engine-listing-overlay-wrap\" data-url=\"https:\/\/anprotec.org.br\/conferencia2026\/palestrantes\/ana-carolina-calcado\/\">\t\t<div data-elementor-type=\"jet-listing-items\" data-elementor-id=\"628\" class=\"elementor elementor-628\" data-elementor-post-type=\"jet-engine\">\n\t\t\t\t<div class=\"elementor-element elementor-element-570e262 e-con-full e-transform e-flex e-con e-parent\" data-id=\"570e262\" data-element_type=\"container\" data-e-type=\"container\" data-settings=\"{&quot;jet_parallax_layout_list&quot;:[],&quot;_transform_scale_effect_hover&quot;:{&quot;unit&quot;:&quot;px&quot;,&quot;size&quot;:1.02,&quot;sizes&quot;:[]},&quot;_transform_scale_effect_hover_tablet&quot;:{&quot;unit&quot;:&quot;px&quot;,&quot;size&quot;:&quot;&quot;,&quot;sizes&quot;:[]},&quot;_transform_scale_effect_hover_mobile&quot;:{&quot;unit&quot;:&quot;px&quot;,&quot;size&quot;:&quot;&quot;,&quot;sizes&quot;:[]}}\">\n\t\t<div class=\"elementor-element elementor-element-113c997 e-con-full e-flex e-con e-child\" data-id=\"113c997\" data-element_type=\"container\" data-e-type=\"container\" data-settings=\"{&quot;background_background&quot;:&quot;classic&quot;,&quot;jet_parallax_layout_list&quot;:[]}\">\n\t\t\t\t<div class=\"elementor-element elementor-element-1da2d17 elementor-widget elementor-widget-image\" data-id=\"1da2d17\" data-element_type=\"widget\" data-e-type=\"widget\" data-widget_type=\"image.default\">\n\t\t\t\t\t\t\t\t\t\t\t\t\t\t\t<img decoding=\"async\" width=\"842\" height=\"1264\" src=\"https:\/\/anprotec.org.br\/conferencia2026\/wp-content\/uploads\/2026\/04\/foto-Ana2026-Otavio-Barbosa.png\" class=\"attachment-full size-full wp-image-997\" alt=\"\" srcset=\"https:\/\/anprotec.org.br\/conferencia2026\/wp-content\/uploads\/2026\/04\/foto-Ana2026-Otavio-Barbosa.png 842w, https:\/\/anprotec.org.br\/conferencia2026\/wp-content\/uploads\/2026\/04\/foto-Ana2026-Otavio-Barbosa-200x300.png 200w, https:\/\/anprotec.org.br\/conferencia2026\/wp-content\/uploads\/2026\/04\/foto-Ana2026-Otavio-Barbosa-682x1024.png 682w, https:\/\/anprotec.org.br\/conferencia2026\/wp-content\/uploads\/2026\/04\/foto-Ana2026-Otavio-Barbosa-768x1153.png 768w\" sizes=\"(max-width: 842px) 100vw, 842px\" \/>\t\t\t\t\t\t\t\t\t\t\t\t\t\t\t<\/div>\n\t\t\t\t<\/div>\n\t\t<div class=\"elementor-element elementor-element-65dd94e e-con-full e-flex e-con e-child\" data-id=\"65dd94e\" data-element_type=\"container\" data-e-type=\"container\" data-settings=\"{&quot;background_background&quot;:&quot;classic&quot;,&quot;jet_parallax_layout_list&quot;:[]}\">\n\t\t\t\t<div class=\"elementor-element elementor-element-6060fd9 elementor-widget elementor-widget-heading\" data-id=\"6060fd9\" data-element_type=\"widget\" data-e-type=\"widget\" data-widget_type=\"heading.default\">\n\t\t\t\t\t<h2 class=\"elementor-heading-title elementor-size-default\">Ana Carolina Cal\u00e7ado<\/h2>\t\t\t\t<\/div>\n\t\t\t\t<div class=\"elementor-element elementor-element-03e8ae0 elementor-widget elementor-widget-heading\" data-id=\"03e8ae0\" data-element_type=\"widget\" data-e-type=\"widget\" data-widget_type=\"heading.default\">\n\t\t\t\t\t<h2 class=\"elementor-heading-title elementor-size-default\">CEO e presidente da Wylinka<\/h2>\t\t\t\t<\/div>\n\t\t<div class=\"elementor-element elementor-element-50e31b3 e-con-full e-flex e-con e-child\" data-id=\"50e31b3\" data-element_type=\"container\" data-e-type=\"container\" data-settings=\"{&quot;background_background&quot;:&quot;classic&quot;,&quot;jet_parallax_layout_list&quot;:[]}\">\n\t\t\t\t<div class=\"elementor-element elementor-element-732f50b elementor-widget elementor-widget-heading\" data-id=\"732f50b\" data-element_type=\"widget\" data-e-type=\"widget\" data-widget_type=\"heading.default\">\n\t\t\t\t\t<h2 class=\"elementor-heading-title elementor-size-default\">30\/06 \u00e0s 14h | Workshop 1 \u2013 Empreendedorismo Deep Tech: Da P\u00f3s-Gradua\u00e7\u00e3o ao Mercado<\/h2>\t\t\t\t<\/div>\n\t\t\t\t<\/div>\n\t\t\t\t<\/div>\n\t\t\t\t<\/div>\n\t\t\t\t<\/div>\n\t\t<a href=\"https:\/\/anprotec.org.br\/conferencia2026\/palestrantes\/ana-carolina-calcado\/\" class=\"jet-engine-listing-overlay-link\"><\/a><\/div><\/div><div class=\"jet-listing-grid__item jet-listing-dynamic-post-701\" data-post-id=\"701\"  ><div class=\"jet-engine-listing-overlay-wrap\" data-url=\"https:\/\/anprotec.org.br\/conferencia2026\/palestrantes\/fernanda-bombardi\/\">\t\t<div data-elementor-type=\"jet-listing-items\" data-elementor-id=\"628\" class=\"elementor elementor-628\" data-elementor-post-type=\"jet-engine\">\n\t\t\t\t<div class=\"elementor-element elementor-element-570e262 e-con-full e-transform e-flex e-con e-parent\" data-id=\"570e262\" data-element_type=\"container\" data-e-type=\"container\" data-settings=\"{&quot;jet_parallax_layout_list&quot;:[],&quot;_transform_scale_effect_hover&quot;:{&quot;unit&quot;:&quot;px&quot;,&quot;size&quot;:1.02,&quot;sizes&quot;:[]},&quot;_transform_scale_effect_hover_tablet&quot;:{&quot;unit&quot;:&quot;px&quot;,&quot;size&quot;:&quot;&quot;,&quot;sizes&quot;:[]},&quot;_transform_scale_effect_hover_mobile&quot;:{&quot;unit&quot;:&quot;px&quot;,&quot;size&quot;:&quot;&quot;,&quot;sizes&quot;:[]}}\">\n\t\t<div class=\"elementor-element elementor-element-113c997 e-con-full e-flex e-con e-child\" data-id=\"113c997\" data-element_type=\"container\" data-e-type=\"container\" data-settings=\"{&quot;background_background&quot;:&quot;classic&quot;,&quot;jet_parallax_layout_list&quot;:[]}\">\n\t\t\t\t<div class=\"elementor-element elementor-element-1da2d17 elementor-widget elementor-widget-image\" data-id=\"1da2d17\" data-element_type=\"widget\" data-e-type=\"widget\" data-widget_type=\"image.default\">\n\t\t\t\t\t\t\t\t\t\t\t\t\t\t\t<img loading=\"lazy\" decoding=\"async\" width=\"1707\" height=\"2560\" src=\"https:\/\/anprotec.org.br\/conferencia2026\/wp-content\/uploads\/2026\/04\/Foto-Fernanda-Bombardi-2026-scaled.jpg\" class=\"attachment-full size-full wp-image-645\" alt=\"\" srcset=\"https:\/\/anprotec.org.br\/conferencia2026\/wp-content\/uploads\/2026\/04\/Foto-Fernanda-Bombardi-2026-scaled.jpg 1707w, https:\/\/anprotec.org.br\/conferencia2026\/wp-content\/uploads\/2026\/04\/Foto-Fernanda-Bombardi-2026-200x300.jpg 200w, https:\/\/anprotec.org.br\/conferencia2026\/wp-content\/uploads\/2026\/04\/Foto-Fernanda-Bombardi-2026-683x1024.jpg 683w, https:\/\/anprotec.org.br\/conferencia2026\/wp-content\/uploads\/2026\/04\/Foto-Fernanda-Bombardi-2026-768x1152.jpg 768w, https:\/\/anprotec.org.br\/conferencia2026\/wp-content\/uploads\/2026\/04\/Foto-Fernanda-Bombardi-2026-1024x1536.jpg 1024w, https:\/\/anprotec.org.br\/conferencia2026\/wp-content\/uploads\/2026\/04\/Foto-Fernanda-Bombardi-2026-1365x2048.jpg 1365w\" sizes=\"(max-width: 1707px) 100vw, 1707px\" \/>\t\t\t\t\t\t\t\t\t\t\t\t\t\t\t<\/div>\n\t\t\t\t<\/div>\n\t\t<div class=\"elementor-element elementor-element-65dd94e e-con-full e-flex e-con e-child\" data-id=\"65dd94e\" data-element_type=\"container\" data-e-type=\"container\" data-settings=\"{&quot;background_background&quot;:&quot;classic&quot;,&quot;jet_parallax_layout_list&quot;:[]}\">\n\t\t\t\t<div class=\"elementor-element elementor-element-6060fd9 elementor-widget elementor-widget-heading\" data-id=\"6060fd9\" data-element_type=\"widget\" data-e-type=\"widget\" data-widget_type=\"heading.default\">\n\t\t\t\t\t<h2 class=\"elementor-heading-title elementor-size-default\">Fernanda Bombardi<\/h2>\t\t\t\t<\/div>\n\t\t\t\t<div class=\"elementor-element elementor-element-03e8ae0 elementor-widget elementor-widget-heading\" data-id=\"03e8ae0\" data-element_type=\"widget\" data-e-type=\"widget\" data-widget_type=\"heading.default\">\n\t\t\t\t\t<h2 class=\"elementor-heading-title elementor-size-default\">Diretora de Programas \u2013 ICE (Instituto de Cidadania Empresarial)<\/h2>\t\t\t\t<\/div>\n\t\t<div class=\"elementor-element elementor-element-50e31b3 e-con-full e-flex e-con e-child\" data-id=\"50e31b3\" data-element_type=\"container\" data-e-type=\"container\" data-settings=\"{&quot;background_background&quot;:&quot;classic&quot;,&quot;jet_parallax_layout_list&quot;:[]}\">\n\t\t\t\t<div class=\"elementor-element elementor-element-732f50b elementor-widget elementor-widget-heading\" data-id=\"732f50b\" data-element_type=\"widget\" data-e-type=\"widget\" data-widget_type=\"heading.default\">\n\t\t\t\t\t<h2 class=\"elementor-heading-title elementor-size-default\">01\/07 | 14h \u00e0s 16h \u2013 Workshop 3 \u2013 Bioeconomia em A\u00e7\u00e3o: Transformando Ativos da Biodiversidade em Neg\u00f3cios<\/h2>\t\t\t\t<\/div>\n\t\t\t\t<\/div>\n\t\t\t\t<\/div>\n\t\t\t\t<\/div>\n\t\t\t\t<\/div>\n\t\t<a href=\"https:\/\/anprotec.org.br\/conferencia2026\/palestrantes\/fernanda-bombardi\/\" class=\"jet-engine-listing-overlay-link\"><\/a><\/div><\/div><div class=\"jet-listing-grid__item jet-listing-dynamic-post-700\" data-post-id=\"700\"  ><div class=\"jet-engine-listing-overlay-wrap\" data-url=\"https:\/\/anprotec.org.br\/conferencia2026\/palestrantes\/jose-cambeiro-da-cunha-junior\/\">\t\t<div data-elementor-type=\"jet-listing-items\" data-elementor-id=\"628\" class=\"elementor elementor-628\" data-elementor-post-type=\"jet-engine\">\n\t\t\t\t<div class=\"elementor-element elementor-element-570e262 e-con-full e-transform e-flex e-con e-parent\" data-id=\"570e262\" data-element_type=\"container\" data-e-type=\"container\" data-settings=\"{&quot;jet_parallax_layout_list&quot;:[],&quot;_transform_scale_effect_hover&quot;:{&quot;unit&quot;:&quot;px&quot;,&quot;size&quot;:1.02,&quot;sizes&quot;:[]},&quot;_transform_scale_effect_hover_tablet&quot;:{&quot;unit&quot;:&quot;px&quot;,&quot;size&quot;:&quot;&quot;,&quot;sizes&quot;:[]},&quot;_transform_scale_effect_hover_mobile&quot;:{&quot;unit&quot;:&quot;px&quot;,&quot;size&quot;:&quot;&quot;,&quot;sizes&quot;:[]}}\">\n\t\t<div class=\"elementor-element elementor-element-113c997 e-con-full e-flex e-con e-child\" data-id=\"113c997\" data-element_type=\"container\" data-e-type=\"container\" data-settings=\"{&quot;background_background&quot;:&quot;classic&quot;,&quot;jet_parallax_layout_list&quot;:[]}\">\n\t\t\t\t<div class=\"elementor-element elementor-element-1da2d17 elementor-widget elementor-widget-image\" data-id=\"1da2d17\" data-element_type=\"widget\" data-e-type=\"widget\" data-widget_type=\"image.default\">\n\t\t\t\t\t\t\t\t\t\t\t\t\t\t\t<img loading=\"lazy\" decoding=\"async\" width=\"1709\" height=\"2560\" src=\"https:\/\/anprotec.org.br\/conferencia2026\/wp-content\/uploads\/2026\/04\/jose-scaled.jpg\" class=\"attachment-full size-full wp-image-652\" alt=\"\" srcset=\"https:\/\/anprotec.org.br\/conferencia2026\/wp-content\/uploads\/2026\/04\/jose-scaled.jpg 1709w, https:\/\/anprotec.org.br\/conferencia2026\/wp-content\/uploads\/2026\/04\/jose-200x300.jpg 200w, https:\/\/anprotec.org.br\/conferencia2026\/wp-content\/uploads\/2026\/04\/jose-684x1024.jpg 684w, https:\/\/anprotec.org.br\/conferencia2026\/wp-content\/uploads\/2026\/04\/jose-768x1151.jpg 768w, https:\/\/anprotec.org.br\/conferencia2026\/wp-content\/uploads\/2026\/04\/jose-1025x1536.jpg 1025w, https:\/\/anprotec.org.br\/conferencia2026\/wp-content\/uploads\/2026\/04\/jose-1367x2048.jpg 1367w\" sizes=\"(max-width: 1709px) 100vw, 1709px\" \/>\t\t\t\t\t\t\t\t\t\t\t\t\t\t\t<\/div>\n\t\t\t\t<\/div>\n\t\t<div class=\"elementor-element elementor-element-65dd94e e-con-full e-flex e-con e-child\" data-id=\"65dd94e\" data-element_type=\"container\" data-e-type=\"container\" data-settings=\"{&quot;background_background&quot;:&quot;classic&quot;,&quot;jet_parallax_layout_list&quot;:[]}\">\n\t\t\t\t<div class=\"elementor-element elementor-element-6060fd9 elementor-widget elementor-widget-heading\" data-id=\"6060fd9\" data-element_type=\"widget\" data-e-type=\"widget\" data-widget_type=\"heading.default\">\n\t\t\t\t\t<h2 class=\"elementor-heading-title elementor-size-default\">Jos\u00e9 Cambeiro da Cunha Junior<\/h2>\t\t\t\t<\/div>\n\t\t\t\t<div class=\"elementor-element elementor-element-03e8ae0 elementor-widget elementor-widget-heading\" data-id=\"03e8ae0\" data-element_type=\"widget\" data-e-type=\"widget\" data-widget_type=\"heading.default\">\n\t\t\t\t\t<h2 class=\"elementor-heading-title elementor-size-default\">Gerente de Pesquisa e Desenvolvimento \u2013 Samsung<\/h2>\t\t\t\t<\/div>\n\t\t<div class=\"elementor-element elementor-element-50e31b3 e-con-full e-flex e-con e-child\" data-id=\"50e31b3\" data-element_type=\"container\" data-e-type=\"container\" data-settings=\"{&quot;background_background&quot;:&quot;classic&quot;,&quot;jet_parallax_layout_list&quot;:[]}\">\n\t\t\t\t<div class=\"elementor-element elementor-element-732f50b elementor-widget elementor-widget-heading\" data-id=\"732f50b\" data-element_type=\"widget\" data-e-type=\"widget\" data-widget_type=\"heading.default\">\n\t\t\t\t\t<h2 class=\"elementor-heading-title elementor-size-default\">30\/06 | 8h30 \u00e0s 10h \u2013 Workshop 2 \u2013 Inova\u00e7\u00e3o Aberta e Conex\u00f5es com Grandes Empresas<\/h2>\t\t\t\t<\/div>\n\t\t\t\t<\/div>\n\t\t\t\t<\/div>\n\t\t\t\t<\/div>\n\t\t\t\t<\/div>\n\t\t<a href=\"https:\/\/anprotec.org.br\/conferencia2026\/palestrantes\/jose-cambeiro-da-cunha-junior\/\" class=\"jet-engine-listing-overlay-link\"><\/a><\/div><\/div><div class=\"jet-listing-grid__item jet-listing-dynamic-post-699\" data-post-id=\"699\"  ><div class=\"jet-engine-listing-overlay-wrap\" data-url=\"https:\/\/anprotec.org.br\/conferencia2026\/palestrantes\/lisandro-zambenedetti-granville\/\">\t\t<div data-elementor-type=\"jet-listing-items\" data-elementor-id=\"628\" class=\"elementor elementor-628\" data-elementor-post-type=\"jet-engine\">\n\t\t\t\t<div class=\"elementor-element elementor-element-570e262 e-con-full e-transform e-flex e-con e-parent\" data-id=\"570e262\" data-element_type=\"container\" data-e-type=\"container\" data-settings=\"{&quot;jet_parallax_layout_list&quot;:[],&quot;_transform_scale_effect_hover&quot;:{&quot;unit&quot;:&quot;px&quot;,&quot;size&quot;:1.02,&quot;sizes&quot;:[]},&quot;_transform_scale_effect_hover_tablet&quot;:{&quot;unit&quot;:&quot;px&quot;,&quot;size&quot;:&quot;&quot;,&quot;sizes&quot;:[]},&quot;_transform_scale_effect_hover_mobile&quot;:{&quot;unit&quot;:&quot;px&quot;,&quot;size&quot;:&quot;&quot;,&quot;sizes&quot;:[]}}\">\n\t\t<div class=\"elementor-element elementor-element-113c997 e-con-full e-flex e-con e-child\" data-id=\"113c997\" data-element_type=\"container\" data-e-type=\"container\" data-settings=\"{&quot;background_background&quot;:&quot;classic&quot;,&quot;jet_parallax_layout_list&quot;:[]}\">\n\t\t\t\t<div class=\"elementor-element elementor-element-1da2d17 elementor-widget elementor-widget-image\" data-id=\"1da2d17\" data-element_type=\"widget\" data-e-type=\"widget\" data-widget_type=\"image.default\">\n\t\t\t\t\t\t\t\t\t\t\t\t\t\t\t<img loading=\"lazy\" decoding=\"async\" width=\"1600\" height=\"1200\" src=\"https:\/\/anprotec.org.br\/conferencia2026\/wp-content\/uploads\/2026\/04\/PHOTO-2025-03-10-16-12-43.jpg\" class=\"attachment-full size-full wp-image-654\" alt=\"\" srcset=\"https:\/\/anprotec.org.br\/conferencia2026\/wp-content\/uploads\/2026\/04\/PHOTO-2025-03-10-16-12-43.jpg 1600w, https:\/\/anprotec.org.br\/conferencia2026\/wp-content\/uploads\/2026\/04\/PHOTO-2025-03-10-16-12-43-300x225.jpg 300w, https:\/\/anprotec.org.br\/conferencia2026\/wp-content\/uploads\/2026\/04\/PHOTO-2025-03-10-16-12-43-1024x768.jpg 1024w, https:\/\/anprotec.org.br\/conferencia2026\/wp-content\/uploads\/2026\/04\/PHOTO-2025-03-10-16-12-43-768x576.jpg 768w, https:\/\/anprotec.org.br\/conferencia2026\/wp-content\/uploads\/2026\/04\/PHOTO-2025-03-10-16-12-43-1536x1152.jpg 1536w\" sizes=\"(max-width: 1600px) 100vw, 1600px\" \/>\t\t\t\t\t\t\t\t\t\t\t\t\t\t\t<\/div>\n\t\t\t\t<\/div>\n\t\t<div class=\"elementor-element elementor-element-65dd94e e-con-full e-flex e-con e-child\" data-id=\"65dd94e\" data-element_type=\"container\" data-e-type=\"container\" data-settings=\"{&quot;background_background&quot;:&quot;classic&quot;,&quot;jet_parallax_layout_list&quot;:[]}\">\n\t\t\t\t<div class=\"elementor-element elementor-element-6060fd9 elementor-widget elementor-widget-heading\" data-id=\"6060fd9\" data-element_type=\"widget\" data-e-type=\"widget\" data-widget_type=\"heading.default\">\n\t\t\t\t\t<h2 class=\"elementor-heading-title elementor-size-default\">Lisandro Zambenedetti Granville<\/h2>\t\t\t\t<\/div>\n\t\t\t\t<div class=\"elementor-element elementor-element-03e8ae0 elementor-widget elementor-widget-heading\" data-id=\"03e8ae0\" data-element_type=\"widget\" data-e-type=\"widget\" data-widget_type=\"heading.default\">\n\t\t\t\t\t<h2 class=\"elementor-heading-title elementor-size-default\">Diretor-Geral \u2013 Rede Nacional de Ensino e Pesquisa (RNP) \/ Professor Titular UFRGS<\/h2>\t\t\t\t<\/div>\n\t\t<div class=\"elementor-element elementor-element-50e31b3 e-con-full e-flex e-con e-child\" data-id=\"50e31b3\" data-element_type=\"container\" data-e-type=\"container\" data-settings=\"{&quot;background_background&quot;:&quot;classic&quot;,&quot;jet_parallax_layout_list&quot;:[]}\">\n\t\t\t\t<div class=\"elementor-element elementor-element-732f50b elementor-widget elementor-widget-heading\" data-id=\"732f50b\" data-element_type=\"widget\" data-e-type=\"widget\" data-widget_type=\"heading.default\">\n\t\t\t\t\t<h2 class=\"elementor-heading-title elementor-size-default\">01\/07 | 14h \u00e0s 16h \u2013 Workshop 1 \u2013 Empreendedorismo Deep Tech: Da P\u00f3s-Gradua\u00e7\u00e3o ao Mercado<\/h2>\t\t\t\t<\/div>\n\t\t\t\t<\/div>\n\t\t\t\t<\/div>\n\t\t\t\t<\/div>\n\t\t\t\t<\/div>\n\t\t<a href=\"https:\/\/anprotec.org.br\/conferencia2026\/palestrantes\/lisandro-zambenedetti-granville\/\" class=\"jet-engine-listing-overlay-link\"><\/a><\/div><\/div><div class=\"jet-listing-grid__item jet-listing-dynamic-post-698\" data-post-id=\"698\"  ><div class=\"jet-engine-listing-overlay-wrap\" data-url=\"https:\/\/anprotec.org.br\/conferencia2026\/palestrantes\/daniela-silvestrini-fernandes\/\">\t\t<div data-elementor-type=\"jet-listing-items\" data-elementor-id=\"628\" class=\"elementor elementor-628\" data-elementor-post-type=\"jet-engine\">\n\t\t\t\t<div class=\"elementor-element elementor-element-570e262 e-con-full e-transform e-flex e-con e-parent\" data-id=\"570e262\" data-element_type=\"container\" data-e-type=\"container\" data-settings=\"{&quot;jet_parallax_layout_list&quot;:[],&quot;_transform_scale_effect_hover&quot;:{&quot;unit&quot;:&quot;px&quot;,&quot;size&quot;:1.02,&quot;sizes&quot;:[]},&quot;_transform_scale_effect_hover_tablet&quot;:{&quot;unit&quot;:&quot;px&quot;,&quot;size&quot;:&quot;&quot;,&quot;sizes&quot;:[]},&quot;_transform_scale_effect_hover_mobile&quot;:{&quot;unit&quot;:&quot;px&quot;,&quot;size&quot;:&quot;&quot;,&quot;sizes&quot;:[]}}\">\n\t\t<div class=\"elementor-element elementor-element-113c997 e-con-full e-flex e-con e-child\" data-id=\"113c997\" data-element_type=\"container\" data-e-type=\"container\" data-settings=\"{&quot;background_background&quot;:&quot;classic&quot;,&quot;jet_parallax_layout_list&quot;:[]}\">\n\t\t\t\t<div class=\"elementor-element elementor-element-1da2d17 elementor-widget elementor-widget-image\" data-id=\"1da2d17\" data-element_type=\"widget\" data-e-type=\"widget\" data-widget_type=\"image.default\">\n\t\t\t\t\t\t\t\t\t\t\t\t\t\t\t<img loading=\"lazy\" decoding=\"async\" width=\"2560\" height=\"1709\" src=\"https:\/\/anprotec.org.br\/conferencia2026\/wp-content\/uploads\/2026\/04\/Daniela-S.-Fernandes-scaled.jpg\" class=\"attachment-full size-full wp-image-644\" alt=\"\" srcset=\"https:\/\/anprotec.org.br\/conferencia2026\/wp-content\/uploads\/2026\/04\/Daniela-S.-Fernandes-scaled.jpg 2560w, https:\/\/anprotec.org.br\/conferencia2026\/wp-content\/uploads\/2026\/04\/Daniela-S.-Fernandes-300x200.jpg 300w, https:\/\/anprotec.org.br\/conferencia2026\/wp-content\/uploads\/2026\/04\/Daniela-S.-Fernandes-1024x684.jpg 1024w, https:\/\/anprotec.org.br\/conferencia2026\/wp-content\/uploads\/2026\/04\/Daniela-S.-Fernandes-768x513.jpg 768w, https:\/\/anprotec.org.br\/conferencia2026\/wp-content\/uploads\/2026\/04\/Daniela-S.-Fernandes-1536x1025.jpg 1536w, https:\/\/anprotec.org.br\/conferencia2026\/wp-content\/uploads\/2026\/04\/Daniela-S.-Fernandes-2048x1367.jpg 2048w\" sizes=\"(max-width: 2560px) 100vw, 2560px\" \/>\t\t\t\t\t\t\t\t\t\t\t\t\t\t\t<\/div>\n\t\t\t\t<\/div>\n\t\t<div class=\"elementor-element elementor-element-65dd94e e-con-full e-flex e-con e-child\" data-id=\"65dd94e\" data-element_type=\"container\" data-e-type=\"container\" data-settings=\"{&quot;background_background&quot;:&quot;classic&quot;,&quot;jet_parallax_layout_list&quot;:[]}\">\n\t\t\t\t<div class=\"elementor-element elementor-element-6060fd9 elementor-widget elementor-widget-heading\" data-id=\"6060fd9\" data-element_type=\"widget\" data-e-type=\"widget\" data-widget_type=\"heading.default\">\n\t\t\t\t\t<h2 class=\"elementor-heading-title elementor-size-default\">Daniela Silvestrini Fernandes<\/h2>\t\t\t\t<\/div>\n\t\t\t\t<div class=\"elementor-element elementor-element-03e8ae0 elementor-widget elementor-widget-heading\" data-id=\"03e8ae0\" data-element_type=\"widget\" data-e-type=\"widget\" data-widget_type=\"heading.default\">\n\t\t\t\t\t<h2 class=\"elementor-heading-title elementor-size-default\">Qu\u00edmica, Doutora em Qu\u00edmica de Materiais \u2013 FEIS\/Unesp<\/h2>\t\t\t\t<\/div>\n\t\t<div class=\"elementor-element elementor-element-50e31b3 e-con-full e-flex e-con e-child\" data-id=\"50e31b3\" data-element_type=\"container\" data-e-type=\"container\" data-settings=\"{&quot;background_background&quot;:&quot;classic&quot;,&quot;jet_parallax_layout_list&quot;:[]}\">\n\t\t\t\t<div class=\"elementor-element elementor-element-732f50b elementor-widget elementor-widget-heading\" data-id=\"732f50b\" data-element_type=\"widget\" data-e-type=\"widget\" data-widget_type=\"heading.default\">\n\t\t\t\t\t<h2 class=\"elementor-heading-title elementor-size-default\">01\/07 | 14h \u00e0s 16h \u2013 Workshop 1 \u2013 Empreendedorismo Deep Tech: Da P\u00f3s-Gradua\u00e7\u00e3o ao Mercado<\/h2>\t\t\t\t<\/div>\n\t\t\t\t<\/div>\n\t\t\t\t<\/div>\n\t\t\t\t<\/div>\n\t\t\t\t<\/div>\n\t\t<a href=\"https:\/\/anprotec.org.br\/conferencia2026\/palestrantes\/daniela-silvestrini-fernandes\/\" class=\"jet-engine-listing-overlay-link\"><\/a><\/div><\/div><\/div><\/div>\t\t\t\t<\/div>\n\t\t\t\t<\/div>\n\t\t<div id=\"e-n-tab-content-623354655\" role=\"tabpanel\" aria-labelledby=\"e-n-tab-title-623354655\" data-tab-index=\"5\" style=\"--n-tabs-title-order: 5;\" class=\" elementor-element elementor-element-8cf010a e-con-full e-flex e-con e-child\" data-id=\"8cf010a\" data-element_type=\"container\" data-e-type=\"container\" data-settings=\"{&quot;jet_parallax_layout_list&quot;:[]}\">\n\t\t\t\t<div class=\"elementor-element elementor-element-2cd48a6 elementor-widget elementor-widget-icon-box\" data-id=\"2cd48a6\" data-element_type=\"widget\" data-e-type=\"widget\" data-widget_type=\"icon-box.default\">\n\t\t\t\t\t\t\t<div class=\"elementor-icon-box-wrapper\">\n\n\t\t\t\n\t\t\t\t\t\t<div class=\"elementor-icon-box-content\">\n\n\t\t\t\t\t\t\t\t\t<h3 class=\"elementor-icon-box-title\">\n\t\t\t\t\t\t<span  >\n\t\t\t\t\t\t\tRodas de Conversa\t\t\t\t\t\t<\/span>\n\t\t\t\t\t<\/h3>\n\t\t\t\t\n\t\t\t\t\t\t\t\t\t<p class=\"elementor-icon-box-description\">\n\t\t\t\t\t\tDi\u00e1logos abertos e colaborativos\t\t\t\t\t<\/p>\n\t\t\t\t\n\t\t\t<\/div>\n\t\t\t\n\t\t<\/div>\n\t\t\t\t\t\t<\/div>\n\t\t\t\t<div class=\"elementor-element elementor-element-aec961d elementor-widget elementor-widget-jet-listing-grid\" data-id=\"aec961d\" data-element_type=\"widget\" data-e-type=\"widget\" data-settings=\"{&quot;columns&quot;:3,&quot;columns_mobile&quot;:&quot;1&quot;}\" data-widget_type=\"jet-listing-grid.default\">\n\t\t\t\t\t<div class=\"jet-listing-grid jet-listing\"><div class=\"jet-listing-grid__items grid-col-desk-3 grid-col-tablet-3 grid-col-mobile-1 jet-listing-grid--628\" data-queried-id=\"666|WP_Post\" data-nav=\"{&quot;enabled&quot;:false,&quot;type&quot;:null,&quot;more_el&quot;:null,&quot;query&quot;:[],&quot;widget_settings&quot;:{&quot;lisitng_id&quot;:628,&quot;posts_num&quot;:99,&quot;columns&quot;:3,&quot;columns_tablet&quot;:3,&quot;columns_mobile&quot;:1,&quot;column_min_width&quot;:240,&quot;column_min_width_tablet&quot;:240,&quot;column_min_width_mobile&quot;:240,&quot;inline_columns_css&quot;:false,&quot;is_archive_template&quot;:&quot;&quot;,&quot;post_status&quot;:[&quot;publish&quot;],&quot;use_random_posts_num&quot;:&quot;&quot;,&quot;max_posts_num&quot;:9,&quot;not_found_message&quot;:&quot;No data was found&quot;,&quot;is_masonry&quot;:false,&quot;equal_columns_height&quot;:&quot;&quot;,&quot;use_load_more&quot;:&quot;&quot;,&quot;load_more_id&quot;:&quot;&quot;,&quot;load_more_type&quot;:&quot;click&quot;,&quot;load_more_offset&quot;:{&quot;unit&quot;:&quot;px&quot;,&quot;size&quot;:0,&quot;sizes&quot;:[]},&quot;use_custom_post_types&quot;:&quot;&quot;,&quot;custom_post_types&quot;:[],&quot;hide_widget_if&quot;:&quot;&quot;,&quot;carousel_enabled&quot;:&quot;&quot;,&quot;slides_to_scroll&quot;:&quot;1&quot;,&quot;arrows&quot;:&quot;true&quot;,&quot;arrow_icon&quot;:&quot;fa fa-angle-left&quot;,&quot;dots&quot;:&quot;&quot;,&quot;autoplay&quot;:&quot;true&quot;,&quot;pause_on_hover&quot;:&quot;true&quot;,&quot;autoplay_speed&quot;:5000,&quot;infinite&quot;:&quot;true&quot;,&quot;center_mode&quot;:&quot;&quot;,&quot;effect&quot;:&quot;slide&quot;,&quot;speed&quot;:500,&quot;inject_alternative_items&quot;:&quot;&quot;,&quot;injection_items&quot;:[],&quot;scroll_slider_enabled&quot;:&quot;&quot;,&quot;scroll_slider_on&quot;:[&quot;desktop&quot;,&quot;tablet&quot;,&quot;mobile&quot;],&quot;custom_query&quot;:false,&quot;custom_query_id&quot;:&quot;4&quot;,&quot;_element_id&quot;:&quot;&quot;,&quot;collapse_first_last_gap&quot;:false,&quot;list_tag_selection&quot;:&quot;&quot;,&quot;list_items_wrapper_tag&quot;:&quot;div&quot;,&quot;list_item_tag&quot;:&quot;div&quot;,&quot;empty_items_wrapper_tag&quot;:&quot;div&quot;}}\" data-page=\"1\" data-pages=\"1\" data-listing-source=\"posts\" data-listing-id=\"628\" data-query-id=\"\"><div class=\"jet-listing-grid__item jet-listing-dynamic-post-1064\" data-post-id=\"1064\"  ><div class=\"jet-engine-listing-overlay-wrap\" data-url=\"https:\/\/anprotec.org.br\/conferencia2026\/palestrantes\/paulo-renato-macedo-cabral\/\">\t\t<div data-elementor-type=\"jet-listing-items\" data-elementor-id=\"628\" class=\"elementor elementor-628\" data-elementor-post-type=\"jet-engine\">\n\t\t\t\t<div class=\"elementor-element elementor-element-570e262 e-con-full e-transform e-flex e-con e-parent\" data-id=\"570e262\" data-element_type=\"container\" data-e-type=\"container\" data-settings=\"{&quot;jet_parallax_layout_list&quot;:[],&quot;_transform_scale_effect_hover&quot;:{&quot;unit&quot;:&quot;px&quot;,&quot;size&quot;:1.02,&quot;sizes&quot;:[]},&quot;_transform_scale_effect_hover_tablet&quot;:{&quot;unit&quot;:&quot;px&quot;,&quot;size&quot;:&quot;&quot;,&quot;sizes&quot;:[]},&quot;_transform_scale_effect_hover_mobile&quot;:{&quot;unit&quot;:&quot;px&quot;,&quot;size&quot;:&quot;&quot;,&quot;sizes&quot;:[]}}\">\n\t\t<div class=\"elementor-element elementor-element-113c997 e-con-full e-flex e-con e-child\" data-id=\"113c997\" data-element_type=\"container\" data-e-type=\"container\" data-settings=\"{&quot;background_background&quot;:&quot;classic&quot;,&quot;jet_parallax_layout_list&quot;:[]}\">\n\t\t\t\t<div class=\"elementor-element elementor-element-1da2d17 elementor-widget elementor-widget-image\" data-id=\"1da2d17\" data-element_type=\"widget\" data-e-type=\"widget\" data-widget_type=\"image.default\">\n\t\t\t\t\t\t\t\t\t\t\t\t\t\t\t<img loading=\"lazy\" decoding=\"async\" width=\"1064\" height=\"1600\" src=\"https:\/\/anprotec.org.br\/conferencia2026\/wp-content\/uploads\/2026\/04\/Foto-perfil-PR.jpeg\" class=\"attachment-full size-full wp-image-1065\" alt=\"\" srcset=\"https:\/\/anprotec.org.br\/conferencia2026\/wp-content\/uploads\/2026\/04\/Foto-perfil-PR.jpeg 1064w, https:\/\/anprotec.org.br\/conferencia2026\/wp-content\/uploads\/2026\/04\/Foto-perfil-PR-200x300.jpeg 200w, https:\/\/anprotec.org.br\/conferencia2026\/wp-content\/uploads\/2026\/04\/Foto-perfil-PR-681x1024.jpeg 681w, https:\/\/anprotec.org.br\/conferencia2026\/wp-content\/uploads\/2026\/04\/Foto-perfil-PR-768x1155.jpeg 768w, https:\/\/anprotec.org.br\/conferencia2026\/wp-content\/uploads\/2026\/04\/Foto-perfil-PR-1021x1536.jpeg 1021w\" sizes=\"(max-width: 1064px) 100vw, 1064px\" \/>\t\t\t\t\t\t\t\t\t\t\t\t\t\t\t<\/div>\n\t\t\t\t<\/div>\n\t\t<div class=\"elementor-element elementor-element-65dd94e e-con-full e-flex e-con e-child\" data-id=\"65dd94e\" data-element_type=\"container\" data-e-type=\"container\" data-settings=\"{&quot;background_background&quot;:&quot;classic&quot;,&quot;jet_parallax_layout_list&quot;:[]}\">\n\t\t\t\t<div class=\"elementor-element elementor-element-6060fd9 elementor-widget elementor-widget-heading\" data-id=\"6060fd9\" data-element_type=\"widget\" data-e-type=\"widget\" data-widget_type=\"heading.default\">\n\t\t\t\t\t<h2 class=\"elementor-heading-title elementor-size-default\">Paulo Renato Macedo Cabral<\/h2>\t\t\t\t<\/div>\n\t\t\t\t<div class=\"elementor-element elementor-element-03e8ae0 elementor-widget elementor-widget-heading\" data-id=\"03e8ae0\" data-element_type=\"widget\" data-e-type=\"widget\" data-widget_type=\"heading.default\">\n\t\t\t\t\t<h2 class=\"elementor-heading-title elementor-size-default\">Gerente do SEBRAE<\/h2>\t\t\t\t<\/div>\n\t\t<div class=\"elementor-element elementor-element-50e31b3 e-con-full e-flex e-con e-child\" data-id=\"50e31b3\" data-element_type=\"container\" data-e-type=\"container\" data-settings=\"{&quot;background_background&quot;:&quot;classic&quot;,&quot;jet_parallax_layout_list&quot;:[]}\">\n\t\t\t\t<div class=\"elementor-element elementor-element-732f50b elementor-widget elementor-widget-heading\" data-id=\"732f50b\" data-element_type=\"widget\" data-e-type=\"widget\" data-widget_type=\"heading.default\">\n\t\t\t\t\t<h2 class=\"elementor-heading-title elementor-size-default\">01\/07 \u00e1s 14h | Roda de Conversa 3: Governan\u00e7a de ecossistemas de inova\u00e7\u00e3o.<\/h2>\t\t\t\t<\/div>\n\t\t\t\t<\/div>\n\t\t\t\t<\/div>\n\t\t\t\t<\/div>\n\t\t\t\t<\/div>\n\t\t<a href=\"https:\/\/anprotec.org.br\/conferencia2026\/palestrantes\/paulo-renato-macedo-cabral\/\" class=\"jet-engine-listing-overlay-link\"><\/a><\/div><\/div><div class=\"jet-listing-grid__item jet-listing-dynamic-post-705\" data-post-id=\"705\"  ><div class=\"jet-engine-listing-overlay-wrap\" data-url=\"https:\/\/anprotec.org.br\/conferencia2026\/palestrantes\/diretora-de-redes-e-associados-da-anprotec\/\">\t\t<div data-elementor-type=\"jet-listing-items\" data-elementor-id=\"628\" class=\"elementor elementor-628\" data-elementor-post-type=\"jet-engine\">\n\t\t\t\t<div class=\"elementor-element elementor-element-570e262 e-con-full e-transform e-flex e-con e-parent\" data-id=\"570e262\" data-element_type=\"container\" data-e-type=\"container\" data-settings=\"{&quot;jet_parallax_layout_list&quot;:[],&quot;_transform_scale_effect_hover&quot;:{&quot;unit&quot;:&quot;px&quot;,&quot;size&quot;:1.02,&quot;sizes&quot;:[]},&quot;_transform_scale_effect_hover_tablet&quot;:{&quot;unit&quot;:&quot;px&quot;,&quot;size&quot;:&quot;&quot;,&quot;sizes&quot;:[]},&quot;_transform_scale_effect_hover_mobile&quot;:{&quot;unit&quot;:&quot;px&quot;,&quot;size&quot;:&quot;&quot;,&quot;sizes&quot;:[]}}\">\n\t\t<div class=\"elementor-element elementor-element-113c997 e-con-full e-flex e-con e-child\" data-id=\"113c997\" data-element_type=\"container\" data-e-type=\"container\" data-settings=\"{&quot;background_background&quot;:&quot;classic&quot;,&quot;jet_parallax_layout_list&quot;:[]}\">\n\t\t\t\t<div class=\"elementor-element elementor-element-1da2d17 elementor-widget elementor-widget-image\" data-id=\"1da2d17\" data-element_type=\"widget\" data-e-type=\"widget\" data-widget_type=\"image.default\">\n\t\t\t\t\t\t\t\t\t\t\t\t\t\t\t<img loading=\"lazy\" decoding=\"async\" width=\"1453\" height=\"969\" src=\"https:\/\/anprotec.org.br\/conferencia2026\/wp-content\/uploads\/2026\/04\/mairanobre.jpg\" class=\"attachment-full size-full wp-image-890\" alt=\"\" srcset=\"https:\/\/anprotec.org.br\/conferencia2026\/wp-content\/uploads\/2026\/04\/mairanobre.jpg 1453w, https:\/\/anprotec.org.br\/conferencia2026\/wp-content\/uploads\/2026\/04\/mairanobre-300x200.jpg 300w, https:\/\/anprotec.org.br\/conferencia2026\/wp-content\/uploads\/2026\/04\/mairanobre-1024x683.jpg 1024w, https:\/\/anprotec.org.br\/conferencia2026\/wp-content\/uploads\/2026\/04\/mairanobre-768x512.jpg 768w\" sizes=\"(max-width: 1453px) 100vw, 1453px\" \/>\t\t\t\t\t\t\t\t\t\t\t\t\t\t\t<\/div>\n\t\t\t\t<\/div>\n\t\t<div class=\"elementor-element elementor-element-65dd94e e-con-full e-flex e-con e-child\" data-id=\"65dd94e\" data-element_type=\"container\" data-e-type=\"container\" data-settings=\"{&quot;background_background&quot;:&quot;classic&quot;,&quot;jet_parallax_layout_list&quot;:[]}\">\n\t\t\t\t<div class=\"elementor-element elementor-element-6060fd9 elementor-widget elementor-widget-heading\" data-id=\"6060fd9\" data-element_type=\"widget\" data-e-type=\"widget\" data-widget_type=\"heading.default\">\n\t\t\t\t\t<h2 class=\"elementor-heading-title elementor-size-default\">Maira Nobre de Castro<\/h2>\t\t\t\t<\/div>\n\t\t\t\t<div class=\"elementor-element elementor-element-03e8ae0 elementor-widget elementor-widget-heading\" data-id=\"03e8ae0\" data-element_type=\"widget\" data-e-type=\"widget\" data-widget_type=\"heading.default\">\n\t\t\t\t\t<h2 class=\"elementor-heading-title elementor-size-default\">Diretora de Redes e Associados da Anprotec<\/h2>\t\t\t\t<\/div>\n\t\t<div class=\"elementor-element elementor-element-50e31b3 e-con-full e-flex e-con e-child\" data-id=\"50e31b3\" data-element_type=\"container\" data-e-type=\"container\" data-settings=\"{&quot;background_background&quot;:&quot;classic&quot;,&quot;jet_parallax_layout_list&quot;:[]}\">\n\t\t\t\t<div class=\"elementor-element elementor-element-732f50b elementor-widget elementor-widget-heading\" data-id=\"732f50b\" data-element_type=\"widget\" data-e-type=\"widget\" data-widget_type=\"heading.default\">\n\t\t\t\t\t<h2 class=\"elementor-heading-title elementor-size-default\">01\/07 | 14h \u00e0s 16h \u2013 Roda de Conversa 3 - Governan\u00e7a de ecossistemas de inova\u00e7\u00e3o. Inclus\u00e3o, diversidade e empreendedorismo - Indicadores de impacto e avalia\u00e7\u00e3o de ecossistemas<\/h2>\t\t\t\t<\/div>\n\t\t\t\t<\/div>\n\t\t\t\t<\/div>\n\t\t\t\t<\/div>\n\t\t\t\t<\/div>\n\t\t<a href=\"https:\/\/anprotec.org.br\/conferencia2026\/palestrantes\/diretora-de-redes-e-associados-da-anprotec\/\" class=\"jet-engine-listing-overlay-link\"><\/a><\/div><\/div><div class=\"jet-listing-grid__item jet-listing-dynamic-post-704\" data-post-id=\"704\"  ><div class=\"jet-engine-listing-overlay-wrap\" data-url=\"https:\/\/anprotec.org.br\/conferencia2026\/palestrantes\/marcel-botelho\/\">\t\t<div data-elementor-type=\"jet-listing-items\" data-elementor-id=\"628\" class=\"elementor elementor-628\" data-elementor-post-type=\"jet-engine\">\n\t\t\t\t<div class=\"elementor-element elementor-element-570e262 e-con-full e-transform e-flex e-con e-parent\" data-id=\"570e262\" data-element_type=\"container\" data-e-type=\"container\" data-settings=\"{&quot;jet_parallax_layout_list&quot;:[],&quot;_transform_scale_effect_hover&quot;:{&quot;unit&quot;:&quot;px&quot;,&quot;size&quot;:1.02,&quot;sizes&quot;:[]},&quot;_transform_scale_effect_hover_tablet&quot;:{&quot;unit&quot;:&quot;px&quot;,&quot;size&quot;:&quot;&quot;,&quot;sizes&quot;:[]},&quot;_transform_scale_effect_hover_mobile&quot;:{&quot;unit&quot;:&quot;px&quot;,&quot;size&quot;:&quot;&quot;,&quot;sizes&quot;:[]}}\">\n\t\t<div class=\"elementor-element elementor-element-113c997 e-con-full e-flex e-con e-child\" data-id=\"113c997\" data-element_type=\"container\" data-e-type=\"container\" data-settings=\"{&quot;background_background&quot;:&quot;classic&quot;,&quot;jet_parallax_layout_list&quot;:[]}\">\n\t\t\t\t<div class=\"elementor-element elementor-element-1da2d17 elementor-widget elementor-widget-image\" data-id=\"1da2d17\" data-element_type=\"widget\" data-e-type=\"widget\" data-widget_type=\"image.default\">\n\t\t\t\t\t\t\t\t\t\t\t\t\t\t\t<img loading=\"lazy\" decoding=\"async\" width=\"1120\" height=\"1365\" src=\"https:\/\/anprotec.org.br\/conferencia2026\/wp-content\/uploads\/2026\/04\/M_Perfil_1.jpg\" class=\"attachment-full size-full wp-image-653\" alt=\"\" srcset=\"https:\/\/anprotec.org.br\/conferencia2026\/wp-content\/uploads\/2026\/04\/M_Perfil_1.jpg 1120w, https:\/\/anprotec.org.br\/conferencia2026\/wp-content\/uploads\/2026\/04\/M_Perfil_1-246x300.jpg 246w, https:\/\/anprotec.org.br\/conferencia2026\/wp-content\/uploads\/2026\/04\/M_Perfil_1-840x1024.jpg 840w, https:\/\/anprotec.org.br\/conferencia2026\/wp-content\/uploads\/2026\/04\/M_Perfil_1-768x936.jpg 768w\" sizes=\"(max-width: 1120px) 100vw, 1120px\" \/>\t\t\t\t\t\t\t\t\t\t\t\t\t\t\t<\/div>\n\t\t\t\t<\/div>\n\t\t<div class=\"elementor-element elementor-element-65dd94e e-con-full e-flex e-con e-child\" data-id=\"65dd94e\" data-element_type=\"container\" data-e-type=\"container\" data-settings=\"{&quot;background_background&quot;:&quot;classic&quot;,&quot;jet_parallax_layout_list&quot;:[]}\">\n\t\t\t\t<div class=\"elementor-element elementor-element-6060fd9 elementor-widget elementor-widget-heading\" data-id=\"6060fd9\" data-element_type=\"widget\" data-e-type=\"widget\" data-widget_type=\"heading.default\">\n\t\t\t\t\t<h2 class=\"elementor-heading-title elementor-size-default\">Marcel Botelho<\/h2>\t\t\t\t<\/div>\n\t\t\t\t<div class=\"elementor-element elementor-element-03e8ae0 elementor-widget elementor-widget-heading\" data-id=\"03e8ae0\" data-element_type=\"widget\" data-e-type=\"widget\" data-widget_type=\"heading.default\">\n\t\t\t\t\t<h2 class=\"elementor-heading-title elementor-size-default\">Ex-Reitor \u2013 Universidade Federal da Amaz\u00f4nia<\/h2>\t\t\t\t<\/div>\n\t\t<div class=\"elementor-element elementor-element-50e31b3 e-con-full e-flex e-con e-child\" data-id=\"50e31b3\" data-element_type=\"container\" data-e-type=\"container\" data-settings=\"{&quot;background_background&quot;:&quot;classic&quot;,&quot;jet_parallax_layout_list&quot;:[]}\">\n\t\t\t\t<div class=\"elementor-element elementor-element-732f50b elementor-widget elementor-widget-heading\" data-id=\"732f50b\" data-element_type=\"widget\" data-e-type=\"widget\" data-widget_type=\"heading.default\">\n\t\t\t\t\t<h2 class=\"elementor-heading-title elementor-size-default\">30\/06 | 8h30 \u00e0s 10h \u2013 Roda de Conversa 2 \u2013 Programas de Impacto e Inova\u00e7\u00e3o: A\u00e7\u00e3o do Governo Federal<\/h2>\t\t\t\t<\/div>\n\t\t\t\t<\/div>\n\t\t\t\t<\/div>\n\t\t\t\t<\/div>\n\t\t\t\t<\/div>\n\t\t<a href=\"https:\/\/anprotec.org.br\/conferencia2026\/palestrantes\/marcel-botelho\/\" class=\"jet-engine-listing-overlay-link\"><\/a><\/div><\/div><div class=\"jet-listing-grid__item jet-listing-dynamic-post-702\" data-post-id=\"702\"  ><div class=\"jet-engine-listing-overlay-wrap\" data-url=\"https:\/\/anprotec.org.br\/conferencia2026\/palestrantes\/diretor-de-relacoes-internacionais-na-anprotec\/\">\t\t<div data-elementor-type=\"jet-listing-items\" data-elementor-id=\"628\" class=\"elementor elementor-628\" data-elementor-post-type=\"jet-engine\">\n\t\t\t\t<div class=\"elementor-element elementor-element-570e262 e-con-full e-transform e-flex e-con e-parent\" data-id=\"570e262\" data-element_type=\"container\" data-e-type=\"container\" data-settings=\"{&quot;jet_parallax_layout_list&quot;:[],&quot;_transform_scale_effect_hover&quot;:{&quot;unit&quot;:&quot;px&quot;,&quot;size&quot;:1.02,&quot;sizes&quot;:[]},&quot;_transform_scale_effect_hover_tablet&quot;:{&quot;unit&quot;:&quot;px&quot;,&quot;size&quot;:&quot;&quot;,&quot;sizes&quot;:[]},&quot;_transform_scale_effect_hover_mobile&quot;:{&quot;unit&quot;:&quot;px&quot;,&quot;size&quot;:&quot;&quot;,&quot;sizes&quot;:[]}}\">\n\t\t<div class=\"elementor-element elementor-element-113c997 e-con-full e-flex e-con e-child\" data-id=\"113c997\" data-element_type=\"container\" data-e-type=\"container\" data-settings=\"{&quot;background_background&quot;:&quot;classic&quot;,&quot;jet_parallax_layout_list&quot;:[]}\">\n\t\t\t\t<div class=\"elementor-element elementor-element-1da2d17 elementor-widget elementor-widget-image\" data-id=\"1da2d17\" data-element_type=\"widget\" data-e-type=\"widget\" data-widget_type=\"image.default\">\n\t\t\t\t\t\t\t\t\t\t\t\t\t\t\t<img loading=\"lazy\" decoding=\"async\" width=\"853\" height=\"1024\" src=\"https:\/\/anprotec.org.br\/conferencia2026\/wp-content\/uploads\/2026\/04\/Romildo-2.jpeg\" class=\"attachment-full size-full wp-image-805\" alt=\"\" srcset=\"https:\/\/anprotec.org.br\/conferencia2026\/wp-content\/uploads\/2026\/04\/Romildo-2.jpeg 853w, https:\/\/anprotec.org.br\/conferencia2026\/wp-content\/uploads\/2026\/04\/Romildo-2-250x300.jpeg 250w, https:\/\/anprotec.org.br\/conferencia2026\/wp-content\/uploads\/2026\/04\/Romildo-2-768x922.jpeg 768w\" sizes=\"(max-width: 853px) 100vw, 853px\" \/>\t\t\t\t\t\t\t\t\t\t\t\t\t\t\t<\/div>\n\t\t\t\t<\/div>\n\t\t<div class=\"elementor-element elementor-element-65dd94e e-con-full e-flex e-con e-child\" data-id=\"65dd94e\" data-element_type=\"container\" data-e-type=\"container\" data-settings=\"{&quot;background_background&quot;:&quot;classic&quot;,&quot;jet_parallax_layout_list&quot;:[]}\">\n\t\t\t\t<div class=\"elementor-element elementor-element-6060fd9 elementor-widget elementor-widget-heading\" data-id=\"6060fd9\" data-element_type=\"widget\" data-e-type=\"widget\" data-widget_type=\"heading.default\">\n\t\t\t\t\t<h2 class=\"elementor-heading-title elementor-size-default\">Romildo Toledo<\/h2>\t\t\t\t<\/div>\n\t\t\t\t<div class=\"elementor-element elementor-element-03e8ae0 elementor-widget elementor-widget-heading\" data-id=\"03e8ae0\" data-element_type=\"widget\" data-e-type=\"widget\" data-widget_type=\"heading.default\">\n\t\t\t\t\t<h2 class=\"elementor-heading-title elementor-size-default\">Diretor de Rela\u00e7\u00f5es Internacionais na Anprotec<\/h2>\t\t\t\t<\/div>\n\t\t<div class=\"elementor-element elementor-element-50e31b3 e-con-full e-flex e-con e-child\" data-id=\"50e31b3\" data-element_type=\"container\" data-e-type=\"container\" data-settings=\"{&quot;background_background&quot;:&quot;classic&quot;,&quot;jet_parallax_layout_list&quot;:[]}\">\n\t\t\t\t<div class=\"elementor-element elementor-element-732f50b elementor-widget elementor-widget-heading\" data-id=\"732f50b\" data-element_type=\"widget\" data-e-type=\"widget\" data-widget_type=\"heading.default\">\n\t\t\t\t\t<h2 class=\"elementor-heading-title elementor-size-default\">01\/07 | 14h - Roda de Conversa 1- Ambientes de Inova\u00e7\u00e3o como Vetores da Internacionaliza\u00e7\u00e3o de Empresas <\/h2>\t\t\t\t<\/div>\n\t\t\t\t<\/div>\n\t\t\t\t<\/div>\n\t\t\t\t<\/div>\n\t\t\t\t<\/div>\n\t\t<a href=\"https:\/\/anprotec.org.br\/conferencia2026\/palestrantes\/diretor-de-relacoes-internacionais-na-anprotec\/\" class=\"jet-engine-listing-overlay-link\"><\/a><\/div><\/div><\/div><\/div>\t\t\t\t<\/div>\n\t\t\t\t<\/div>\n\t\t<div id=\"e-n-tab-content-623354656\" role=\"tabpanel\" aria-labelledby=\"e-n-tab-title-623354656\" data-tab-index=\"6\" style=\"--n-tabs-title-order: 6;\" class=\" elementor-element elementor-element-4ec4a5d e-con-full e-flex e-con e-child\" data-id=\"4ec4a5d\" data-element_type=\"container\" data-e-type=\"container\" data-settings=\"{&quot;jet_parallax_layout_list&quot;:[]}\">\n\t\t\t\t<div class=\"elementor-element elementor-element-e106123 elementor-widget elementor-widget-icon-box\" data-id=\"e106123\" data-element_type=\"widget\" data-e-type=\"widget\" data-widget_type=\"icon-box.default\">\n\t\t\t\t\t\t\t<div class=\"elementor-icon-box-wrapper\">\n\n\t\t\t\n\t\t\t\t\t\t<div class=\"elementor-icon-box-content\">\n\n\t\t\t\t\t\t\t\t\t<h3 class=\"elementor-icon-box-title\">\n\t\t\t\t\t\t<span  >\n\t\t\t\t\t\t\tPain\u00e9is Speaker \u2013 Chamada de Trabalhos\t\t\t\t\t\t<\/span>\n\t\t\t\t\t<\/h3>\n\t\t\t\t\n\t\t\t\t\t\t\t\t\t<p class=\"elementor-icon-box-description\">\n\t\t\t\t\t\tApresenta\u00e7\u00e3o de artigos e relatos selecionados\n\t\t\t\t\t<\/p>\n\t\t\t\t\n\t\t\t<\/div>\n\t\t\t\n\t\t<\/div>\n\t\t\t\t\t\t<\/div>\n\t\t\t\t<div class=\"elementor-element elementor-element-30f68e0 elementor-widget elementor-widget-jet-listing-grid\" data-id=\"30f68e0\" data-element_type=\"widget\" data-e-type=\"widget\" data-settings=\"{&quot;columns&quot;:3,&quot;columns_mobile&quot;:&quot;1&quot;}\" data-widget_type=\"jet-listing-grid.default\">\n\t\t\t\t\t<div class=\"jet-listing-grid jet-listing\"><div class=\"jet-listing-grid__items grid-col-desk-3 grid-col-tablet-3 grid-col-mobile-1 jet-listing-grid--628\" data-queried-id=\"666|WP_Post\" data-nav=\"{&quot;enabled&quot;:false,&quot;type&quot;:null,&quot;more_el&quot;:null,&quot;query&quot;:[],&quot;widget_settings&quot;:{&quot;lisitng_id&quot;:628,&quot;posts_num&quot;:99,&quot;columns&quot;:3,&quot;columns_tablet&quot;:3,&quot;columns_mobile&quot;:1,&quot;column_min_width&quot;:240,&quot;column_min_width_tablet&quot;:240,&quot;column_min_width_mobile&quot;:240,&quot;inline_columns_css&quot;:false,&quot;is_archive_template&quot;:&quot;&quot;,&quot;post_status&quot;:[&quot;publish&quot;],&quot;use_random_posts_num&quot;:&quot;&quot;,&quot;max_posts_num&quot;:9,&quot;not_found_message&quot;:&quot;No data was found&quot;,&quot;is_masonry&quot;:false,&quot;equal_columns_height&quot;:&quot;&quot;,&quot;use_load_more&quot;:&quot;&quot;,&quot;load_more_id&quot;:&quot;&quot;,&quot;load_more_type&quot;:&quot;click&quot;,&quot;load_more_offset&quot;:{&quot;unit&quot;:&quot;px&quot;,&quot;size&quot;:0,&quot;sizes&quot;:[]},&quot;use_custom_post_types&quot;:&quot;&quot;,&quot;custom_post_types&quot;:[],&quot;hide_widget_if&quot;:&quot;&quot;,&quot;carousel_enabled&quot;:&quot;&quot;,&quot;slides_to_scroll&quot;:&quot;1&quot;,&quot;arrows&quot;:&quot;true&quot;,&quot;arrow_icon&quot;:&quot;fa fa-angle-left&quot;,&quot;dots&quot;:&quot;&quot;,&quot;autoplay&quot;:&quot;true&quot;,&quot;pause_on_hover&quot;:&quot;true&quot;,&quot;autoplay_speed&quot;:5000,&quot;infinite&quot;:&quot;true&quot;,&quot;center_mode&quot;:&quot;&quot;,&quot;effect&quot;:&quot;slide&quot;,&quot;speed&quot;:500,&quot;inject_alternative_items&quot;:&quot;&quot;,&quot;injection_items&quot;:[],&quot;scroll_slider_enabled&quot;:&quot;&quot;,&quot;scroll_slider_on&quot;:[&quot;desktop&quot;,&quot;tablet&quot;,&quot;mobile&quot;],&quot;custom_query&quot;:false,&quot;custom_query_id&quot;:&quot;4&quot;,&quot;_element_id&quot;:&quot;&quot;,&quot;collapse_first_last_gap&quot;:false,&quot;list_tag_selection&quot;:&quot;&quot;,&quot;list_items_wrapper_tag&quot;:&quot;div&quot;,&quot;list_item_tag&quot;:&quot;div&quot;,&quot;empty_items_wrapper_tag&quot;:&quot;div&quot;}}\" data-page=\"1\" data-pages=\"1\" data-listing-source=\"posts\" data-listing-id=\"628\" data-query-id=\"\"><div class=\"jet-listing-grid__item jet-listing-dynamic-post-1061\" data-post-id=\"1061\"  ><div class=\"jet-engine-listing-overlay-wrap\" data-url=\"https:\/\/anprotec.org.br\/conferencia2026\/palestrantes\/flavia-fiorin\/\">\t\t<div data-elementor-type=\"jet-listing-items\" data-elementor-id=\"628\" class=\"elementor elementor-628\" data-elementor-post-type=\"jet-engine\">\n\t\t\t\t<div class=\"elementor-element elementor-element-570e262 e-con-full e-transform e-flex e-con e-parent\" data-id=\"570e262\" data-element_type=\"container\" data-e-type=\"container\" data-settings=\"{&quot;jet_parallax_layout_list&quot;:[],&quot;_transform_scale_effect_hover&quot;:{&quot;unit&quot;:&quot;px&quot;,&quot;size&quot;:1.02,&quot;sizes&quot;:[]},&quot;_transform_scale_effect_hover_tablet&quot;:{&quot;unit&quot;:&quot;px&quot;,&quot;size&quot;:&quot;&quot;,&quot;sizes&quot;:[]},&quot;_transform_scale_effect_hover_mobile&quot;:{&quot;unit&quot;:&quot;px&quot;,&quot;size&quot;:&quot;&quot;,&quot;sizes&quot;:[]}}\">\n\t\t<div class=\"elementor-element elementor-element-113c997 e-con-full e-flex e-con e-child\" data-id=\"113c997\" data-element_type=\"container\" data-e-type=\"container\" data-settings=\"{&quot;background_background&quot;:&quot;classic&quot;,&quot;jet_parallax_layout_list&quot;:[]}\">\n\t\t\t\t<div class=\"elementor-element elementor-element-1da2d17 elementor-widget elementor-widget-image\" data-id=\"1da2d17\" data-element_type=\"widget\" data-e-type=\"widget\" data-widget_type=\"image.default\">\n\t\t\t\t\t\t\t\t\t\t\t\t\t\t\t<img loading=\"lazy\" decoding=\"async\" width=\"2048\" height=\"1367\" src=\"https:\/\/anprotec.org.br\/conferencia2026\/wp-content\/uploads\/2026\/04\/flavia-fiorin.jpeg\" class=\"attachment-full size-full wp-image-1062\" alt=\"\" srcset=\"https:\/\/anprotec.org.br\/conferencia2026\/wp-content\/uploads\/2026\/04\/flavia-fiorin.jpeg 2048w, https:\/\/anprotec.org.br\/conferencia2026\/wp-content\/uploads\/2026\/04\/flavia-fiorin-300x200.jpeg 300w, https:\/\/anprotec.org.br\/conferencia2026\/wp-content\/uploads\/2026\/04\/flavia-fiorin-1024x684.jpeg 1024w, https:\/\/anprotec.org.br\/conferencia2026\/wp-content\/uploads\/2026\/04\/flavia-fiorin-768x513.jpeg 768w, https:\/\/anprotec.org.br\/conferencia2026\/wp-content\/uploads\/2026\/04\/flavia-fiorin-1536x1025.jpeg 1536w\" sizes=\"(max-width: 2048px) 100vw, 2048px\" \/>\t\t\t\t\t\t\t\t\t\t\t\t\t\t\t<\/div>\n\t\t\t\t<\/div>\n\t\t<div class=\"elementor-element elementor-element-65dd94e e-con-full e-flex e-con e-child\" data-id=\"65dd94e\" data-element_type=\"container\" data-e-type=\"container\" data-settings=\"{&quot;background_background&quot;:&quot;classic&quot;,&quot;jet_parallax_layout_list&quot;:[]}\">\n\t\t\t\t<div class=\"elementor-element elementor-element-6060fd9 elementor-widget elementor-widget-heading\" data-id=\"6060fd9\" data-element_type=\"widget\" data-e-type=\"widget\" data-widget_type=\"heading.default\">\n\t\t\t\t\t<h2 class=\"elementor-heading-title elementor-size-default\">Fl\u00e1via Fiorin<\/h2>\t\t\t\t<\/div>\n\t\t\t\t<div class=\"elementor-element elementor-element-03e8ae0 elementor-widget elementor-widget-heading\" data-id=\"03e8ae0\" data-element_type=\"widget\" data-e-type=\"widget\" data-widget_type=\"heading.default\">\n\t\t\t\t\t<h2 class=\"elementor-heading-title elementor-size-default\">Diretora do TECNOPUC<\/h2>\t\t\t\t<\/div>\n\t\t<div class=\"elementor-element elementor-element-50e31b3 e-con-full e-flex e-con e-child\" data-id=\"50e31b3\" data-element_type=\"container\" data-e-type=\"container\" data-settings=\"{&quot;background_background&quot;:&quot;classic&quot;,&quot;jet_parallax_layout_list&quot;:[]}\">\n\t\t\t\t<div class=\"elementor-element elementor-element-732f50b elementor-widget elementor-widget-heading\" data-id=\"732f50b\" data-element_type=\"widget\" data-e-type=\"widget\" data-widget_type=\"heading.default\">\n\t\t\t\t\t<h2 class=\"elementor-heading-title elementor-size-default\">29\/06 \u00e0s 08h30 | Painel Speaker Anprotec 05 \u2013 Artigos T\u00e9cnicos<\/h2>\t\t\t\t<\/div>\n\t\t\t\t<\/div>\n\t\t\t\t<\/div>\n\t\t\t\t<\/div>\n\t\t\t\t<\/div>\n\t\t<a href=\"https:\/\/anprotec.org.br\/conferencia2026\/palestrantes\/flavia-fiorin\/\" class=\"jet-engine-listing-overlay-link\"><\/a><\/div><\/div><div class=\"jet-listing-grid__item jet-listing-dynamic-post-992\" data-post-id=\"992\"  ><div class=\"jet-engine-listing-overlay-wrap\" data-url=\"https:\/\/anprotec.org.br\/conferencia2026\/palestrantes\/lidia-mizote\/\">\t\t<div data-elementor-type=\"jet-listing-items\" data-elementor-id=\"628\" class=\"elementor elementor-628\" data-elementor-post-type=\"jet-engine\">\n\t\t\t\t<div class=\"elementor-element elementor-element-570e262 e-con-full e-transform e-flex e-con e-parent\" data-id=\"570e262\" data-element_type=\"container\" data-e-type=\"container\" data-settings=\"{&quot;jet_parallax_layout_list&quot;:[],&quot;_transform_scale_effect_hover&quot;:{&quot;unit&quot;:&quot;px&quot;,&quot;size&quot;:1.02,&quot;sizes&quot;:[]},&quot;_transform_scale_effect_hover_tablet&quot;:{&quot;unit&quot;:&quot;px&quot;,&quot;size&quot;:&quot;&quot;,&quot;sizes&quot;:[]},&quot;_transform_scale_effect_hover_mobile&quot;:{&quot;unit&quot;:&quot;px&quot;,&quot;size&quot;:&quot;&quot;,&quot;sizes&quot;:[]}}\">\n\t\t<div class=\"elementor-element elementor-element-113c997 e-con-full e-flex e-con e-child\" data-id=\"113c997\" data-element_type=\"container\" data-e-type=\"container\" data-settings=\"{&quot;background_background&quot;:&quot;classic&quot;,&quot;jet_parallax_layout_list&quot;:[]}\">\n\t\t\t\t<div class=\"elementor-element elementor-element-1da2d17 elementor-widget elementor-widget-image\" data-id=\"1da2d17\" data-element_type=\"widget\" data-e-type=\"widget\" data-widget_type=\"image.default\">\n\t\t\t\t\t\t\t\t\t\t\t\t\t\t\t<img loading=\"lazy\" decoding=\"async\" width=\"1267\" height=\"1542\" src=\"https:\/\/anprotec.org.br\/conferencia2026\/wp-content\/uploads\/2026\/04\/WhatsApp-Image-2024-07-04-at-15.35.34-1-Lidia-Mizote-Educere.jpeg\" class=\"attachment-full size-full wp-image-994\" alt=\"\" srcset=\"https:\/\/anprotec.org.br\/conferencia2026\/wp-content\/uploads\/2026\/04\/WhatsApp-Image-2024-07-04-at-15.35.34-1-Lidia-Mizote-Educere.jpeg 1267w, https:\/\/anprotec.org.br\/conferencia2026\/wp-content\/uploads\/2026\/04\/WhatsApp-Image-2024-07-04-at-15.35.34-1-Lidia-Mizote-Educere-246x300.jpeg 246w, https:\/\/anprotec.org.br\/conferencia2026\/wp-content\/uploads\/2026\/04\/WhatsApp-Image-2024-07-04-at-15.35.34-1-Lidia-Mizote-Educere-841x1024.jpeg 841w, https:\/\/anprotec.org.br\/conferencia2026\/wp-content\/uploads\/2026\/04\/WhatsApp-Image-2024-07-04-at-15.35.34-1-Lidia-Mizote-Educere-768x935.jpeg 768w, https:\/\/anprotec.org.br\/conferencia2026\/wp-content\/uploads\/2026\/04\/WhatsApp-Image-2024-07-04-at-15.35.34-1-Lidia-Mizote-Educere-1262x1536.jpeg 1262w\" sizes=\"(max-width: 1267px) 100vw, 1267px\" \/>\t\t\t\t\t\t\t\t\t\t\t\t\t\t\t<\/div>\n\t\t\t\t<\/div>\n\t\t<div class=\"elementor-element elementor-element-65dd94e e-con-full e-flex e-con e-child\" data-id=\"65dd94e\" data-element_type=\"container\" data-e-type=\"container\" data-settings=\"{&quot;background_background&quot;:&quot;classic&quot;,&quot;jet_parallax_layout_list&quot;:[]}\">\n\t\t\t\t<div class=\"elementor-element elementor-element-6060fd9 elementor-widget elementor-widget-heading\" data-id=\"6060fd9\" data-element_type=\"widget\" data-e-type=\"widget\" data-widget_type=\"heading.default\">\n\t\t\t\t\t<h2 class=\"elementor-heading-title elementor-size-default\">Lidia Mizote<\/h2>\t\t\t\t<\/div>\n\t\t\t\t<div class=\"elementor-element elementor-element-03e8ae0 elementor-widget elementor-widget-heading\" data-id=\"03e8ae0\" data-element_type=\"widget\" data-e-type=\"widget\" data-widget_type=\"heading.default\">\n\t\t\t\t\t<h2 class=\"elementor-heading-title elementor-size-default\">Vice-presidente da Rede Paranaense de Incubadoras e Aceleradoras de Empreendimentos Inovadores (Re-Inova)<\/h2>\t\t\t\t<\/div>\n\t\t<div class=\"elementor-element elementor-element-50e31b3 e-con-full e-flex e-con e-child\" data-id=\"50e31b3\" data-element_type=\"container\" data-e-type=\"container\" data-settings=\"{&quot;background_background&quot;:&quot;classic&quot;,&quot;jet_parallax_layout_list&quot;:[]}\">\n\t\t\t\t<div class=\"elementor-element elementor-element-732f50b elementor-widget elementor-widget-heading\" data-id=\"732f50b\" data-element_type=\"widget\" data-e-type=\"widget\" data-widget_type=\"heading.default\">\n\t\t\t\t\t<h2 class=\"elementor-heading-title elementor-size-default\">29\/06  \u00e0s 10h30 | Painel Speaker Anprotec 02 \u2013 Relatos de Boas Pr\u00e1ticas<\/h2>\t\t\t\t<\/div>\n\t\t\t\t<\/div>\n\t\t\t\t<\/div>\n\t\t\t\t<\/div>\n\t\t\t\t<\/div>\n\t\t<a href=\"https:\/\/anprotec.org.br\/conferencia2026\/palestrantes\/lidia-mizote\/\" class=\"jet-engine-listing-overlay-link\"><\/a><\/div><\/div><div class=\"jet-listing-grid__item jet-listing-dynamic-post-989\" data-post-id=\"989\"  ><div class=\"jet-engine-listing-overlay-wrap\" data-url=\"https:\/\/anprotec.org.br\/conferencia2026\/palestrantes\/carbio-almeida\/\">\t\t<div data-elementor-type=\"jet-listing-items\" data-elementor-id=\"628\" class=\"elementor elementor-628\" data-elementor-post-type=\"jet-engine\">\n\t\t\t\t<div class=\"elementor-element elementor-element-570e262 e-con-full e-transform e-flex e-con e-parent\" data-id=\"570e262\" data-element_type=\"container\" data-e-type=\"container\" data-settings=\"{&quot;jet_parallax_layout_list&quot;:[],&quot;_transform_scale_effect_hover&quot;:{&quot;unit&quot;:&quot;px&quot;,&quot;size&quot;:1.02,&quot;sizes&quot;:[]},&quot;_transform_scale_effect_hover_tablet&quot;:{&quot;unit&quot;:&quot;px&quot;,&quot;size&quot;:&quot;&quot;,&quot;sizes&quot;:[]},&quot;_transform_scale_effect_hover_mobile&quot;:{&quot;unit&quot;:&quot;px&quot;,&quot;size&quot;:&quot;&quot;,&quot;sizes&quot;:[]}}\">\n\t\t<div class=\"elementor-element elementor-element-113c997 e-con-full e-flex e-con e-child\" data-id=\"113c997\" data-element_type=\"container\" data-e-type=\"container\" data-settings=\"{&quot;background_background&quot;:&quot;classic&quot;,&quot;jet_parallax_layout_list&quot;:[]}\">\n\t\t\t\t<div class=\"elementor-element elementor-element-1da2d17 elementor-widget elementor-widget-image\" data-id=\"1da2d17\" data-element_type=\"widget\" data-e-type=\"widget\" data-widget_type=\"image.default\">\n\t\t\t\t\t\t\t\t\t\t\t\t\t\t\t<img loading=\"lazy\" decoding=\"async\" width=\"1707\" height=\"2560\" src=\"https:\/\/anprotec.org.br\/conferencia2026\/wp-content\/uploads\/2026\/04\/Carbio-Profissional-reduzido-Carbio-Almeida-Waqued-scaled.jpg\" class=\"attachment-full size-full wp-image-990\" alt=\"\" srcset=\"https:\/\/anprotec.org.br\/conferencia2026\/wp-content\/uploads\/2026\/04\/Carbio-Profissional-reduzido-Carbio-Almeida-Waqued-scaled.jpg 1707w, https:\/\/anprotec.org.br\/conferencia2026\/wp-content\/uploads\/2026\/04\/Carbio-Profissional-reduzido-Carbio-Almeida-Waqued-200x300.jpg 200w, https:\/\/anprotec.org.br\/conferencia2026\/wp-content\/uploads\/2026\/04\/Carbio-Profissional-reduzido-Carbio-Almeida-Waqued-683x1024.jpg 683w, https:\/\/anprotec.org.br\/conferencia2026\/wp-content\/uploads\/2026\/04\/Carbio-Profissional-reduzido-Carbio-Almeida-Waqued-768x1152.jpg 768w, https:\/\/anprotec.org.br\/conferencia2026\/wp-content\/uploads\/2026\/04\/Carbio-Profissional-reduzido-Carbio-Almeida-Waqued-1024x1536.jpg 1024w, https:\/\/anprotec.org.br\/conferencia2026\/wp-content\/uploads\/2026\/04\/Carbio-Profissional-reduzido-Carbio-Almeida-Waqued-1365x2048.jpg 1365w\" sizes=\"(max-width: 1707px) 100vw, 1707px\" \/>\t\t\t\t\t\t\t\t\t\t\t\t\t\t\t<\/div>\n\t\t\t\t<\/div>\n\t\t<div class=\"elementor-element elementor-element-65dd94e e-con-full e-flex e-con e-child\" data-id=\"65dd94e\" data-element_type=\"container\" data-e-type=\"container\" data-settings=\"{&quot;background_background&quot;:&quot;classic&quot;,&quot;jet_parallax_layout_list&quot;:[]}\">\n\t\t\t\t<div class=\"elementor-element elementor-element-6060fd9 elementor-widget elementor-widget-heading\" data-id=\"6060fd9\" data-element_type=\"widget\" data-e-type=\"widget\" data-widget_type=\"heading.default\">\n\t\t\t\t\t<h2 class=\"elementor-heading-title elementor-size-default\">Carbio Almeida<\/h2>\t\t\t\t<\/div>\n\t\t\t\t<div class=\"elementor-element elementor-element-03e8ae0 elementor-widget elementor-widget-heading\" data-id=\"03e8ae0\" data-element_type=\"widget\" data-e-type=\"widget\" data-widget_type=\"heading.default\">\n\t\t\t\t\t<h2 class=\"elementor-heading-title elementor-size-default\">Presidente da Rede Goiana de Inova\u00e7\u00e3o, Estrategista e Palestrante<\/h2>\t\t\t\t<\/div>\n\t\t<div class=\"elementor-element elementor-element-50e31b3 e-con-full e-flex e-con e-child\" data-id=\"50e31b3\" data-element_type=\"container\" data-e-type=\"container\" data-settings=\"{&quot;background_background&quot;:&quot;classic&quot;,&quot;jet_parallax_layout_list&quot;:[]}\">\n\t\t\t\t<div class=\"elementor-element elementor-element-732f50b elementor-widget elementor-widget-heading\" data-id=\"732f50b\" data-element_type=\"widget\" data-e-type=\"widget\" data-widget_type=\"heading.default\">\n\t\t\t\t\t<h2 class=\"elementor-heading-title elementor-size-default\">29\/06  \u00e0s 10h30 | Painel Speaker Anprotec 02 \u2013 Relatos de Boas Pr\u00e1ticas<\/h2>\t\t\t\t<\/div>\n\t\t\t\t<\/div>\n\t\t\t\t<\/div>\n\t\t\t\t<\/div>\n\t\t\t\t<\/div>\n\t\t<a href=\"https:\/\/anprotec.org.br\/conferencia2026\/palestrantes\/carbio-almeida\/\" class=\"jet-engine-listing-overlay-link\"><\/a><\/div><\/div><div class=\"jet-listing-grid__item jet-listing-dynamic-post-970\" data-post-id=\"970\"  ><div class=\"jet-engine-listing-overlay-wrap\" data-url=\"https:\/\/anprotec.org.br\/conferencia2026\/palestrantes\/jucelia-maia\/\">\t\t<div data-elementor-type=\"jet-listing-items\" data-elementor-id=\"628\" class=\"elementor elementor-628\" data-elementor-post-type=\"jet-engine\">\n\t\t\t\t<div class=\"elementor-element elementor-element-570e262 e-con-full e-transform e-flex e-con e-parent\" data-id=\"570e262\" data-element_type=\"container\" data-e-type=\"container\" data-settings=\"{&quot;jet_parallax_layout_list&quot;:[],&quot;_transform_scale_effect_hover&quot;:{&quot;unit&quot;:&quot;px&quot;,&quot;size&quot;:1.02,&quot;sizes&quot;:[]},&quot;_transform_scale_effect_hover_tablet&quot;:{&quot;unit&quot;:&quot;px&quot;,&quot;size&quot;:&quot;&quot;,&quot;sizes&quot;:[]},&quot;_transform_scale_effect_hover_mobile&quot;:{&quot;unit&quot;:&quot;px&quot;,&quot;size&quot;:&quot;&quot;,&quot;sizes&quot;:[]}}\">\n\t\t<div class=\"elementor-element elementor-element-113c997 e-con-full e-flex e-con e-child\" data-id=\"113c997\" data-element_type=\"container\" data-e-type=\"container\" data-settings=\"{&quot;background_background&quot;:&quot;classic&quot;,&quot;jet_parallax_layout_list&quot;:[]}\">\n\t\t\t\t<div class=\"elementor-element elementor-element-1da2d17 elementor-widget elementor-widget-image\" data-id=\"1da2d17\" data-element_type=\"widget\" data-e-type=\"widget\" data-widget_type=\"image.default\">\n\t\t\t\t\t\t\t\t\t\t\t\t\t\t\t<img loading=\"lazy\" decoding=\"async\" width=\"960\" height=\"1280\" src=\"https:\/\/anprotec.org.br\/conferencia2026\/wp-content\/uploads\/2026\/04\/Jucelia-Lopes.jpg\" class=\"attachment-full size-full wp-image-971\" alt=\"\" srcset=\"https:\/\/anprotec.org.br\/conferencia2026\/wp-content\/uploads\/2026\/04\/Jucelia-Lopes.jpg 960w, https:\/\/anprotec.org.br\/conferencia2026\/wp-content\/uploads\/2026\/04\/Jucelia-Lopes-225x300.jpg 225w, https:\/\/anprotec.org.br\/conferencia2026\/wp-content\/uploads\/2026\/04\/Jucelia-Lopes-768x1024.jpg 768w\" sizes=\"(max-width: 960px) 100vw, 960px\" \/>\t\t\t\t\t\t\t\t\t\t\t\t\t\t\t<\/div>\n\t\t\t\t<\/div>\n\t\t<div class=\"elementor-element elementor-element-65dd94e e-con-full e-flex e-con e-child\" data-id=\"65dd94e\" data-element_type=\"container\" data-e-type=\"container\" data-settings=\"{&quot;background_background&quot;:&quot;classic&quot;,&quot;jet_parallax_layout_list&quot;:[]}\">\n\t\t\t\t<div class=\"elementor-element elementor-element-6060fd9 elementor-widget elementor-widget-heading\" data-id=\"6060fd9\" data-element_type=\"widget\" data-e-type=\"widget\" data-widget_type=\"heading.default\">\n\t\t\t\t\t<h2 class=\"elementor-heading-title elementor-size-default\">Juc\u00e9lia Maia<\/h2>\t\t\t\t<\/div>\n\t\t\t\t<div class=\"elementor-element elementor-element-03e8ae0 elementor-widget elementor-widget-heading\" data-id=\"03e8ae0\" data-element_type=\"widget\" data-e-type=\"widget\" data-widget_type=\"heading.default\">\n\t\t\t\t\t<h2 class=\"elementor-heading-title elementor-size-default\">Coordenadora do tecnoPARQ \u2013 Parque Tecnol\u00f3gico de Vi\u00e7osa.<\/h2>\t\t\t\t<\/div>\n\t\t<div class=\"elementor-element elementor-element-50e31b3 e-con-full e-flex e-con e-child\" data-id=\"50e31b3\" data-element_type=\"container\" data-e-type=\"container\" data-settings=\"{&quot;background_background&quot;:&quot;classic&quot;,&quot;jet_parallax_layout_list&quot;:[]}\">\n\t\t\t\t<div class=\"elementor-element elementor-element-732f50b elementor-widget elementor-widget-heading\" data-id=\"732f50b\" data-element_type=\"widget\" data-e-type=\"widget\" data-widget_type=\"heading.default\">\n\t\t\t\t\t<h2 class=\"elementor-heading-title elementor-size-default\">29\/06 \u00e0s 08h30 | Painel Speaker Anprotec 06 \u2013 Artigos T\u00e9cnicos <\/h2>\t\t\t\t<\/div>\n\t\t\t\t<\/div>\n\t\t\t\t<\/div>\n\t\t\t\t<\/div>\n\t\t\t\t<\/div>\n\t\t<a href=\"https:\/\/anprotec.org.br\/conferencia2026\/palestrantes\/jucelia-maia\/\" class=\"jet-engine-listing-overlay-link\"><\/a><\/div><\/div><div class=\"jet-listing-grid__item jet-listing-dynamic-post-954\" data-post-id=\"954\"  ><div class=\"jet-engine-listing-overlay-wrap\" data-url=\"https:\/\/anprotec.org.br\/conferencia2026\/palestrantes\/noelia-lucia-simoes-falcao\/\">\t\t<div data-elementor-type=\"jet-listing-items\" data-elementor-id=\"628\" class=\"elementor elementor-628\" data-elementor-post-type=\"jet-engine\">\n\t\t\t\t<div class=\"elementor-element elementor-element-570e262 e-con-full e-transform e-flex e-con e-parent\" data-id=\"570e262\" data-element_type=\"container\" data-e-type=\"container\" data-settings=\"{&quot;jet_parallax_layout_list&quot;:[],&quot;_transform_scale_effect_hover&quot;:{&quot;unit&quot;:&quot;px&quot;,&quot;size&quot;:1.02,&quot;sizes&quot;:[]},&quot;_transform_scale_effect_hover_tablet&quot;:{&quot;unit&quot;:&quot;px&quot;,&quot;size&quot;:&quot;&quot;,&quot;sizes&quot;:[]},&quot;_transform_scale_effect_hover_mobile&quot;:{&quot;unit&quot;:&quot;px&quot;,&quot;size&quot;:&quot;&quot;,&quot;sizes&quot;:[]}}\">\n\t\t<div class=\"elementor-element elementor-element-113c997 e-con-full e-flex e-con e-child\" data-id=\"113c997\" data-element_type=\"container\" data-e-type=\"container\" data-settings=\"{&quot;background_background&quot;:&quot;classic&quot;,&quot;jet_parallax_layout_list&quot;:[]}\">\n\t\t\t\t<div class=\"elementor-element elementor-element-1da2d17 elementor-widget elementor-widget-image\" data-id=\"1da2d17\" data-element_type=\"widget\" data-e-type=\"widget\" data-widget_type=\"image.default\">\n\t\t\t\t\t\t\t\t\t\t\t\t\t\t\t<img loading=\"lazy\" decoding=\"async\" width=\"1920\" height=\"2560\" src=\"https:\/\/anprotec.org.br\/conferencia2026\/wp-content\/uploads\/2026\/04\/IMG_3217-scaled.jpg\" class=\"attachment-full size-full wp-image-955\" alt=\"\" srcset=\"https:\/\/anprotec.org.br\/conferencia2026\/wp-content\/uploads\/2026\/04\/IMG_3217-scaled.jpg 1920w, https:\/\/anprotec.org.br\/conferencia2026\/wp-content\/uploads\/2026\/04\/IMG_3217-225x300.jpg 225w, https:\/\/anprotec.org.br\/conferencia2026\/wp-content\/uploads\/2026\/04\/IMG_3217-768x1024.jpg 768w, https:\/\/anprotec.org.br\/conferencia2026\/wp-content\/uploads\/2026\/04\/IMG_3217-1152x1536.jpg 1152w, https:\/\/anprotec.org.br\/conferencia2026\/wp-content\/uploads\/2026\/04\/IMG_3217-1536x2048.jpg 1536w\" sizes=\"(max-width: 1920px) 100vw, 1920px\" \/>\t\t\t\t\t\t\t\t\t\t\t\t\t\t\t<\/div>\n\t\t\t\t<\/div>\n\t\t<div class=\"elementor-element elementor-element-65dd94e e-con-full e-flex e-con e-child\" data-id=\"65dd94e\" data-element_type=\"container\" data-e-type=\"container\" data-settings=\"{&quot;background_background&quot;:&quot;classic&quot;,&quot;jet_parallax_layout_list&quot;:[]}\">\n\t\t\t\t<div class=\"elementor-element elementor-element-6060fd9 elementor-widget elementor-widget-heading\" data-id=\"6060fd9\" data-element_type=\"widget\" data-e-type=\"widget\" data-widget_type=\"heading.default\">\n\t\t\t\t\t<h2 class=\"elementor-heading-title elementor-size-default\">No\u00e9lia L\u00facia Sim\u00f5es Falc\u00e3o<\/h2>\t\t\t\t<\/div>\n\t\t\t\t<div class=\"elementor-element elementor-element-03e8ae0 elementor-widget elementor-widget-heading\" data-id=\"03e8ae0\" data-element_type=\"widget\" data-e-type=\"widget\" data-widget_type=\"heading.default\">\n\t\t\t\t\t<h2 class=\"elementor-heading-title elementor-size-default\">Coordenadora da Arranjo AMOCI<\/h2>\t\t\t\t<\/div>\n\t\t<div class=\"elementor-element elementor-element-50e31b3 e-con-full e-flex e-con e-child\" data-id=\"50e31b3\" data-element_type=\"container\" data-e-type=\"container\" data-settings=\"{&quot;background_background&quot;:&quot;classic&quot;,&quot;jet_parallax_layout_list&quot;:[]}\">\n\t\t\t\t<div class=\"elementor-element elementor-element-732f50b elementor-widget elementor-widget-heading\" data-id=\"732f50b\" data-element_type=\"widget\" data-e-type=\"widget\" data-widget_type=\"heading.default\">\n\t\t\t\t\t<h2 class=\"elementor-heading-title elementor-size-default\">29\/06 \u00e1s 10h30 | Painel Speaker Anprotec 05 \u2013  Relatos de Boas Pr\u00e1ticas<\/h2>\t\t\t\t<\/div>\n\t\t\t\t<\/div>\n\t\t\t\t<\/div>\n\t\t\t\t<\/div>\n\t\t\t\t<\/div>\n\t\t<a href=\"https:\/\/anprotec.org.br\/conferencia2026\/palestrantes\/noelia-lucia-simoes-falcao\/\" class=\"jet-engine-listing-overlay-link\"><\/a><\/div><\/div><div class=\"jet-listing-grid__item jet-listing-dynamic-post-888\" data-post-id=\"888\"  ><div class=\"jet-engine-listing-overlay-wrap\" data-url=\"https:\/\/anprotec.org.br\/conferencia2026\/palestrantes\/vania-thaumaturgo\/\">\t\t<div data-elementor-type=\"jet-listing-items\" data-elementor-id=\"628\" class=\"elementor elementor-628\" data-elementor-post-type=\"jet-engine\">\n\t\t\t\t<div class=\"elementor-element elementor-element-570e262 e-con-full e-transform e-flex e-con e-parent\" data-id=\"570e262\" data-element_type=\"container\" data-e-type=\"container\" data-settings=\"{&quot;jet_parallax_layout_list&quot;:[],&quot;_transform_scale_effect_hover&quot;:{&quot;unit&quot;:&quot;px&quot;,&quot;size&quot;:1.02,&quot;sizes&quot;:[]},&quot;_transform_scale_effect_hover_tablet&quot;:{&quot;unit&quot;:&quot;px&quot;,&quot;size&quot;:&quot;&quot;,&quot;sizes&quot;:[]},&quot;_transform_scale_effect_hover_mobile&quot;:{&quot;unit&quot;:&quot;px&quot;,&quot;size&quot;:&quot;&quot;,&quot;sizes&quot;:[]}}\">\n\t\t<div class=\"elementor-element elementor-element-113c997 e-con-full e-flex e-con e-child\" data-id=\"113c997\" data-element_type=\"container\" data-e-type=\"container\" data-settings=\"{&quot;background_background&quot;:&quot;classic&quot;,&quot;jet_parallax_layout_list&quot;:[]}\">\n\t\t\t\t<div class=\"elementor-element elementor-element-1da2d17 elementor-widget elementor-widget-image\" data-id=\"1da2d17\" data-element_type=\"widget\" data-e-type=\"widget\" data-widget_type=\"image.default\">\n\t\t\t\t\t\t\t\t\t\t\t\t\t\t\t<img loading=\"lazy\" decoding=\"async\" width=\"519\" height=\"535\" src=\"https:\/\/anprotec.org.br\/conferencia2026\/wp-content\/uploads\/2026\/04\/Imagem1.jpg\" class=\"attachment-full size-full wp-image-889\" alt=\"\" srcset=\"https:\/\/anprotec.org.br\/conferencia2026\/wp-content\/uploads\/2026\/04\/Imagem1.jpg 519w, https:\/\/anprotec.org.br\/conferencia2026\/wp-content\/uploads\/2026\/04\/Imagem1-291x300.jpg 291w\" sizes=\"(max-width: 519px) 100vw, 519px\" \/>\t\t\t\t\t\t\t\t\t\t\t\t\t\t\t<\/div>\n\t\t\t\t<\/div>\n\t\t<div class=\"elementor-element elementor-element-65dd94e e-con-full e-flex e-con e-child\" data-id=\"65dd94e\" data-element_type=\"container\" data-e-type=\"container\" data-settings=\"{&quot;background_background&quot;:&quot;classic&quot;,&quot;jet_parallax_layout_list&quot;:[]}\">\n\t\t\t\t<div class=\"elementor-element elementor-element-6060fd9 elementor-widget elementor-widget-heading\" data-id=\"6060fd9\" data-element_type=\"widget\" data-e-type=\"widget\" data-widget_type=\"heading.default\">\n\t\t\t\t\t<h2 class=\"elementor-heading-title elementor-size-default\">Vania Thaumaturgo<\/h2>\t\t\t\t<\/div>\n\t\t\t\t<div class=\"elementor-element elementor-element-03e8ae0 elementor-widget elementor-widget-heading\" data-id=\"03e8ae0\" data-element_type=\"widget\" data-e-type=\"widget\" data-widget_type=\"heading.default\">\n\t\t\t\t\t<h2 class=\"elementor-heading-title elementor-size-default\">Head de Rela\u00e7\u00f5es Institucionais da Bertha Capital<\/h2>\t\t\t\t<\/div>\n\t\t<div class=\"elementor-element elementor-element-50e31b3 e-con-full e-flex e-con e-child\" data-id=\"50e31b3\" data-element_type=\"container\" data-e-type=\"container\" data-settings=\"{&quot;background_background&quot;:&quot;classic&quot;,&quot;jet_parallax_layout_list&quot;:[]}\">\n\t\t\t\t<div class=\"elementor-element elementor-element-732f50b elementor-widget elementor-widget-heading\" data-id=\"732f50b\" data-element_type=\"widget\" data-e-type=\"widget\" data-widget_type=\"heading.default\">\n\t\t\t\t\t<h2 class=\"elementor-heading-title elementor-size-default\">29\/06 \u00e0s 08h30 | Painel Speaker Anprotec 02 \u2013 Artigos T\u00e9cnicos <\/h2>\t\t\t\t<\/div>\n\t\t\t\t<\/div>\n\t\t\t\t<\/div>\n\t\t\t\t<\/div>\n\t\t\t\t<\/div>\n\t\t<a href=\"https:\/\/anprotec.org.br\/conferencia2026\/palestrantes\/vania-thaumaturgo\/\" class=\"jet-engine-listing-overlay-link\"><\/a><\/div><\/div><div class=\"jet-listing-grid__item jet-listing-dynamic-post-708\" data-post-id=\"708\"  ><div class=\"jet-engine-listing-overlay-wrap\" data-url=\"https:\/\/anprotec.org.br\/conferencia2026\/palestrantes\/silvio-bitencourt-da-silva\/\">\t\t<div data-elementor-type=\"jet-listing-items\" data-elementor-id=\"628\" class=\"elementor elementor-628\" data-elementor-post-type=\"jet-engine\">\n\t\t\t\t<div class=\"elementor-element elementor-element-570e262 e-con-full e-transform e-flex e-con e-parent\" data-id=\"570e262\" data-element_type=\"container\" data-e-type=\"container\" data-settings=\"{&quot;jet_parallax_layout_list&quot;:[],&quot;_transform_scale_effect_hover&quot;:{&quot;unit&quot;:&quot;px&quot;,&quot;size&quot;:1.02,&quot;sizes&quot;:[]},&quot;_transform_scale_effect_hover_tablet&quot;:{&quot;unit&quot;:&quot;px&quot;,&quot;size&quot;:&quot;&quot;,&quot;sizes&quot;:[]},&quot;_transform_scale_effect_hover_mobile&quot;:{&quot;unit&quot;:&quot;px&quot;,&quot;size&quot;:&quot;&quot;,&quot;sizes&quot;:[]}}\">\n\t\t<div class=\"elementor-element elementor-element-113c997 e-con-full e-flex e-con e-child\" data-id=\"113c997\" data-element_type=\"container\" data-e-type=\"container\" data-settings=\"{&quot;background_background&quot;:&quot;classic&quot;,&quot;jet_parallax_layout_list&quot;:[]}\">\n\t\t\t\t<div class=\"elementor-element elementor-element-1da2d17 elementor-widget elementor-widget-image\" data-id=\"1da2d17\" data-element_type=\"widget\" data-e-type=\"widget\" data-widget_type=\"image.default\">\n\t\t\t\t\t\t\t\t\t\t\t\t\t\t\t<img loading=\"lazy\" decoding=\"async\" width=\"1600\" height=\"2400\" src=\"https:\/\/anprotec.org.br\/conferencia2026\/wp-content\/uploads\/2026\/04\/IMG_8951-2.jpg\" class=\"attachment-full size-full wp-image-651\" alt=\"\" srcset=\"https:\/\/anprotec.org.br\/conferencia2026\/wp-content\/uploads\/2026\/04\/IMG_8951-2.jpg 1600w, https:\/\/anprotec.org.br\/conferencia2026\/wp-content\/uploads\/2026\/04\/IMG_8951-2-200x300.jpg 200w, https:\/\/anprotec.org.br\/conferencia2026\/wp-content\/uploads\/2026\/04\/IMG_8951-2-683x1024.jpg 683w, https:\/\/anprotec.org.br\/conferencia2026\/wp-content\/uploads\/2026\/04\/IMG_8951-2-768x1152.jpg 768w, https:\/\/anprotec.org.br\/conferencia2026\/wp-content\/uploads\/2026\/04\/IMG_8951-2-1024x1536.jpg 1024w, https:\/\/anprotec.org.br\/conferencia2026\/wp-content\/uploads\/2026\/04\/IMG_8951-2-1365x2048.jpg 1365w\" sizes=\"(max-width: 1600px) 100vw, 1600px\" \/>\t\t\t\t\t\t\t\t\t\t\t\t\t\t\t<\/div>\n\t\t\t\t<\/div>\n\t\t<div class=\"elementor-element elementor-element-65dd94e e-con-full e-flex e-con e-child\" data-id=\"65dd94e\" data-element_type=\"container\" data-e-type=\"container\" data-settings=\"{&quot;background_background&quot;:&quot;classic&quot;,&quot;jet_parallax_layout_list&quot;:[]}\">\n\t\t\t\t<div class=\"elementor-element elementor-element-6060fd9 elementor-widget elementor-widget-heading\" data-id=\"6060fd9\" data-element_type=\"widget\" data-e-type=\"widget\" data-widget_type=\"heading.default\">\n\t\t\t\t\t<h2 class=\"elementor-heading-title elementor-size-default\">Silvio Bitencourt da Silva<\/h2>\t\t\t\t<\/div>\n\t\t\t\t<div class=\"elementor-element elementor-element-03e8ae0 elementor-widget elementor-widget-heading\" data-id=\"03e8ae0\" data-element_type=\"widget\" data-e-type=\"widget\" data-widget_type=\"heading.default\">\n\t\t\t\t\t<h2 class=\"elementor-heading-title elementor-size-default\">Diretor \u2013 TECNOSINOS \/ Coordenador NIT UNISINOS<\/h2>\t\t\t\t<\/div>\n\t\t<div class=\"elementor-element elementor-element-50e31b3 e-con-full e-flex e-con e-child\" data-id=\"50e31b3\" data-element_type=\"container\" data-e-type=\"container\" data-settings=\"{&quot;background_background&quot;:&quot;classic&quot;,&quot;jet_parallax_layout_list&quot;:[]}\">\n\t\t\t\t<div class=\"elementor-element elementor-element-732f50b elementor-widget elementor-widget-heading\" data-id=\"732f50b\" data-element_type=\"widget\" data-e-type=\"widget\" data-widget_type=\"heading.default\">\n\t\t\t\t\t<h2 class=\"elementor-heading-title elementor-size-default\">29\/06 | 10h30 \u00e0s 12h \u2013 Painel Speaker 04 \u2013 Chamada de Trabalhos<\/h2>\t\t\t\t<\/div>\n\t\t\t\t<\/div>\n\t\t\t\t<\/div>\n\t\t\t\t<\/div>\n\t\t\t\t<\/div>\n\t\t<a href=\"https:\/\/anprotec.org.br\/conferencia2026\/palestrantes\/silvio-bitencourt-da-silva\/\" class=\"jet-engine-listing-overlay-link\"><\/a><\/div><\/div><div class=\"jet-listing-grid__item jet-listing-dynamic-post-707\" data-post-id=\"707\"  ><div class=\"jet-engine-listing-overlay-wrap\" data-url=\"https:\/\/anprotec.org.br\/conferencia2026\/palestrantes\/samara-castro\/\">\t\t<div data-elementor-type=\"jet-listing-items\" data-elementor-id=\"628\" class=\"elementor elementor-628\" data-elementor-post-type=\"jet-engine\">\n\t\t\t\t<div class=\"elementor-element elementor-element-570e262 e-con-full e-transform e-flex e-con e-parent\" data-id=\"570e262\" data-element_type=\"container\" data-e-type=\"container\" data-settings=\"{&quot;jet_parallax_layout_list&quot;:[],&quot;_transform_scale_effect_hover&quot;:{&quot;unit&quot;:&quot;px&quot;,&quot;size&quot;:1.02,&quot;sizes&quot;:[]},&quot;_transform_scale_effect_hover_tablet&quot;:{&quot;unit&quot;:&quot;px&quot;,&quot;size&quot;:&quot;&quot;,&quot;sizes&quot;:[]},&quot;_transform_scale_effect_hover_mobile&quot;:{&quot;unit&quot;:&quot;px&quot;,&quot;size&quot;:&quot;&quot;,&quot;sizes&quot;:[]}}\">\n\t\t<div class=\"elementor-element elementor-element-113c997 e-con-full e-flex e-con e-child\" data-id=\"113c997\" data-element_type=\"container\" data-e-type=\"container\" data-settings=\"{&quot;background_background&quot;:&quot;classic&quot;,&quot;jet_parallax_layout_list&quot;:[]}\">\n\t\t\t\t<div class=\"elementor-element elementor-element-1da2d17 elementor-widget elementor-widget-image\" data-id=\"1da2d17\" data-element_type=\"widget\" data-e-type=\"widget\" data-widget_type=\"image.default\">\n\t\t\t\t\t\t\t\t\t\t\t\t\t\t\t<img loading=\"lazy\" decoding=\"async\" width=\"1024\" height=\"1536\" src=\"https:\/\/anprotec.org.br\/conferencia2026\/wp-content\/uploads\/2026\/04\/Foto_Samara.png\" class=\"attachment-full size-full wp-image-648\" alt=\"\" srcset=\"https:\/\/anprotec.org.br\/conferencia2026\/wp-content\/uploads\/2026\/04\/Foto_Samara.png 1024w, https:\/\/anprotec.org.br\/conferencia2026\/wp-content\/uploads\/2026\/04\/Foto_Samara-200x300.png 200w, https:\/\/anprotec.org.br\/conferencia2026\/wp-content\/uploads\/2026\/04\/Foto_Samara-683x1024.png 683w, https:\/\/anprotec.org.br\/conferencia2026\/wp-content\/uploads\/2026\/04\/Foto_Samara-768x1152.png 768w\" sizes=\"(max-width: 1024px) 100vw, 1024px\" \/>\t\t\t\t\t\t\t\t\t\t\t\t\t\t\t<\/div>\n\t\t\t\t<\/div>\n\t\t<div class=\"elementor-element elementor-element-65dd94e e-con-full e-flex e-con e-child\" data-id=\"65dd94e\" data-element_type=\"container\" data-e-type=\"container\" data-settings=\"{&quot;background_background&quot;:&quot;classic&quot;,&quot;jet_parallax_layout_list&quot;:[]}\">\n\t\t\t\t<div class=\"elementor-element elementor-element-6060fd9 elementor-widget elementor-widget-heading\" data-id=\"6060fd9\" data-element_type=\"widget\" data-e-type=\"widget\" data-widget_type=\"heading.default\">\n\t\t\t\t\t<h2 class=\"elementor-heading-title elementor-size-default\">Samara Castro<\/h2>\t\t\t\t<\/div>\n\t\t\t\t<div class=\"elementor-element elementor-element-03e8ae0 elementor-widget elementor-widget-heading\" data-id=\"03e8ae0\" data-element_type=\"widget\" data-e-type=\"widget\" data-widget_type=\"heading.default\">\n\t\t\t\t\t<h2 class=\"elementor-heading-title elementor-size-default\">Presidente da RAMI \u2013 Rede de Inova\u00e7\u00e3o e Empreendedorismo da Amaz\u00f4nia \/ Docente Senac Amazonas<\/h2>\t\t\t\t<\/div>\n\t\t<div class=\"elementor-element elementor-element-50e31b3 e-con-full e-flex e-con e-child\" data-id=\"50e31b3\" data-element_type=\"container\" data-e-type=\"container\" data-settings=\"{&quot;background_background&quot;:&quot;classic&quot;,&quot;jet_parallax_layout_list&quot;:[]}\">\n\t\t\t\t<div class=\"elementor-element elementor-element-732f50b elementor-widget elementor-widget-heading\" data-id=\"732f50b\" data-element_type=\"widget\" data-e-type=\"widget\" data-widget_type=\"heading.default\">\n\t\t\t\t\t<h2 class=\"elementor-heading-title elementor-size-default\">29\/06 | 8h30 \u00e0s 10h \u2013 Painel Speaker 03 \u2013 Chamada de Trabalhos<\/h2>\t\t\t\t<\/div>\n\t\t\t\t<\/div>\n\t\t\t\t<\/div>\n\t\t\t\t<\/div>\n\t\t\t\t<\/div>\n\t\t<a href=\"https:\/\/anprotec.org.br\/conferencia2026\/palestrantes\/samara-castro\/\" class=\"jet-engine-listing-overlay-link\"><\/a><\/div><\/div><\/div><\/div>\t\t\t\t<\/div>\n\t\t\t\t<\/div>\n\t\t<div id=\"e-n-tab-content-623354657\" role=\"tabpanel\" aria-labelledby=\"e-n-tab-title-623354657\" data-tab-index=\"7\" style=\"--n-tabs-title-order: 7;\" class=\" elementor-element elementor-element-07cce80 e-con-full e-flex e-con e-child\" data-id=\"07cce80\" data-element_type=\"container\" data-e-type=\"container\" data-settings=\"{&quot;jet_parallax_layout_list&quot;:[]}\">\n\t\t<div class=\"elementor-element elementor-element-4d5a248 e-con-full e-flex e-con e-child\" data-id=\"4d5a248\" data-element_type=\"container\" data-e-type=\"container\" data-settings=\"{&quot;jet_parallax_layout_list&quot;:[]}\">\n\t\t\t\t<div class=\"elementor-element elementor-element-81375da elementor-widget elementor-widget-icon-box\" data-id=\"81375da\" data-element_type=\"widget\" data-e-type=\"widget\" data-widget_type=\"icon-box.default\">\n\t\t\t\t\t\t\t<div class=\"elementor-icon-box-wrapper\">\n\n\t\t\t\n\t\t\t\t\t\t<div class=\"elementor-icon-box-content\">\n\n\t\t\t\t\t\t\t\t\t<h3 class=\"elementor-icon-box-title\">\n\t\t\t\t\t\t<span  >\n\t\t\t\t\t\t\tPlen\u00e1rias\u200b\t\t\t\t\t\t<\/span>\n\t\t\t\t\t<\/h3>\n\t\t\t\t\n\t\t\t\t\t\t\t\t\t<p class=\"elementor-icon-box-description\">\n\t\t\t\t\t\tSess\u00f5es principais no Audit\u00f3rio\t\t\t\t\t<\/p>\n\t\t\t\t\n\t\t\t<\/div>\n\t\t\t\n\t\t<\/div>\n\t\t\t\t\t\t<\/div>\n\t\t\t\t<div class=\"elementor-element elementor-element-3b7e6de elementor-widget elementor-widget-jet-listing-grid\" data-id=\"3b7e6de\" data-element_type=\"widget\" data-e-type=\"widget\" data-settings=\"{&quot;columns&quot;:3,&quot;columns_mobile&quot;:&quot;1&quot;}\" data-widget_type=\"jet-listing-grid.default\">\n\t\t\t\t\t<div class=\"jet-listing-grid jet-listing\"><div class=\"jet-listing-grid__items grid-col-desk-3 grid-col-tablet-3 grid-col-mobile-1 jet-listing-grid--628\" data-queried-id=\"666|WP_Post\" data-nav=\"{&quot;enabled&quot;:false,&quot;type&quot;:null,&quot;more_el&quot;:null,&quot;query&quot;:[],&quot;widget_settings&quot;:{&quot;lisitng_id&quot;:628,&quot;posts_num&quot;:99,&quot;columns&quot;:3,&quot;columns_tablet&quot;:3,&quot;columns_mobile&quot;:1,&quot;column_min_width&quot;:240,&quot;column_min_width_tablet&quot;:240,&quot;column_min_width_mobile&quot;:240,&quot;inline_columns_css&quot;:false,&quot;is_archive_template&quot;:&quot;&quot;,&quot;post_status&quot;:[&quot;publish&quot;],&quot;use_random_posts_num&quot;:&quot;&quot;,&quot;max_posts_num&quot;:9,&quot;not_found_message&quot;:&quot;No data was found&quot;,&quot;is_masonry&quot;:false,&quot;equal_columns_height&quot;:&quot;&quot;,&quot;use_load_more&quot;:&quot;&quot;,&quot;load_more_id&quot;:&quot;&quot;,&quot;load_more_type&quot;:&quot;click&quot;,&quot;load_more_offset&quot;:{&quot;unit&quot;:&quot;px&quot;,&quot;size&quot;:0,&quot;sizes&quot;:[]},&quot;use_custom_post_types&quot;:&quot;&quot;,&quot;custom_post_types&quot;:[],&quot;hide_widget_if&quot;:&quot;&quot;,&quot;carousel_enabled&quot;:&quot;&quot;,&quot;slides_to_scroll&quot;:&quot;1&quot;,&quot;arrows&quot;:&quot;true&quot;,&quot;arrow_icon&quot;:&quot;fa fa-angle-left&quot;,&quot;dots&quot;:&quot;&quot;,&quot;autoplay&quot;:&quot;true&quot;,&quot;pause_on_hover&quot;:&quot;true&quot;,&quot;autoplay_speed&quot;:5000,&quot;infinite&quot;:&quot;true&quot;,&quot;center_mode&quot;:&quot;&quot;,&quot;effect&quot;:&quot;slide&quot;,&quot;speed&quot;:500,&quot;inject_alternative_items&quot;:&quot;&quot;,&quot;injection_items&quot;:[],&quot;scroll_slider_enabled&quot;:&quot;&quot;,&quot;scroll_slider_on&quot;:[&quot;desktop&quot;,&quot;tablet&quot;,&quot;mobile&quot;],&quot;custom_query&quot;:false,&quot;custom_query_id&quot;:&quot;4&quot;,&quot;_element_id&quot;:&quot;&quot;,&quot;collapse_first_last_gap&quot;:false,&quot;list_tag_selection&quot;:&quot;&quot;,&quot;list_items_wrapper_tag&quot;:&quot;div&quot;,&quot;list_item_tag&quot;:&quot;div&quot;,&quot;empty_items_wrapper_tag&quot;:&quot;div&quot;}}\" data-page=\"1\" data-pages=\"1\" data-listing-source=\"posts\" data-listing-id=\"628\" data-query-id=\"\"><div class=\"jet-listing-grid__item jet-listing-dynamic-post-964\" data-post-id=\"964\"  ><div class=\"jet-engine-listing-overlay-wrap\" data-url=\"https:\/\/anprotec.org.br\/conferencia2026\/palestrantes\/janelle-castrellon\/\">\t\t<div data-elementor-type=\"jet-listing-items\" data-elementor-id=\"628\" class=\"elementor elementor-628\" data-elementor-post-type=\"jet-engine\">\n\t\t\t\t<div class=\"elementor-element elementor-element-570e262 e-con-full e-transform e-flex e-con e-parent\" data-id=\"570e262\" data-element_type=\"container\" data-e-type=\"container\" data-settings=\"{&quot;jet_parallax_layout_list&quot;:[],&quot;_transform_scale_effect_hover&quot;:{&quot;unit&quot;:&quot;px&quot;,&quot;size&quot;:1.02,&quot;sizes&quot;:[]},&quot;_transform_scale_effect_hover_tablet&quot;:{&quot;unit&quot;:&quot;px&quot;,&quot;size&quot;:&quot;&quot;,&quot;sizes&quot;:[]},&quot;_transform_scale_effect_hover_mobile&quot;:{&quot;unit&quot;:&quot;px&quot;,&quot;size&quot;:&quot;&quot;,&quot;sizes&quot;:[]}}\">\n\t\t<div class=\"elementor-element elementor-element-113c997 e-con-full e-flex e-con e-child\" data-id=\"113c997\" data-element_type=\"container\" data-e-type=\"container\" data-settings=\"{&quot;background_background&quot;:&quot;classic&quot;,&quot;jet_parallax_layout_list&quot;:[]}\">\n\t\t\t\t<div class=\"elementor-element elementor-element-6c9b55b elementor-absolute jedv-enabled--yes elementor-widget elementor-widget-jet-button\" data-id=\"6c9b55b\" data-element_type=\"widget\" data-e-type=\"widget\" data-settings=\"{&quot;_position&quot;:&quot;absolute&quot;}\" data-widget_type=\"jet-button.default\">\n\t\t\t\t<div class=\"elementor-widget-container\">\n\t\t\t\t\t<div class=\"elementor-jet-button jet-elements\"><div class=\"jet-button__container\">\n\t<a class=\"jet-button__instance jet-button__instance--icon-left hover-effect-0\" href=\"#\">\n\t\t<div class=\"jet-button__plane jet-button__plane-normal\"><\/div>\n\t\t<div class=\"jet-button__plane jet-button__plane-hover\"><\/div>\n\t\t<div class=\"jet-button__state jet-button__state-normal\">\n\t\t\t<span class=\"jet-button__label\">INTERNACIONAL<\/span>\t\t<\/div>\n\t\t<div class=\"jet-button__state jet-button__state-hover\">\n\t\t\t<span class=\"jet-button__label\">INTERNACIONAL<\/span>\t\t<\/div>\n\t<\/a>\n<\/div>\n<\/div>\t\t\t\t<\/div>\n\t\t\t\t<\/div>\n\t\t\t\t<div class=\"elementor-element elementor-element-1da2d17 elementor-widget elementor-widget-image\" data-id=\"1da2d17\" data-element_type=\"widget\" data-e-type=\"widget\" data-widget_type=\"image.default\">\n\t\t\t\t\t\t\t\t\t\t\t\t\t\t\t<img loading=\"lazy\" decoding=\"async\" width=\"2325\" height=\"2560\" src=\"https:\/\/anprotec.org.br\/conferencia2026\/wp-content\/uploads\/2026\/04\/THP4984-scaled.jpg\" class=\"attachment-full size-full wp-image-965\" alt=\"\" srcset=\"https:\/\/anprotec.org.br\/conferencia2026\/wp-content\/uploads\/2026\/04\/THP4984-scaled.jpg 2325w, https:\/\/anprotec.org.br\/conferencia2026\/wp-content\/uploads\/2026\/04\/THP4984-272x300.jpg 272w, https:\/\/anprotec.org.br\/conferencia2026\/wp-content\/uploads\/2026\/04\/THP4984-930x1024.jpg 930w, https:\/\/anprotec.org.br\/conferencia2026\/wp-content\/uploads\/2026\/04\/THP4984-768x846.jpg 768w, https:\/\/anprotec.org.br\/conferencia2026\/wp-content\/uploads\/2026\/04\/THP4984-1395x1536.jpg 1395w, https:\/\/anprotec.org.br\/conferencia2026\/wp-content\/uploads\/2026\/04\/THP4984-1860x2048.jpg 1860w\" sizes=\"(max-width: 2325px) 100vw, 2325px\" \/>\t\t\t\t\t\t\t\t\t\t\t\t\t\t\t<\/div>\n\t\t\t\t<\/div>\n\t\t<div class=\"elementor-element elementor-element-65dd94e e-con-full e-flex e-con e-child\" data-id=\"65dd94e\" data-element_type=\"container\" data-e-type=\"container\" data-settings=\"{&quot;background_background&quot;:&quot;classic&quot;,&quot;jet_parallax_layout_list&quot;:[]}\">\n\t\t\t\t<div class=\"elementor-element elementor-element-6060fd9 elementor-widget elementor-widget-heading\" data-id=\"6060fd9\" data-element_type=\"widget\" data-e-type=\"widget\" data-widget_type=\"heading.default\">\n\t\t\t\t\t<h2 class=\"elementor-heading-title elementor-size-default\">Janelle Castrell\u00f3n<\/h2>\t\t\t\t<\/div>\n\t\t\t\t<div class=\"elementor-element elementor-element-03e8ae0 elementor-widget elementor-widget-heading\" data-id=\"03e8ae0\" data-element_type=\"widget\" data-e-type=\"widget\" data-widget_type=\"heading.default\">\n\t\t\t\t\t<h2 class=\"elementor-heading-title elementor-size-default\">Gerente de Neg\u00f3cios da Ciudad del Saber<\/h2>\t\t\t\t<\/div>\n\t\t<div class=\"elementor-element elementor-element-50e31b3 e-con-full e-flex e-con e-child\" data-id=\"50e31b3\" data-element_type=\"container\" data-e-type=\"container\" data-settings=\"{&quot;background_background&quot;:&quot;classic&quot;,&quot;jet_parallax_layout_list&quot;:[]}\">\n\t\t\t\t<div class=\"elementor-element elementor-element-732f50b elementor-widget elementor-widget-heading\" data-id=\"732f50b\" data-element_type=\"widget\" data-e-type=\"widget\" data-widget_type=\"heading.default\">\n\t\t\t\t\t<h2 class=\"elementor-heading-title elementor-size-default\">29\/06 \u00e0s 14h | Plen\u00e1ria 1: Ecossistemas de inova\u00e7\u00e3o como motores da economia do futuro <\/h2>\t\t\t\t<\/div>\n\t\t\t\t<\/div>\n\t\t\t\t<\/div>\n\t\t\t\t<\/div>\n\t\t\t\t<\/div>\n\t\t<a href=\"https:\/\/anprotec.org.br\/conferencia2026\/palestrantes\/janelle-castrellon\/\" class=\"jet-engine-listing-overlay-link\"><\/a><\/div><\/div><div class=\"jet-listing-grid__item jet-listing-dynamic-post-624\" data-post-id=\"624\"  ><div class=\"jet-engine-listing-overlay-wrap\" data-url=\"https:\/\/anprotec.org.br\/conferencia2026\/palestrantes\/sonia-palomo\/\">\t\t<div data-elementor-type=\"jet-listing-items\" data-elementor-id=\"628\" class=\"elementor elementor-628\" data-elementor-post-type=\"jet-engine\">\n\t\t\t\t<div class=\"elementor-element elementor-element-570e262 e-con-full e-transform e-flex e-con e-parent\" data-id=\"570e262\" data-element_type=\"container\" data-e-type=\"container\" data-settings=\"{&quot;jet_parallax_layout_list&quot;:[],&quot;_transform_scale_effect_hover&quot;:{&quot;unit&quot;:&quot;px&quot;,&quot;size&quot;:1.02,&quot;sizes&quot;:[]},&quot;_transform_scale_effect_hover_tablet&quot;:{&quot;unit&quot;:&quot;px&quot;,&quot;size&quot;:&quot;&quot;,&quot;sizes&quot;:[]},&quot;_transform_scale_effect_hover_mobile&quot;:{&quot;unit&quot;:&quot;px&quot;,&quot;size&quot;:&quot;&quot;,&quot;sizes&quot;:[]}}\">\n\t\t<div class=\"elementor-element elementor-element-113c997 e-con-full e-flex e-con e-child\" data-id=\"113c997\" data-element_type=\"container\" data-e-type=\"container\" data-settings=\"{&quot;background_background&quot;:&quot;classic&quot;,&quot;jet_parallax_layout_list&quot;:[]}\">\n\t\t\t\t<div class=\"elementor-element elementor-element-6c9b55b elementor-absolute jedv-enabled--yes elementor-widget elementor-widget-jet-button\" data-id=\"6c9b55b\" data-element_type=\"widget\" data-e-type=\"widget\" data-settings=\"{&quot;_position&quot;:&quot;absolute&quot;}\" data-widget_type=\"jet-button.default\">\n\t\t\t\t<div class=\"elementor-widget-container\">\n\t\t\t\t\t<div class=\"elementor-jet-button jet-elements\"><div class=\"jet-button__container\">\n\t<a class=\"jet-button__instance jet-button__instance--icon-left hover-effect-0\" href=\"#\">\n\t\t<div class=\"jet-button__plane jet-button__plane-normal\"><\/div>\n\t\t<div class=\"jet-button__plane jet-button__plane-hover\"><\/div>\n\t\t<div class=\"jet-button__state jet-button__state-normal\">\n\t\t\t<span class=\"jet-button__label\">INTERNACIONAL<\/span>\t\t<\/div>\n\t\t<div class=\"jet-button__state jet-button__state-hover\">\n\t\t\t<span class=\"jet-button__label\">INTERNACIONAL<\/span>\t\t<\/div>\n\t<\/a>\n<\/div>\n<\/div>\t\t\t\t<\/div>\n\t\t\t\t<\/div>\n\t\t\t\t<div class=\"elementor-element elementor-element-1da2d17 elementor-widget elementor-widget-image\" data-id=\"1da2d17\" data-element_type=\"widget\" data-e-type=\"widget\" data-widget_type=\"image.default\">\n\t\t\t\t\t\t\t\t\t\t\t\t\t\t\t<img loading=\"lazy\" decoding=\"async\" width=\"1194\" height=\"880\" src=\"https:\/\/anprotec.org.br\/conferencia2026\/wp-content\/uploads\/2026\/04\/Gemini_Generated_Image_t84lspt84lspt84l.png\" class=\"attachment-full size-full wp-image-625\" alt=\"\" srcset=\"https:\/\/anprotec.org.br\/conferencia2026\/wp-content\/uploads\/2026\/04\/Gemini_Generated_Image_t84lspt84lspt84l.png 1194w, https:\/\/anprotec.org.br\/conferencia2026\/wp-content\/uploads\/2026\/04\/Gemini_Generated_Image_t84lspt84lspt84l-300x221.png 300w, https:\/\/anprotec.org.br\/conferencia2026\/wp-content\/uploads\/2026\/04\/Gemini_Generated_Image_t84lspt84lspt84l-1024x755.png 1024w, https:\/\/anprotec.org.br\/conferencia2026\/wp-content\/uploads\/2026\/04\/Gemini_Generated_Image_t84lspt84lspt84l-768x566.png 768w\" sizes=\"(max-width: 1194px) 100vw, 1194px\" \/>\t\t\t\t\t\t\t\t\t\t\t\t\t\t\t<\/div>\n\t\t\t\t<\/div>\n\t\t<div class=\"elementor-element elementor-element-65dd94e e-con-full e-flex e-con e-child\" data-id=\"65dd94e\" data-element_type=\"container\" data-e-type=\"container\" data-settings=\"{&quot;background_background&quot;:&quot;classic&quot;,&quot;jet_parallax_layout_list&quot;:[]}\">\n\t\t\t\t<div class=\"elementor-element elementor-element-6060fd9 elementor-widget elementor-widget-heading\" data-id=\"6060fd9\" data-element_type=\"widget\" data-e-type=\"widget\" data-widget_type=\"heading.default\">\n\t\t\t\t\t<h2 class=\"elementor-heading-title elementor-size-default\">Sonia Palomo<\/h2>\t\t\t\t<\/div>\n\t\t\t\t<div class=\"elementor-element elementor-element-03e8ae0 elementor-widget elementor-widget-heading\" data-id=\"03e8ae0\" data-element_type=\"widget\" data-e-type=\"widget\" data-widget_type=\"heading.default\">\n\t\t\t\t\t<h2 class=\"elementor-heading-title elementor-size-default\">Diretora de Transfer\u00eancia Tecnol\u00f3gica e Rela\u00e7\u00f5es Internacionais \u2013 M\u00e1laga TechPark \/ IASP<\/h2>\t\t\t\t<\/div>\n\t\t<div class=\"elementor-element elementor-element-50e31b3 e-con-full e-flex e-con e-child\" data-id=\"50e31b3\" data-element_type=\"container\" data-e-type=\"container\" data-settings=\"{&quot;background_background&quot;:&quot;classic&quot;,&quot;jet_parallax_layout_list&quot;:[]}\">\n\t\t\t\t<div class=\"elementor-element elementor-element-732f50b elementor-widget elementor-widget-heading\" data-id=\"732f50b\" data-element_type=\"widget\" data-e-type=\"widget\" data-widget_type=\"heading.default\">\n\t\t\t\t\t<h2 class=\"elementor-heading-title elementor-size-default\">29\/06 | 14h \u00e0s 16h \u2013 Plen\u00e1ria 1 \u2013 Ecossistemas de inova\u00e7\u00e3o como motores da economia do futuro<\/h2>\t\t\t\t<\/div>\n\t\t\t\t<\/div>\n\t\t\t\t<\/div>\n\t\t\t\t<\/div>\n\t\t\t\t<\/div>\n\t\t<a href=\"https:\/\/anprotec.org.br\/conferencia2026\/palestrantes\/sonia-palomo\/\" class=\"jet-engine-listing-overlay-link\"><\/a><\/div><\/div><\/div><\/div>\t\t\t\t<\/div>\n\t\t\t\t<\/div>\n\t\t<div class=\"elementor-element elementor-element-fe25853 e-con-full e-flex e-con e-child\" data-id=\"fe25853\" data-element_type=\"container\" data-e-type=\"container\" data-settings=\"{&quot;jet_parallax_layout_list&quot;:[]}\">\n\t\t\t\t<div class=\"elementor-element elementor-element-6d77565 elementor-widget elementor-widget-icon-box\" data-id=\"6d77565\" data-element_type=\"widget\" data-e-type=\"widget\" data-widget_type=\"icon-box.default\">\n\t\t\t\t\t\t\t<div class=\"elementor-icon-box-wrapper\">\n\n\t\t\t\n\t\t\t\t\t\t<div class=\"elementor-icon-box-content\">\n\n\t\t\t\t\t\t\t\t\t<h3 class=\"elementor-icon-box-title\">\n\t\t\t\t\t\t<span  >\n\t\t\t\t\t\t\tPain\u00e9is Tem\u00e1ticos\t\t\t\t\t\t<\/span>\n\t\t\t\t\t<\/h3>\n\t\t\t\t\n\t\t\t\t\t\t\t\t\t<p class=\"elementor-icon-box-description\">\n\t\t\t\t\t\tDebates aprofundados sobre temas estrat\u00e9gicos\n\t\t\t\t\t<\/p>\n\t\t\t\t\n\t\t\t<\/div>\n\t\t\t\n\t\t<\/div>\n\t\t\t\t\t\t<\/div>\n\t\t\t\t<div class=\"elementor-element elementor-element-0957331 elementor-widget elementor-widget-jet-listing-grid\" data-id=\"0957331\" data-element_type=\"widget\" data-e-type=\"widget\" data-settings=\"{&quot;columns&quot;:3,&quot;columns_mobile&quot;:&quot;1&quot;}\" data-widget_type=\"jet-listing-grid.default\">\n\t\t\t\t\t<div class=\"jet-listing-grid jet-listing\"><div class=\"jet-listing-grid__items grid-col-desk-3 grid-col-tablet-3 grid-col-mobile-1 jet-listing-grid--628\" data-queried-id=\"666|WP_Post\" data-nav=\"{&quot;enabled&quot;:false,&quot;type&quot;:null,&quot;more_el&quot;:null,&quot;query&quot;:[],&quot;widget_settings&quot;:{&quot;lisitng_id&quot;:628,&quot;posts_num&quot;:99,&quot;columns&quot;:3,&quot;columns_tablet&quot;:3,&quot;columns_mobile&quot;:1,&quot;column_min_width&quot;:240,&quot;column_min_width_tablet&quot;:240,&quot;column_min_width_mobile&quot;:240,&quot;inline_columns_css&quot;:false,&quot;is_archive_template&quot;:&quot;&quot;,&quot;post_status&quot;:[&quot;publish&quot;],&quot;use_random_posts_num&quot;:&quot;&quot;,&quot;max_posts_num&quot;:9,&quot;not_found_message&quot;:&quot;No data was found&quot;,&quot;is_masonry&quot;:false,&quot;equal_columns_height&quot;:&quot;&quot;,&quot;use_load_more&quot;:&quot;&quot;,&quot;load_more_id&quot;:&quot;&quot;,&quot;load_more_type&quot;:&quot;click&quot;,&quot;load_more_offset&quot;:{&quot;unit&quot;:&quot;px&quot;,&quot;size&quot;:0,&quot;sizes&quot;:[]},&quot;use_custom_post_types&quot;:&quot;&quot;,&quot;custom_post_types&quot;:[],&quot;hide_widget_if&quot;:&quot;&quot;,&quot;carousel_enabled&quot;:&quot;&quot;,&quot;slides_to_scroll&quot;:&quot;1&quot;,&quot;arrows&quot;:&quot;true&quot;,&quot;arrow_icon&quot;:&quot;fa fa-angle-left&quot;,&quot;dots&quot;:&quot;&quot;,&quot;autoplay&quot;:&quot;true&quot;,&quot;pause_on_hover&quot;:&quot;true&quot;,&quot;autoplay_speed&quot;:5000,&quot;infinite&quot;:&quot;true&quot;,&quot;center_mode&quot;:&quot;&quot;,&quot;effect&quot;:&quot;slide&quot;,&quot;speed&quot;:500,&quot;inject_alternative_items&quot;:&quot;&quot;,&quot;injection_items&quot;:[],&quot;scroll_slider_enabled&quot;:&quot;&quot;,&quot;scroll_slider_on&quot;:[&quot;desktop&quot;,&quot;tablet&quot;,&quot;mobile&quot;],&quot;custom_query&quot;:false,&quot;custom_query_id&quot;:&quot;4&quot;,&quot;_element_id&quot;:&quot;&quot;,&quot;collapse_first_last_gap&quot;:false,&quot;list_tag_selection&quot;:&quot;&quot;,&quot;list_items_wrapper_tag&quot;:&quot;div&quot;,&quot;list_item_tag&quot;:&quot;div&quot;,&quot;empty_items_wrapper_tag&quot;:&quot;div&quot;}}\" data-page=\"1\" data-pages=\"1\" data-listing-source=\"posts\" data-listing-id=\"628\" data-query-id=\"\"><div class=\"jet-listing-grid__item jet-listing-dynamic-post-659\" data-post-id=\"659\"  ><div class=\"jet-engine-listing-overlay-wrap\" data-url=\"https:\/\/anprotec.org.br\/conferencia2026\/palestrantes\/karine-guilbault\/\">\t\t<div data-elementor-type=\"jet-listing-items\" data-elementor-id=\"628\" class=\"elementor elementor-628\" data-elementor-post-type=\"jet-engine\">\n\t\t\t\t<div class=\"elementor-element elementor-element-570e262 e-con-full e-transform e-flex e-con e-parent\" data-id=\"570e262\" data-element_type=\"container\" data-e-type=\"container\" data-settings=\"{&quot;jet_parallax_layout_list&quot;:[],&quot;_transform_scale_effect_hover&quot;:{&quot;unit&quot;:&quot;px&quot;,&quot;size&quot;:1.02,&quot;sizes&quot;:[]},&quot;_transform_scale_effect_hover_tablet&quot;:{&quot;unit&quot;:&quot;px&quot;,&quot;size&quot;:&quot;&quot;,&quot;sizes&quot;:[]},&quot;_transform_scale_effect_hover_mobile&quot;:{&quot;unit&quot;:&quot;px&quot;,&quot;size&quot;:&quot;&quot;,&quot;sizes&quot;:[]}}\">\n\t\t<div class=\"elementor-element elementor-element-113c997 e-con-full e-flex e-con e-child\" data-id=\"113c997\" data-element_type=\"container\" data-e-type=\"container\" data-settings=\"{&quot;background_background&quot;:&quot;classic&quot;,&quot;jet_parallax_layout_list&quot;:[]}\">\n\t\t\t\t<div class=\"elementor-element elementor-element-6c9b55b elementor-absolute jedv-enabled--yes elementor-widget elementor-widget-jet-button\" data-id=\"6c9b55b\" data-element_type=\"widget\" data-e-type=\"widget\" data-settings=\"{&quot;_position&quot;:&quot;absolute&quot;}\" data-widget_type=\"jet-button.default\">\n\t\t\t\t<div class=\"elementor-widget-container\">\n\t\t\t\t\t<div class=\"elementor-jet-button jet-elements\"><div class=\"jet-button__container\">\n\t<a class=\"jet-button__instance jet-button__instance--icon-left hover-effect-0\" href=\"#\">\n\t\t<div class=\"jet-button__plane jet-button__plane-normal\"><\/div>\n\t\t<div class=\"jet-button__plane jet-button__plane-hover\"><\/div>\n\t\t<div class=\"jet-button__state jet-button__state-normal\">\n\t\t\t<span class=\"jet-button__label\">INTERNACIONAL<\/span>\t\t<\/div>\n\t\t<div class=\"jet-button__state jet-button__state-hover\">\n\t\t\t<span class=\"jet-button__label\">INTERNACIONAL<\/span>\t\t<\/div>\n\t<\/a>\n<\/div>\n<\/div>\t\t\t\t<\/div>\n\t\t\t\t<\/div>\n\t\t\t\t<div class=\"elementor-element elementor-element-1da2d17 elementor-widget elementor-widget-image\" data-id=\"1da2d17\" data-element_type=\"widget\" data-e-type=\"widget\" data-widget_type=\"image.default\">\n\t\t\t\t\t\t\t\t\t\t\t\t\t\t\t<img loading=\"lazy\" decoding=\"async\" width=\"5504\" height=\"8256\" src=\"https:\/\/anprotec.org.br\/conferencia2026\/wp-content\/uploads\/2026\/04\/PRP_8341.jpg\" class=\"attachment-full size-full wp-image-655\" alt=\"\" srcset=\"https:\/\/anprotec.org.br\/conferencia2026\/wp-content\/uploads\/2026\/04\/PRP_8341.jpg 5504w, https:\/\/anprotec.org.br\/conferencia2026\/wp-content\/uploads\/2026\/04\/PRP_8341-200x300.jpg 200w, https:\/\/anprotec.org.br\/conferencia2026\/wp-content\/uploads\/2026\/04\/PRP_8341-683x1024.jpg 683w, https:\/\/anprotec.org.br\/conferencia2026\/wp-content\/uploads\/2026\/04\/PRP_8341-768x1152.jpg 768w, https:\/\/anprotec.org.br\/conferencia2026\/wp-content\/uploads\/2026\/04\/PRP_8341-1024x1536.jpg 1024w\" sizes=\"(max-width: 5504px) 100vw, 5504px\" \/>\t\t\t\t\t\t\t\t\t\t\t\t\t\t\t<\/div>\n\t\t\t\t<\/div>\n\t\t<div class=\"elementor-element elementor-element-65dd94e e-con-full e-flex e-con e-child\" data-id=\"65dd94e\" data-element_type=\"container\" data-e-type=\"container\" data-settings=\"{&quot;background_background&quot;:&quot;classic&quot;,&quot;jet_parallax_layout_list&quot;:[]}\">\n\t\t\t\t<div class=\"elementor-element elementor-element-6060fd9 elementor-widget elementor-widget-heading\" data-id=\"6060fd9\" data-element_type=\"widget\" data-e-type=\"widget\" data-widget_type=\"heading.default\">\n\t\t\t\t\t<h2 class=\"elementor-heading-title elementor-size-default\">Karine Guilbault<\/h2>\t\t\t\t<\/div>\n\t\t\t\t<div class=\"elementor-element elementor-element-03e8ae0 elementor-widget elementor-widget-heading\" data-id=\"03e8ae0\" data-element_type=\"widget\" data-e-type=\"widget\" data-widget_type=\"heading.default\">\n\t\t\t\t\t<h2 class=\"elementor-heading-title elementor-size-default\">Diretora Geral \u2013 Saint-Hyacinthe Technopole, Canad\u00e1<\/h2>\t\t\t\t<\/div>\n\t\t<div class=\"elementor-element elementor-element-50e31b3 e-con-full e-flex e-con e-child\" data-id=\"50e31b3\" data-element_type=\"container\" data-e-type=\"container\" data-settings=\"{&quot;background_background&quot;:&quot;classic&quot;,&quot;jet_parallax_layout_list&quot;:[]}\">\n\t\t\t\t<div class=\"elementor-element elementor-element-732f50b elementor-widget elementor-widget-heading\" data-id=\"732f50b\" data-element_type=\"widget\" data-e-type=\"widget\" data-widget_type=\"heading.default\">\n\t\t\t\t\t<h2 class=\"elementor-heading-title elementor-size-default\">01\/07 | 14h \u00e0s 16h \u2013 Painel Tem\u00e1tico 5 \u2013 Consolidando ecossistemas para o desenvolvimento regional<\/h2>\t\t\t\t<\/div>\n\t\t\t\t<\/div>\n\t\t\t\t<\/div>\n\t\t\t\t<\/div>\n\t\t\t\t<\/div>\n\t\t<a href=\"https:\/\/anprotec.org.br\/conferencia2026\/palestrantes\/karine-guilbault\/\" class=\"jet-engine-listing-overlay-link\"><\/a><\/div><\/div><\/div><\/div>\t\t\t\t<\/div>\n\t\t\t\t<\/div>\n\t\t\t\t<\/div>\n\t\t\t\t\t<\/div>\n\t\t<\/div>\n\t\t\t\t\t\t<\/div>\n\t\t\t\t\t<\/div>\n\t\t\t\t<\/div>\n\t\t\t\t<\/div>\n\t\t","protected":false},"excerpt":{"rendered":"<p>Todos Plen\u00e1rias Pain\u00e9is Tem\u00e1ticos Workshops Rodas de Conversa Chamada de Trabalhos Internacionais Todos os Palestrantes Plen\u00e1rias\u200b Sess\u00f5es principais no Audit\u00f3rio Pain\u00e9is Tem\u00e1ticos Debates aprofundados sobre temas estrat\u00e9gicos Workshops Sess\u00f5es pr\u00e1ticas e interativas Rodas de Conversa Di\u00e1logos abertos e colaborativos Pain\u00e9is Speaker \u2013 Chamada de Trabalhos Apresenta\u00e7\u00e3o de artigos e relatos selecionados Plen\u00e1rias\u200b Sess\u00f5es principais no [&hellip;]<\/p>\n","protected":false},"author":1,"featured_media":0,"parent":0,"menu_order":0,"comment_status":"closed","ping_status":"closed","template":"","meta":{"footnotes":""},"class_list":["post-666","page","type-page","status-publish","hentry"],"_links":{"self":[{"href":"https:\/\/anprotec.org.br\/conferencia2026\/wp-json\/wp\/v2\/pages\/666","targetHints":{"allow":["GET"]}}],"collection":[{"href":"https:\/\/anprotec.org.br\/conferencia2026\/wp-json\/wp\/v2\/pages"}],"about":[{"href":"https:\/\/anprotec.org.br\/conferencia2026\/wp-json\/wp\/v2\/types\/page"}],"author":[{"embeddable":true,"href":"https:\/\/anprotec.org.br\/conferencia2026\/wp-json\/wp\/v2\/users\/1"}],"replies":[{"embeddable":true,"href":"https:\/\/anprotec.org.br\/conferencia2026\/wp-json\/wp\/v2\/comments?post=666"}],"version-history":[{"count":64,"href":"https:\/\/anprotec.org.br\/conferencia2026\/wp-json\/wp\/v2\/pages\/666\/revisions"}],"predecessor-version":[{"id":1060,"href":"https:\/\/anprotec.org.br\/conferencia2026\/wp-json\/wp\/v2\/pages\/666\/revisions\/1060"}],"wp:attachment":[{"href":"https:\/\/anprotec.org.br\/conferencia2026\/wp-json\/wp\/v2\/media?parent=666"}],"curies":[{"name":"wp","href":"https:\/\/api.w.org\/{rel}","templated":true}]}}