{"id":761,"date":"2024-08-02T18:19:13","date_gmt":"2024-08-02T18:19:13","guid":{"rendered":"https:\/\/anprotec.org.br\/conferencia2024\/?page_id=761"},"modified":"2024-09-24T17:50:04","modified_gmt":"2024-09-24T17:50:04","slug":"o-evento","status":"publish","type":"page","link":"https:\/\/anprotec.org.br\/conferencia2024\/o-evento\/","title":{"rendered":"O Evento"},"content":{"rendered":"\t\t<div data-elementor-type=\"wp-page\" data-elementor-id=\"761\" class=\"elementor elementor-761\" data-elementor-post-type=\"page\">\n\t\t\t\t<div class=\"elementor-element elementor-element-ae330a5 e-con-full e-flex e-con e-parent\" data-id=\"ae330a5\" data-element_type=\"container\" data-settings=\"{&quot;background_background&quot;:&quot;classic&quot;}\">\n\t\t\t\t<div class=\"elementor-element elementor-element-1b5d518 elementor-widget elementor-widget-heading\" data-id=\"1b5d518\" data-element_type=\"widget\" data-widget_type=\"heading.default\">\n\t\t\t\t<div class=\"elementor-widget-container\">\n\t\t\t\t\t<h1 class=\"elementor-heading-title elementor-size-default\">O EVENTO<\/h1>\t\t\t\t<\/div>\n\t\t\t\t<\/div>\n\t\t\t\t<\/div>\n\t\t<div class=\"elementor-element elementor-element-a7e272c e-con-full e-flex elementor-invisible e-con e-parent\" data-id=\"a7e272c\" data-element_type=\"container\" data-settings=\"{&quot;animation&quot;:&quot;fadeInUp&quot;}\">\n\t\t<div class=\"elementor-element elementor-element-f6b8e06 e-con-full e-flex e-con e-child\" data-id=\"f6b8e06\" data-element_type=\"container\">\n\t\t\t\t<div class=\"elementor-element elementor-element-18abe85 elementor-widget elementor-widget-heading\" data-id=\"18abe85\" data-element_type=\"widget\" data-widget_type=\"heading.default\">\n\t\t\t\t<div class=\"elementor-widget-container\">\n\t\t\t\t\t<h2 class=\"elementor-heading-title elementor-size-default\">Sobre o evento<\/h2>\t\t\t\t<\/div>\n\t\t\t\t<\/div>\n\t\t\t\t<div class=\"elementor-element elementor-element-cd2cfce elementor-widget elementor-widget-text-editor\" data-id=\"cd2cfce\" data-element_type=\"widget\" data-widget_type=\"text-editor.default\">\n\t\t\t\t<div class=\"elementor-widget-container\">\n\t\t\t\t\t\t\t\t\t<p>A Confer\u00eancia Anprotec \u00e9 organizada pela Associa\u00e7\u00e3o Nacional de Entidades Promotoras de Empreendimentos Inovadores (Anprotec) em correaliza\u00e7\u00e3o com o Servi\u00e7o Brasileiro de Apoio \u00e0s Micro e Pequenas Empresas (Sebrae), e, neste ano, ter\u00e1 o PIT &#8211; Parque de Inova\u00e7\u00e3o Tecnol\u00f3gica como organizador local.<\/p><p>O evento anual \u00e9 um dos mais importantes encontros de inova\u00e7\u00e3o e empreendedorismo do Brasil, reunindo profissionais, acad\u00eamicos, empreendedores, gestores p\u00fablicos e privados, empresas de base tecnol\u00f3gica, al\u00e9m de investidores e demais interessados em ecossistemas de inova\u00e7\u00e3o, parques tecnol\u00f3gicos, incubadoras, aceleradoras, hubs e centros de inova\u00e7\u00e3o.<\/p><p>Em sua 34\u00aa edi\u00e7\u00e3o, a Confer\u00eancia Anprotec tem como objetivo principal promover um ambiente prop\u00edcio para a troca de conhecimentos, experi\u00eancias e ideias inovadoras que possam impulsionar os ambientes de inova\u00e7\u00e3o e seus empreendimentos, contribuindo para a gera\u00e7\u00e3o de riqueza, a cria\u00e7\u00e3o de empregos qualificados, o fortalecimento da economia, a aplica\u00e7\u00e3o de novas tecnologias no cotidiano das pessoas e a resolu\u00e7\u00e3o de problemas sociais e ambientais, beneficiando a sociedade brasileira como um todo.<\/p>\t\t\t\t\t\t\t\t<\/div>\n\t\t\t\t<\/div>\n\t\t\t\t<\/div>\n\t\t<div class=\"elementor-element elementor-element-0403b4f e-con-full e-flex e-con e-child\" data-id=\"0403b4f\" data-element_type=\"container\">\n\t\t\t\t<div class=\"elementor-element elementor-element-12de500 elementor-widget elementor-widget-image\" data-id=\"12de500\" data-element_type=\"widget\" data-widget_type=\"image.default\">\n\t\t\t\t<div class=\"elementor-widget-container\">\n\t\t\t\t\t\t\t\t\t\t\t\t\t\t\t<img fetchpriority=\"high\" decoding=\"async\" width=\"524\" height=\"349\" src=\"https:\/\/anprotec.org.br\/conferencia2024\/wp-content\/uploads\/2024\/08\/IMG_4289-1.png\" class=\"attachment-large size-large wp-image-769\" alt=\"\" srcset=\"https:\/\/anprotec.org.br\/conferencia2024\/wp-content\/uploads\/2024\/08\/IMG_4289-1.png 524w, https:\/\/anprotec.org.br\/conferencia2024\/wp-content\/uploads\/2024\/08\/IMG_4289-1-300x200.png 300w\" sizes=\"(max-width: 524px) 100vw, 524px\" \/>\t\t\t\t\t\t\t\t\t\t\t\t\t\t\t<\/div>\n\t\t\t\t<\/div>\n\t\t\t\t<\/div>\n\t\t\t\t<\/div>\n\t\t<div class=\"elementor-element elementor-element-5588f3c e-con-full e-flex e-con e-parent\" data-id=\"5588f3c\" data-element_type=\"container\">\n\t\t<div class=\"elementor-element elementor-element-0af2b68 e-con-full e-flex elementor-invisible e-con e-child\" data-id=\"0af2b68\" data-element_type=\"container\" data-settings=\"{&quot;animation&quot;:&quot;fadeIn&quot;}\">\n\t\t\t\t<div class=\"elementor-element elementor-element-a48ad14 elementor-widget elementor-widget-heading\" data-id=\"a48ad14\" data-element_type=\"widget\" data-widget_type=\"heading.default\">\n\t\t\t\t<div class=\"elementor-widget-container\">\n\t\t\t\t\t<h2 class=\"elementor-heading-title elementor-size-default\">Quem faz nosso encontro<\/h2>\t\t\t\t<\/div>\n\t\t\t\t<\/div>\n\t\t\t\t<div class=\"elementor-element elementor-element-d597337 elementor-widget elementor-widget-text-editor\" data-id=\"d597337\" data-element_type=\"widget\" data-widget_type=\"text-editor.default\">\n\t\t\t\t<div class=\"elementor-widget-container\">\n\t\t\t\t\t\t\t\t\tConfira os membros dos Comit\u00eas Organizador, Cient\u00edfico e Curador da 34\u00aa Confer\u00eancia Anprotec.\t\t\t\t\t\t\t\t<\/div>\n\t\t\t\t<\/div>\n\t\t\t\t<\/div>\n\t\t<div class=\"elementor-element elementor-element-5431f99 e-con-full e-flex elementor-invisible e-con e-child\" data-id=\"5431f99\" data-element_type=\"container\" data-settings=\"{&quot;animation&quot;:&quot;fadeInUp&quot;}\">\n\t\t\t\t<div class=\"elementor-element elementor-element-49cb3c7 elementor-widget elementor-widget-heading\" data-id=\"49cb3c7\" data-element_type=\"widget\" data-widget_type=\"heading.default\">\n\t\t\t\t<div class=\"elementor-widget-container\">\n\t\t\t\t\t<h3 class=\"elementor-heading-title elementor-size-default\">COMIT\u00ca CURADOR:&nbsp;<\/h3>\t\t\t\t<\/div>\n\t\t\t\t<\/div>\n\t\t\t\t<div class=\"elementor-element elementor-element-3b194f4 elementor-widget elementor-widget-text-editor\" data-id=\"3b194f4\" data-element_type=\"widget\" data-widget_type=\"text-editor.default\">\n\t\t\t\t<div class=\"elementor-widget-container\">\n\t\t\t\t\t\t\t\t\t<ul><li>Andr\u00e9 Aquino, Diretor de Inova\u00e7\u00e3o, Secretaria de Inova\u00e7\u00e3o do Estado de S\u00e3o Paulo<\/li><li>Cl\u00e1udio Nascimento, Head de Inova\u00e7\u00e3o, LabGri\u00f4<\/li><li>Ebba Lund, Chief Executive Officer, International Association of Science Parks and Areas of Innovation<\/li><li>Fernanda Bombardi, Diretora de Neg\u00f3cios, Instituto de Cidadania Empresarial (ICE)<\/li><li>Ingrid Guimar\u00e3es Barth, Presidente, Associa\u00e7\u00e3o Brasileira de Startups<\/li><li>Jorge Luis Nicolas Audy, Superintendente de Inova\u00e7\u00e3o e Desenvolvimento da PUCRS e do TECNOPUC<\/li><li>Josep Pique, Presidente, Triple Helix Association<\/li><li>Marcela Flores, Diretora Presidente da Diretoria Executiva, Associa\u00e7\u00e3o Nacional de Pesquisa e Desenvolvimento das Empresas Inovadoras, ANPEI,\u00a0<\/li><li>Marcelo Teixeira, Especialista em Inova\u00e7\u00e3o, Design e Mobilidade<\/li><li>Marco Quirino, Diretor Executivo, European Network of Research and Innovation Centres and Hubs Latin<\/li><li>Paulo Renato Macedo Cabral, Gerente, Servi\u00e7o Brasileiro de Apoio \u00e0s Micro e Pequenas Empresas &#8211; Sebrae<\/li><li>Pedro Silva, Digital Transformation Manager na Nestl\u00e9\u00a0<\/li><li>Sheila Oliveira Pires, Diretora de Apoio aos Ecossistemas de Inova\u00e7\u00e3o &#8211; Minist\u00e9rio da Ci\u00eancia, Tecnologia e Inova\u00e7\u00e3o (MCTI).\u00a0<\/li><li>Vinicius Pinto, Diretor na Dassault Sistemas<\/li><li>W\u00e9bia Pereira da Silva, Analista,\u00a0 Servi\u00e7o Brasileiro de Apoio \u00e0s Micro e Pequenas Empresas (Sebrae).<\/li><li><p><span style=\"font-weight: 400;\">Camila Aloi &#8211; Gerente Rede Academia &#8211; Instituto de Cidadania Empresarial (ICE).\u00a0<\/span><\/p><\/li><\/ul>\t\t\t\t\t\t\t\t<\/div>\n\t\t\t\t<\/div>\n\t\t\t\t<div class=\"elementor-element elementor-element-f6251d0 elementor-widget elementor-widget-heading\" data-id=\"f6251d0\" data-element_type=\"widget\" data-widget_type=\"heading.default\">\n\t\t\t\t<div class=\"elementor-widget-container\">\n\t\t\t\t\t<h3 class=\"elementor-heading-title elementor-size-default\">COMIT\u00ca CIENT\u00cdFICO:<\/h3>\t\t\t\t<\/div>\n\t\t\t\t<\/div>\n\t\t\t\t<div class=\"elementor-element elementor-element-65e1775 elementor-widget elementor-widget-text-editor\" data-id=\"65e1775\" data-element_type=\"widget\" data-widget_type=\"text-editor.default\">\n\t\t\t\t<div class=\"elementor-widget-container\">\n\t\t\t\t\t\t\t\t\t<ul><li>Rafael Prikladnicki \u2013 Professor Adjunto e Consultor de Inova\u00e7\u00e3o (PUCRS)<\/li><li>Rodrigo Quites \u2013 Diretor Presidente (Funda\u00e7\u00e3o Guam\u00e1)<\/li><\/ul>\t\t\t\t\t\t\t\t<\/div>\n\t\t\t\t<\/div>\n\t\t\t\t<\/div>\n\t\t<div class=\"elementor-element elementor-element-22c6716 e-con-full e-flex elementor-invisible e-con e-child\" data-id=\"22c6716\" data-element_type=\"container\" data-settings=\"{&quot;animation&quot;:&quot;fadeInDown&quot;}\">\n\t\t\t\t<div class=\"elementor-element elementor-element-d373bfb elementor-widget elementor-widget-heading\" data-id=\"d373bfb\" data-element_type=\"widget\" data-widget_type=\"heading.default\">\n\t\t\t\t<div class=\"elementor-widget-container\">\n\t\t\t\t\t<h3 class=\"elementor-heading-title elementor-size-default\">COMIT\u00ca ORGANIZADOR:\u00a0<\/h3>\t\t\t\t<\/div>\n\t\t\t\t<\/div>\n\t\t\t\t<div class=\"elementor-element elementor-element-920368d elementor-widget elementor-widget-text-editor\" data-id=\"920368d\" data-element_type=\"widget\" data-widget_type=\"text-editor.default\">\n\t\t\t\t<div class=\"elementor-widget-container\">\n\t\t\t\t\t\t\t\t\t<ul><li>Adriana Ferreira de Faria \u2013 Presidente &#8211; Anprotec<\/li><li>Artur Gibbon \u2013 Diretor de Novos Ambientes de Inova\u00e7\u00e3o &#8211; Anprotec<\/li><li>Carlos Alberto Costa \u2013 Diretor de Administra\u00e7\u00e3o e Finan\u00e7as &#8211;\u00a0 Anprotec<\/li><li>Deolinda Lucianne Ferreira Garcia \u2013 Diretora T\u00e9cnica &#8211;\u00a0 Anprotec<\/li><li>Ismael Edgar da Silva &#8211; Analista de Inova\u00e7\u00e3o &#8211; Servi\u00e7o Brasileiro de Apoio \u00e0s Micro e Pequenas Empresas &#8211; Sebrae<\/li><li>Leandro Bilac &#8211;\u00a0 Gerente de Marketing &#8211;\u00a0 Parque Tecnol\u00f3gico de S\u00e3o Jos\u00e9 dos Campos<\/li><li>Luciano Valente &#8211; Coordenador de Comunica\u00e7\u00e3o &#8211; Anprotec<\/li><li>Luis Gustavo Henrique Peles &#8211; Gestor de Projetos &#8211; Anprotec\u00a0<\/li><li>Ma\u00edra Nobre de Castro &#8211; Diretora de Redes e Associados &#8211;\u00a0 Anprotec<\/li><li>Marcelo Nunes da Silva \u2013 Diretor de Empresas &#8211;\u00a0 Anprotec<\/li><li>Marco Quirino &#8211; Diretor Executivo &#8211; European Network of Research and Innovation Centres and Hubs Latin<\/li><li>Mariana Gomes &#8211;\u00a0 Gerente de Competitividade &#8211; Parque Tecnol\u00f3gico de S\u00e3o Jos\u00e9 dos Campos\u00a0<\/li><li>Priscila Assahida &#8211; Head of softlanding Hubs &#8211; European Network of Research and Innovation Centres and Hubs Latin<\/li><li>Renato Boschila &#8211; Analista de Gest\u00e3o de Neg\u00f3cios &#8211; Parque Tecnol\u00f3gico de S\u00e3o Jos\u00e9 dos Campos<\/li><li>Romildo Dias Toledo Filho \u2013 Diretor de Rela\u00e7\u00f5es Internacionais &#8211;\u00a0 Anprotec<\/li><li>Tony Chierighini \u2013 Vice-Presidente &#8211; Anprotec<\/li><li>Vanusa Leitoguinho de S\u00e1 &#8211; Coordenadora de Atendimento &#8211; Anprotec\u00a0<\/li><li>W\u00e9bia Pereira Silva &#8211;\u00a0 Analista &#8211; Servi\u00e7o Brasileiro de Apoio \u00e0s Micro e Pequenas Empresas &#8211; Sebrae<\/li><\/ul>\t\t\t\t\t\t\t\t<\/div>\n\t\t\t\t<\/div>\n\t\t\t\t<\/div>\n\t\t<div class=\"elementor-element elementor-element-327544e e-con-full e-flex elementor-invisible e-con e-child\" data-id=\"327544e\" data-element_type=\"container\" data-settings=\"{&quot;background_background&quot;:&quot;classic&quot;,&quot;animation&quot;:&quot;fadeIn&quot;}\">\n\t\t\t\t<div class=\"elementor-element elementor-element-125f5d6 elementor-widget__width-inherit elementor-widget elementor-widget-heading\" data-id=\"125f5d6\" data-element_type=\"widget\" data-widget_type=\"heading.default\">\n\t\t\t\t<div class=\"elementor-widget-container\">\n\t\t\t\t\t<h2 class=\"elementor-heading-title elementor-size-default\">O que discutiremos em 2024<\/h2>\t\t\t\t<\/div>\n\t\t\t\t<\/div>\n\t\t\t\t<div class=\"elementor-element elementor-element-7c2314b elementor-widget__width-initial elementor-widget-mobile__width-inherit elementor-widget elementor-widget-text-editor\" data-id=\"7c2314b\" data-element_type=\"widget\" data-widget_type=\"text-editor.default\">\n\t\t\t\t<div class=\"elementor-widget-container\">\n\t\t\t\t\t\t\t\t\tA 34\u00aa edi\u00e7\u00e3o da Confer\u00eancia Anprotec tem como tema central \u201cOs Ambientes de Inova\u00e7\u00e3o Transformando os Territ\u00f3rios e as Cidades\u201d e reflete a import\u00e2ncia dos ecossistemas de inova\u00e7\u00e3o na constru\u00e7\u00e3o de cidades mais inteligentes, sustent\u00e1veis e inclusivas. A transforma\u00e7\u00e3o dos territ\u00f3rios por meio da inova\u00e7\u00e3o tecnol\u00f3gica e social \u00e9 um dos principais desafios e oportunidades do s\u00e9culo XXI. Ambientes de inova\u00e7\u00e3o, como parques tecnol\u00f3gicos, incubadoras e aceleradoras, desempenham um papel crucial na cria\u00e7\u00e3o de solu\u00e7\u00f5es que melhoram a qualidade de vida, promovem a sustentabilidade ambiental e impulsionam o desenvolvimento econ\u00f4mico.\t\t\t\t\t\t\t\t<\/div>\n\t\t\t\t<\/div>\n\t\t\t\t<div class=\"jet-satellite-widget elementor-element elementor-element-72eea05 elementor-widget-mobile__width-inherit elementor-widget__width-initial elementor-widget elementor-widget-heading\" data-jet-tricks-settings=\"{&quot;satellite&quot;:&quot;true&quot;,&quot;satelliteType&quot;:&quot;image&quot;,&quot;satellitePosition&quot;:&quot;middle-center&quot;}\" data-id=\"72eea05\" data-element_type=\"widget\" data-widget_type=\"heading.default\">\n\t\t\t\t<div class=\"elementor-widget-container\">\n\t\t\t\t\t<div class=\"jet-tricks-satellite jet-tricks-satellite--middle-center\"><div class=\"jet-tricks-satellite__inner\"><div class=\"jet-tricks-satellite__image\"><img decoding=\"async\" class=\"jet-tricks-satellite__image-instance\" src=\"https:\/\/anprotec.org.br\/conferencia2024\/wp-content\/uploads\/2024\/08\/Botao-1.png\" alt=\"\"><\/div><\/div><\/div><p class=\"elementor-heading-title elementor-size-default\">Saiba Mais<\/p>\t\t\t\t<\/div>\n\t\t\t\t<\/div>\n\t\t\t\t<\/div>\n\t\t\t\t<\/div>\n\t\t\t\t<\/div>\n\t\t","protected":false},"excerpt":{"rendered":"<p>O EVENTO Sobre o evento A Confer\u00eancia Anprotec \u00e9 organizada pela Associa\u00e7\u00e3o Nacional de Entidades Promotoras de Empreendimentos Inovadores (Anprotec) em correaliza\u00e7\u00e3o com o Servi\u00e7o Brasileiro de Apoio \u00e0s Micro e Pequenas Empresas (Sebrae), e, neste ano, ter\u00e1 o PIT &#8211; Parque de Inova\u00e7\u00e3o Tecnol\u00f3gica como organizador local. O evento anual \u00e9 um dos mais [&hellip;]<\/p>\n","protected":false},"author":1,"featured_media":0,"parent":0,"menu_order":0,"comment_status":"closed","ping_status":"closed","template":"","meta":{"footnotes":""},"class_list":["post-761","page","type-page","status-publish","hentry"],"_links":{"self":[{"href":"https:\/\/anprotec.org.br\/conferencia2024\/wp-json\/wp\/v2\/pages\/761","targetHints":{"allow":["GET"]}}],"collection":[{"href":"https:\/\/anprotec.org.br\/conferencia2024\/wp-json\/wp\/v2\/pages"}],"about":[{"href":"https:\/\/anprotec.org.br\/conferencia2024\/wp-json\/wp\/v2\/types\/page"}],"author":[{"embeddable":true,"href":"https:\/\/anprotec.org.br\/conferencia2024\/wp-json\/wp\/v2\/users\/1"}],"replies":[{"embeddable":true,"href":"https:\/\/anprotec.org.br\/conferencia2024\/wp-json\/wp\/v2\/comments?post=761"}],"version-history":[{"count":64,"href":"https:\/\/anprotec.org.br\/conferencia2024\/wp-json\/wp\/v2\/pages\/761\/revisions"}],"predecessor-version":[{"id":2093,"href":"https:\/\/anprotec.org.br\/conferencia2024\/wp-json\/wp\/v2\/pages\/761\/revisions\/2093"}],"wp:attachment":[{"href":"https:\/\/anprotec.org.br\/conferencia2024\/wp-json\/wp\/v2\/media?parent=761"}],"curies":[{"name":"wp","href":"https:\/\/api.w.org\/{rel}","templated":true}]}}