{"id":548,"date":"2021-08-03T21:51:55","date_gmt":"2021-08-04T00:51:55","guid":{"rendered":"https:\/\/anprotec.org.br\/conferencia2021\/?page_id=548"},"modified":"2021-11-06T10:25:19","modified_gmt":"2021-11-06T13:25:19","slug":"palestrantes","status":"publish","type":"page","link":"https:\/\/anprotec.org.br\/conferencia2021\/palestrantes\/","title":{"rendered":"Palestrantes"},"content":{"rendered":"\t\t<div data-elementor-type=\"wp-page\" data-elementor-id=\"548\" class=\"elementor elementor-548\" data-elementor-settings=\"[]\">\n\t\t\t\t\t\t\t<div class=\"elementor-section-wrap\">\n\t\t\t\t\t\t\t<section class=\"elementor-section elementor-top-section elementor-element elementor-element-16d9192 elementor-section-boxed elementor-section-height-default elementor-section-height-default\" data-id=\"16d9192\" data-element_type=\"section\">\n\t\t\t\t\t\t<div class=\"elementor-container elementor-column-gap-default\">\n\t\t\t\t\t<div class=\"elementor-column elementor-col-25 elementor-top-column elementor-element elementor-element-d7affe8\" data-id=\"d7affe8\" data-element_type=\"column\">\n\t\t\t<div class=\"elementor-widget-wrap elementor-element-populated\">\n\t\t\t\t\t\t\t\t<div class=\"elementor-element elementor-element-016165f elementor-position-top elementor-vertical-align-top elementor-widget elementor-widget-image-box\" data-id=\"016165f\" data-element_type=\"widget\" data-widget_type=\"image-box.default\">\n\t\t\t\t<div class=\"elementor-widget-container\">\n\t\t\t<div class=\"elementor-image-box-wrapper\"><figure class=\"elementor-image-box-img\"><img loading=\"lazy\" decoding=\"async\" width=\"150\" height=\"150\" src=\"https:\/\/anprotec.org.br\/conferencia2021\/wp-content\/uploads\/2021\/10\/Adirson-Allen-150x150.jpg\" class=\"attachment-thumbnail size-thumbnail\" alt=\"\" srcset=\"https:\/\/anprotec.org.br\/conferencia2021\/wp-content\/uploads\/2021\/10\/Adirson-Allen-150x150.jpg 150w, https:\/\/anprotec.org.br\/conferencia2021\/wp-content\/uploads\/2021\/10\/Adirson-Allen-146x146.jpg 146w, https:\/\/anprotec.org.br\/conferencia2021\/wp-content\/uploads\/2021\/10\/Adirson-Allen-50x50.jpg 50w, https:\/\/anprotec.org.br\/conferencia2021\/wp-content\/uploads\/2021\/10\/Adirson-Allen-75x75.jpg 75w, https:\/\/anprotec.org.br\/conferencia2021\/wp-content\/uploads\/2021\/10\/Adirson-Allen-85x85.jpg 85w, https:\/\/anprotec.org.br\/conferencia2021\/wp-content\/uploads\/2021\/10\/Adirson-Allen-80x80.jpg 80w, https:\/\/anprotec.org.br\/conferencia2021\/wp-content\/uploads\/2021\/10\/Adirson-Allen.jpg 200w\" sizes=\"auto, (max-width: 150px) 100vw, 150px\" \/><\/figure><div class=\"elementor-image-box-content\"><h4 class=\"elementor-image-box-title\"><span class=\"adirson-allen\">Adirson Allen<\/span><\/h4><p class=\"elementor-image-box-description\">Growth Hacker - VoVs<\/p><\/div><\/div>\t\t<\/div>\n\t\t\t\t<\/div>\n\t\t\t\t\t<\/div>\n\t\t<\/div>\n\t\t\t\t<div class=\"elementor-column elementor-col-25 elementor-top-column elementor-element elementor-element-1cf261b\" data-id=\"1cf261b\" data-element_type=\"column\">\n\t\t\t<div class=\"elementor-widget-wrap elementor-element-populated\">\n\t\t\t\t\t\t\t\t<div class=\"elementor-element elementor-element-de95976 elementor-position-top elementor-vertical-align-top elementor-widget elementor-widget-image-box\" data-id=\"de95976\" data-element_type=\"widget\" data-widget_type=\"image-box.default\">\n\t\t\t\t<div class=\"elementor-widget-container\">\n\t\t\t<div class=\"elementor-image-box-wrapper\"><figure class=\"elementor-image-box-img\"><img loading=\"lazy\" decoding=\"async\" width=\"150\" height=\"150\" src=\"https:\/\/anprotec.org.br\/conferencia2021\/wp-content\/uploads\/2021\/10\/Adriana-Ferreira-150x150.jpg\" class=\"attachment-thumbnail size-thumbnail\" alt=\"\" srcset=\"https:\/\/anprotec.org.br\/conferencia2021\/wp-content\/uploads\/2021\/10\/Adriana-Ferreira-150x150.jpg 150w, https:\/\/anprotec.org.br\/conferencia2021\/wp-content\/uploads\/2021\/10\/Adriana-Ferreira-146x146.jpg 146w, https:\/\/anprotec.org.br\/conferencia2021\/wp-content\/uploads\/2021\/10\/Adriana-Ferreira-50x50.jpg 50w, https:\/\/anprotec.org.br\/conferencia2021\/wp-content\/uploads\/2021\/10\/Adriana-Ferreira-75x75.jpg 75w, https:\/\/anprotec.org.br\/conferencia2021\/wp-content\/uploads\/2021\/10\/Adriana-Ferreira-85x85.jpg 85w, https:\/\/anprotec.org.br\/conferencia2021\/wp-content\/uploads\/2021\/10\/Adriana-Ferreira-80x80.jpg 80w, https:\/\/anprotec.org.br\/conferencia2021\/wp-content\/uploads\/2021\/10\/Adriana-Ferreira.jpg 200w\" sizes=\"auto, (max-width: 150px) 100vw, 150px\" \/><\/figure><div class=\"elementor-image-box-content\"><h4 class=\"elementor-image-box-title\"><span class=\"adriana-ferreira-de-faria\">Adriana Ferreira de Faria<\/span><\/h4><p class=\"elementor-image-box-description\">Diretora Executiva do Centro Tecnol\u00f3gico de Desenvolvimento Regional de Vi\u00e7osa<\/p><\/div><\/div>\t\t<\/div>\n\t\t\t\t<\/div>\n\t\t\t\t\t<\/div>\n\t\t<\/div>\n\t\t\t\t<div class=\"elementor-column elementor-col-25 elementor-top-column elementor-element elementor-element-7b993d6\" data-id=\"7b993d6\" data-element_type=\"column\">\n\t\t\t<div class=\"elementor-widget-wrap elementor-element-populated\">\n\t\t\t\t\t\t\t\t<div class=\"elementor-element elementor-element-9afc829 elementor-position-top elementor-vertical-align-top elementor-widget elementor-widget-image-box\" data-id=\"9afc829\" data-element_type=\"widget\" data-widget_type=\"image-box.default\">\n\t\t\t\t<div class=\"elementor-widget-container\">\n\t\t\t<div class=\"elementor-image-box-wrapper\"><figure class=\"elementor-image-box-img\"><img loading=\"lazy\" decoding=\"async\" width=\"150\" height=\"150\" src=\"https:\/\/anprotec.org.br\/conferencia2021\/wp-content\/uploads\/2021\/10\/Adriana-Martin-150x150.jpeg\" class=\"attachment-thumbnail size-thumbnail\" alt=\"\" srcset=\"https:\/\/anprotec.org.br\/conferencia2021\/wp-content\/uploads\/2021\/10\/Adriana-Martin-150x150.jpeg 150w, https:\/\/anprotec.org.br\/conferencia2021\/wp-content\/uploads\/2021\/10\/Adriana-Martin-146x146.jpeg 146w, https:\/\/anprotec.org.br\/conferencia2021\/wp-content\/uploads\/2021\/10\/Adriana-Martin-50x50.jpeg 50w, https:\/\/anprotec.org.br\/conferencia2021\/wp-content\/uploads\/2021\/10\/Adriana-Martin-75x75.jpeg 75w, https:\/\/anprotec.org.br\/conferencia2021\/wp-content\/uploads\/2021\/10\/Adriana-Martin-85x85.jpeg 85w, https:\/\/anprotec.org.br\/conferencia2021\/wp-content\/uploads\/2021\/10\/Adriana-Martin-80x80.jpeg 80w, https:\/\/anprotec.org.br\/conferencia2021\/wp-content\/uploads\/2021\/10\/Adriana-Martin.jpeg 200w\" sizes=\"auto, (max-width: 150px) 100vw, 150px\" \/><\/figure><div class=\"elementor-image-box-content\"><h4 class=\"elementor-image-box-title\"><span class=\"adriana-martin\">Adriana Martin<\/span><\/h4><p class=\"elementor-image-box-description\">Diretora-Executiva de Inova\u00e7\u00e3o e Tecnologia - Embrapa<\/p><\/div><\/div>\t\t<\/div>\n\t\t\t\t<\/div>\n\t\t\t\t\t<\/div>\n\t\t<\/div>\n\t\t\t\t<div class=\"elementor-column elementor-col-25 elementor-top-column elementor-element elementor-element-821cf5c\" data-id=\"821cf5c\" data-element_type=\"column\">\n\t\t\t<div class=\"elementor-widget-wrap elementor-element-populated\">\n\t\t\t\t\t\t\t\t<div class=\"elementor-element elementor-element-2390fd4 elementor-position-top elementor-vertical-align-top elementor-widget elementor-widget-image-box\" data-id=\"2390fd4\" data-element_type=\"widget\" data-widget_type=\"image-box.default\">\n\t\t\t\t<div class=\"elementor-widget-container\">\n\t\t\t<div class=\"elementor-image-box-wrapper\"><figure class=\"elementor-image-box-img\"><img loading=\"lazy\" decoding=\"async\" width=\"150\" height=\"150\" src=\"https:\/\/anprotec.org.br\/conferencia2021\/wp-content\/uploads\/2021\/10\/Alessandro-Vale\u0301rio-150x150.jpg\" class=\"attachment-thumbnail size-thumbnail\" alt=\"\" srcset=\"https:\/\/anprotec.org.br\/conferencia2021\/wp-content\/uploads\/2021\/10\/Alessandro-Vale\u0301rio-150x150.jpg 150w, https:\/\/anprotec.org.br\/conferencia2021\/wp-content\/uploads\/2021\/10\/Alessandro-Vale\u0301rio-300x300.jpg 300w, https:\/\/anprotec.org.br\/conferencia2021\/wp-content\/uploads\/2021\/10\/Alessandro-Vale\u0301rio-146x146.jpg 146w, https:\/\/anprotec.org.br\/conferencia2021\/wp-content\/uploads\/2021\/10\/Alessandro-Vale\u0301rio-50x50.jpg 50w, https:\/\/anprotec.org.br\/conferencia2021\/wp-content\/uploads\/2021\/10\/Alessandro-Vale\u0301rio-75x75.jpg 75w, https:\/\/anprotec.org.br\/conferencia2021\/wp-content\/uploads\/2021\/10\/Alessandro-Vale\u0301rio-85x85.jpg 85w, https:\/\/anprotec.org.br\/conferencia2021\/wp-content\/uploads\/2021\/10\/Alessandro-Vale\u0301rio-80x80.jpg 80w, https:\/\/anprotec.org.br\/conferencia2021\/wp-content\/uploads\/2021\/10\/Alessandro-Vale\u0301rio.jpg 400w\" sizes=\"auto, (max-width: 150px) 100vw, 150px\" \/><\/figure><div class=\"elementor-image-box-content\"><h4 class=\"elementor-image-box-title\"><span class=\"alessandro-valerio\">Alessandro Val\u00e9ria<\/span><\/h4><p class=\"elementor-image-box-description\">Head de Inova\u00e7\u00e3o e Novos Empreendimentos do Parque Tecnol\u00f3gico S\u00e3o Jos\u00e9 dos Campos<\/p><\/div><\/div>\t\t<\/div>\n\t\t\t\t<\/div>\n\t\t\t\t\t<\/div>\n\t\t<\/div>\n\t\t\t\t\t\t\t<\/div>\n\t\t<\/section>\n\t\t\t\t<section class=\"elementor-section elementor-top-section elementor-element elementor-element-06d469c elementor-section-boxed elementor-section-height-default elementor-section-height-default\" data-id=\"06d469c\" data-element_type=\"section\">\n\t\t\t\t\t\t<div class=\"elementor-container elementor-column-gap-default\">\n\t\t\t\t\t<div class=\"elementor-column elementor-col-25 elementor-top-column elementor-element elementor-element-6e45c49\" data-id=\"6e45c49\" data-element_type=\"column\">\n\t\t\t<div class=\"elementor-widget-wrap elementor-element-populated\">\n\t\t\t\t\t\t\t\t<div class=\"elementor-element elementor-element-1f6d5a9 elementor-position-top elementor-vertical-align-top elementor-widget elementor-widget-image-box\" data-id=\"1f6d5a9\" data-element_type=\"widget\" data-widget_type=\"image-box.default\">\n\t\t\t\t<div class=\"elementor-widget-container\">\n\t\t\t<div class=\"elementor-image-box-wrapper\"><figure class=\"elementor-image-box-img\"><img loading=\"lazy\" decoding=\"async\" width=\"150\" height=\"150\" src=\"https:\/\/anprotec.org.br\/conferencia2021\/wp-content\/uploads\/2021\/10\/Ana-Cristina-Facchineli-150x150.jpeg\" class=\"attachment-thumbnail size-thumbnail\" alt=\"\" srcset=\"https:\/\/anprotec.org.br\/conferencia2021\/wp-content\/uploads\/2021\/10\/Ana-Cristina-Facchineli-150x150.jpeg 150w, https:\/\/anprotec.org.br\/conferencia2021\/wp-content\/uploads\/2021\/10\/Ana-Cristina-Facchineli-300x300.jpeg 300w, https:\/\/anprotec.org.br\/conferencia2021\/wp-content\/uploads\/2021\/10\/Ana-Cristina-Facchineli-146x146.jpeg 146w, https:\/\/anprotec.org.br\/conferencia2021\/wp-content\/uploads\/2021\/10\/Ana-Cristina-Facchineli-50x50.jpeg 50w, https:\/\/anprotec.org.br\/conferencia2021\/wp-content\/uploads\/2021\/10\/Ana-Cristina-Facchineli-75x75.jpeg 75w, https:\/\/anprotec.org.br\/conferencia2021\/wp-content\/uploads\/2021\/10\/Ana-Cristina-Facchineli-85x85.jpeg 85w, https:\/\/anprotec.org.br\/conferencia2021\/wp-content\/uploads\/2021\/10\/Ana-Cristina-Facchineli-80x80.jpeg 80w, https:\/\/anprotec.org.br\/conferencia2021\/wp-content\/uploads\/2021\/10\/Ana-Cristina-Facchineli.jpeg 640w\" sizes=\"auto, (max-width: 150px) 100vw, 150px\" \/><\/figure><div class=\"elementor-image-box-content\"><h4 class=\"elementor-image-box-title\"><span class=\"ana-cristina-fachinelli\">Ana Cristina Fachinelli <\/span><\/h4><p class=\"elementor-image-box-description\">Professora, Coordenadora do PPG em Administra\u00e7\u00e3o - da Universidade de Caxias do Sul<\/p><\/div><\/div>\t\t<\/div>\n\t\t\t\t<\/div>\n\t\t\t\t\t<\/div>\n\t\t<\/div>\n\t\t\t\t<div class=\"elementor-column elementor-col-25 elementor-top-column elementor-element elementor-element-961ece4\" data-id=\"961ece4\" data-element_type=\"column\">\n\t\t\t<div class=\"elementor-widget-wrap elementor-element-populated\">\n\t\t\t\t\t\t\t\t<div class=\"elementor-element elementor-element-fc7340b elementor-position-top elementor-vertical-align-top elementor-widget elementor-widget-image-box\" data-id=\"fc7340b\" data-element_type=\"widget\" data-widget_type=\"image-box.default\">\n\t\t\t\t<div class=\"elementor-widget-container\">\n\t\t\t<div class=\"elementor-image-box-wrapper\"><figure class=\"elementor-image-box-img\"><img loading=\"lazy\" decoding=\"async\" width=\"150\" height=\"150\" src=\"https:\/\/anprotec.org.br\/conferencia2021\/wp-content\/uploads\/2021\/10\/Ana-Sabino-150x150.jpeg\" class=\"attachment-thumbnail size-thumbnail\" alt=\"\" srcset=\"https:\/\/anprotec.org.br\/conferencia2021\/wp-content\/uploads\/2021\/10\/Ana-Sabino-150x150.jpeg 150w, https:\/\/anprotec.org.br\/conferencia2021\/wp-content\/uploads\/2021\/10\/Ana-Sabino-300x300.jpeg 300w, https:\/\/anprotec.org.br\/conferencia2021\/wp-content\/uploads\/2021\/10\/Ana-Sabino-768x768.jpeg 768w, https:\/\/anprotec.org.br\/conferencia2021\/wp-content\/uploads\/2021\/10\/Ana-Sabino-146x146.jpeg 146w, https:\/\/anprotec.org.br\/conferencia2021\/wp-content\/uploads\/2021\/10\/Ana-Sabino-50x50.jpeg 50w, https:\/\/anprotec.org.br\/conferencia2021\/wp-content\/uploads\/2021\/10\/Ana-Sabino-75x75.jpeg 75w, https:\/\/anprotec.org.br\/conferencia2021\/wp-content\/uploads\/2021\/10\/Ana-Sabino-85x85.jpeg 85w, https:\/\/anprotec.org.br\/conferencia2021\/wp-content\/uploads\/2021\/10\/Ana-Sabino-80x80.jpeg 80w, https:\/\/anprotec.org.br\/conferencia2021\/wp-content\/uploads\/2021\/10\/Ana-Sabino.jpeg 800w\" sizes=\"auto, (max-width: 150px) 100vw, 150px\" \/><\/figure><div class=\"elementor-image-box-content\"><h4 class=\"elementor-image-box-title\"><span class=\"ana-sabino\">Ana Sabino<\/span><\/h4><p class=\"elementor-image-box-description\">Cofundadora - Aor PET<\/p><\/div><\/div>\t\t<\/div>\n\t\t\t\t<\/div>\n\t\t\t\t\t<\/div>\n\t\t<\/div>\n\t\t\t\t<div class=\"elementor-column elementor-col-25 elementor-top-column elementor-element elementor-element-433a105\" data-id=\"433a105\" data-element_type=\"column\">\n\t\t\t<div class=\"elementor-widget-wrap elementor-element-populated\">\n\t\t\t\t\t\t\t\t<div class=\"elementor-element elementor-element-caef718 elementor-position-top elementor-vertical-align-top elementor-widget elementor-widget-image-box\" data-id=\"caef718\" data-element_type=\"widget\" data-widget_type=\"image-box.default\">\n\t\t\t\t<div class=\"elementor-widget-container\">\n\t\t\t<div class=\"elementor-image-box-wrapper\"><figure class=\"elementor-image-box-img\"><img loading=\"lazy\" decoding=\"async\" width=\"150\" height=\"150\" src=\"https:\/\/anprotec.org.br\/conferencia2021\/wp-content\/uploads\/2021\/10\/Andressa-Chiara-150x150.jpeg\" class=\"attachment-thumbnail size-thumbnail\" alt=\"\" srcset=\"https:\/\/anprotec.org.br\/conferencia2021\/wp-content\/uploads\/2021\/10\/Andressa-Chiara-150x150.jpeg 150w, https:\/\/anprotec.org.br\/conferencia2021\/wp-content\/uploads\/2021\/10\/Andressa-Chiara-300x300.jpeg 300w, https:\/\/anprotec.org.br\/conferencia2021\/wp-content\/uploads\/2021\/10\/Andressa-Chiara-146x146.jpeg 146w, https:\/\/anprotec.org.br\/conferencia2021\/wp-content\/uploads\/2021\/10\/Andressa-Chiara-50x50.jpeg 50w, https:\/\/anprotec.org.br\/conferencia2021\/wp-content\/uploads\/2021\/10\/Andressa-Chiara-75x75.jpeg 75w, https:\/\/anprotec.org.br\/conferencia2021\/wp-content\/uploads\/2021\/10\/Andressa-Chiara-85x85.jpeg 85w, https:\/\/anprotec.org.br\/conferencia2021\/wp-content\/uploads\/2021\/10\/Andressa-Chiara-80x80.jpeg 80w, https:\/\/anprotec.org.br\/conferencia2021\/wp-content\/uploads\/2021\/10\/Andressa-Chiara.jpeg 676w\" sizes=\"auto, (max-width: 150px) 100vw, 150px\" \/><\/figure><div class=\"elementor-image-box-content\"><h4 class=\"elementor-image-box-title\"><span class=\"andressa-chiara\">Andressa Chiara<\/span><\/h4><p class=\"elementor-image-box-description\">Especialista em estrat\u00e9gia de neg\u00f3cios e parcerias - Knowledge21<\/p><\/div><\/div>\t\t<\/div>\n\t\t\t\t<\/div>\n\t\t\t\t\t<\/div>\n\t\t<\/div>\n\t\t\t\t<div class=\"elementor-column elementor-col-25 elementor-top-column elementor-element elementor-element-2294e3d\" data-id=\"2294e3d\" data-element_type=\"column\">\n\t\t\t<div class=\"elementor-widget-wrap elementor-element-populated\">\n\t\t\t\t\t\t\t\t<div class=\"elementor-element elementor-element-138729d elementor-position-top elementor-vertical-align-top elementor-widget elementor-widget-image-box\" data-id=\"138729d\" data-element_type=\"widget\" data-widget_type=\"image-box.default\">\n\t\t\t\t<div class=\"elementor-widget-container\">\n\t\t\t<div class=\"elementor-image-box-wrapper\"><figure class=\"elementor-image-box-img\"><img loading=\"lazy\" decoding=\"async\" width=\"150\" height=\"150\" src=\"https:\/\/anprotec.org.br\/conferencia2021\/wp-content\/uploads\/2021\/10\/Carlos-Aranha-150x150.jpeg\" class=\"attachment-thumbnail size-thumbnail\" alt=\"\" srcset=\"https:\/\/anprotec.org.br\/conferencia2021\/wp-content\/uploads\/2021\/10\/Carlos-Aranha-150x150.jpeg 150w, https:\/\/anprotec.org.br\/conferencia2021\/wp-content\/uploads\/2021\/10\/Carlos-Aranha-146x146.jpeg 146w, https:\/\/anprotec.org.br\/conferencia2021\/wp-content\/uploads\/2021\/10\/Carlos-Aranha-50x50.jpeg 50w, https:\/\/anprotec.org.br\/conferencia2021\/wp-content\/uploads\/2021\/10\/Carlos-Aranha-75x75.jpeg 75w, https:\/\/anprotec.org.br\/conferencia2021\/wp-content\/uploads\/2021\/10\/Carlos-Aranha-85x85.jpeg 85w, https:\/\/anprotec.org.br\/conferencia2021\/wp-content\/uploads\/2021\/10\/Carlos-Aranha-80x80.jpeg 80w, https:\/\/anprotec.org.br\/conferencia2021\/wp-content\/uploads\/2021\/10\/Carlos-Aranha.jpeg 200w\" sizes=\"auto, (max-width: 150px) 100vw, 150px\" \/><\/figure><div class=\"elementor-image-box-content\"><h4 class=\"elementor-image-box-title\"><span class=\"carlos-eduardo-aranha\">Carlos Eduardo Aranha<\/span><\/h4><p class=\"elementor-image-box-description\">Diretor de Novos Ambientes de Inova\u00e7\u00e3o da Anprotec<\/p><\/div><\/div>\t\t<\/div>\n\t\t\t\t<\/div>\n\t\t\t\t\t<\/div>\n\t\t<\/div>\n\t\t\t\t\t\t\t<\/div>\n\t\t<\/section>\n\t\t\t\t<section class=\"elementor-section elementor-top-section elementor-element elementor-element-9a938d4 elementor-section-boxed elementor-section-height-default elementor-section-height-default\" data-id=\"9a938d4\" data-element_type=\"section\">\n\t\t\t\t\t\t<div class=\"elementor-container elementor-column-gap-default\">\n\t\t\t\t\t<div class=\"elementor-column elementor-col-25 elementor-top-column elementor-element elementor-element-3b3f808\" data-id=\"3b3f808\" data-element_type=\"column\">\n\t\t\t<div class=\"elementor-widget-wrap elementor-element-populated\">\n\t\t\t\t\t\t\t\t<div class=\"elementor-element elementor-element-46c6d5c elementor-position-top elementor-vertical-align-top elementor-widget elementor-widget-image-box\" data-id=\"46c6d5c\" data-element_type=\"widget\" data-widget_type=\"image-box.default\">\n\t\t\t\t<div class=\"elementor-widget-container\">\n\t\t\t<div class=\"elementor-image-box-wrapper\"><figure class=\"elementor-image-box-img\"><img loading=\"lazy\" decoding=\"async\" width=\"150\" height=\"150\" src=\"https:\/\/anprotec.org.br\/conferencia2021\/wp-content\/uploads\/2021\/10\/Christimara-Garcia-150x150.jpeg\" class=\"attachment-thumbnail size-thumbnail\" alt=\"\" srcset=\"https:\/\/anprotec.org.br\/conferencia2021\/wp-content\/uploads\/2021\/10\/Christimara-Garcia-150x150.jpeg 150w, https:\/\/anprotec.org.br\/conferencia2021\/wp-content\/uploads\/2021\/10\/Christimara-Garcia-300x300.jpeg 300w, https:\/\/anprotec.org.br\/conferencia2021\/wp-content\/uploads\/2021\/10\/Christimara-Garcia-768x768.jpeg 768w, https:\/\/anprotec.org.br\/conferencia2021\/wp-content\/uploads\/2021\/10\/Christimara-Garcia-146x146.jpeg 146w, https:\/\/anprotec.org.br\/conferencia2021\/wp-content\/uploads\/2021\/10\/Christimara-Garcia-50x50.jpeg 50w, https:\/\/anprotec.org.br\/conferencia2021\/wp-content\/uploads\/2021\/10\/Christimara-Garcia-75x75.jpeg 75w, https:\/\/anprotec.org.br\/conferencia2021\/wp-content\/uploads\/2021\/10\/Christimara-Garcia-85x85.jpeg 85w, https:\/\/anprotec.org.br\/conferencia2021\/wp-content\/uploads\/2021\/10\/Christimara-Garcia-80x80.jpeg 80w, https:\/\/anprotec.org.br\/conferencia2021\/wp-content\/uploads\/2021\/10\/Christimara-Garcia.jpeg 800w\" sizes=\"auto, (max-width: 150px) 100vw, 150px\" \/><\/figure><div class=\"elementor-image-box-content\"><h4 class=\"elementor-image-box-title\"><span class=\"christimara-garcia\">Christimara Garcia<\/span><\/h4><p class=\"elementor-image-box-description\">Founder - Catalyze Innovations Initiative<\/p><\/div><\/div>\t\t<\/div>\n\t\t\t\t<\/div>\n\t\t\t\t\t<\/div>\n\t\t<\/div>\n\t\t\t\t<div class=\"elementor-column elementor-col-25 elementor-top-column elementor-element elementor-element-f67d966\" data-id=\"f67d966\" data-element_type=\"column\">\n\t\t\t<div class=\"elementor-widget-wrap elementor-element-populated\">\n\t\t\t\t\t\t\t\t<div class=\"elementor-element elementor-element-978401b elementor-position-top elementor-vertical-align-top elementor-widget elementor-widget-image-box\" data-id=\"978401b\" data-element_type=\"widget\" data-widget_type=\"image-box.default\">\n\t\t\t\t<div class=\"elementor-widget-container\">\n\t\t\t<div class=\"elementor-image-box-wrapper\"><figure class=\"elementor-image-box-img\"><img loading=\"lazy\" decoding=\"async\" width=\"150\" height=\"150\" src=\"https:\/\/anprotec.org.br\/conferencia2021\/wp-content\/uploads\/2021\/11\/Card-Palestrante-Confirmado-Conf-150x150.png\" class=\"attachment-thumbnail size-thumbnail\" alt=\"\" srcset=\"https:\/\/anprotec.org.br\/conferencia2021\/wp-content\/uploads\/2021\/11\/Card-Palestrante-Confirmado-Conf-150x150.png 150w, https:\/\/anprotec.org.br\/conferencia2021\/wp-content\/uploads\/2021\/11\/Card-Palestrante-Confirmado-Conf-146x146.png 146w, https:\/\/anprotec.org.br\/conferencia2021\/wp-content\/uploads\/2021\/11\/Card-Palestrante-Confirmado-Conf-50x50.png 50w, https:\/\/anprotec.org.br\/conferencia2021\/wp-content\/uploads\/2021\/11\/Card-Palestrante-Confirmado-Conf-75x75.png 75w, https:\/\/anprotec.org.br\/conferencia2021\/wp-content\/uploads\/2021\/11\/Card-Palestrante-Confirmado-Conf-85x85.png 85w, https:\/\/anprotec.org.br\/conferencia2021\/wp-content\/uploads\/2021\/11\/Card-Palestrante-Confirmado-Conf-80x80.png 80w, https:\/\/anprotec.org.br\/conferencia2021\/wp-content\/uploads\/2021\/11\/Card-Palestrante-Confirmado-Conf.png 200w\" sizes=\"auto, (max-width: 150px) 100vw, 150px\" \/><\/figure><div class=\"elementor-image-box-content\"><h4 class=\"elementor-image-box-title\"><span class=\"cristiano-goncalves-pereira\">Cirstiano Gon\u00e7alves Pereira<\/span><\/h4><p class=\"elementor-image-box-description\">Gerente de Inova\u00e7\u00e3o do Escrit\u00f3rio de Inova\u00e7\u00e3o e Licenciamento de Tecnologia do Instituto Butantan \n<\/p><\/div><\/div>\t\t<\/div>\n\t\t\t\t<\/div>\n\t\t\t\t\t<\/div>\n\t\t<\/div>\n\t\t\t\t<div class=\"elementor-column elementor-col-25 elementor-top-column elementor-element elementor-element-3056661\" data-id=\"3056661\" data-element_type=\"column\">\n\t\t\t<div class=\"elementor-widget-wrap elementor-element-populated\">\n\t\t\t\t\t\t\t\t<div class=\"elementor-element elementor-element-2830976 elementor-position-top elementor-vertical-align-top elementor-widget elementor-widget-image-box\" data-id=\"2830976\" data-element_type=\"widget\" data-widget_type=\"image-box.default\">\n\t\t\t\t<div class=\"elementor-widget-container\">\n\t\t\t<div class=\"elementor-image-box-wrapper\"><figure class=\"elementor-image-box-img\"><img loading=\"lazy\" decoding=\"async\" width=\"150\" height=\"150\" src=\"https:\/\/anprotec.org.br\/conferencia2021\/wp-content\/uploads\/2021\/10\/Daniel-Leipnitz-150x150.jpeg\" class=\"attachment-thumbnail size-thumbnail\" alt=\"\" srcset=\"https:\/\/anprotec.org.br\/conferencia2021\/wp-content\/uploads\/2021\/10\/Daniel-Leipnitz-150x150.jpeg 150w, https:\/\/anprotec.org.br\/conferencia2021\/wp-content\/uploads\/2021\/10\/Daniel-Leipnitz-146x146.jpeg 146w, https:\/\/anprotec.org.br\/conferencia2021\/wp-content\/uploads\/2021\/10\/Daniel-Leipnitz-50x50.jpeg 50w, https:\/\/anprotec.org.br\/conferencia2021\/wp-content\/uploads\/2021\/10\/Daniel-Leipnitz-75x75.jpeg 75w, https:\/\/anprotec.org.br\/conferencia2021\/wp-content\/uploads\/2021\/10\/Daniel-Leipnitz-85x85.jpeg 85w, https:\/\/anprotec.org.br\/conferencia2021\/wp-content\/uploads\/2021\/10\/Daniel-Leipnitz-80x80.jpeg 80w, https:\/\/anprotec.org.br\/conferencia2021\/wp-content\/uploads\/2021\/10\/Daniel-Leipnitz.jpeg 200w\" sizes=\"auto, (max-width: 150px) 100vw, 150px\" \/><\/figure><div class=\"elementor-image-box-content\"><h4 class=\"elementor-image-box-title\"><span class=\"daniel-leipnitz\">Daniel dos Santos Leipnitz<\/span><\/h4><p class=\"elementor-image-box-description\">Vice-presidente da AnprotecDaniel dos Santos Leipnitz<\/p><\/div><\/div>\t\t<\/div>\n\t\t\t\t<\/div>\n\t\t\t\t\t<\/div>\n\t\t<\/div>\n\t\t\t\t<div class=\"elementor-column elementor-col-25 elementor-top-column elementor-element elementor-element-17fbae6\" data-id=\"17fbae6\" data-element_type=\"column\">\n\t\t\t<div class=\"elementor-widget-wrap elementor-element-populated\">\n\t\t\t\t\t\t\t\t<div class=\"elementor-element elementor-element-389a41b elementor-position-top elementor-vertical-align-top elementor-widget elementor-widget-image-box\" data-id=\"389a41b\" data-element_type=\"widget\" data-widget_type=\"image-box.default\">\n\t\t\t\t<div class=\"elementor-widget-container\">\n\t\t\t<div class=\"elementor-image-box-wrapper\"><figure class=\"elementor-image-box-img\"><img loading=\"lazy\" decoding=\"async\" width=\"150\" height=\"150\" src=\"https:\/\/anprotec.org.br\/conferencia2021\/wp-content\/uploads\/2021\/10\/Emilia-Rosangela-Pires-150x150.jpg\" class=\"attachment-thumbnail size-thumbnail\" alt=\"\" srcset=\"https:\/\/anprotec.org.br\/conferencia2021\/wp-content\/uploads\/2021\/10\/Emilia-Rosangela-Pires-150x150.jpg 150w, https:\/\/anprotec.org.br\/conferencia2021\/wp-content\/uploads\/2021\/10\/Emilia-Rosangela-Pires-146x146.jpg 146w, https:\/\/anprotec.org.br\/conferencia2021\/wp-content\/uploads\/2021\/10\/Emilia-Rosangela-Pires-50x50.jpg 50w, https:\/\/anprotec.org.br\/conferencia2021\/wp-content\/uploads\/2021\/10\/Emilia-Rosangela-Pires-75x75.jpg 75w, https:\/\/anprotec.org.br\/conferencia2021\/wp-content\/uploads\/2021\/10\/Emilia-Rosangela-Pires-85x85.jpg 85w, https:\/\/anprotec.org.br\/conferencia2021\/wp-content\/uploads\/2021\/10\/Emilia-Rosangela-Pires-80x80.jpg 80w, https:\/\/anprotec.org.br\/conferencia2021\/wp-content\/uploads\/2021\/10\/Emilia-Rosangela-Pires.jpg 200w\" sizes=\"auto, (max-width: 150px) 100vw, 150px\" \/><\/figure><div class=\"elementor-image-box-content\"><h4 class=\"elementor-image-box-title\"><span class=\"em\u00edlia-rosangela-pires-da-silva-franco\">Emilia Ros\u00e2ngela Pires<\/span><\/h4><p class=\"elementor-image-box-description\">Gerente do Centro de Empreendedorismo e Incuba\u00e7\u00e3o da UFG (CEI)<\/p><\/div><\/div>\t\t<\/div>\n\t\t\t\t<\/div>\n\t\t\t\t\t<\/div>\n\t\t<\/div>\n\t\t\t\t\t\t\t<\/div>\n\t\t<\/section>\n\t\t\t\t<section class=\"elementor-section elementor-top-section elementor-element elementor-element-8009d28 elementor-section-boxed elementor-section-height-default elementor-section-height-default\" data-id=\"8009d28\" data-element_type=\"section\">\n\t\t\t\t\t\t<div class=\"elementor-container elementor-column-gap-default\">\n\t\t\t\t\t<div class=\"elementor-column elementor-col-25 elementor-top-column elementor-element elementor-element-2525d34\" data-id=\"2525d34\" data-element_type=\"column\">\n\t\t\t<div class=\"elementor-widget-wrap elementor-element-populated\">\n\t\t\t\t\t\t\t\t<div class=\"elementor-element elementor-element-2463656 elementor-position-top elementor-vertical-align-top elementor-widget elementor-widget-image-box\" data-id=\"2463656\" data-element_type=\"widget\" data-widget_type=\"image-box.default\">\n\t\t\t\t<div class=\"elementor-widget-container\">\n\t\t\t<div class=\"elementor-image-box-wrapper\"><figure class=\"elementor-image-box-img\"><img loading=\"lazy\" decoding=\"async\" width=\"150\" height=\"150\" src=\"https:\/\/anprotec.org.br\/conferencia2021\/wp-content\/uploads\/2021\/10\/Fla\u0301vio-de-Souza-Marinho-150x150.jpeg\" class=\"attachment-thumbnail size-thumbnail\" alt=\"\" srcset=\"https:\/\/anprotec.org.br\/conferencia2021\/wp-content\/uploads\/2021\/10\/Fla\u0301vio-de-Souza-Marinho-150x150.jpeg 150w, https:\/\/anprotec.org.br\/conferencia2021\/wp-content\/uploads\/2021\/10\/Fla\u0301vio-de-Souza-Marinho-300x300.jpeg 300w, https:\/\/anprotec.org.br\/conferencia2021\/wp-content\/uploads\/2021\/10\/Fla\u0301vio-de-Souza-Marinho-146x146.jpeg 146w, https:\/\/anprotec.org.br\/conferencia2021\/wp-content\/uploads\/2021\/10\/Fla\u0301vio-de-Souza-Marinho-50x50.jpeg 50w, https:\/\/anprotec.org.br\/conferencia2021\/wp-content\/uploads\/2021\/10\/Fla\u0301vio-de-Souza-Marinho-75x75.jpeg 75w, https:\/\/anprotec.org.br\/conferencia2021\/wp-content\/uploads\/2021\/10\/Fla\u0301vio-de-Souza-Marinho-85x85.jpeg 85w, https:\/\/anprotec.org.br\/conferencia2021\/wp-content\/uploads\/2021\/10\/Fla\u0301vio-de-Souza-Marinho-80x80.jpeg 80w, https:\/\/anprotec.org.br\/conferencia2021\/wp-content\/uploads\/2021\/10\/Fla\u0301vio-de-Souza-Marinho.jpeg 350w\" sizes=\"auto, (max-width: 150px) 100vw, 150px\" \/><\/figure><div class=\"elementor-image-box-content\"><h4 class=\"elementor-image-box-title\"><span class=\"flavio-de-souza-marinho\">Fl\u00e1vio de Souza Marinho<\/span><\/h4><p class=\"elementor-image-box-description\">Gerente de Tecnologia e Inova\u00e7\u00e3o - SENAI CIMATEC<\/p><\/div><\/div>\t\t<\/div>\n\t\t\t\t<\/div>\n\t\t\t\t\t<\/div>\n\t\t<\/div>\n\t\t\t\t<div class=\"elementor-column elementor-col-25 elementor-top-column elementor-element elementor-element-dac0eb7\" data-id=\"dac0eb7\" data-element_type=\"column\">\n\t\t\t<div class=\"elementor-widget-wrap elementor-element-populated\">\n\t\t\t\t\t\t\t\t<div class=\"elementor-element elementor-element-7c62517 elementor-position-top elementor-vertical-align-top elementor-widget elementor-widget-image-box\" data-id=\"7c62517\" data-element_type=\"widget\" data-widget_type=\"image-box.default\">\n\t\t\t\t<div class=\"elementor-widget-container\">\n\t\t\t<div class=\"elementor-image-box-wrapper\"><figure class=\"elementor-image-box-img\"><img loading=\"lazy\" decoding=\"async\" width=\"150\" height=\"150\" src=\"https:\/\/anprotec.org.br\/conferencia2021\/wp-content\/uploads\/2021\/10\/Francisco-Saboya-150x150.jpeg\" class=\"attachment-thumbnail size-thumbnail\" alt=\"\" srcset=\"https:\/\/anprotec.org.br\/conferencia2021\/wp-content\/uploads\/2021\/10\/Francisco-Saboya-150x150.jpeg 150w, https:\/\/anprotec.org.br\/conferencia2021\/wp-content\/uploads\/2021\/10\/Francisco-Saboya-146x146.jpeg 146w, https:\/\/anprotec.org.br\/conferencia2021\/wp-content\/uploads\/2021\/10\/Francisco-Saboya-50x50.jpeg 50w, https:\/\/anprotec.org.br\/conferencia2021\/wp-content\/uploads\/2021\/10\/Francisco-Saboya-75x75.jpeg 75w, https:\/\/anprotec.org.br\/conferencia2021\/wp-content\/uploads\/2021\/10\/Francisco-Saboya-85x85.jpeg 85w, https:\/\/anprotec.org.br\/conferencia2021\/wp-content\/uploads\/2021\/10\/Francisco-Saboya-80x80.jpeg 80w, https:\/\/anprotec.org.br\/conferencia2021\/wp-content\/uploads\/2021\/10\/Francisco-Saboya.jpeg 200w\" sizes=\"auto, (max-width: 150px) 100vw, 150px\" \/><\/figure><div class=\"elementor-image-box-content\"><h4 class=\"elementor-image-box-title\"><span class=\"francisco-saboya\">Francisco Saboya<\/span><\/h4><p class=\"elementor-image-box-description\">Presidente da Anprotec<\/p><\/div><\/div>\t\t<\/div>\n\t\t\t\t<\/div>\n\t\t\t\t\t<\/div>\n\t\t<\/div>\n\t\t\t\t<div class=\"elementor-column elementor-col-25 elementor-top-column elementor-element elementor-element-cbbbf67\" data-id=\"cbbbf67\" data-element_type=\"column\">\n\t\t\t<div class=\"elementor-widget-wrap elementor-element-populated\">\n\t\t\t\t\t\t\t\t<div class=\"elementor-element elementor-element-6e4f351 elementor-position-top elementor-vertical-align-top elementor-widget elementor-widget-image-box\" data-id=\"6e4f351\" data-element_type=\"widget\" data-widget_type=\"image-box.default\">\n\t\t\t\t<div class=\"elementor-widget-container\">\n\t\t\t<div class=\"elementor-image-box-wrapper\"><figure class=\"elementor-image-box-img\"><img loading=\"lazy\" decoding=\"async\" width=\"150\" height=\"150\" src=\"https:\/\/anprotec.org.br\/conferencia2021\/wp-content\/uploads\/2021\/10\/Gabriela-Werner-150x150.jpeg\" class=\"attachment-thumbnail size-thumbnail\" alt=\"\" srcset=\"https:\/\/anprotec.org.br\/conferencia2021\/wp-content\/uploads\/2021\/10\/Gabriela-Werner-150x150.jpeg 150w, https:\/\/anprotec.org.br\/conferencia2021\/wp-content\/uploads\/2021\/10\/Gabriela-Werner-300x300.jpeg 300w, https:\/\/anprotec.org.br\/conferencia2021\/wp-content\/uploads\/2021\/10\/Gabriela-Werner-146x146.jpeg 146w, https:\/\/anprotec.org.br\/conferencia2021\/wp-content\/uploads\/2021\/10\/Gabriela-Werner-50x50.jpeg 50w, https:\/\/anprotec.org.br\/conferencia2021\/wp-content\/uploads\/2021\/10\/Gabriela-Werner-75x75.jpeg 75w, https:\/\/anprotec.org.br\/conferencia2021\/wp-content\/uploads\/2021\/10\/Gabriela-Werner-85x85.jpeg 85w, https:\/\/anprotec.org.br\/conferencia2021\/wp-content\/uploads\/2021\/10\/Gabriela-Werner-80x80.jpeg 80w, https:\/\/anprotec.org.br\/conferencia2021\/wp-content\/uploads\/2021\/10\/Gabriela-Werner.jpeg 500w\" sizes=\"auto, (max-width: 150px) 100vw, 150px\" \/><\/figure><div class=\"elementor-image-box-content\"><h4 class=\"elementor-image-box-title\"><span class=\"gabriela-werner\">Gabriela Werner<\/span><\/h4><p class=\"elementor-image-box-description\">Cofundadora e CEO \u2013 Impact Hub Floripa<\/p><\/div><\/div>\t\t<\/div>\n\t\t\t\t<\/div>\n\t\t\t\t\t<\/div>\n\t\t<\/div>\n\t\t\t\t<div class=\"elementor-column elementor-col-25 elementor-top-column elementor-element elementor-element-ab6032b\" data-id=\"ab6032b\" data-element_type=\"column\">\n\t\t\t<div class=\"elementor-widget-wrap elementor-element-populated\">\n\t\t\t\t\t\t\t\t<div class=\"elementor-element elementor-element-355d297 elementor-position-top elementor-vertical-align-top elementor-widget elementor-widget-image-box\" data-id=\"355d297\" data-element_type=\"widget\" data-widget_type=\"image-box.default\">\n\t\t\t\t<div class=\"elementor-widget-container\">\n\t\t\t<div class=\"elementor-image-box-wrapper\"><figure class=\"elementor-image-box-img\"><img loading=\"lazy\" decoding=\"async\" width=\"150\" height=\"150\" src=\"https:\/\/anprotec.org.br\/conferencia2021\/wp-content\/uploads\/2021\/10\/Gianna-Sagazio-150x150.jpeg\" class=\"attachment-thumbnail size-thumbnail\" alt=\"\" srcset=\"https:\/\/anprotec.org.br\/conferencia2021\/wp-content\/uploads\/2021\/10\/Gianna-Sagazio-150x150.jpeg 150w, https:\/\/anprotec.org.br\/conferencia2021\/wp-content\/uploads\/2021\/10\/Gianna-Sagazio-146x146.jpeg 146w, https:\/\/anprotec.org.br\/conferencia2021\/wp-content\/uploads\/2021\/10\/Gianna-Sagazio-50x50.jpeg 50w, https:\/\/anprotec.org.br\/conferencia2021\/wp-content\/uploads\/2021\/10\/Gianna-Sagazio-75x75.jpeg 75w, https:\/\/anprotec.org.br\/conferencia2021\/wp-content\/uploads\/2021\/10\/Gianna-Sagazio-85x85.jpeg 85w, https:\/\/anprotec.org.br\/conferencia2021\/wp-content\/uploads\/2021\/10\/Gianna-Sagazio-80x80.jpeg 80w, https:\/\/anprotec.org.br\/conferencia2021\/wp-content\/uploads\/2021\/10\/Gianna-Sagazio.jpeg 200w\" sizes=\"auto, (max-width: 150px) 100vw, 150px\" \/><\/figure><div class=\"elementor-image-box-content\"><h4 class=\"elementor-image-box-title\"><span class=\"gianna-sagazio\">Gianna Sagazio<\/span><\/h4><p class=\"elementor-image-box-description\">Diretora de Inova\u00e7\u00e3o da Confedera\u00e7\u00e3o Nacional da Ind\u00fastria (CNI)<\/p><\/div><\/div>\t\t<\/div>\n\t\t\t\t<\/div>\n\t\t\t\t\t<\/div>\n\t\t<\/div>\n\t\t\t\t\t\t\t<\/div>\n\t\t<\/section>\n\t\t\t\t<section class=\"elementor-section elementor-top-section elementor-element elementor-element-e129db9 elementor-section-boxed elementor-section-height-default elementor-section-height-default\" data-id=\"e129db9\" data-element_type=\"section\">\n\t\t\t\t\t\t<div class=\"elementor-container elementor-column-gap-default\">\n\t\t\t\t\t<div class=\"elementor-column elementor-col-25 elementor-top-column elementor-element elementor-element-20e188a\" data-id=\"20e188a\" data-element_type=\"column\">\n\t\t\t<div class=\"elementor-widget-wrap elementor-element-populated\">\n\t\t\t\t\t\t\t\t<div class=\"elementor-element elementor-element-0c7b973 elementor-position-top elementor-vertical-align-top elementor-widget elementor-widget-image-box\" data-id=\"0c7b973\" data-element_type=\"widget\" data-widget_type=\"image-box.default\">\n\t\t\t\t<div class=\"elementor-widget-container\">\n\t\t\t<div class=\"elementor-image-box-wrapper\"><figure class=\"elementor-image-box-img\"><img loading=\"lazy\" decoding=\"async\" width=\"150\" height=\"150\" src=\"https:\/\/anprotec.org.br\/conferencia2021\/wp-content\/uploads\/2021\/10\/Guila-Calheiros-150x150.jpeg\" class=\"attachment-thumbnail size-thumbnail\" alt=\"\" srcset=\"https:\/\/anprotec.org.br\/conferencia2021\/wp-content\/uploads\/2021\/10\/Guila-Calheiros-150x150.jpeg 150w, https:\/\/anprotec.org.br\/conferencia2021\/wp-content\/uploads\/2021\/10\/Guila-Calheiros-146x146.jpeg 146w, https:\/\/anprotec.org.br\/conferencia2021\/wp-content\/uploads\/2021\/10\/Guila-Calheiros-50x50.jpeg 50w, https:\/\/anprotec.org.br\/conferencia2021\/wp-content\/uploads\/2021\/10\/Guila-Calheiros-75x75.jpeg 75w, https:\/\/anprotec.org.br\/conferencia2021\/wp-content\/uploads\/2021\/10\/Guila-Calheiros-85x85.jpeg 85w, https:\/\/anprotec.org.br\/conferencia2021\/wp-content\/uploads\/2021\/10\/Guila-Calheiros-80x80.jpeg 80w, https:\/\/anprotec.org.br\/conferencia2021\/wp-content\/uploads\/2021\/10\/Guila-Calheiros.jpeg 200w\" sizes=\"auto, (max-width: 150px) 100vw, 150px\" \/><\/figure><div class=\"elementor-image-box-content\"><h4 class=\"elementor-image-box-title\"><span class=\"guila-calheiros\">Guila Calheiros<\/span><\/h4><p class=\"elementor-image-box-description\">Superintendente Executivo da Anprotec<\/p><\/div><\/div>\t\t<\/div>\n\t\t\t\t<\/div>\n\t\t\t\t\t<\/div>\n\t\t<\/div>\n\t\t\t\t<div class=\"elementor-column elementor-col-25 elementor-top-column elementor-element elementor-element-f526235\" data-id=\"f526235\" data-element_type=\"column\">\n\t\t\t<div class=\"elementor-widget-wrap elementor-element-populated\">\n\t\t\t\t\t\t\t\t<div class=\"elementor-element elementor-element-a4a3cd0 elementor-position-top elementor-vertical-align-top elementor-widget elementor-widget-image-box\" data-id=\"a4a3cd0\" data-element_type=\"widget\" data-widget_type=\"image-box.default\">\n\t\t\t\t<div class=\"elementor-widget-container\">\n\t\t\t<div class=\"elementor-image-box-wrapper\"><figure class=\"elementor-image-box-img\"><img loading=\"lazy\" decoding=\"async\" width=\"150\" height=\"150\" src=\"https:\/\/anprotec.org.br\/conferencia2021\/wp-content\/uploads\/2021\/10\/Gustavo-Araujo-150x150.jpeg\" class=\"attachment-thumbnail size-thumbnail\" alt=\"\" srcset=\"https:\/\/anprotec.org.br\/conferencia2021\/wp-content\/uploads\/2021\/10\/Gustavo-Araujo-150x150.jpeg 150w, https:\/\/anprotec.org.br\/conferencia2021\/wp-content\/uploads\/2021\/10\/Gustavo-Araujo-300x300.jpeg 300w, https:\/\/anprotec.org.br\/conferencia2021\/wp-content\/uploads\/2021\/10\/Gustavo-Araujo-146x146.jpeg 146w, https:\/\/anprotec.org.br\/conferencia2021\/wp-content\/uploads\/2021\/10\/Gustavo-Araujo-50x50.jpeg 50w, https:\/\/anprotec.org.br\/conferencia2021\/wp-content\/uploads\/2021\/10\/Gustavo-Araujo-75x75.jpeg 75w, https:\/\/anprotec.org.br\/conferencia2021\/wp-content\/uploads\/2021\/10\/Gustavo-Araujo-85x85.jpeg 85w, https:\/\/anprotec.org.br\/conferencia2021\/wp-content\/uploads\/2021\/10\/Gustavo-Araujo-80x80.jpeg 80w, https:\/\/anprotec.org.br\/conferencia2021\/wp-content\/uploads\/2021\/10\/Gustavo-Araujo.jpeg 582w\" sizes=\"auto, (max-width: 150px) 100vw, 150px\" \/><\/figure><div class=\"elementor-image-box-content\"><h4 class=\"elementor-image-box-title\"><span class=\"gustavo-araujo\">Gustavo Araujo<\/span><\/h4><p class=\"elementor-image-box-description\">Cofundador e CEO - Distrito<\/p><\/div><\/div>\t\t<\/div>\n\t\t\t\t<\/div>\n\t\t\t\t\t<\/div>\n\t\t<\/div>\n\t\t\t\t<div class=\"elementor-column elementor-col-25 elementor-top-column elementor-element elementor-element-a33742c\" data-id=\"a33742c\" data-element_type=\"column\">\n\t\t\t<div class=\"elementor-widget-wrap elementor-element-populated\">\n\t\t\t\t\t\t\t\t<div class=\"elementor-element elementor-element-7da5ddb elementor-position-top elementor-vertical-align-top elementor-widget elementor-widget-image-box\" data-id=\"7da5ddb\" data-element_type=\"widget\" data-widget_type=\"image-box.default\">\n\t\t\t\t<div class=\"elementor-widget-container\">\n\t\t\t<div class=\"elementor-image-box-wrapper\"><figure class=\"elementor-image-box-img\"><img loading=\"lazy\" decoding=\"async\" width=\"150\" height=\"150\" src=\"https:\/\/anprotec.org.br\/conferencia2021\/wp-content\/uploads\/2021\/10\/Jardel-Mattos-150x150.jpeg\" class=\"attachment-thumbnail size-thumbnail\" alt=\"\" srcset=\"https:\/\/anprotec.org.br\/conferencia2021\/wp-content\/uploads\/2021\/10\/Jardel-Mattos-150x150.jpeg 150w, https:\/\/anprotec.org.br\/conferencia2021\/wp-content\/uploads\/2021\/10\/Jardel-Mattos-146x146.jpeg 146w, https:\/\/anprotec.org.br\/conferencia2021\/wp-content\/uploads\/2021\/10\/Jardel-Mattos-50x50.jpeg 50w, https:\/\/anprotec.org.br\/conferencia2021\/wp-content\/uploads\/2021\/10\/Jardel-Mattos-75x75.jpeg 75w, https:\/\/anprotec.org.br\/conferencia2021\/wp-content\/uploads\/2021\/10\/Jardel-Mattos-85x85.jpeg 85w, https:\/\/anprotec.org.br\/conferencia2021\/wp-content\/uploads\/2021\/10\/Jardel-Mattos-80x80.jpeg 80w, https:\/\/anprotec.org.br\/conferencia2021\/wp-content\/uploads\/2021\/10\/Jardel-Mattos.jpeg 200w\" sizes=\"auto, (max-width: 150px) 100vw, 150px\" \/><\/figure><div class=\"elementor-image-box-content\"><h4 class=\"elementor-image-box-title\"><span class=\"jardel-mattos\">Jardel Mattos<\/span><\/h4><p class=\"elementor-image-box-description\">Diretor de Redes e Associados - Anprotec<\/p><\/div><\/div>\t\t<\/div>\n\t\t\t\t<\/div>\n\t\t\t\t\t<\/div>\n\t\t<\/div>\n\t\t\t\t<div class=\"elementor-column elementor-col-25 elementor-top-column elementor-element elementor-element-ae497a0\" data-id=\"ae497a0\" data-element_type=\"column\">\n\t\t\t<div class=\"elementor-widget-wrap elementor-element-populated\">\n\t\t\t\t\t\t\t\t<div class=\"elementor-element elementor-element-d789ffc elementor-position-top elementor-vertical-align-top elementor-widget elementor-widget-image-box\" data-id=\"d789ffc\" data-element_type=\"widget\" data-widget_type=\"image-box.default\">\n\t\t\t\t<div class=\"elementor-widget-container\">\n\t\t\t<div class=\"elementor-image-box-wrapper\"><figure class=\"elementor-image-box-img\"><img loading=\"lazy\" decoding=\"async\" width=\"150\" height=\"150\" src=\"https:\/\/anprotec.org.br\/conferencia2021\/wp-content\/uploads\/2021\/10\/John-Rennie-Short-150x150.jpeg\" class=\"attachment-thumbnail size-thumbnail\" alt=\"\" srcset=\"https:\/\/anprotec.org.br\/conferencia2021\/wp-content\/uploads\/2021\/10\/John-Rennie-Short-150x150.jpeg 150w, https:\/\/anprotec.org.br\/conferencia2021\/wp-content\/uploads\/2021\/10\/John-Rennie-Short-146x146.jpeg 146w, https:\/\/anprotec.org.br\/conferencia2021\/wp-content\/uploads\/2021\/10\/John-Rennie-Short-50x50.jpeg 50w, https:\/\/anprotec.org.br\/conferencia2021\/wp-content\/uploads\/2021\/10\/John-Rennie-Short-75x75.jpeg 75w, https:\/\/anprotec.org.br\/conferencia2021\/wp-content\/uploads\/2021\/10\/John-Rennie-Short-85x85.jpeg 85w, https:\/\/anprotec.org.br\/conferencia2021\/wp-content\/uploads\/2021\/10\/John-Rennie-Short-80x80.jpeg 80w, https:\/\/anprotec.org.br\/conferencia2021\/wp-content\/uploads\/2021\/10\/John-Rennie-Short.jpeg 238w\" sizes=\"auto, (max-width: 150px) 100vw, 150px\" \/><\/figure><div class=\"elementor-image-box-content\"><h4 class=\"elementor-image-box-title\"><span class=\"john-rennie-short\">John Rennie Short<\/span><\/h4><p class=\"elementor-image-box-description\">Professor - University of Maryland<\/p><\/div><\/div>\t\t<\/div>\n\t\t\t\t<\/div>\n\t\t\t\t\t<\/div>\n\t\t<\/div>\n\t\t\t\t\t\t\t<\/div>\n\t\t<\/section>\n\t\t\t\t<section class=\"elementor-section elementor-top-section elementor-element elementor-element-f3d76da elementor-section-boxed elementor-section-height-default elementor-section-height-default\" data-id=\"f3d76da\" data-element_type=\"section\">\n\t\t\t\t\t\t<div class=\"elementor-container elementor-column-gap-default\">\n\t\t\t\t\t<div class=\"elementor-column elementor-col-25 elementor-top-column elementor-element elementor-element-c067d89\" data-id=\"c067d89\" data-element_type=\"column\">\n\t\t\t<div class=\"elementor-widget-wrap elementor-element-populated\">\n\t\t\t\t\t\t\t\t<div class=\"elementor-element elementor-element-487f822 elementor-position-top elementor-vertical-align-top elementor-widget elementor-widget-image-box\" data-id=\"487f822\" data-element_type=\"widget\" data-widget_type=\"image-box.default\">\n\t\t\t\t<div class=\"elementor-widget-container\">\n\t\t\t<div class=\"elementor-image-box-wrapper\"><figure class=\"elementor-image-box-img\"><img loading=\"lazy\" decoding=\"async\" width=\"150\" height=\"150\" src=\"https:\/\/anprotec.org.br\/conferencia2021\/wp-content\/uploads\/2021\/10\/Jorge-Audy-150x150.jpeg\" class=\"attachment-thumbnail size-thumbnail\" alt=\"\" srcset=\"https:\/\/anprotec.org.br\/conferencia2021\/wp-content\/uploads\/2021\/10\/Jorge-Audy-150x150.jpeg 150w, https:\/\/anprotec.org.br\/conferencia2021\/wp-content\/uploads\/2021\/10\/Jorge-Audy-146x146.jpeg 146w, https:\/\/anprotec.org.br\/conferencia2021\/wp-content\/uploads\/2021\/10\/Jorge-Audy-50x50.jpeg 50w, https:\/\/anprotec.org.br\/conferencia2021\/wp-content\/uploads\/2021\/10\/Jorge-Audy-75x75.jpeg 75w, https:\/\/anprotec.org.br\/conferencia2021\/wp-content\/uploads\/2021\/10\/Jorge-Audy-85x85.jpeg 85w, https:\/\/anprotec.org.br\/conferencia2021\/wp-content\/uploads\/2021\/10\/Jorge-Audy-80x80.jpeg 80w, https:\/\/anprotec.org.br\/conferencia2021\/wp-content\/uploads\/2021\/10\/Jorge-Audy.jpeg 200w\" sizes=\"auto, (max-width: 150px) 100vw, 150px\" \/><\/figure><div class=\"elementor-image-box-content\"><h4 class=\"elementor-image-box-title\"><span class=\"jorge-audy\">Jorge Audy<\/span><\/h4><p class=\"elementor-image-box-description\">Superintendente de Inova\u00e7\u00e3o e Desenvolvimento da PUC-RS. Ex-Presidente e Conselheiro da Anprotec<\/p><\/div><\/div>\t\t<\/div>\n\t\t\t\t<\/div>\n\t\t\t\t\t<\/div>\n\t\t<\/div>\n\t\t\t\t<div class=\"elementor-column elementor-col-25 elementor-top-column elementor-element elementor-element-8c9bd73\" data-id=\"8c9bd73\" data-element_type=\"column\">\n\t\t\t<div class=\"elementor-widget-wrap elementor-element-populated\">\n\t\t\t\t\t\t\t\t<div class=\"elementor-element elementor-element-92e3d5d elementor-position-top elementor-vertical-align-top elementor-widget elementor-widget-image-box\" data-id=\"92e3d5d\" data-element_type=\"widget\" data-widget_type=\"image-box.default\">\n\t\t\t\t<div class=\"elementor-widget-container\">\n\t\t\t<div class=\"elementor-image-box-wrapper\"><figure class=\"elementor-image-box-img\"><img loading=\"lazy\" decoding=\"async\" width=\"150\" height=\"150\" src=\"https:\/\/anprotec.org.br\/conferencia2021\/wp-content\/uploads\/2021\/10\/Krishna-Aum-Faria-150x150.png\" class=\"attachment-thumbnail size-thumbnail\" alt=\"\" srcset=\"https:\/\/anprotec.org.br\/conferencia2021\/wp-content\/uploads\/2021\/10\/Krishna-Aum-Faria-150x150.png 150w, https:\/\/anprotec.org.br\/conferencia2021\/wp-content\/uploads\/2021\/10\/Krishna-Aum-Faria-146x146.png 146w, https:\/\/anprotec.org.br\/conferencia2021\/wp-content\/uploads\/2021\/10\/Krishna-Aum-Faria-50x50.png 50w, https:\/\/anprotec.org.br\/conferencia2021\/wp-content\/uploads\/2021\/10\/Krishna-Aum-Faria-75x75.png 75w, https:\/\/anprotec.org.br\/conferencia2021\/wp-content\/uploads\/2021\/10\/Krishna-Aum-Faria-85x85.png 85w, https:\/\/anprotec.org.br\/conferencia2021\/wp-content\/uploads\/2021\/10\/Krishna-Aum-Faria-80x80.png 80w, https:\/\/anprotec.org.br\/conferencia2021\/wp-content\/uploads\/2021\/10\/Krishna-Aum-Faria.png 200w\" sizes=\"auto, (max-width: 150px) 100vw, 150px\" \/><\/figure><div class=\"elementor-image-box-content\"><h4 class=\"elementor-image-box-title\"><span class=\"krishna-aum\">Krishna Aum de Faria<\/span><\/h4><p class=\"elementor-image-box-description\">Coordenador de projetos de inova\u00e7\u00e3o do Sebrae Nacional<\/p><\/div><\/div>\t\t<\/div>\n\t\t\t\t<\/div>\n\t\t\t\t\t<\/div>\n\t\t<\/div>\n\t\t\t\t<div class=\"elementor-column elementor-col-25 elementor-top-column elementor-element elementor-element-324167e\" data-id=\"324167e\" data-element_type=\"column\">\n\t\t\t<div class=\"elementor-widget-wrap elementor-element-populated\">\n\t\t\t\t\t\t\t\t<div class=\"elementor-element elementor-element-62e3898 elementor-position-top elementor-vertical-align-top elementor-widget elementor-widget-image-box\" data-id=\"62e3898\" data-element_type=\"widget\" data-widget_type=\"image-box.default\">\n\t\t\t\t<div class=\"elementor-widget-container\">\n\t\t\t<div class=\"elementor-image-box-wrapper\"><figure class=\"elementor-image-box-img\"><img loading=\"lazy\" decoding=\"async\" width=\"150\" height=\"150\" src=\"https:\/\/anprotec.org.br\/conferencia2021\/wp-content\/uploads\/2021\/10\/Leandra-Costa-150x150.jpeg\" class=\"attachment-thumbnail size-thumbnail\" alt=\"\" srcset=\"https:\/\/anprotec.org.br\/conferencia2021\/wp-content\/uploads\/2021\/10\/Leandra-Costa-150x150.jpeg 150w, https:\/\/anprotec.org.br\/conferencia2021\/wp-content\/uploads\/2021\/10\/Leandra-Costa-146x146.jpeg 146w, https:\/\/anprotec.org.br\/conferencia2021\/wp-content\/uploads\/2021\/10\/Leandra-Costa-50x50.jpeg 50w, https:\/\/anprotec.org.br\/conferencia2021\/wp-content\/uploads\/2021\/10\/Leandra-Costa-75x75.jpeg 75w, https:\/\/anprotec.org.br\/conferencia2021\/wp-content\/uploads\/2021\/10\/Leandra-Costa-85x85.jpeg 85w, https:\/\/anprotec.org.br\/conferencia2021\/wp-content\/uploads\/2021\/10\/Leandra-Costa-80x80.jpeg 80w, https:\/\/anprotec.org.br\/conferencia2021\/wp-content\/uploads\/2021\/10\/Leandra-Costa.jpeg 264w\" sizes=\"auto, (max-width: 150px) 100vw, 150px\" \/><\/figure><div class=\"elementor-image-box-content\"><h4 class=\"elementor-image-box-title\"><span class=\"leandra-costa\">Leandra Costa<\/span><\/h4><p class=\"elementor-image-box-description\">Gerente - Sebrae Mato Grosso do Sul<\/p><\/div><\/div>\t\t<\/div>\n\t\t\t\t<\/div>\n\t\t\t\t\t<\/div>\n\t\t<\/div>\n\t\t\t\t<div class=\"elementor-column elementor-col-25 elementor-top-column elementor-element elementor-element-345c572\" data-id=\"345c572\" data-element_type=\"column\">\n\t\t\t<div class=\"elementor-widget-wrap elementor-element-populated\">\n\t\t\t\t\t\t\t\t<div class=\"elementor-element elementor-element-84da09f elementor-position-top elementor-vertical-align-top elementor-widget elementor-widget-image-box\" data-id=\"84da09f\" data-element_type=\"widget\" data-widget_type=\"image-box.default\">\n\t\t\t\t<div class=\"elementor-widget-container\">\n\t\t\t<div class=\"elementor-image-box-wrapper\"><figure class=\"elementor-image-box-img\"><img loading=\"lazy\" decoding=\"async\" width=\"150\" height=\"150\" src=\"https:\/\/anprotec.org.br\/conferencia2021\/wp-content\/uploads\/2021\/10\/Luca-Maini-150x150.jpeg\" class=\"attachment-thumbnail size-thumbnail\" alt=\"\" srcset=\"https:\/\/anprotec.org.br\/conferencia2021\/wp-content\/uploads\/2021\/10\/Luca-Maini-150x150.jpeg 150w, https:\/\/anprotec.org.br\/conferencia2021\/wp-content\/uploads\/2021\/10\/Luca-Maini-300x300.jpeg 300w, https:\/\/anprotec.org.br\/conferencia2021\/wp-content\/uploads\/2021\/10\/Luca-Maini-146x146.jpeg 146w, https:\/\/anprotec.org.br\/conferencia2021\/wp-content\/uploads\/2021\/10\/Luca-Maini-50x50.jpeg 50w, https:\/\/anprotec.org.br\/conferencia2021\/wp-content\/uploads\/2021\/10\/Luca-Maini-75x75.jpeg 75w, https:\/\/anprotec.org.br\/conferencia2021\/wp-content\/uploads\/2021\/10\/Luca-Maini-85x85.jpeg 85w, https:\/\/anprotec.org.br\/conferencia2021\/wp-content\/uploads\/2021\/10\/Luca-Maini-80x80.jpeg 80w, https:\/\/anprotec.org.br\/conferencia2021\/wp-content\/uploads\/2021\/10\/Luca-Maini.jpeg 450w\" sizes=\"auto, (max-width: 150px) 100vw, 150px\" \/><\/figure><div class=\"elementor-image-box-content\"><h4 class=\"elementor-image-box-title\"><span class=\"luca-maini\">Luca Maini<\/span><\/h4><p class=\"elementor-image-box-description\">Consultor de Inova\u00e7\u00e3o - Eurecat - Technology Centre of Catalonia<\/p><\/div><\/div>\t\t<\/div>\n\t\t\t\t<\/div>\n\t\t\t\t\t<\/div>\n\t\t<\/div>\n\t\t\t\t\t\t\t<\/div>\n\t\t<\/section>\n\t\t\t\t<section class=\"elementor-section elementor-top-section elementor-element elementor-element-ce03591 elementor-section-boxed elementor-section-height-default elementor-section-height-default\" data-id=\"ce03591\" data-element_type=\"section\">\n\t\t\t\t\t\t<div class=\"elementor-container elementor-column-gap-default\">\n\t\t\t\t\t<div class=\"elementor-column elementor-col-25 elementor-top-column elementor-element elementor-element-b1fc6ff\" data-id=\"b1fc6ff\" data-element_type=\"column\">\n\t\t\t<div class=\"elementor-widget-wrap elementor-element-populated\">\n\t\t\t\t\t\t\t\t<div class=\"elementor-element elementor-element-00d485e elementor-position-top elementor-vertical-align-top elementor-widget elementor-widget-image-box\" data-id=\"00d485e\" data-element_type=\"widget\" data-widget_type=\"image-box.default\">\n\t\t\t\t<div class=\"elementor-widget-container\">\n\t\t\t<div class=\"elementor-image-box-wrapper\"><figure class=\"elementor-image-box-img\"><img loading=\"lazy\" decoding=\"async\" width=\"150\" height=\"150\" src=\"https:\/\/anprotec.org.br\/conferencia2021\/wp-content\/uploads\/2021\/10\/Marcos-Tonin-150x150.jpeg\" class=\"attachment-thumbnail size-thumbnail\" alt=\"\" srcset=\"https:\/\/anprotec.org.br\/conferencia2021\/wp-content\/uploads\/2021\/10\/Marcos-Tonin-150x150.jpeg 150w, https:\/\/anprotec.org.br\/conferencia2021\/wp-content\/uploads\/2021\/10\/Marcos-Tonin-300x300.jpeg 300w, https:\/\/anprotec.org.br\/conferencia2021\/wp-content\/uploads\/2021\/10\/Marcos-Tonin-768x768.jpeg 768w, https:\/\/anprotec.org.br\/conferencia2021\/wp-content\/uploads\/2021\/10\/Marcos-Tonin-146x146.jpeg 146w, https:\/\/anprotec.org.br\/conferencia2021\/wp-content\/uploads\/2021\/10\/Marcos-Tonin-50x50.jpeg 50w, https:\/\/anprotec.org.br\/conferencia2021\/wp-content\/uploads\/2021\/10\/Marcos-Tonin-75x75.jpeg 75w, https:\/\/anprotec.org.br\/conferencia2021\/wp-content\/uploads\/2021\/10\/Marcos-Tonin-85x85.jpeg 85w, https:\/\/anprotec.org.br\/conferencia2021\/wp-content\/uploads\/2021\/10\/Marcos-Tonin-80x80.jpeg 80w, https:\/\/anprotec.org.br\/conferencia2021\/wp-content\/uploads\/2021\/10\/Marcos-Tonin.jpeg 800w\" sizes=\"auto, (max-width: 150px) 100vw, 150px\" \/><\/figure><div class=\"elementor-image-box-content\"><h4 class=\"elementor-image-box-title\"><span class=\"marcos-tonin\">Marcos Tonin<\/span><\/h4><p class=\"elementor-image-box-description\">Executivo de RH e Coach C-Level  -Apoema Intelig\u00eancia em Pessoas<\/p><\/div><\/div>\t\t<\/div>\n\t\t\t\t<\/div>\n\t\t\t\t\t<\/div>\n\t\t<\/div>\n\t\t\t\t<div class=\"elementor-column elementor-col-25 elementor-top-column elementor-element elementor-element-74541c8\" data-id=\"74541c8\" data-element_type=\"column\">\n\t\t\t<div class=\"elementor-widget-wrap elementor-element-populated\">\n\t\t\t\t\t\t\t\t<div class=\"elementor-element elementor-element-3c74c37 elementor-position-top elementor-vertical-align-top elementor-widget elementor-widget-image-box\" data-id=\"3c74c37\" data-element_type=\"widget\" data-widget_type=\"image-box.default\">\n\t\t\t\t<div class=\"elementor-widget-container\">\n\t\t\t<div class=\"elementor-image-box-wrapper\"><figure class=\"elementor-image-box-img\"><img loading=\"lazy\" decoding=\"async\" width=\"150\" height=\"150\" src=\"https:\/\/anprotec.org.br\/conferencia2021\/wp-content\/uploads\/2021\/10\/Michael-Orlando-150x150.png\" class=\"attachment-thumbnail size-thumbnail\" alt=\"\" srcset=\"https:\/\/anprotec.org.br\/conferencia2021\/wp-content\/uploads\/2021\/10\/Michael-Orlando-150x150.png 150w, https:\/\/anprotec.org.br\/conferencia2021\/wp-content\/uploads\/2021\/10\/Michael-Orlando-300x300.png 300w, https:\/\/anprotec.org.br\/conferencia2021\/wp-content\/uploads\/2021\/10\/Michael-Orlando-146x146.png 146w, https:\/\/anprotec.org.br\/conferencia2021\/wp-content\/uploads\/2021\/10\/Michael-Orlando-50x50.png 50w, https:\/\/anprotec.org.br\/conferencia2021\/wp-content\/uploads\/2021\/10\/Michael-Orlando-75x75.png 75w, https:\/\/anprotec.org.br\/conferencia2021\/wp-content\/uploads\/2021\/10\/Michael-Orlando-85x85.png 85w, https:\/\/anprotec.org.br\/conferencia2021\/wp-content\/uploads\/2021\/10\/Michael-Orlando-80x80.png 80w, https:\/\/anprotec.org.br\/conferencia2021\/wp-content\/uploads\/2021\/10\/Michael-Orlando.png 400w\" sizes=\"auto, (max-width: 150px) 100vw, 150px\" \/><\/figure><div class=\"elementor-image-box-content\"><h4 class=\"elementor-image-box-title\"><span class=\"michael-orlando\">Michael Orlando<\/span><\/h4><p class=\"elementor-image-box-description\">Econ One Research, Inc. e University of Colorado Denver<\/p><\/div><\/div>\t\t<\/div>\n\t\t\t\t<\/div>\n\t\t\t\t\t<\/div>\n\t\t<\/div>\n\t\t\t\t<div class=\"elementor-column elementor-col-25 elementor-top-column elementor-element elementor-element-825cb3e\" data-id=\"825cb3e\" data-element_type=\"column\">\n\t\t\t<div class=\"elementor-widget-wrap elementor-element-populated\">\n\t\t\t\t\t\t\t\t<div class=\"elementor-element elementor-element-648b3f3 elementor-position-top elementor-vertical-align-top elementor-widget elementor-widget-image-box\" data-id=\"648b3f3\" data-element_type=\"widget\" data-widget_type=\"image-box.default\">\n\t\t\t\t<div class=\"elementor-widget-container\">\n\t\t\t<div class=\"elementor-image-box-wrapper\"><figure class=\"elementor-image-box-img\"><img loading=\"lazy\" decoding=\"async\" width=\"150\" height=\"150\" src=\"https:\/\/anprotec.org.br\/conferencia2021\/wp-content\/uploads\/2021\/10\/Nina-Silva-150x150.jpg\" class=\"attachment-thumbnail size-thumbnail\" alt=\"\" srcset=\"https:\/\/anprotec.org.br\/conferencia2021\/wp-content\/uploads\/2021\/10\/Nina-Silva-150x150.jpg 150w, https:\/\/anprotec.org.br\/conferencia2021\/wp-content\/uploads\/2021\/10\/Nina-Silva-146x146.jpg 146w, https:\/\/anprotec.org.br\/conferencia2021\/wp-content\/uploads\/2021\/10\/Nina-Silva-50x50.jpg 50w, https:\/\/anprotec.org.br\/conferencia2021\/wp-content\/uploads\/2021\/10\/Nina-Silva-75x75.jpg 75w, https:\/\/anprotec.org.br\/conferencia2021\/wp-content\/uploads\/2021\/10\/Nina-Silva-85x85.jpg 85w, https:\/\/anprotec.org.br\/conferencia2021\/wp-content\/uploads\/2021\/10\/Nina-Silva-80x80.jpg 80w, https:\/\/anprotec.org.br\/conferencia2021\/wp-content\/uploads\/2021\/10\/Nina-Silva.jpg 200w\" sizes=\"auto, (max-width: 150px) 100vw, 150px\" \/><\/figure><div class=\"elementor-image-box-content\"><h4 class=\"elementor-image-box-title\"><span class=\"nina-silva\">Nina Silva<\/span><\/h4><p class=\"elementor-image-box-description\">CEO - Movimento Black Money & D'Black Bank<\/p><\/div><\/div>\t\t<\/div>\n\t\t\t\t<\/div>\n\t\t\t\t\t<\/div>\n\t\t<\/div>\n\t\t\t\t<div class=\"elementor-column elementor-col-25 elementor-top-column elementor-element elementor-element-48cf31e\" data-id=\"48cf31e\" data-element_type=\"column\">\n\t\t\t<div class=\"elementor-widget-wrap elementor-element-populated\">\n\t\t\t\t\t\t\t\t<div class=\"elementor-element elementor-element-2ad7b16 elementor-position-top elementor-vertical-align-top elementor-widget elementor-widget-image-box\" data-id=\"2ad7b16\" data-element_type=\"widget\" data-widget_type=\"image-box.default\">\n\t\t\t\t<div class=\"elementor-widget-container\">\n\t\t\t<div class=\"elementor-image-box-wrapper\"><figure class=\"elementor-image-box-img\"><img loading=\"lazy\" decoding=\"async\" width=\"150\" height=\"150\" src=\"https:\/\/anprotec.org.br\/conferencia2021\/wp-content\/uploads\/2021\/10\/Paulo-Puppin-150x150.jpeg\" class=\"attachment-thumbnail size-thumbnail\" alt=\"\" srcset=\"https:\/\/anprotec.org.br\/conferencia2021\/wp-content\/uploads\/2021\/10\/Paulo-Puppin-150x150.jpeg 150w, https:\/\/anprotec.org.br\/conferencia2021\/wp-content\/uploads\/2021\/10\/Paulo-Puppin-146x146.jpeg 146w, https:\/\/anprotec.org.br\/conferencia2021\/wp-content\/uploads\/2021\/10\/Paulo-Puppin-50x50.jpeg 50w, https:\/\/anprotec.org.br\/conferencia2021\/wp-content\/uploads\/2021\/10\/Paulo-Puppin-75x75.jpeg 75w, https:\/\/anprotec.org.br\/conferencia2021\/wp-content\/uploads\/2021\/10\/Paulo-Puppin-85x85.jpeg 85w, https:\/\/anprotec.org.br\/conferencia2021\/wp-content\/uploads\/2021\/10\/Paulo-Puppin-80x80.jpeg 80w, https:\/\/anprotec.org.br\/conferencia2021\/wp-content\/uploads\/2021\/10\/Paulo-Puppin.jpeg 200w\" sizes=\"auto, (max-width: 150px) 100vw, 150px\" \/><\/figure><div class=\"elementor-image-box-content\"><h4 class=\"elementor-image-box-title\">Paulo Puppin<\/h4><p class=\"elementor-image-box-description\">Gerente-adjunto da unidade de inova\u00e7\u00e3o do Sebrae Nacional<\/p><\/div><\/div>\t\t<\/div>\n\t\t\t\t<\/div>\n\t\t\t\t\t<\/div>\n\t\t<\/div>\n\t\t\t\t\t\t\t<\/div>\n\t\t<\/section>\n\t\t\t\t<section class=\"elementor-section elementor-top-section elementor-element elementor-element-9de02aa elementor-section-boxed elementor-section-height-default elementor-section-height-default\" data-id=\"9de02aa\" data-element_type=\"section\">\n\t\t\t\t\t\t<div class=\"elementor-container elementor-column-gap-default\">\n\t\t\t\t\t<div class=\"elementor-column elementor-col-25 elementor-top-column elementor-element elementor-element-009c964\" data-id=\"009c964\" data-element_type=\"column\">\n\t\t\t<div class=\"elementor-widget-wrap elementor-element-populated\">\n\t\t\t\t\t\t\t\t<div class=\"elementor-element elementor-element-7c53cb6 elementor-position-top elementor-vertical-align-top elementor-widget elementor-widget-image-box\" data-id=\"7c53cb6\" data-element_type=\"widget\" data-widget_type=\"image-box.default\">\n\t\t\t\t<div class=\"elementor-widget-container\">\n\t\t\t<div class=\"elementor-image-box-wrapper\"><figure class=\"elementor-image-box-img\"><img loading=\"lazy\" decoding=\"async\" width=\"150\" height=\"150\" src=\"https:\/\/anprotec.org.br\/conferencia2021\/wp-content\/uploads\/2021\/10\/Paulo-Renato-Cabral-150x150.jpeg\" class=\"attachment-thumbnail size-thumbnail\" alt=\"\" srcset=\"https:\/\/anprotec.org.br\/conferencia2021\/wp-content\/uploads\/2021\/10\/Paulo-Renato-Cabral-150x150.jpeg 150w, https:\/\/anprotec.org.br\/conferencia2021\/wp-content\/uploads\/2021\/10\/Paulo-Renato-Cabral-146x146.jpeg 146w, https:\/\/anprotec.org.br\/conferencia2021\/wp-content\/uploads\/2021\/10\/Paulo-Renato-Cabral-50x50.jpeg 50w, https:\/\/anprotec.org.br\/conferencia2021\/wp-content\/uploads\/2021\/10\/Paulo-Renato-Cabral-75x75.jpeg 75w, https:\/\/anprotec.org.br\/conferencia2021\/wp-content\/uploads\/2021\/10\/Paulo-Renato-Cabral-85x85.jpeg 85w, https:\/\/anprotec.org.br\/conferencia2021\/wp-content\/uploads\/2021\/10\/Paulo-Renato-Cabral-80x80.jpeg 80w, https:\/\/anprotec.org.br\/conferencia2021\/wp-content\/uploads\/2021\/10\/Paulo-Renato-Cabral.jpeg 200w\" sizes=\"auto, (max-width: 150px) 100vw, 150px\" \/><\/figure><div class=\"elementor-image-box-content\"><h4 class=\"elementor-image-box-title\"><span class=\"paulo-renato-cabral\">Paulo Renato Cabral<\/span><\/h4><p class=\"elementor-image-box-description\">Gerente da unidade de inova\u00e7\u00e3o do Sebrae Nacional<\/p><\/div><\/div>\t\t<\/div>\n\t\t\t\t<\/div>\n\t\t\t\t\t<\/div>\n\t\t<\/div>\n\t\t\t\t<div class=\"elementor-column elementor-col-25 elementor-top-column elementor-element elementor-element-e77d5d9\" data-id=\"e77d5d9\" data-element_type=\"column\">\n\t\t\t<div class=\"elementor-widget-wrap elementor-element-populated\">\n\t\t\t\t\t\t\t\t<div class=\"elementor-element elementor-element-b8bd503 elementor-position-top elementor-vertical-align-top elementor-widget elementor-widget-image-box\" data-id=\"b8bd503\" data-element_type=\"widget\" data-widget_type=\"image-box.default\">\n\t\t\t\t<div class=\"elementor-widget-container\">\n\t\t\t<div class=\"elementor-image-box-wrapper\"><figure class=\"elementor-image-box-img\"><img loading=\"lazy\" decoding=\"async\" width=\"150\" height=\"150\" src=\"https:\/\/anprotec.org.br\/conferencia2021\/wp-content\/uploads\/2021\/10\/Pericles-Lima-da-Paixa\u0303o-Neto-150x150.jpeg\" class=\"attachment-thumbnail size-thumbnail\" alt=\"\" srcset=\"https:\/\/anprotec.org.br\/conferencia2021\/wp-content\/uploads\/2021\/10\/Pericles-Lima-da-Paixa\u0303o-Neto-150x150.jpeg 150w, https:\/\/anprotec.org.br\/conferencia2021\/wp-content\/uploads\/2021\/10\/Pericles-Lima-da-Paixa\u0303o-Neto-146x146.jpeg 146w, https:\/\/anprotec.org.br\/conferencia2021\/wp-content\/uploads\/2021\/10\/Pericles-Lima-da-Paixa\u0303o-Neto-50x50.jpeg 50w, https:\/\/anprotec.org.br\/conferencia2021\/wp-content\/uploads\/2021\/10\/Pericles-Lima-da-Paixa\u0303o-Neto-75x75.jpeg 75w, https:\/\/anprotec.org.br\/conferencia2021\/wp-content\/uploads\/2021\/10\/Pericles-Lima-da-Paixa\u0303o-Neto-85x85.jpeg 85w, https:\/\/anprotec.org.br\/conferencia2021\/wp-content\/uploads\/2021\/10\/Pericles-Lima-da-Paixa\u0303o-Neto-80x80.jpeg 80w, https:\/\/anprotec.org.br\/conferencia2021\/wp-content\/uploads\/2021\/10\/Pericles-Lima-da-Paixa\u0303o-Neto.jpeg 200w\" sizes=\"auto, (max-width: 150px) 100vw, 150px\" \/><\/figure><div class=\"elementor-image-box-content\"><h4 class=\"elementor-image-box-title\"><span class=\"pericles-lima\">P\u00e9ricles Lima<\/span><\/h4><p class=\"elementor-image-box-description\">Merca2Online<\/p><\/div><\/div>\t\t<\/div>\n\t\t\t\t<\/div>\n\t\t\t\t\t<\/div>\n\t\t<\/div>\n\t\t\t\t<div class=\"elementor-column elementor-col-25 elementor-top-column elementor-element elementor-element-ddfc908\" data-id=\"ddfc908\" data-element_type=\"column\">\n\t\t\t<div class=\"elementor-widget-wrap elementor-element-populated\">\n\t\t\t\t\t\t\t\t<div class=\"elementor-element elementor-element-1a0e5b2 elementor-position-top elementor-vertical-align-top elementor-widget elementor-widget-image-box\" data-id=\"1a0e5b2\" data-element_type=\"widget\" data-widget_type=\"image-box.default\">\n\t\t\t\t<div class=\"elementor-widget-container\">\n\t\t\t<div class=\"elementor-image-box-wrapper\"><figure class=\"elementor-image-box-img\"><img loading=\"lazy\" decoding=\"async\" width=\"150\" height=\"150\" src=\"https:\/\/anprotec.org.br\/conferencia2021\/wp-content\/uploads\/2021\/10\/Polyana-Targino-150x150.jpeg\" class=\"attachment-thumbnail size-thumbnail\" alt=\"\" srcset=\"https:\/\/anprotec.org.br\/conferencia2021\/wp-content\/uploads\/2021\/10\/Polyana-Targino-150x150.jpeg 150w, https:\/\/anprotec.org.br\/conferencia2021\/wp-content\/uploads\/2021\/10\/Polyana-Targino-300x300.jpeg 300w, https:\/\/anprotec.org.br\/conferencia2021\/wp-content\/uploads\/2021\/10\/Polyana-Targino-146x146.jpeg 146w, https:\/\/anprotec.org.br\/conferencia2021\/wp-content\/uploads\/2021\/10\/Polyana-Targino-50x50.jpeg 50w, https:\/\/anprotec.org.br\/conferencia2021\/wp-content\/uploads\/2021\/10\/Polyana-Targino-75x75.jpeg 75w, https:\/\/anprotec.org.br\/conferencia2021\/wp-content\/uploads\/2021\/10\/Polyana-Targino-85x85.jpeg 85w, https:\/\/anprotec.org.br\/conferencia2021\/wp-content\/uploads\/2021\/10\/Polyana-Targino-80x80.jpeg 80w, https:\/\/anprotec.org.br\/conferencia2021\/wp-content\/uploads\/2021\/10\/Polyana-Targino.jpeg 450w\" sizes=\"auto, (max-width: 150px) 100vw, 150px\" \/><\/figure><div class=\"elementor-image-box-content\"><h4 class=\"elementor-image-box-title\"><span class=\"polyana-targino\">Polyana Targino<\/span><\/h4><p class=\"elementor-image-box-description\">Coordenadora de Projetos - Anprotec<\/p><\/div><\/div>\t\t<\/div>\n\t\t\t\t<\/div>\n\t\t\t\t\t<\/div>\n\t\t<\/div>\n\t\t\t\t<div class=\"elementor-column elementor-col-25 elementor-top-column elementor-element elementor-element-3460c4a\" data-id=\"3460c4a\" data-element_type=\"column\">\n\t\t\t<div class=\"elementor-widget-wrap elementor-element-populated\">\n\t\t\t\t\t\t\t\t<div class=\"elementor-element elementor-element-52edc7b elementor-position-top elementor-vertical-align-top elementor-widget elementor-widget-image-box\" data-id=\"52edc7b\" data-element_type=\"widget\" data-widget_type=\"image-box.default\">\n\t\t\t\t<div class=\"elementor-widget-container\">\n\t\t\t<div class=\"elementor-image-box-wrapper\"><figure class=\"elementor-image-box-img\"><img loading=\"lazy\" decoding=\"async\" width=\"150\" height=\"150\" src=\"https:\/\/anprotec.org.br\/conferencia2021\/wp-content\/uploads\/2021\/10\/Ramon-Santos-150x150.jpg\" class=\"attachment-thumbnail size-thumbnail\" alt=\"\" srcset=\"https:\/\/anprotec.org.br\/conferencia2021\/wp-content\/uploads\/2021\/10\/Ramon-Santos-150x150.jpg 150w, https:\/\/anprotec.org.br\/conferencia2021\/wp-content\/uploads\/2021\/10\/Ramon-Santos-146x146.jpg 146w, https:\/\/anprotec.org.br\/conferencia2021\/wp-content\/uploads\/2021\/10\/Ramon-Santos-50x50.jpg 50w, https:\/\/anprotec.org.br\/conferencia2021\/wp-content\/uploads\/2021\/10\/Ramon-Santos-75x75.jpg 75w, https:\/\/anprotec.org.br\/conferencia2021\/wp-content\/uploads\/2021\/10\/Ramon-Santos-85x85.jpg 85w, https:\/\/anprotec.org.br\/conferencia2021\/wp-content\/uploads\/2021\/10\/Ramon-Santos-80x80.jpg 80w, https:\/\/anprotec.org.br\/conferencia2021\/wp-content\/uploads\/2021\/10\/Ramon-Santos.jpg 200w\" sizes=\"auto, (max-width: 150px) 100vw, 150px\" \/><\/figure><div class=\"elementor-image-box-content\"><h4 class=\"elementor-image-box-title\"><span class=\"ramon-santos\">Ramon Santos<\/span><\/h4><p class=\"elementor-image-box-description\">Chief Innovation Officer na GetIN Aceleradora<\/p><\/div><\/div>\t\t<\/div>\n\t\t\t\t<\/div>\n\t\t\t\t\t<\/div>\n\t\t<\/div>\n\t\t\t\t\t\t\t<\/div>\n\t\t<\/section>\n\t\t\t\t<section class=\"elementor-section elementor-top-section elementor-element elementor-element-94fe51e elementor-section-boxed elementor-section-height-default elementor-section-height-default\" data-id=\"94fe51e\" data-element_type=\"section\">\n\t\t\t\t\t\t<div class=\"elementor-container elementor-column-gap-default\">\n\t\t\t\t\t<div class=\"elementor-column elementor-col-25 elementor-top-column elementor-element elementor-element-19fe8b9\" data-id=\"19fe8b9\" data-element_type=\"column\">\n\t\t\t<div class=\"elementor-widget-wrap elementor-element-populated\">\n\t\t\t\t\t\t\t\t<div class=\"elementor-element elementor-element-6c08346 elementor-position-top elementor-vertical-align-top elementor-widget elementor-widget-image-box\" data-id=\"6c08346\" data-element_type=\"widget\" data-widget_type=\"image-box.default\">\n\t\t\t\t<div class=\"elementor-widget-container\">\n\t\t\t<div class=\"elementor-image-box-wrapper\"><figure class=\"elementor-image-box-img\"><img loading=\"lazy\" decoding=\"async\" width=\"150\" height=\"150\" src=\"https:\/\/anprotec.org.br\/conferencia2021\/wp-content\/uploads\/2021\/10\/Roberto-Marcondes-150x150.png\" class=\"attachment-thumbnail size-thumbnail\" alt=\"\" srcset=\"https:\/\/anprotec.org.br\/conferencia2021\/wp-content\/uploads\/2021\/10\/Roberto-Marcondes-150x150.png 150w, https:\/\/anprotec.org.br\/conferencia2021\/wp-content\/uploads\/2021\/10\/Roberto-Marcondes-146x146.png 146w, https:\/\/anprotec.org.br\/conferencia2021\/wp-content\/uploads\/2021\/10\/Roberto-Marcondes-50x50.png 50w, https:\/\/anprotec.org.br\/conferencia2021\/wp-content\/uploads\/2021\/10\/Roberto-Marcondes-75x75.png 75w, https:\/\/anprotec.org.br\/conferencia2021\/wp-content\/uploads\/2021\/10\/Roberto-Marcondes-85x85.png 85w, https:\/\/anprotec.org.br\/conferencia2021\/wp-content\/uploads\/2021\/10\/Roberto-Marcondes-80x80.png 80w, https:\/\/anprotec.org.br\/conferencia2021\/wp-content\/uploads\/2021\/10\/Roberto-Marcondes.png 200w\" sizes=\"auto, (max-width: 150px) 100vw, 150px\" \/><\/figure><div class=\"elementor-image-box-content\"><h4 class=\"elementor-image-box-title\"><span class=\"roberto-marcondes\">Roberto Marcondes<\/span><\/h4><p class=\"elementor-image-box-description\">Professor Titular da Universidade de S\u00e3o Paulo (USP)<\/p><\/div><\/div>\t\t<\/div>\n\t\t\t\t<\/div>\n\t\t\t\t\t<\/div>\n\t\t<\/div>\n\t\t\t\t<div class=\"elementor-column elementor-col-25 elementor-top-column elementor-element elementor-element-0928d08\" data-id=\"0928d08\" data-element_type=\"column\">\n\t\t\t<div class=\"elementor-widget-wrap elementor-element-populated\">\n\t\t\t\t\t\t\t\t<div class=\"elementor-element elementor-element-64978f9 elementor-position-top elementor-vertical-align-top elementor-widget elementor-widget-image-box\" data-id=\"64978f9\" data-element_type=\"widget\" data-widget_type=\"image-box.default\">\n\t\t\t\t<div class=\"elementor-widget-container\">\n\t\t\t<div class=\"elementor-image-box-wrapper\"><figure class=\"elementor-image-box-img\"><img loading=\"lazy\" decoding=\"async\" width=\"150\" height=\"150\" src=\"https:\/\/anprotec.org.br\/conferencia2021\/wp-content\/uploads\/2021\/10\/Rodrigo-Mendes-150x150.jpeg\" class=\"attachment-thumbnail size-thumbnail\" alt=\"\" srcset=\"https:\/\/anprotec.org.br\/conferencia2021\/wp-content\/uploads\/2021\/10\/Rodrigo-Mendes-150x150.jpeg 150w, https:\/\/anprotec.org.br\/conferencia2021\/wp-content\/uploads\/2021\/10\/Rodrigo-Mendes-146x146.jpeg 146w, https:\/\/anprotec.org.br\/conferencia2021\/wp-content\/uploads\/2021\/10\/Rodrigo-Mendes-50x50.jpeg 50w, https:\/\/anprotec.org.br\/conferencia2021\/wp-content\/uploads\/2021\/10\/Rodrigo-Mendes-75x75.jpeg 75w, https:\/\/anprotec.org.br\/conferencia2021\/wp-content\/uploads\/2021\/10\/Rodrigo-Mendes-85x85.jpeg 85w, https:\/\/anprotec.org.br\/conferencia2021\/wp-content\/uploads\/2021\/10\/Rodrigo-Mendes-80x80.jpeg 80w, https:\/\/anprotec.org.br\/conferencia2021\/wp-content\/uploads\/2021\/10\/Rodrigo-Mendes.jpeg 200w\" sizes=\"auto, (max-width: 150px) 100vw, 150px\" \/><\/figure><div class=\"elementor-image-box-content\"><h4 class=\"elementor-image-box-title\"><span class=\"rodrigo-mendes\">Rodrigo Mendes<\/span><\/h4><p class=\"elementor-image-box-description\">Diretor de Rela\u00e7\u00f5es Internacionais da Anprotec<\/p><\/div><\/div>\t\t<\/div>\n\t\t\t\t<\/div>\n\t\t\t\t\t<\/div>\n\t\t<\/div>\n\t\t\t\t<div class=\"elementor-column elementor-col-25 elementor-top-column elementor-element elementor-element-c6f77f4\" data-id=\"c6f77f4\" data-element_type=\"column\">\n\t\t\t<div class=\"elementor-widget-wrap elementor-element-populated\">\n\t\t\t\t\t\t\t\t<div class=\"elementor-element elementor-element-ff3b342 elementor-position-top elementor-vertical-align-top elementor-widget elementor-widget-image-box\" data-id=\"ff3b342\" data-element_type=\"widget\" data-widget_type=\"image-box.default\">\n\t\t\t\t<div class=\"elementor-widget-container\">\n\t\t\t<div class=\"elementor-image-box-wrapper\"><figure class=\"elementor-image-box-img\"><img loading=\"lazy\" decoding=\"async\" width=\"150\" height=\"150\" src=\"https:\/\/anprotec.org.br\/conferencia2021\/wp-content\/uploads\/2021\/10\/Rosana-Jamal-150x150.jpeg\" class=\"attachment-thumbnail size-thumbnail\" alt=\"\" srcset=\"https:\/\/anprotec.org.br\/conferencia2021\/wp-content\/uploads\/2021\/10\/Rosana-Jamal-150x150.jpeg 150w, https:\/\/anprotec.org.br\/conferencia2021\/wp-content\/uploads\/2021\/10\/Rosana-Jamal-146x146.jpeg 146w, https:\/\/anprotec.org.br\/conferencia2021\/wp-content\/uploads\/2021\/10\/Rosana-Jamal-50x50.jpeg 50w, https:\/\/anprotec.org.br\/conferencia2021\/wp-content\/uploads\/2021\/10\/Rosana-Jamal-75x75.jpeg 75w, https:\/\/anprotec.org.br\/conferencia2021\/wp-content\/uploads\/2021\/10\/Rosana-Jamal-85x85.jpeg 85w, https:\/\/anprotec.org.br\/conferencia2021\/wp-content\/uploads\/2021\/10\/Rosana-Jamal-80x80.jpeg 80w, https:\/\/anprotec.org.br\/conferencia2021\/wp-content\/uploads\/2021\/10\/Rosana-Jamal.jpeg 200w\" sizes=\"auto, (max-width: 150px) 100vw, 150px\" \/><\/figure><div class=\"elementor-image-box-content\"><h4 class=\"elementor-image-box-title\"><span class=\"rosana-jamal\">Rosana Jamal<\/span><\/h4><p class=\"elementor-image-box-description\">Diretora de Empresas - Anprotec<\/p><\/div><\/div>\t\t<\/div>\n\t\t\t\t<\/div>\n\t\t\t\t\t<\/div>\n\t\t<\/div>\n\t\t\t\t<div class=\"elementor-column elementor-col-25 elementor-top-column elementor-element elementor-element-8d3b945\" data-id=\"8d3b945\" data-element_type=\"column\">\n\t\t\t<div class=\"elementor-widget-wrap elementor-element-populated\">\n\t\t\t\t\t\t\t\t<div class=\"elementor-element elementor-element-72437f4 elementor-position-top elementor-vertical-align-top elementor-widget elementor-widget-image-box\" data-id=\"72437f4\" data-element_type=\"widget\" data-widget_type=\"image-box.default\">\n\t\t\t\t<div class=\"elementor-widget-container\">\n\t\t\t<div class=\"elementor-image-box-wrapper\"><figure class=\"elementor-image-box-img\"><img loading=\"lazy\" decoding=\"async\" width=\"150\" height=\"150\" src=\"https:\/\/anprotec.org.br\/conferencia2021\/wp-content\/uploads\/2021\/10\/Salim-Ismail-150x150.jpg\" class=\"attachment-thumbnail size-thumbnail\" alt=\"\" srcset=\"https:\/\/anprotec.org.br\/conferencia2021\/wp-content\/uploads\/2021\/10\/Salim-Ismail-150x150.jpg 150w, https:\/\/anprotec.org.br\/conferencia2021\/wp-content\/uploads\/2021\/10\/Salim-Ismail-146x146.jpg 146w, https:\/\/anprotec.org.br\/conferencia2021\/wp-content\/uploads\/2021\/10\/Salim-Ismail-50x50.jpg 50w, https:\/\/anprotec.org.br\/conferencia2021\/wp-content\/uploads\/2021\/10\/Salim-Ismail-75x75.jpg 75w, https:\/\/anprotec.org.br\/conferencia2021\/wp-content\/uploads\/2021\/10\/Salim-Ismail-85x85.jpg 85w, https:\/\/anprotec.org.br\/conferencia2021\/wp-content\/uploads\/2021\/10\/Salim-Ismail-80x80.jpg 80w, https:\/\/anprotec.org.br\/conferencia2021\/wp-content\/uploads\/2021\/10\/Salim-Ismail.jpg 200w\" sizes=\"auto, (max-width: 150px) 100vw, 150px\" \/><\/figure><div class=\"elementor-image-box-content\"><h4 class=\"elementor-image-box-title\"><span class=\"salim-ismail\">Salim Ismail<\/span><\/h4><p class=\"elementor-image-box-description\">Diretor Executivo Fundador da Singularity University<\/p><\/div><\/div>\t\t<\/div>\n\t\t\t\t<\/div>\n\t\t\t\t\t<\/div>\n\t\t<\/div>\n\t\t\t\t\t\t\t<\/div>\n\t\t<\/section>\n\t\t\t\t<section class=\"elementor-section elementor-top-section elementor-element elementor-element-59bf87f elementor-section-boxed elementor-section-height-default elementor-section-height-default\" data-id=\"59bf87f\" data-element_type=\"section\">\n\t\t\t\t\t\t<div class=\"elementor-container elementor-column-gap-default\">\n\t\t\t\t\t<div class=\"elementor-column elementor-col-25 elementor-top-column elementor-element elementor-element-8dc6a96\" data-id=\"8dc6a96\" data-element_type=\"column\">\n\t\t\t<div class=\"elementor-widget-wrap elementor-element-populated\">\n\t\t\t\t\t\t\t\t<div class=\"elementor-element elementor-element-8bd69c2 elementor-position-top elementor-vertical-align-top elementor-widget elementor-widget-image-box\" data-id=\"8bd69c2\" data-element_type=\"widget\" data-widget_type=\"image-box.default\">\n\t\t\t\t<div class=\"elementor-widget-container\">\n\t\t\t<div class=\"elementor-image-box-wrapper\"><figure class=\"elementor-image-box-img\"><img loading=\"lazy\" decoding=\"async\" width=\"150\" height=\"150\" src=\"https:\/\/anprotec.org.br\/conferencia2021\/wp-content\/uploads\/2021\/10\/Silvio-Meira-150x150.jpg\" class=\"attachment-thumbnail size-thumbnail\" alt=\"\" srcset=\"https:\/\/anprotec.org.br\/conferencia2021\/wp-content\/uploads\/2021\/10\/Silvio-Meira-150x150.jpg 150w, https:\/\/anprotec.org.br\/conferencia2021\/wp-content\/uploads\/2021\/10\/Silvio-Meira-146x146.jpg 146w, https:\/\/anprotec.org.br\/conferencia2021\/wp-content\/uploads\/2021\/10\/Silvio-Meira-50x50.jpg 50w, https:\/\/anprotec.org.br\/conferencia2021\/wp-content\/uploads\/2021\/10\/Silvio-Meira-75x75.jpg 75w, https:\/\/anprotec.org.br\/conferencia2021\/wp-content\/uploads\/2021\/10\/Silvio-Meira-85x85.jpg 85w, https:\/\/anprotec.org.br\/conferencia2021\/wp-content\/uploads\/2021\/10\/Silvio-Meira-80x80.jpg 80w, https:\/\/anprotec.org.br\/conferencia2021\/wp-content\/uploads\/2021\/10\/Silvio-Meira.jpg 200w\" sizes=\"auto, (max-width: 150px) 100vw, 150px\" \/><\/figure><div class=\"elementor-image-box-content\"><h4 class=\"elementor-image-box-title\"><span class=\"silvio-meira\">Silvio Meira<\/span><\/h4><p class=\"elementor-image-box-description\">Cientista-Chefe - The Digital Strategy Company & Professor Extraordin\u00e1rio - CESAR.school<\/p><\/div><\/div>\t\t<\/div>\n\t\t\t\t<\/div>\n\t\t\t\t\t<\/div>\n\t\t<\/div>\n\t\t\t\t<div class=\"elementor-column elementor-col-25 elementor-top-column elementor-element elementor-element-e8e3f02\" data-id=\"e8e3f02\" data-element_type=\"column\">\n\t\t\t<div class=\"elementor-widget-wrap elementor-element-populated\">\n\t\t\t\t\t\t\t\t<div class=\"elementor-element elementor-element-dbdb43b elementor-position-top elementor-vertical-align-top elementor-widget elementor-widget-image-box\" data-id=\"dbdb43b\" data-element_type=\"widget\" data-widget_type=\"image-box.default\">\n\t\t\t\t<div class=\"elementor-widget-container\">\n\t\t\t<div class=\"elementor-image-box-wrapper\"><figure class=\"elementor-image-box-img\"><img loading=\"lazy\" decoding=\"async\" width=\"150\" height=\"150\" src=\"https:\/\/anprotec.org.br\/conferencia2021\/wp-content\/uploads\/2021\/10\/Vicente-Ferreira-150x150.jpeg\" class=\"attachment-thumbnail size-thumbnail\" alt=\"\" srcset=\"https:\/\/anprotec.org.br\/conferencia2021\/wp-content\/uploads\/2021\/10\/Vicente-Ferreira-150x150.jpeg 150w, https:\/\/anprotec.org.br\/conferencia2021\/wp-content\/uploads\/2021\/10\/Vicente-Ferreira-300x300.jpeg 300w, https:\/\/anprotec.org.br\/conferencia2021\/wp-content\/uploads\/2021\/10\/Vicente-Ferreira-146x146.jpeg 146w, https:\/\/anprotec.org.br\/conferencia2021\/wp-content\/uploads\/2021\/10\/Vicente-Ferreira-50x50.jpeg 50w, https:\/\/anprotec.org.br\/conferencia2021\/wp-content\/uploads\/2021\/10\/Vicente-Ferreira-75x75.jpeg 75w, https:\/\/anprotec.org.br\/conferencia2021\/wp-content\/uploads\/2021\/10\/Vicente-Ferreira-85x85.jpeg 85w, https:\/\/anprotec.org.br\/conferencia2021\/wp-content\/uploads\/2021\/10\/Vicente-Ferreira-80x80.jpeg 80w, https:\/\/anprotec.org.br\/conferencia2021\/wp-content\/uploads\/2021\/10\/Vicente-Ferreira.jpeg 354w\" sizes=\"auto, (max-width: 150px) 100vw, 150px\" \/><\/figure><div class=\"elementor-image-box-content\"><h4 class=\"elementor-image-box-title\"><span class=\"vicente-ferreira\">Vicente Ferreira<\/span><\/h4><p class=\"elementor-image-box-description\">Diretor Executivo -  Parque Tecnol\u00f3gico da UFRJ\n<\/p><\/div><\/div>\t\t<\/div>\n\t\t\t\t<\/div>\n\t\t\t\t\t<\/div>\n\t\t<\/div>\n\t\t\t\t<div class=\"elementor-column elementor-col-25 elementor-top-column elementor-element elementor-element-0e6fe4d\" data-id=\"0e6fe4d\" data-element_type=\"column\">\n\t\t\t<div class=\"elementor-widget-wrap\">\n\t\t\t\t\t\t\t\t\t<\/div>\n\t\t<\/div>\n\t\t\t\t<div class=\"elementor-column elementor-col-25 elementor-top-column elementor-element elementor-element-8792823\" data-id=\"8792823\" data-element_type=\"column\">\n\t\t\t<div class=\"elementor-widget-wrap\">\n\t\t\t\t\t\t\t\t\t<\/div>\n\t\t<\/div>\n\t\t\t\t\t\t\t<\/div>\n\t\t<\/section>\n\t\t\t\t\t\t<\/div>\n\t\t\t\t\t<\/div>\n\t\t","protected":false},"excerpt":{"rendered":"<p>Adirson Allen Growth Hacker &#8211; VoVs Adriana Ferreira de Faria Diretora Executiva do Centro Tecnol\u00f3gico de Desenvolvimento Regional de Vi\u00e7osa Adriana Martin Diretora-Executiva de Inova\u00e7\u00e3o e<span class=\"excerpt-hellip\"> [\u2026]<\/span><\/p>\n","protected":false},"author":1,"featured_media":0,"parent":0,"menu_order":0,"comment_status":"closed","ping_status":"closed","template":"","meta":{"footnotes":""},"class_list":["post-548","page","type-page","status-publish","hentry"],"yoast_head":"<!-- This site is optimized with the Yoast SEO plugin v17.0 - https:\/\/yoast.com\/wordpress\/plugins\/seo\/ -->\n<title>Palestrantes - Confer\u00eancia Anprotec 2021<\/title>\n<meta name=\"robots\" content=\"index, follow, max-snippet:-1, max-image-preview:large, max-video-preview:-1\" \/>\n<link rel=\"canonical\" href=\"https:\/\/anprotec.org.br\/conferencia2021\/palestrantes\/\" \/>\n<meta property=\"og:locale\" content=\"pt_BR\" \/>\n<meta property=\"og:type\" content=\"article\" \/>\n<meta property=\"og:title\" content=\"Palestrantes - Confer\u00eancia Anprotec 2021\" \/>\n<meta property=\"og:description\" content=\"Adirson Allen Growth Hacker &#8211; VoVs Adriana Ferreira de Faria Diretora Executiva do Centro Tecnol\u00f3gico de Desenvolvimento Regional de Vi\u00e7osa Adriana Martin Diretora-Executiva de Inova\u00e7\u00e3o e [\u2026]\" \/>\n<meta property=\"og:url\" content=\"https:\/\/anprotec.org.br\/conferencia2021\/palestrantes\/\" \/>\n<meta property=\"og:site_name\" content=\"Confer\u00eancia Anprotec 2021\" \/>\n<meta property=\"article:modified_time\" content=\"2021-11-06T13:25:19+00:00\" \/>\n<meta property=\"og:image\" content=\"https:\/\/anprotec.org.br\/conferencia2021\/wp-content\/uploads\/2021\/10\/Adirson-Allen-150x150.jpg\" \/>\n<meta name=\"twitter:card\" content=\"summary_large_image\" \/>\n<meta name=\"twitter:label1\" content=\"Est. tempo de leitura\" \/>\n\t<meta name=\"twitter:data1\" content=\"10 minutos\" \/>\n<script type=\"application\/ld+json\" class=\"yoast-schema-graph\">{\"@context\":\"https:\/\/schema.org\",\"@graph\":[{\"@type\":\"WebSite\",\"@id\":\"https:\/\/anprotec.org.br\/conferencia2021\/#website\",\"url\":\"https:\/\/anprotec.org.br\/conferencia2021\/\",\"name\":\"Confer\\u00eancia Anprotec 2021\",\"description\":\"\",\"potentialAction\":[{\"@type\":\"SearchAction\",\"target\":{\"@type\":\"EntryPoint\",\"urlTemplate\":\"https:\/\/anprotec.org.br\/conferencia2021\/?s={search_term_string}\"},\"query-input\":\"required name=search_term_string\"}],\"inLanguage\":\"pt-BR\"},{\"@type\":\"ImageObject\",\"@id\":\"https:\/\/anprotec.org.br\/conferencia2021\/palestrantes\/#primaryimage\",\"inLanguage\":\"pt-BR\",\"url\":\"https:\/\/anprotec.org.br\/conferencia2021\/wp-content\/uploads\/2021\/10\/Adirson-Allen.jpg\",\"contentUrl\":\"https:\/\/anprotec.org.br\/conferencia2021\/wp-content\/uploads\/2021\/10\/Adirson-Allen.jpg\",\"width\":200,\"height\":200},{\"@type\":\"WebPage\",\"@id\":\"https:\/\/anprotec.org.br\/conferencia2021\/palestrantes\/#webpage\",\"url\":\"https:\/\/anprotec.org.br\/conferencia2021\/palestrantes\/\",\"name\":\"Palestrantes - Confer\\u00eancia Anprotec 2021\",\"isPartOf\":{\"@id\":\"https:\/\/anprotec.org.br\/conferencia2021\/#website\"},\"primaryImageOfPage\":{\"@id\":\"https:\/\/anprotec.org.br\/conferencia2021\/palestrantes\/#primaryimage\"},\"datePublished\":\"2021-08-04T00:51:55+00:00\",\"dateModified\":\"2021-11-06T13:25:19+00:00\",\"breadcrumb\":{\"@id\":\"https:\/\/anprotec.org.br\/conferencia2021\/palestrantes\/#breadcrumb\"},\"inLanguage\":\"pt-BR\",\"potentialAction\":[{\"@type\":\"ReadAction\",\"target\":[\"https:\/\/anprotec.org.br\/conferencia2021\/palestrantes\/\"]}]},{\"@type\":\"BreadcrumbList\",\"@id\":\"https:\/\/anprotec.org.br\/conferencia2021\/palestrantes\/#breadcrumb\",\"itemListElement\":[{\"@type\":\"ListItem\",\"position\":1,\"name\":\"In\\u00edcio\",\"item\":\"https:\/\/anprotec.org.br\/conferencia2021\/\"},{\"@type\":\"ListItem\",\"position\":2,\"name\":\"Palestrantes\"}]}]}<\/script>\n<!-- \/ Yoast SEO plugin. -->","yoast_head_json":{"title":"Palestrantes - Confer\u00eancia Anprotec 2021","robots":{"index":"index","follow":"follow","max-snippet":"max-snippet:-1","max-image-preview":"max-image-preview:large","max-video-preview":"max-video-preview:-1"},"canonical":"https:\/\/anprotec.org.br\/conferencia2021\/palestrantes\/","og_locale":"pt_BR","og_type":"article","og_title":"Palestrantes - Confer\u00eancia Anprotec 2021","og_description":"Adirson Allen Growth Hacker &#8211; VoVs Adriana Ferreira de Faria Diretora Executiva do Centro Tecnol\u00f3gico de Desenvolvimento Regional de Vi\u00e7osa Adriana Martin Diretora-Executiva de Inova\u00e7\u00e3o e [\u2026]","og_url":"https:\/\/anprotec.org.br\/conferencia2021\/palestrantes\/","og_site_name":"Confer\u00eancia Anprotec 2021","article_modified_time":"2021-11-06T13:25:19+00:00","og_image":[{"url":"https:\/\/anprotec.org.br\/conferencia2021\/wp-content\/uploads\/2021\/10\/Adirson-Allen-150x150.jpg"}],"twitter_card":"summary_large_image","twitter_misc":{"Est. tempo de leitura":"10 minutos"},"schema":{"@context":"https:\/\/schema.org","@graph":[{"@type":"WebSite","@id":"https:\/\/anprotec.org.br\/conferencia2021\/#website","url":"https:\/\/anprotec.org.br\/conferencia2021\/","name":"Confer\u00eancia Anprotec 2021","description":"","potentialAction":[{"@type":"SearchAction","target":{"@type":"EntryPoint","urlTemplate":"https:\/\/anprotec.org.br\/conferencia2021\/?s={search_term_string}"},"query-input":"required name=search_term_string"}],"inLanguage":"pt-BR"},{"@type":"ImageObject","@id":"https:\/\/anprotec.org.br\/conferencia2021\/palestrantes\/#primaryimage","inLanguage":"pt-BR","url":"https:\/\/anprotec.org.br\/conferencia2021\/wp-content\/uploads\/2021\/10\/Adirson-Allen.jpg","contentUrl":"https:\/\/anprotec.org.br\/conferencia2021\/wp-content\/uploads\/2021\/10\/Adirson-Allen.jpg","width":200,"height":200},{"@type":"WebPage","@id":"https:\/\/anprotec.org.br\/conferencia2021\/palestrantes\/#webpage","url":"https:\/\/anprotec.org.br\/conferencia2021\/palestrantes\/","name":"Palestrantes - Confer\u00eancia Anprotec 2021","isPartOf":{"@id":"https:\/\/anprotec.org.br\/conferencia2021\/#website"},"primaryImageOfPage":{"@id":"https:\/\/anprotec.org.br\/conferencia2021\/palestrantes\/#primaryimage"},"datePublished":"2021-08-04T00:51:55+00:00","dateModified":"2021-11-06T13:25:19+00:00","breadcrumb":{"@id":"https:\/\/anprotec.org.br\/conferencia2021\/palestrantes\/#breadcrumb"},"inLanguage":"pt-BR","potentialAction":[{"@type":"ReadAction","target":["https:\/\/anprotec.org.br\/conferencia2021\/palestrantes\/"]}]},{"@type":"BreadcrumbList","@id":"https:\/\/anprotec.org.br\/conferencia2021\/palestrantes\/#breadcrumb","itemListElement":[{"@type":"ListItem","position":1,"name":"In\u00edcio","item":"https:\/\/anprotec.org.br\/conferencia2021\/"},{"@type":"ListItem","position":2,"name":"Palestrantes"}]}]}},"_links":{"self":[{"href":"https:\/\/anprotec.org.br\/conferencia2021\/wp-json\/wp\/v2\/pages\/548","targetHints":{"allow":["GET"]}}],"collection":[{"href":"https:\/\/anprotec.org.br\/conferencia2021\/wp-json\/wp\/v2\/pages"}],"about":[{"href":"https:\/\/anprotec.org.br\/conferencia2021\/wp-json\/wp\/v2\/types\/page"}],"author":[{"embeddable":true,"href":"https:\/\/anprotec.org.br\/conferencia2021\/wp-json\/wp\/v2\/users\/1"}],"replies":[{"embeddable":true,"href":"https:\/\/anprotec.org.br\/conferencia2021\/wp-json\/wp\/v2\/comments?post=548"}],"version-history":[{"count":166,"href":"https:\/\/anprotec.org.br\/conferencia2021\/wp-json\/wp\/v2\/pages\/548\/revisions"}],"predecessor-version":[{"id":1777,"href":"https:\/\/anprotec.org.br\/conferencia2021\/wp-json\/wp\/v2\/pages\/548\/revisions\/1777"}],"wp:attachment":[{"href":"https:\/\/anprotec.org.br\/conferencia2021\/wp-json\/wp\/v2\/media?parent=548"}],"curies":[{"name":"wp","href":"https:\/\/api.w.org\/{rel}","templated":true}]}}