{"id":1232,"date":"2021-10-28T17:49:15","date_gmt":"2021-10-28T20:49:15","guid":{"rendered":"https:\/\/anprotec.org.br\/conferencia2021\/?page_id=1232"},"modified":"2021-10-28T18:24:19","modified_gmt":"2021-10-28T21:24:19","slug":"noticias","status":"publish","type":"page","link":"https:\/\/anprotec.org.br\/conferencia2021\/noticias\/","title":{"rendered":"Not\u00edcias"},"content":{"rendered":"\t\t<div data-elementor-type=\"wp-page\" data-elementor-id=\"1232\" class=\"elementor elementor-1232\" data-elementor-settings=\"[]\">\n\t\t\t\t\t\t\t<div class=\"elementor-section-wrap\">\n\t\t\t\t\t\t\t<section class=\"elementor-section elementor-top-section elementor-element elementor-element-d3cbeb7 elementor-section-boxed elementor-section-height-default elementor-section-height-default\" data-id=\"d3cbeb7\" data-element_type=\"section\">\n\t\t\t\t\t\t<div class=\"elementor-container elementor-column-gap-default\">\n\t\t\t\t\t<div class=\"elementor-column elementor-col-100 elementor-top-column elementor-element elementor-element-da8ba7a\" data-id=\"da8ba7a\" data-element_type=\"column\">\n\t\t\t<div class=\"elementor-widget-wrap elementor-element-populated\">\n\t\t\t\t\t\t\t\t<div class=\"elementor-element elementor-element-27fd905 elementor-widget elementor-widget-mfn_blog\" data-id=\"27fd905\" data-element_type=\"widget\" data-widget_type=\"mfn_blog.default\">\n\t\t\t\t<div class=\"elementor-widget-container\">\n\t\t\t<div class=\"column_filters\"><div class=\"blog_wrapper isotope_wrapper clearfix\"><div class=\"posts_group lm_wrapper col-3 grid\"><div class=\"post-item isotope-item clearfix post-1905 post type-post status-publish format-standard has-post-thumbnail hentry category-noticias\" style=\"\"><div class=\"date_label\">18 de novembro de 2021<\/div><div class=\"image_frame post-photo-wrapper scale-with-grid images_only\"><div class=\"image_wrapper\"><a href=\"https:\/\/anprotec.org.br\/conferencia2021\/2021\/11\/18\/32a-assembleia-geral-ordinaria-reelege-diretoria-da-anprotec-para-2022-2023\/\"><div class=\"mask\"><\/div><img loading=\"lazy\" decoding=\"async\" width=\"370\" height=\"235\" src=\"https:\/\/anprotec.org.br\/conferencia2021\/wp-content\/uploads\/2021\/11\/home.png\" class=\"scale-with-grid wp-post-image\" alt=\"\" srcset=\"https:\/\/anprotec.org.br\/conferencia2021\/wp-content\/uploads\/2021\/11\/home.png 370w, https:\/\/anprotec.org.br\/conferencia2021\/wp-content\/uploads\/2021\/11\/home-300x191.png 300w, https:\/\/anprotec.org.br\/conferencia2021\/wp-content\/uploads\/2021\/11\/home-230x146.png 230w, https:\/\/anprotec.org.br\/conferencia2021\/wp-content\/uploads\/2021\/11\/home-50x32.png 50w, https:\/\/anprotec.org.br\/conferencia2021\/wp-content\/uploads\/2021\/11\/home-118x75.png 118w\" sizes=\"auto, (max-width: 370px) 100vw, 370px\" \/><\/a><div class=\"image_links double\"><a href=\"https:\/\/anprotec.org.br\/conferencia2021\/wp-content\/uploads\/2021\/11\/home.png\" class=\"zoom\" rel=\"prettyphoto\"><i class=\"icon-search\"><\/i><\/a><a href=\"https:\/\/anprotec.org.br\/conferencia2021\/2021\/11\/18\/32a-assembleia-geral-ordinaria-reelege-diretoria-da-anprotec-para-2022-2023\/\" class=\"link\"><i class=\"icon-link\"><\/i><\/a><\/div><\/div><\/div><div class=\"post-desc-wrapper bg-\" style=\"\"><div class=\"post-desc\"><div class=\"post-head\"><div class=\"post-meta clearfix\"><div class=\"author-date\"><span class=\"date\"><i class=\"icon-clock\"><\/i> <span class=\"post-date updated\">18 de novembro de 2021<\/span><\/span><\/div><\/div><\/div><div class=\"post-title\"><h2 class=\"entry-title\" itemprop=\"headline\"><a href=\"https:\/\/anprotec.org.br\/conferencia2021\/2021\/11\/18\/32a-assembleia-geral-ordinaria-reelege-diretoria-da-anprotec-para-2022-2023\/\">32\u00aa Assembleia Geral Ordin\u00e1ria reelege Diretoria da Anprotec para 2022-2023<\/a><\/h2><\/div><div class=\"post-excerpt\">Em vota\u00e7\u00e3o realizada no dia 8\/11, os associados decidiram por reeleger, por unanimidade, a Chapa +ANPROTECH para compor a Diretoria da Associa\u00e7\u00e3o na Gest\u00e3o 2022-2023. Francisco<span class=\"excerpt-hellip\"> [\u2026]<\/span><\/div><div class=\"post-footer\"><div class=\"button-love\"><span class=\"love-text\">Gostou disso?<\/span><a href=\"#\" class=\"mfn-love \" data-id=\"1905\"><span class=\"icons-wrapper\"><i class=\"icon-heart-empty-fa\"><\/i><i class=\"icon-heart-fa\"><\/i><\/span><span class=\"label\">0<\/span><\/a><\/div><div class=\"post-links\"><i class=\"icon-doc-text\"><\/i> <a href=\"https:\/\/anprotec.org.br\/conferencia2021\/2021\/11\/18\/32a-assembleia-geral-ordinaria-reelege-diretoria-da-anprotec-para-2022-2023\/\" class=\"post-more\">Leia mais<\/a><\/div><\/div><\/div><\/div><\/div><div class=\"post-item isotope-item clearfix post-1900 post type-post status-publish format-standard has-post-thumbnail hentry category-noticias\" style=\"\"><div class=\"date_label\">17 de novembro de 2021<\/div><div class=\"image_frame post-photo-wrapper scale-with-grid images_only\"><div class=\"image_wrapper\"><a href=\"https:\/\/anprotec.org.br\/conferencia2021\/2021\/11\/17\/confira-os-vencedores-de-melhor-artigo-e-relato-de-boas-praticas-da-conferencia-anprotec-2021\/\"><div class=\"mask\"><\/div><img loading=\"lazy\" decoding=\"async\" width=\"370\" height=\"235\" src=\"https:\/\/anprotec.org.br\/conferencia2021\/wp-content\/uploads\/2021\/11\/News-Conf.png\" class=\"scale-with-grid wp-post-image\" alt=\"\" srcset=\"https:\/\/anprotec.org.br\/conferencia2021\/wp-content\/uploads\/2021\/11\/News-Conf.png 370w, https:\/\/anprotec.org.br\/conferencia2021\/wp-content\/uploads\/2021\/11\/News-Conf-300x191.png 300w, https:\/\/anprotec.org.br\/conferencia2021\/wp-content\/uploads\/2021\/11\/News-Conf-230x146.png 230w, https:\/\/anprotec.org.br\/conferencia2021\/wp-content\/uploads\/2021\/11\/News-Conf-50x32.png 50w, https:\/\/anprotec.org.br\/conferencia2021\/wp-content\/uploads\/2021\/11\/News-Conf-118x75.png 118w\" sizes=\"auto, (max-width: 370px) 100vw, 370px\" \/><\/a><div class=\"image_links double\"><a href=\"https:\/\/anprotec.org.br\/conferencia2021\/wp-content\/uploads\/2021\/11\/News-Conf.png\" class=\"zoom\" rel=\"prettyphoto\"><i class=\"icon-search\"><\/i><\/a><a href=\"https:\/\/anprotec.org.br\/conferencia2021\/2021\/11\/17\/confira-os-vencedores-de-melhor-artigo-e-relato-de-boas-praticas-da-conferencia-anprotec-2021\/\" class=\"link\"><i class=\"icon-link\"><\/i><\/a><\/div><\/div><\/div><div class=\"post-desc-wrapper bg-\" style=\"\"><div class=\"post-desc\"><div class=\"post-head\"><div class=\"post-meta clearfix\"><div class=\"author-date\"><span class=\"date\"><i class=\"icon-clock\"><\/i> <span class=\"post-date updated\">17 de novembro de 2021<\/span><\/span><\/div><\/div><\/div><div class=\"post-title\"><h2 class=\"entry-title\" itemprop=\"headline\"><a href=\"https:\/\/anprotec.org.br\/conferencia2021\/2021\/11\/17\/confira-os-vencedores-de-melhor-artigo-e-relato-de-boas-praticas-da-conferencia-anprotec-2021\/\">Confira os vencedores de melhor artigo e relato de boas pr\u00e1ticas da Confer\u00eancia Anprotec 2021<\/a><\/h2><\/div><div class=\"post-excerpt\">Nos dias 10 e 11 de novembro aconteceram as apresenta\u00e7\u00f5es online dos trabalhos selecionados pela Chamada de Trabalhos da 31\u00aa edi\u00e7\u00e3o da Confer\u00eancia Anprotec de Empreendedorismo<span class=\"excerpt-hellip\"> [\u2026]<\/span><\/div><div class=\"post-footer\"><div class=\"button-love\"><span class=\"love-text\">Gostou disso?<\/span><a href=\"#\" class=\"mfn-love \" data-id=\"1900\"><span class=\"icons-wrapper\"><i class=\"icon-heart-empty-fa\"><\/i><i class=\"icon-heart-fa\"><\/i><\/span><span class=\"label\">1<\/span><\/a><\/div><div class=\"post-links\"><i class=\"icon-doc-text\"><\/i> <a href=\"https:\/\/anprotec.org.br\/conferencia2021\/2021\/11\/17\/confira-os-vencedores-de-melhor-artigo-e-relato-de-boas-praticas-da-conferencia-anprotec-2021\/\" class=\"post-more\">Leia mais<\/a><\/div><\/div><\/div><\/div><\/div><div class=\"post-item isotope-item clearfix post-1881 post type-post status-publish format-standard has-post-thumbnail hentry category-noticias\" style=\"\"><div class=\"date_label\">12 de novembro de 2021<\/div><div class=\"image_frame post-photo-wrapper scale-with-grid images_only\"><div class=\"image_wrapper\"><a href=\"https:\/\/anprotec.org.br\/conferencia2021\/2021\/11\/12\/trilha-3-da-31a-conferencia-anprotec-promove-discussao-sobre-ambientes-de-inovacao-como-living-labs\/\"><div class=\"mask\"><\/div><img loading=\"lazy\" decoding=\"async\" width=\"960\" height=\"600\" src=\"https:\/\/anprotec.org.br\/conferencia2021\/wp-content\/uploads\/2021\/11\/Sem-ti\u0301tulo-16.png\" class=\"scale-with-grid wp-post-image\" alt=\"\" srcset=\"https:\/\/anprotec.org.br\/conferencia2021\/wp-content\/uploads\/2021\/11\/Sem-ti\u0301tulo-16.png 960w, https:\/\/anprotec.org.br\/conferencia2021\/wp-content\/uploads\/2021\/11\/Sem-ti\u0301tulo-16-300x188.png 300w, https:\/\/anprotec.org.br\/conferencia2021\/wp-content\/uploads\/2021\/11\/Sem-ti\u0301tulo-16-768x480.png 768w, https:\/\/anprotec.org.br\/conferencia2021\/wp-content\/uploads\/2021\/11\/Sem-ti\u0301tulo-16-234x146.png 234w, https:\/\/anprotec.org.br\/conferencia2021\/wp-content\/uploads\/2021\/11\/Sem-ti\u0301tulo-16-50x31.png 50w, https:\/\/anprotec.org.br\/conferencia2021\/wp-content\/uploads\/2021\/11\/Sem-ti\u0301tulo-16-120x75.png 120w\" sizes=\"auto, (max-width: 960px) 100vw, 960px\" \/><\/a><div class=\"image_links double\"><a href=\"https:\/\/anprotec.org.br\/conferencia2021\/wp-content\/uploads\/2021\/11\/Sem-ti\u0301tulo-16.png\" class=\"zoom\" rel=\"prettyphoto\"><i class=\"icon-search\"><\/i><\/a><a href=\"https:\/\/anprotec.org.br\/conferencia2021\/2021\/11\/12\/trilha-3-da-31a-conferencia-anprotec-promove-discussao-sobre-ambientes-de-inovacao-como-living-labs\/\" class=\"link\"><i class=\"icon-link\"><\/i><\/a><\/div><\/div><\/div><div class=\"post-desc-wrapper bg-\" style=\"\"><div class=\"post-desc\"><div class=\"post-head\"><div class=\"post-meta clearfix\"><div class=\"author-date\"><span class=\"date\"><i class=\"icon-clock\"><\/i> <span class=\"post-date updated\">12 de novembro de 2021<\/span><\/span><\/div><\/div><\/div><div class=\"post-title\"><h2 class=\"entry-title\" itemprop=\"headline\"><a href=\"https:\/\/anprotec.org.br\/conferencia2021\/2021\/11\/12\/trilha-3-da-31a-conferencia-anprotec-promove-discussao-sobre-ambientes-de-inovacao-como-living-labs\/\">Trilha 3 da 31\u00aa Confer\u00eancia Anprotec promove discuss\u00e3o sobre Ambientes de Inova\u00e7\u00e3o como Living Labs<\/a><\/h2><\/div><div class=\"post-excerpt\">&nbsp; Partindo do tema central \u2018The Great Reset \u2013 a redefini\u00e7\u00e3o dos ambientes de inova\u00e7\u00e3o\u2019, a trilha 3 da 31\u00aa Confer\u00eancia Anprotec, que tratou sobre \u2018Ambientes<span class=\"excerpt-hellip\"> [\u2026]<\/span><\/div><div class=\"post-footer\"><div class=\"button-love\"><span class=\"love-text\">Gostou disso?<\/span><a href=\"#\" class=\"mfn-love \" data-id=\"1881\"><span class=\"icons-wrapper\"><i class=\"icon-heart-empty-fa\"><\/i><i class=\"icon-heart-fa\"><\/i><\/span><span class=\"label\">0<\/span><\/a><\/div><div class=\"post-links\"><i class=\"icon-doc-text\"><\/i> <a href=\"https:\/\/anprotec.org.br\/conferencia2021\/2021\/11\/12\/trilha-3-da-31a-conferencia-anprotec-promove-discussao-sobre-ambientes-de-inovacao-como-living-labs\/\" class=\"post-more\">Leia mais<\/a><\/div><\/div><\/div><\/div><\/div><div class=\"post-item isotope-item clearfix post-1867 post type-post status-publish format-standard has-post-thumbnail hentry category-noticias\" style=\"\"><div class=\"date_label\">12 de novembro de 2021<\/div><div class=\"image_frame post-photo-wrapper scale-with-grid images_only\"><div class=\"image_wrapper\"><a href=\"https:\/\/anprotec.org.br\/conferencia2021\/2021\/11\/12\/gestao-do-capital-humano-em-um-mundo-sem-fronteiras-e-tema-da-ultima-trilha-da-31a-conferencia-anprotec\/\"><div class=\"mask\"><\/div><img loading=\"lazy\" decoding=\"async\" width=\"960\" height=\"600\" src=\"https:\/\/anprotec.org.br\/conferencia2021\/wp-content\/uploads\/2021\/11\/Sem-ti\u0301tulo-15.png\" class=\"scale-with-grid wp-post-image\" alt=\"\" srcset=\"https:\/\/anprotec.org.br\/conferencia2021\/wp-content\/uploads\/2021\/11\/Sem-ti\u0301tulo-15.png 960w, https:\/\/anprotec.org.br\/conferencia2021\/wp-content\/uploads\/2021\/11\/Sem-ti\u0301tulo-15-300x188.png 300w, https:\/\/anprotec.org.br\/conferencia2021\/wp-content\/uploads\/2021\/11\/Sem-ti\u0301tulo-15-768x480.png 768w, https:\/\/anprotec.org.br\/conferencia2021\/wp-content\/uploads\/2021\/11\/Sem-ti\u0301tulo-15-234x146.png 234w, https:\/\/anprotec.org.br\/conferencia2021\/wp-content\/uploads\/2021\/11\/Sem-ti\u0301tulo-15-50x31.png 50w, https:\/\/anprotec.org.br\/conferencia2021\/wp-content\/uploads\/2021\/11\/Sem-ti\u0301tulo-15-120x75.png 120w\" sizes=\"auto, (max-width: 960px) 100vw, 960px\" \/><\/a><div class=\"image_links double\"><a href=\"https:\/\/anprotec.org.br\/conferencia2021\/wp-content\/uploads\/2021\/11\/Sem-ti\u0301tulo-15.png\" class=\"zoom\" rel=\"prettyphoto\"><i class=\"icon-search\"><\/i><\/a><a href=\"https:\/\/anprotec.org.br\/conferencia2021\/2021\/11\/12\/gestao-do-capital-humano-em-um-mundo-sem-fronteiras-e-tema-da-ultima-trilha-da-31a-conferencia-anprotec\/\" class=\"link\"><i class=\"icon-link\"><\/i><\/a><\/div><\/div><\/div><div class=\"post-desc-wrapper bg-\" style=\"\"><div class=\"post-desc\"><div class=\"post-head\"><div class=\"post-meta clearfix\"><div class=\"author-date\"><span class=\"date\"><i class=\"icon-clock\"><\/i> <span class=\"post-date updated\">12 de novembro de 2021<\/span><\/span><\/div><\/div><\/div><div class=\"post-title\"><h2 class=\"entry-title\" itemprop=\"headline\"><a href=\"https:\/\/anprotec.org.br\/conferencia2021\/2021\/11\/12\/gestao-do-capital-humano-em-um-mundo-sem-fronteiras-e-tema-da-ultima-trilha-da-31a-conferencia-anprotec\/\">&#8220;Gest\u00e3o do Capital Humano em um Mundo Sem Fronteiras&#8221; \u00e9 tema da \u00faltima trilha da 31\u00aa Confer\u00eancia Anprotec<\/a><\/h2><\/div><div class=\"post-excerpt\">&nbsp; Na noite desta quinta-feira (11), a trilha Gest\u00e3o do Capital Humano em um Mundo Sem Fronteiras, foi tema de discuss\u00e3o durante a 31\u00aa Confer\u00eancia da<span class=\"excerpt-hellip\"> [\u2026]<\/span><\/div><div class=\"post-footer\"><div class=\"button-love\"><span class=\"love-text\">Gostou disso?<\/span><a href=\"#\" class=\"mfn-love \" data-id=\"1867\"><span class=\"icons-wrapper\"><i class=\"icon-heart-empty-fa\"><\/i><i class=\"icon-heart-fa\"><\/i><\/span><span class=\"label\">0<\/span><\/a><\/div><div class=\"post-links\"><i class=\"icon-doc-text\"><\/i> <a href=\"https:\/\/anprotec.org.br\/conferencia2021\/2021\/11\/12\/gestao-do-capital-humano-em-um-mundo-sem-fronteiras-e-tema-da-ultima-trilha-da-31a-conferencia-anprotec\/\" class=\"post-more\">Leia mais<\/a><\/div><\/div><\/div><\/div><\/div><div class=\"post-item isotope-item clearfix post-1868 post type-post status-publish format-standard has-post-thumbnail hentry category-noticias\" style=\"\"><div class=\"date_label\">12 de novembro de 2021<\/div><div class=\"image_frame post-photo-wrapper scale-with-grid images_only\"><div class=\"image_wrapper\"><a href=\"https:\/\/anprotec.org.br\/conferencia2021\/2021\/11\/12\/vice-presidente-da-anprotec-realiza-cerimonia-de-encerramento-da-31a-conferencia-anprotec\/\"><div class=\"mask\"><\/div><img loading=\"lazy\" decoding=\"async\" width=\"370\" height=\"235\" src=\"https:\/\/anprotec.org.br\/conferencia2021\/wp-content\/uploads\/2021\/11\/Daniel-LEipnti.jpg\" class=\"scale-with-grid wp-post-image\" alt=\"\" srcset=\"https:\/\/anprotec.org.br\/conferencia2021\/wp-content\/uploads\/2021\/11\/Daniel-LEipnti.jpg 370w, https:\/\/anprotec.org.br\/conferencia2021\/wp-content\/uploads\/2021\/11\/Daniel-LEipnti-300x191.jpg 300w, https:\/\/anprotec.org.br\/conferencia2021\/wp-content\/uploads\/2021\/11\/Daniel-LEipnti-230x146.jpg 230w, https:\/\/anprotec.org.br\/conferencia2021\/wp-content\/uploads\/2021\/11\/Daniel-LEipnti-50x32.jpg 50w, https:\/\/anprotec.org.br\/conferencia2021\/wp-content\/uploads\/2021\/11\/Daniel-LEipnti-118x75.jpg 118w\" sizes=\"auto, (max-width: 370px) 100vw, 370px\" \/><\/a><div class=\"image_links double\"><a href=\"https:\/\/anprotec.org.br\/conferencia2021\/wp-content\/uploads\/2021\/11\/Daniel-LEipnti.jpg\" class=\"zoom\" rel=\"prettyphoto\"><i class=\"icon-search\"><\/i><\/a><a href=\"https:\/\/anprotec.org.br\/conferencia2021\/2021\/11\/12\/vice-presidente-da-anprotec-realiza-cerimonia-de-encerramento-da-31a-conferencia-anprotec\/\" class=\"link\"><i class=\"icon-link\"><\/i><\/a><\/div><\/div><\/div><div class=\"post-desc-wrapper bg-\" style=\"\"><div class=\"post-desc\"><div class=\"post-head\"><div class=\"post-meta clearfix\"><div class=\"author-date\"><span class=\"date\"><i class=\"icon-clock\"><\/i> <span class=\"post-date updated\">12 de novembro de 2021<\/span><\/span><\/div><\/div><\/div><div class=\"post-title\"><h2 class=\"entry-title\" itemprop=\"headline\"><a href=\"https:\/\/anprotec.org.br\/conferencia2021\/2021\/11\/12\/vice-presidente-da-anprotec-realiza-cerimonia-de-encerramento-da-31a-conferencia-anprotec\/\">Vice-presidente da Anprotec exalta qualidade de conte\u00fado apresentado na 31\u00aa Confer\u00eancia Anprotec em cerim\u00f4nia de encerramento<\/a><\/h2><\/div><div class=\"post-excerpt\">&nbsp; Na noite desta quinta-feira, foi realizada a cerim\u00f4nia de encerramento de mais uma edi\u00e7\u00e3o da Confer\u00eancia Anprotec. Foram quatro quatro dias de evento com a<span class=\"excerpt-hellip\"> [\u2026]<\/span><\/div><div class=\"post-footer\"><div class=\"button-love\"><span class=\"love-text\">Gostou disso?<\/span><a href=\"#\" class=\"mfn-love \" data-id=\"1868\"><span class=\"icons-wrapper\"><i class=\"icon-heart-empty-fa\"><\/i><i class=\"icon-heart-fa\"><\/i><\/span><span class=\"label\">0<\/span><\/a><\/div><div class=\"post-links\"><i class=\"icon-doc-text\"><\/i> <a href=\"https:\/\/anprotec.org.br\/conferencia2021\/2021\/11\/12\/vice-presidente-da-anprotec-realiza-cerimonia-de-encerramento-da-31a-conferencia-anprotec\/\" class=\"post-more\">Leia mais<\/a><\/div><\/div><\/div><\/div><\/div><div class=\"post-item isotope-item clearfix post-1861 post type-post status-publish format-standard has-post-thumbnail hentry category-noticias\" style=\"\"><div class=\"date_label\">12 de novembro de 2021<\/div><div class=\"image_frame post-photo-wrapper scale-with-grid images_only\"><div class=\"image_wrapper\"><a href=\"https:\/\/anprotec.org.br\/conferencia2021\/2021\/11\/12\/trilha-1-da-31a-conferencia-anprotec-discute-sobre-omnicanalidade\/\"><div class=\"mask\"><\/div><img loading=\"lazy\" decoding=\"async\" width=\"960\" height=\"600\" src=\"https:\/\/anprotec.org.br\/conferencia2021\/wp-content\/uploads\/2021\/11\/Sem-ti\u0301tulo-14.png\" class=\"scale-with-grid wp-post-image\" alt=\"\" srcset=\"https:\/\/anprotec.org.br\/conferencia2021\/wp-content\/uploads\/2021\/11\/Sem-ti\u0301tulo-14.png 960w, https:\/\/anprotec.org.br\/conferencia2021\/wp-content\/uploads\/2021\/11\/Sem-ti\u0301tulo-14-300x188.png 300w, https:\/\/anprotec.org.br\/conferencia2021\/wp-content\/uploads\/2021\/11\/Sem-ti\u0301tulo-14-768x480.png 768w, https:\/\/anprotec.org.br\/conferencia2021\/wp-content\/uploads\/2021\/11\/Sem-ti\u0301tulo-14-234x146.png 234w, https:\/\/anprotec.org.br\/conferencia2021\/wp-content\/uploads\/2021\/11\/Sem-ti\u0301tulo-14-50x31.png 50w, https:\/\/anprotec.org.br\/conferencia2021\/wp-content\/uploads\/2021\/11\/Sem-ti\u0301tulo-14-120x75.png 120w\" sizes=\"auto, (max-width: 960px) 100vw, 960px\" \/><\/a><div class=\"image_links double\"><a href=\"https:\/\/anprotec.org.br\/conferencia2021\/wp-content\/uploads\/2021\/11\/Sem-ti\u0301tulo-14.png\" class=\"zoom\" rel=\"prettyphoto\"><i class=\"icon-search\"><\/i><\/a><a href=\"https:\/\/anprotec.org.br\/conferencia2021\/2021\/11\/12\/trilha-1-da-31a-conferencia-anprotec-discute-sobre-omnicanalidade\/\" class=\"link\"><i class=\"icon-link\"><\/i><\/a><\/div><\/div><\/div><div class=\"post-desc-wrapper bg-\" style=\"\"><div class=\"post-desc\"><div class=\"post-head\"><div class=\"post-meta clearfix\"><div class=\"author-date\"><span class=\"date\"><i class=\"icon-clock\"><\/i> <span class=\"post-date updated\">12 de novembro de 2021<\/span><\/span><\/div><\/div><\/div><div class=\"post-title\"><h2 class=\"entry-title\" itemprop=\"headline\"><a href=\"https:\/\/anprotec.org.br\/conferencia2021\/2021\/11\/12\/trilha-1-da-31a-conferencia-anprotec-discute-sobre-omnicanalidade\/\">Trilha 1 da 31\u00aa Confer\u00eancia Anprotec discute sobre Omnicanalidade<\/a><\/h2><\/div><div class=\"post-excerpt\">&nbsp; &nbsp; Abrindo as trilhas da 31\u00aa confer\u00eancia Anprotec 2021, na noite desta quarta-feira (10), foi realizada o painel &#8220;Omnichannel: a entrega de valor on e<span class=\"excerpt-hellip\"> [\u2026]<\/span><\/div><div class=\"post-footer\"><div class=\"button-love\"><span class=\"love-text\">Gostou disso?<\/span><a href=\"#\" class=\"mfn-love \" data-id=\"1861\"><span class=\"icons-wrapper\"><i class=\"icon-heart-empty-fa\"><\/i><i class=\"icon-heart-fa\"><\/i><\/span><span class=\"label\">0<\/span><\/a><\/div><div class=\"post-links\"><i class=\"icon-doc-text\"><\/i> <a href=\"https:\/\/anprotec.org.br\/conferencia2021\/2021\/11\/12\/trilha-1-da-31a-conferencia-anprotec-discute-sobre-omnicanalidade\/\" class=\"post-more\">Leia mais<\/a><\/div><\/div><\/div><\/div><\/div><\/div><div class=\"column one pager_wrapper\"><div class=\"pager\"><div class=\"pages\"><a href=\"https:\/\/anprotec.org.br\/conferencia2021\/wp-json\/wp\/v2\/pages\/1232\/\" class=\"page active\">1<\/a><a href=\"https:\/\/anprotec.org.br\/conferencia2021\/wp-json\/wp\/v2\/pages\/1232\/page\/2\/\" class=\"page\">2<\/a><a href=\"https:\/\/anprotec.org.br\/conferencia2021\/wp-json\/wp\/v2\/pages\/1232\/page\/3\/\" class=\"page\">3<\/a><a href=\"https:\/\/anprotec.org.br\/conferencia2021\/wp-json\/wp\/v2\/pages\/1232\/page\/4\/\" class=\"page\">4<\/a><a href=\"https:\/\/anprotec.org.br\/conferencia2021\/wp-json\/wp\/v2\/pages\/1232\/page\/5\/\" class=\"page\">5<\/a><a href=\"https:\/\/anprotec.org.br\/conferencia2021\/wp-json\/wp\/v2\/pages\/1232\/page\/6\/\" class=\"page\">6<\/a><a href=\"https:\/\/anprotec.org.br\/conferencia2021\/wp-json\/wp\/v2\/pages\/1232\/page\/7\/\" class=\"page\">7<\/a><\/div><a class=\"next_page\" href=\"https:\/\/anprotec.org.br\/conferencia2021\/wp-json\/wp\/v2\/pages\/1232\/page\/2\/\">Pr\u00f3xima<i class=\"icon-right-open\"><\/i><\/a><\/div><\/div>\n<\/div>\n<\/div>\n\t\t<\/div>\n\t\t\t\t<\/div>\n\t\t\t\t\t<\/div>\n\t\t<\/div>\n\t\t\t\t\t\t\t<\/div>\n\t\t<\/section>\n\t\t\t\t\t\t<\/div>\n\t\t\t\t\t<\/div>\n\t\t","protected":false},"excerpt":{"rendered":"<p>27 de outubro de 2021 27 de outubro de 2021 F\u00f3rum SEBRAE de Inova\u00e7\u00e3o acontece no 2\u00b0 dia da 31\u00aa Confer\u00eancia Anprotec No dia\u00a09\/11, a partir<span class=\"excerpt-hellip\"> [\u2026]<\/span><\/p>\n","protected":false},"author":3,"featured_media":0,"parent":0,"menu_order":0,"comment_status":"closed","ping_status":"closed","template":"","meta":{"footnotes":""},"class_list":["post-1232","page","type-page","status-publish","hentry"],"yoast_head":"<!-- This site is optimized with the Yoast SEO plugin v17.0 - https:\/\/yoast.com\/wordpress\/plugins\/seo\/ -->\n<title>Not\u00edcias - Confer\u00eancia Anprotec 2021<\/title>\n<meta name=\"robots\" content=\"index, follow, max-snippet:-1, max-image-preview:large, max-video-preview:-1\" \/>\n<link rel=\"canonical\" href=\"https:\/\/anprotec.org.br\/conferencia2021\/noticias\/\" \/>\n<meta property=\"og:locale\" content=\"pt_BR\" \/>\n<meta property=\"og:type\" content=\"article\" \/>\n<meta property=\"og:title\" content=\"Not\u00edcias - Confer\u00eancia Anprotec 2021\" \/>\n<meta property=\"og:description\" content=\"27 de outubro de 2021 27 de outubro de 2021 F\u00f3rum SEBRAE de Inova\u00e7\u00e3o acontece no 2\u00b0 dia da 31\u00aa Confer\u00eancia Anprotec No dia\u00a09\/11, a partir [\u2026]\" \/>\n<meta property=\"og:url\" content=\"https:\/\/anprotec.org.br\/conferencia2021\/noticias\/\" \/>\n<meta property=\"og:site_name\" content=\"Confer\u00eancia Anprotec 2021\" \/>\n<meta property=\"article:modified_time\" content=\"2021-10-28T21:24:19+00:00\" \/>\n<meta property=\"og:image\" content=\"https:\/\/anprotec.org.br\/conferencia2021\/wp-content\/uploads\/2021\/10\/bkz33k8iou9-801x720.png\" \/>\n<meta name=\"twitter:card\" content=\"summary_large_image\" \/>\n<meta name=\"twitter:label1\" content=\"Est. tempo de leitura\" \/>\n\t<meta name=\"twitter:data1\" content=\"3 minutos\" \/>\n<script type=\"application\/ld+json\" class=\"yoast-schema-graph\">{\"@context\":\"https:\/\/schema.org\",\"@graph\":[{\"@type\":\"WebSite\",\"@id\":\"https:\/\/anprotec.org.br\/conferencia2021\/#website\",\"url\":\"https:\/\/anprotec.org.br\/conferencia2021\/\",\"name\":\"Confer\\u00eancia Anprotec 2021\",\"description\":\"\",\"potentialAction\":[{\"@type\":\"SearchAction\",\"target\":{\"@type\":\"EntryPoint\",\"urlTemplate\":\"https:\/\/anprotec.org.br\/conferencia2021\/?s={search_term_string}\"},\"query-input\":\"required name=search_term_string\"}],\"inLanguage\":\"pt-BR\"},{\"@type\":\"ImageObject\",\"@id\":\"https:\/\/anprotec.org.br\/conferencia2021\/noticias\/#primaryimage\",\"inLanguage\":\"pt-BR\",\"url\":\"https:\/\/anprotec.org.br\/conferencia2021\/wp-content\/uploads\/2021\/10\/bkz33k8iou9.png\",\"contentUrl\":\"https:\/\/anprotec.org.br\/conferencia2021\/wp-content\/uploads\/2021\/10\/bkz33k8iou9.png\",\"width\":801,\"height\":800},{\"@type\":\"WebPage\",\"@id\":\"https:\/\/anprotec.org.br\/conferencia2021\/noticias\/#webpage\",\"url\":\"https:\/\/anprotec.org.br\/conferencia2021\/noticias\/\",\"name\":\"Not\\u00edcias - Confer\\u00eancia Anprotec 2021\",\"isPartOf\":{\"@id\":\"https:\/\/anprotec.org.br\/conferencia2021\/#website\"},\"primaryImageOfPage\":{\"@id\":\"https:\/\/anprotec.org.br\/conferencia2021\/noticias\/#primaryimage\"},\"datePublished\":\"2021-10-28T20:49:15+00:00\",\"dateModified\":\"2021-10-28T21:24:19+00:00\",\"breadcrumb\":{\"@id\":\"https:\/\/anprotec.org.br\/conferencia2021\/noticias\/#breadcrumb\"},\"inLanguage\":\"pt-BR\",\"potentialAction\":[{\"@type\":\"ReadAction\",\"target\":[\"https:\/\/anprotec.org.br\/conferencia2021\/noticias\/\"]}]},{\"@type\":\"BreadcrumbList\",\"@id\":\"https:\/\/anprotec.org.br\/conferencia2021\/noticias\/#breadcrumb\",\"itemListElement\":[{\"@type\":\"ListItem\",\"position\":1,\"name\":\"In\\u00edcio\",\"item\":\"https:\/\/anprotec.org.br\/conferencia2021\/\"},{\"@type\":\"ListItem\",\"position\":2,\"name\":\"Not\\u00edcias\"}]}]}<\/script>\n<!-- \/ Yoast SEO plugin. -->","yoast_head_json":{"title":"Not\u00edcias - Confer\u00eancia Anprotec 2021","robots":{"index":"index","follow":"follow","max-snippet":"max-snippet:-1","max-image-preview":"max-image-preview:large","max-video-preview":"max-video-preview:-1"},"canonical":"https:\/\/anprotec.org.br\/conferencia2021\/noticias\/","og_locale":"pt_BR","og_type":"article","og_title":"Not\u00edcias - Confer\u00eancia Anprotec 2021","og_description":"27 de outubro de 2021 27 de outubro de 2021 F\u00f3rum SEBRAE de Inova\u00e7\u00e3o acontece no 2\u00b0 dia da 31\u00aa Confer\u00eancia Anprotec No dia\u00a09\/11, a partir [\u2026]","og_url":"https:\/\/anprotec.org.br\/conferencia2021\/noticias\/","og_site_name":"Confer\u00eancia Anprotec 2021","article_modified_time":"2021-10-28T21:24:19+00:00","og_image":[{"url":"https:\/\/anprotec.org.br\/conferencia2021\/wp-content\/uploads\/2021\/10\/bkz33k8iou9-801x720.png"}],"twitter_card":"summary_large_image","twitter_misc":{"Est. tempo de leitura":"3 minutos"},"schema":{"@context":"https:\/\/schema.org","@graph":[{"@type":"WebSite","@id":"https:\/\/anprotec.org.br\/conferencia2021\/#website","url":"https:\/\/anprotec.org.br\/conferencia2021\/","name":"Confer\u00eancia Anprotec 2021","description":"","potentialAction":[{"@type":"SearchAction","target":{"@type":"EntryPoint","urlTemplate":"https:\/\/anprotec.org.br\/conferencia2021\/?s={search_term_string}"},"query-input":"required name=search_term_string"}],"inLanguage":"pt-BR"},{"@type":"ImageObject","@id":"https:\/\/anprotec.org.br\/conferencia2021\/noticias\/#primaryimage","inLanguage":"pt-BR","url":"https:\/\/anprotec.org.br\/conferencia2021\/wp-content\/uploads\/2021\/10\/bkz33k8iou9.png","contentUrl":"https:\/\/anprotec.org.br\/conferencia2021\/wp-content\/uploads\/2021\/10\/bkz33k8iou9.png","width":801,"height":800},{"@type":"WebPage","@id":"https:\/\/anprotec.org.br\/conferencia2021\/noticias\/#webpage","url":"https:\/\/anprotec.org.br\/conferencia2021\/noticias\/","name":"Not\u00edcias - Confer\u00eancia Anprotec 2021","isPartOf":{"@id":"https:\/\/anprotec.org.br\/conferencia2021\/#website"},"primaryImageOfPage":{"@id":"https:\/\/anprotec.org.br\/conferencia2021\/noticias\/#primaryimage"},"datePublished":"2021-10-28T20:49:15+00:00","dateModified":"2021-10-28T21:24:19+00:00","breadcrumb":{"@id":"https:\/\/anprotec.org.br\/conferencia2021\/noticias\/#breadcrumb"},"inLanguage":"pt-BR","potentialAction":[{"@type":"ReadAction","target":["https:\/\/anprotec.org.br\/conferencia2021\/noticias\/"]}]},{"@type":"BreadcrumbList","@id":"https:\/\/anprotec.org.br\/conferencia2021\/noticias\/#breadcrumb","itemListElement":[{"@type":"ListItem","position":1,"name":"In\u00edcio","item":"https:\/\/anprotec.org.br\/conferencia2021\/"},{"@type":"ListItem","position":2,"name":"Not\u00edcias"}]}]}},"_links":{"self":[{"href":"https:\/\/anprotec.org.br\/conferencia2021\/wp-json\/wp\/v2\/pages\/1232","targetHints":{"allow":["GET"]}}],"collection":[{"href":"https:\/\/anprotec.org.br\/conferencia2021\/wp-json\/wp\/v2\/pages"}],"about":[{"href":"https:\/\/anprotec.org.br\/conferencia2021\/wp-json\/wp\/v2\/types\/page"}],"author":[{"embeddable":true,"href":"https:\/\/anprotec.org.br\/conferencia2021\/wp-json\/wp\/v2\/users\/3"}],"replies":[{"embeddable":true,"href":"https:\/\/anprotec.org.br\/conferencia2021\/wp-json\/wp\/v2\/comments?post=1232"}],"version-history":[{"count":10,"href":"https:\/\/anprotec.org.br\/conferencia2021\/wp-json\/wp\/v2\/pages\/1232\/revisions"}],"predecessor-version":[{"id":1249,"href":"https:\/\/anprotec.org.br\/conferencia2021\/wp-json\/wp\/v2\/pages\/1232\/revisions\/1249"}],"wp:attachment":[{"href":"https:\/\/anprotec.org.br\/conferencia2021\/wp-json\/wp\/v2\/media?parent=1232"}],"curies":[{"name":"wp","href":"https:\/\/api.w.org\/{rel}","templated":true}]}}