{"id":1270,"date":"2022-06-02T17:03:45","date_gmt":"2022-06-02T17:03:45","guid":{"rendered":"https:\/\/anprotec.org.br\/cerne\/?page_id=1270"},"modified":"2022-06-02T18:32:12","modified_gmt":"2022-06-02T18:32:12","slug":"noticias","status":"publish","type":"page","link":"https:\/\/anprotec.org.br\/cerne\/noticias\/","title":{"rendered":"Not\u00edcias"},"content":{"rendered":"\t\t<div data-elementor-type=\"wp-page\" data-elementor-id=\"1270\" data-post-id=\"1435\" data-obj-id=\"1435\" class=\"elementor elementor-1270 dce-elementor-post-1435\">\n\t\t\t\t\t\t<div class=\"elementor-inner\">\n\t\t\t\t<div class=\"elementor-section-wrap\">\n\t\t\t\t\t\t\t<div class=\"elementor-element elementor-element-f5e54fb e-container--column e-container\" data-id=\"f5e54fb\" data-element_type=\"container\">\t\t\t\t<div class=\"elementor-element elementor-element-7c655ce elementor-widget elementor-widget-heading\" data-id=\"7c655ce\" data-element_type=\"widget\" data-widget_type=\"heading.default\">\n\t\t\t\t<div class=\"elementor-widget-container\">\n\t\t\t<h2 class=\"elementor-heading-title elementor-size-default\">Not\u00edcias<\/h2>\t\t<\/div>\n\t\t\t\t<\/div>\n\t\t<\/div><div class=\"elementor-element elementor-element-973d3c6 e-container--column e-container\" data-id=\"973d3c6\" data-element_type=\"container\">\t\t\t\t<div class=\"dce-dynamic-posts-collection elementor-element elementor-element-826f27f dce-col-2 titulo elementor-widget-mobile__width-inherit dce-posts-layout-default dce-col-tablet-3 dce-col-mobile-1 dce-align-left elementor-widget elementor-widget-dce-dynamicposts-v2\" data-id=\"826f27f\" data-element_type=\"widget\" data-settings=\"{&quot;style_items&quot;:&quot;default&quot;,&quot;grid_grid_type&quot;:&quot;flex&quot;}\" data-widget_type=\"dce-dynamicposts-v2.grid\">\n\t\t\t\t<div class=\"elementor-widget-container\">\n\t\t\t\n\t\t<div class=\"dce-posts-container is_infiniteScroll dce-posts  dce-skin-grid dce-skin-grid-flex\">\n\t\t\t\t\t\t<div class=\"dce-posts-wrapper dce-wrapper-grid\">\n\t\t\t\n\t\t<article class=\"dce-post dce-post-item dce-item-grid post-1597 post type-post status-publish format-standard has-post-thumbnail hentry category-sem-categoria category-uncategorized\" data-dce-post-id=\"1597\" data-dce-post-index=\"0\" >\n\t\t\t<div class=\"dce-post-block\">\n\t\t<div class=\"dce-item dce-item_title elementor-repeater-item-19c5cce\"><h2 class=\"dce-post-title\"><a href=\"https:\/\/anprotec.org.br\/cerne\/curso-de-implementacao-do-modelo-cerne-2025-abre-inscricoes-para-turma-online-em-fevereiro\/\">Curso de Implementa\u00e7\u00e3o do Modelo CERNE 2025 abre inscri\u00e7\u00f5es para turma online em fevereiro<\/a><\/h2><\/div><div class=\"dce-item dce-item_content elementor-repeater-item-1b27d9b\"><div class=\"dce-post-content\">A Anprotec anuncia a abertura das inscri\u00e7\u00f5es para a Qualifica\u00e7\u00e3o CERNE 2025 \u2013 Curso de Implanta\u00e7\u00e3o e Opera\u00e7\u00e3o do Modelo CERNE, que ser\u00e1 realizada em formato online, ao longo de sete encontros, nos dia&hellip;<\/div><\/div><div class=\"dce-item dce-item_readmore elementor-repeater-item-a0ad768\">\t\t<div class=\"dce-post-button\">\n\t\t\t<a href=\"https:\/\/anprotec.org.br\/cerne\/curso-de-implementacao-do-modelo-cerne-2025-abre-inscricoes-para-turma-online-em-fevereiro\/\" class=\"elementor-button-link elementor-button dce-button elementor-size-xs\" role=\"button\" >\n\t\t\tLeia mais\t\t\t<\/a>\n\t\t<\/div>\n\t\t<\/div>\t\t\t<\/div>\n\t\t<\/article>\n\t\t\n\t\t<article class=\"dce-post dce-post-item dce-item-grid post-1595 post type-post status-publish format-standard has-post-thumbnail hentry category-sem-categoria category-uncategorized\" data-dce-post-id=\"1595\" data-dce-post-index=\"1\" >\n\t\t\t<div class=\"dce-post-block\">\n\t\t<div class=\"dce-item dce-item_title elementor-repeater-item-19c5cce\"><h2 class=\"dce-post-title\"><a href=\"https:\/\/anprotec.org.br\/cerne\/cerne-2025-anprotec-abre-credenciamento-para-consultores-e-organizacoes-certificadoras\/\">CERNE 2025: Anprotec abre credenciamento para consultores e organiza\u00e7\u00f5es certificadoras<\/a><\/h2><\/div><div class=\"dce-item dce-item_content elementor-repeater-item-1b27d9b\"><div class=\"dce-post-content\">A Anprotec abriu as inscri\u00e7\u00f5es para o credenciamento e a atualiza\u00e7\u00e3o de consultores e organiza\u00e7\u00f5es certificadoras que atuar\u00e3o no Modelo CERNE 2025, a nova gera\u00e7\u00e3o da plataforma de qualifica\u00e7\u00e3o de ambi&hellip;<\/div><\/div><div class=\"dce-item dce-item_readmore elementor-repeater-item-a0ad768\">\t\t<div class=\"dce-post-button\">\n\t\t\t<a href=\"https:\/\/anprotec.org.br\/cerne\/cerne-2025-anprotec-abre-credenciamento-para-consultores-e-organizacoes-certificadoras\/\" class=\"elementor-button-link elementor-button dce-button elementor-size-xs\" role=\"button\" >\n\t\t\tLeia mais\t\t\t<\/a>\n\t\t<\/div>\n\t\t<\/div>\t\t\t<\/div>\n\t\t<\/article>\n\t\t\n\t\t<article class=\"dce-post dce-post-item dce-item-grid post-1587 post type-post status-publish format-standard has-post-thumbnail hentry category-sem-categoria category-uncategorized\" data-dce-post-id=\"1587\" data-dce-post-index=\"2\" >\n\t\t\t<div class=\"dce-post-block\">\n\t\t<div class=\"dce-item dce-item_title elementor-repeater-item-19c5cce\"><h2 class=\"dce-post-title\"><a href=\"https:\/\/anprotec.org.br\/cerne\/comunicado-aos-associados-cerne-2025-esta-chegando\/\">Comunicado aos Associados: Cerne 2025 est\u00e1 chegando<\/a><\/h2><\/div><div class=\"dce-item dce-item_content elementor-repeater-item-1b27d9b\"><div class=\"dce-post-content\">&nbsp;\r\n\r\n\r\n\r\nCaros associados,\r\n\r\n\u00c9 com grande satisfa\u00e7\u00e3o que a Anprotec, em parceria com o Sebrae, anuncia o lan\u00e7amento do\u00a0Cerne 2025, uma evolu\u00e7\u00e3o importante da plataforma que se consolidou como re&hellip;<\/div><\/div><div class=\"dce-item dce-item_readmore elementor-repeater-item-a0ad768\">\t\t<div class=\"dce-post-button\">\n\t\t\t<a href=\"https:\/\/anprotec.org.br\/cerne\/comunicado-aos-associados-cerne-2025-esta-chegando\/\" class=\"elementor-button-link elementor-button dce-button elementor-size-xs\" role=\"button\" >\n\t\t\tLeia mais\t\t\t<\/a>\n\t\t<\/div>\n\t\t<\/div>\t\t\t<\/div>\n\t\t<\/article>\n\t\t\n\t\t<article class=\"dce-post dce-post-item dce-item-grid post-1615 post type-post status-publish format-standard hentry category-uncategorized\" data-dce-post-id=\"1615\" data-dce-post-index=\"3\" >\n\t\t\t<div class=\"dce-post-block\">\n\t\t<div class=\"dce-item dce-item_title elementor-repeater-item-19c5cce\"><h2 class=\"dce-post-title\"><a href=\"https:\/\/anprotec.org.br\/cerne\/premiacao-cerne-reconhece-excelencia-em-incubacao-de-empresas-na-35a-conferencia-anprotec\/\">Premia\u00e7\u00e3o CERNE reconhece excel\u00eancia em incuba\u00e7\u00e3o de empresas na 35\u00aa Confer\u00eancia Anprotec<\/a><\/h2><\/div><div class=\"dce-item dce-item_content elementor-repeater-item-1b27d9b\"><div class=\"dce-post-content\">Foz do Igua\u00e7u (PR) \u2013 16 de outubro de 2025 \u2013 A cerim\u00f4nia de encerramento da 35\u00aa Confer\u00eancia Anprotec, realizada nesta quarta-feira em Foz do Igua\u00e7u, celebrou as institui\u00e7\u00f5es que alcan\u00e7aram a certifica&hellip;<\/div><\/div><div class=\"dce-item dce-item_readmore elementor-repeater-item-a0ad768\">\t\t<div class=\"dce-post-button\">\n\t\t\t<a href=\"https:\/\/anprotec.org.br\/cerne\/premiacao-cerne-reconhece-excelencia-em-incubacao-de-empresas-na-35a-conferencia-anprotec\/\" class=\"elementor-button-link elementor-button dce-button elementor-size-xs\" role=\"button\" >\n\t\t\tLeia mais\t\t\t<\/a>\n\t\t<\/div>\n\t\t<\/div>\t\t\t<\/div>\n\t\t<\/article>\n\t\t\n\t\t<article class=\"dce-post dce-post-item dce-item-grid post-1607 post type-post status-publish format-standard hentry category-uncategorized\" data-dce-post-id=\"1607\" data-dce-post-index=\"4\" >\n\t\t\t<div class=\"dce-post-block\">\n\t\t<div class=\"dce-item dce-item_title elementor-repeater-item-19c5cce\"><h2 class=\"dce-post-title\"><a href=\"https:\/\/anprotec.org.br\/cerne\/certificacao-cerne-como-alavanca-estrategica-para-ecossistemas-de-inovacao-globalmente-integrados\/\">Certifica\u00e7\u00e3o CERNE como alavanca estrat\u00e9gica para ecossistemas de inova\u00e7\u00e3o globalmente integrados<\/a><\/h2><\/div><div class=\"dce-item dce-item_content elementor-repeater-item-1b27d9b\"><div class=\"dce-post-content\">\u00a0Workshop debate como modelo de gest\u00e3o transforma incubadoras em catalisadoras de empreendedorismo inovador no Brasil\r\nFoz do Igua\u00e7u \u2013 PR, 15 de outubro de 2025 \u2013 A certifica\u00e7\u00e3o CERNE (Centro de Refer&hellip;<\/div><\/div><div class=\"dce-item dce-item_readmore elementor-repeater-item-a0ad768\">\t\t<div class=\"dce-post-button\">\n\t\t\t<a href=\"https:\/\/anprotec.org.br\/cerne\/certificacao-cerne-como-alavanca-estrategica-para-ecossistemas-de-inovacao-globalmente-integrados\/\" class=\"elementor-button-link elementor-button dce-button elementor-size-xs\" role=\"button\" >\n\t\t\tLeia mais\t\t\t<\/a>\n\t\t<\/div>\n\t\t<\/div>\t\t\t<\/div>\n\t\t<\/article>\n\t\t\n\t\t<article class=\"dce-post dce-post-item dce-item-grid post-1622 post type-post status-publish format-standard hentry category-uncategorized\" data-dce-post-id=\"1622\" data-dce-post-index=\"5\" >\n\t\t\t<div class=\"dce-post-block\">\n\t\t<div class=\"dce-item dce-item_title elementor-repeater-item-19c5cce\"><h2 class=\"dce-post-title\"><a href=\"https:\/\/anprotec.org.br\/cerne\/workshop-discute-atuacao-do-modelo-cerne-na-inovacao-colaborativa-durante-conferencia-anprotec\/\">Workshop discute atua\u00e7\u00e3o do Modelo Cerne na inova\u00e7\u00e3o colaborativa durante Confer\u00eancia Anprotec<\/a><\/h2><\/div><div class=\"dce-item dce-item_content elementor-repeater-item-1b27d9b\"><div class=\"dce-post-content\">O Workshop 04 da 35\u00aa Confer\u00eancia Anprotec, que acontece em Foz do Igua\u00e7u no dia 15 de outubro, abordar\u00e1 o tema \"Inova\u00e7\u00e3o Colaborativa e Certifica\u00e7\u00e3o Cerne: fomentando ecossistemas de inova\u00e7\u00e3o globalme&hellip;<\/div><\/div><div class=\"dce-item dce-item_readmore elementor-repeater-item-a0ad768\">\t\t<div class=\"dce-post-button\">\n\t\t\t<a href=\"https:\/\/anprotec.org.br\/cerne\/workshop-discute-atuacao-do-modelo-cerne-na-inovacao-colaborativa-durante-conferencia-anprotec\/\" class=\"elementor-button-link elementor-button dce-button elementor-size-xs\" role=\"button\" >\n\t\t\tLeia mais\t\t\t<\/a>\n\t\t<\/div>\n\t\t<\/div>\t\t\t<\/div>\n\t\t<\/article>\n\t\t\n\t\t<article class=\"dce-post dce-post-item dce-item-grid post-1531 post type-post status-publish format-standard has-post-thumbnail hentry category-uncategorized\" data-dce-post-id=\"1531\" data-dce-post-index=\"6\" >\n\t\t\t<div class=\"dce-post-block\">\n\t\t<div class=\"dce-item dce-item_title elementor-repeater-item-19c5cce\"><h2 class=\"dce-post-title\"><a href=\"https:\/\/anprotec.org.br\/cerne\/anprotec-prorroga-validade-de-certificados-cerne-e-anuncia-atualizacao-do-modelo\/\">Anprotec Prorroga Validade de Certificados Cerne e Anuncia Atualiza\u00e7\u00e3o do Modelo<\/a><\/h2><\/div><div class=\"dce-item dce-item_content elementor-repeater-item-1b27d9b\"><div class=\"dce-post-content\">A Anprotec, sempre empenhada em aprimorar o suporte a novos empreendimentos inovadores, est\u00e1 trabalhando na atualiza\u00e7\u00e3o do modelo Cerne. Originalmente revisado em 2018, o modelo tem sido o foco de dis&hellip;<\/div><\/div><div class=\"dce-item dce-item_readmore elementor-repeater-item-a0ad768\">\t\t<div class=\"dce-post-button\">\n\t\t\t<a href=\"https:\/\/anprotec.org.br\/cerne\/anprotec-prorroga-validade-de-certificados-cerne-e-anuncia-atualizacao-do-modelo\/\" class=\"elementor-button-link elementor-button dce-button elementor-size-xs\" role=\"button\" >\n\t\t\tLeia mais\t\t\t<\/a>\n\t\t<\/div>\n\t\t<\/div>\t\t\t<\/div>\n\t\t<\/article>\n\t\t\n\t\t<article class=\"dce-post dce-post-item dce-item-grid post-1479 post type-post status-publish format-standard has-post-thumbnail hentry category-uncategorized\" data-dce-post-id=\"1479\" data-dce-post-index=\"7\" >\n\t\t\t<div class=\"dce-post-block\">\n\t\t<div class=\"dce-item dce-item_title elementor-repeater-item-19c5cce\"><h2 class=\"dce-post-title\"><a href=\"https:\/\/anprotec.org.br\/cerne\/nova-turma-do-curso-de-implantacao-do-modelo-cerne-de-gestao-de-incubadoras-esta-com-inscricoes-abertas\/\">Nova turma do curso de Implanta\u00e7\u00e3o do modelo Cerne de Gest\u00e3o de Incubadoras est\u00e1 com inscri\u00e7\u00f5es abertas<\/a><\/h2><\/div><div class=\"dce-item dce-item_content elementor-repeater-item-1b27d9b\"><div class=\"dce-post-content\">Com o objetivo de tornar os participantes capazes de planejar e implantar os processos e pr\u00e1ticas propostas pelo Modelo Cerne, a Anprotec apresenta mais uma edi\u00e7\u00e3o digital do curso de Implanta\u00e7\u00e3o do M&hellip;<\/div><\/div><div class=\"dce-item dce-item_readmore elementor-repeater-item-a0ad768\">\t\t<div class=\"dce-post-button\">\n\t\t\t<a href=\"https:\/\/anprotec.org.br\/cerne\/nova-turma-do-curso-de-implantacao-do-modelo-cerne-de-gestao-de-incubadoras-esta-com-inscricoes-abertas\/\" class=\"elementor-button-link elementor-button dce-button elementor-size-xs\" role=\"button\" >\n\t\t\tLeia mais\t\t\t<\/a>\n\t\t<\/div>\n\t\t<\/div>\t\t\t<\/div>\n\t\t<\/article>\n\t\t\n\t\t<article class=\"dce-post dce-post-item dce-item-grid post-1454 post type-post status-publish format-standard has-post-thumbnail hentry category-uncategorized\" data-dce-post-id=\"1454\" data-dce-post-index=\"8\" >\n\t\t\t<div class=\"dce-post-block\">\n\t\t<div class=\"dce-item dce-item_title elementor-repeater-item-19c5cce\"><h2 class=\"dce-post-title\"><a href=\"https:\/\/anprotec.org.br\/cerne\/inscricoes-abertas-para-o-curso-de-implantacao-do-modelo-cerne-de-gestao-de-incubadoras-2\/\">Inscri\u00e7\u00f5es abertas para o curso de Implanta\u00e7\u00e3o do modelo Cerne de Gest\u00e3o de Incubadoras<\/a><\/h2><\/div><div class=\"dce-item dce-item_content elementor-repeater-item-1b27d9b\"><div class=\"dce-post-content\">Como o objetivo de tornar os participantes capazes de planejar e implantar os processos e pr\u00e1ticas propostas pelo Modelo Cerne, a Anprotec apresenta mais uma edi\u00e7\u00e3o digital do curso de Implanta\u00e7\u00e3o do &hellip;<\/div><\/div><div class=\"dce-item dce-item_readmore elementor-repeater-item-a0ad768\">\t\t<div class=\"dce-post-button\">\n\t\t\t<a href=\"https:\/\/anprotec.org.br\/cerne\/inscricoes-abertas-para-o-curso-de-implantacao-do-modelo-cerne-de-gestao-de-incubadoras-2\/\" class=\"elementor-button-link elementor-button dce-button elementor-size-xs\" role=\"button\" >\n\t\t\tLeia mais\t\t\t<\/a>\n\t\t<\/div>\n\t\t<\/div>\t\t\t<\/div>\n\t\t<\/article>\n\t\t\n\t\t<article class=\"dce-post dce-post-item dce-item-grid post-1435 post type-post status-publish format-standard has-post-thumbnail hentry category-sem-categoria\" data-dce-post-id=\"1435\" data-dce-post-index=\"9\" >\n\t\t\t<div class=\"dce-post-block\">\n\t\t<div class=\"dce-item dce-item_title elementor-repeater-item-19c5cce\"><h2 class=\"dce-post-title\"><a href=\"https:\/\/anprotec.org.br\/cerne\/workshop-marca-o-inicio-de-construcao-do-modelo-cerne-2023\/\">Workshop marca o in\u00edcio de constru\u00e7\u00e3o do modelo Cerne 2023<\/a><\/h2><\/div><div class=\"dce-item dce-item_content elementor-repeater-item-1b27d9b\"><div class=\"dce-post-content\">Na quarta-feira (7), no per\u00edodo da manh\u00e3, foi realizado o Workshop Cerne. A atividade fez parte do terceiro dia da programa\u00e7\u00e3o da 32\u00aa Confer\u00eancia Anprotec. Com todos os lugares preenchidos, o workshop&hellip;<\/div><\/div><div class=\"dce-item dce-item_readmore elementor-repeater-item-a0ad768\">\t\t<div class=\"dce-post-button\">\n\t\t\t<a href=\"https:\/\/anprotec.org.br\/cerne\/workshop-marca-o-inicio-de-construcao-do-modelo-cerne-2023\/\" class=\"elementor-button-link elementor-button dce-button elementor-size-xs\" role=\"button\" >\n\t\t\tLeia mais\t\t\t<\/a>\n\t\t<\/div>\n\t\t<\/div>\t\t\t<\/div>\n\t\t<\/article>\n\t\t\t\t\t<\/div>\n\t\t\t\t\t<\/div>\n\t\t<div class=\"dce-pagination dce-pagination-bottom\"><span class=\"progression\">1 \/ 13<\/span><span class=\"current\">1<\/span><a href='https:\/\/anprotec.org.br\/cerne\/wp-json\/wp\/v2\/pages\/1270\/page\/2\/' class=\"inactive\">2<\/a><a href='https:\/\/anprotec.org.br\/cerne\/wp-json\/wp\/v2\/pages\/1270\/page\/3\/' class=\"inactive\">3<\/a><a href='https:\/\/anprotec.org.br\/cerne\/wp-json\/wp\/v2\/pages\/1270\/page\/4\/' class=\"inactive\">4<\/a><a href=\"https:\/\/anprotec.org.br\/cerne\/wp-json\/wp\/v2\/pages\/1270\/page\/2\/\" class=\"pagenext\">Pr\u00f3ximo <i aria-hidden=\"true\" class=\"fas fa-long-arrow-alt-right\"><\/i><\/a><a href=\"https:\/\/anprotec.org.br\/cerne\/wp-json\/wp\/v2\/pages\/1270\/page\/13\/\" class=\"pagelast\">\u00daltimo <i aria-hidden=\"true\" class=\"fas fa-long-arrow-alt-right\"><\/i><\/a><\/div>\t\t<\/div>\n\t\t\t\t<\/div>\n\t\t<\/div>\t\t\t\t\t\t\t<\/div>\n\t\t\t<\/div>\n\t\t\t\t\t<\/div>\n\t\t","protected":false},"excerpt":{"rendered":"<p>Not\u00edcias Inscri\u00e7\u00f5es abertas para os cursos digitais de \u201cPlanejamento e Implanta\u00e7\u00e3o de Ambientes de Inova\u00e7\u00e3o\u201d e \u201cImplanta\u00e7\u00e3o do Modelo Cerne\u201d Os cursos digitais realizados pela Anprotec de \u201cPlanejamento e Implanta\u00e7\u00e3o de Ambientes de Inova\u00e7\u00e3o\u201d e \u201cImplanta\u00e7\u00e3o do Modelo Cerne\u201d est\u00e3o com inscri\u00e7\u00f5es abertas. Inscri\u00e7\u00f5es permanecer\u00e3o abertas en&hellip; Leia mais Conquista In\u00e9dita: Hub de Inova\u00e7\u00e3o do &hellip;<\/p>\n<p class=\"read-more\"> <a class=\"\" href=\"https:\/\/anprotec.org.br\/cerne\/workshop-marca-o-inicio-de-construcao-do-modelo-cerne-2023\/\"> <span class=\"screen-reader-text\">Workshop marca o in\u00edcio de constru\u00e7\u00e3o do modelo Cerne 2023<\/span> Leia mais &raquo;<\/a><\/p>\n","protected":false},"author":1,"featured_media":0,"parent":0,"menu_order":0,"comment_status":"closed","ping_status":"closed","template":"","meta":{"footnotes":""},"class_list":["post-1270","page","type-page","status-publish","hentry"],"_links":{"self":[{"href":"https:\/\/anprotec.org.br\/cerne\/wp-json\/wp\/v2\/pages\/1270","targetHints":{"allow":["GET"]}}],"collection":[{"href":"https:\/\/anprotec.org.br\/cerne\/wp-json\/wp\/v2\/pages"}],"about":[{"href":"https:\/\/anprotec.org.br\/cerne\/wp-json\/wp\/v2\/types\/page"}],"author":[{"embeddable":true,"href":"https:\/\/anprotec.org.br\/cerne\/wp-json\/wp\/v2\/users\/1"}],"replies":[{"embeddable":true,"href":"https:\/\/anprotec.org.br\/cerne\/wp-json\/wp\/v2\/comments?post=1270"}],"version-history":[{"count":96,"href":"https:\/\/anprotec.org.br\/cerne\/wp-json\/wp\/v2\/pages\/1270\/revisions"}],"predecessor-version":[{"id":1371,"href":"https:\/\/anprotec.org.br\/cerne\/wp-json\/wp\/v2\/pages\/1270\/revisions\/1371"}],"wp:attachment":[{"href":"https:\/\/anprotec.org.br\/cerne\/wp-json\/wp\/v2\/media?parent=1270"}],"curies":[{"name":"wp","href":"https:\/\/api.w.org\/{rel}","templated":true}]}}